{"id":120073,"date":"2024-02-14T13:54:44","date_gmt":"2024-02-14T12:54:44","guid":{"rendered":"https:\/\/www.kunstmuseumluzern.ch\/museum\/sammlung\/restaurierung-von-turners-rigi-aquarell\/"},"modified":"2024-08-08T16:46:57","modified_gmt":"2024-08-08T14:46:57","slug":"restaurierung-von-turners-rigi-aquarell","status":"publish","type":"page","link":"https:\/\/www.kunstmuseumluzern.ch\/de-es\/museum\/sammlung\/restaurierung-von-turners-rigi-aquarell\/","title":{"rendered":"Restaurierung von Turners Rigi-Aquarell"},"content":{"rendered":"\n<figure class=\"wp-block-image alignwide size-full\"><img decoding=\"async\" width=\"2760\" height=\"1060\" src=\"https:\/\/www.kunstmuseumluzern.ch\/wp-content\/uploads\/2024\/02\/turner-rigi-sunset-oben.jpg\" alt=\"\" class=\"wp-image-21778\" srcset=\"https:\/\/www.kunstmuseumluzern.ch\/wp-content\/uploads\/2024\/02\/turner-rigi-sunset-oben.jpg 2760w, https:&#x2f;&#x2f;&#119;&#119;w&#x2e;&#x6b;&#x75;&#110;&#115;t&#x6d;&#x75;&#x73;&#101;&#117;m&#x6c;&#x75;&#x7a;&#101;&#114;n&#x2e;&#x63;&#x68;&#47;wp&#x2d;&#x63;&#x6f;&#110;te&#x6e;&#x74;&#47;&#117;pl&#x6f;&#x61;&#100;&#115;\/2&#x30;&#x32;&#52;&#47;0&#x32;&#x2f;&#x74;&#117;&#114;n&#x65;&#x72;&#x2d;&#114;&#105;g&#x69;&#x2d;&#x73;&#117;&#110;s&#x65;&#x74;&#x2d;&#111;&#98;e&#x6e;&#x2d;&#x31;&#53;0x&#x35;&#x38;&#64;&#50;x&#46;&#x6a;&#x70;&#103; 300w, https:\/\/www.kunstmuseumluzern.ch\/wp-content\/uploads\/2024\/02\/turner-rigi-sunset-oben-1024x393.jpg 1024w, https:\/\/www.kunstmuseumluzern.ch\/wp-content\/uploads\/2024\/02\/turner-rigi-sunset-oben-150x58.jpg 150w, https:\/\/www.kunstmuseumluzern.ch\/wp-content\/uploads\/2024\/02\/turner-rigi-sunset-oben-420x161.jpg 420w, https:&#47;&#x2f;&#119;&#x77;&#119;&#x2e;&#107;&#x75;&#110;&#x73;&#116;&#x6d;&#117;&#x73;&#101;&#x75;&#109;&#x6c;&#117;&#x7a;&#101;&#x72;&#110;&#x2e;&#99;&#x68;&#47;&#x77;&#112;&#x2d;&#99;&#x6f;&#110;&#x74;&#101;&#x6e;&#116;&#x2f;&#117;&#x70;&#108;&#x6f;&#97;&#x64;&#115;&#x2f;&#50;&#x30;&#50;&#x34;&#47;&#x30;&#50;&#x2f;&#116;&#x75;&#114;&#x6e;&#101;&#x72;&#45;&#x72;&#105;&#x67;&#105;&#x2d;&#115;&#x75;&#110;&#x73;&#101;&#x74;&#45;&#x6f;&#98;&#x65;&#110;&#x2d;&#51;&#x30;&#48;&#x78;&#49;&#x31;&#53;&#x40;&#50;&#x78;&#46;&#x6a;&#112;&#x67; 600w, https:&#x2f;&#47;w&#x77;&#119;&#46;&#x6b;&#117;n&#x73;&#116;m&#x75;&#115;e&#x75;&#x6d;l&#x75;&#x7a;&#101;&#x72;&#x6e;&#46;&#x63;&#x68;&#47;w&#x70;&#45;c&#x6f;&#110;t&#x65;&#110;t&#x2f;&#117;p&#x6c;&#x6f;a&#x64;&#x73;&#47;&#x32;&#x30;&#50;&#x34;&#x2f;&#48;2&#x2f;&#116;u&#x72;&#110;e&#x72;&#45;r&#x69;&#103;i&#x2d;&#x73;u&#x6e;&#x73;&#101;&#x74;&#x2d;&#111;&#x62;&#x65;&#110;-&#x31;&#48;2&#x34;&#120;3&#x39;&#51;&#64;&#x32;&#120;&#46;&#x6a;&#x70;g 2048w, https:\/\/www&#46;kunstmuseumluzern&#46;&#99;&#104;&#47;&#119;&#112;&#45;&#99;&#111;&#110;&#116;&#101;&#110;&#116;&#47;&#117;&#112;&#108;&#111;&#97;&#100;&#115;&#47;&#50;&#48;&#50;&#52;&#47;&#48;&#50;&#47;&#116;&#x75;&#x72;&#x6e;&#x65;&#x72;&#x2d;&#x72;&#x69;&#x67;&#x69;&#x2d;&#x73;&#x75;&#x6e;&#x73;&#x65;&#x74;&#x2d;&#x6f;&#x62;&#x65;&#x6e;&#x2d;&#x34;&#x32;&#x30;&#x78;&#x31;&#x36;&#x31;&#x40;&#x32;&#x78;&#x2e;&#x6a;&#x70;&#x67; 840w\" sizes=\"(max-width: 2760px) 100vw, 2760px\" \/><figcaption class=\"wp-element-caption\">J.M.W. Turner, The Rigi, Lake Lucerne, Sunset 1842\/1843<\/figcaption><\/figure>\n\n\n\n<div style=\"height:60px\" aria-hidden=\"true\" class=\"wp-block-spacer\"><\/div>\n\n\n\n<h2 class=\"wp-block-heading\" id=\"restaurierung-von-turners-rigi-aquarell\" id=\"restaurierung-von-turners-rigi-aquarell\">Restaurierung von Turners Rigi-Aquarell<\/h2>\n\n\n\n<div style=\"height:30px\" aria-hidden=\"true\" class=\"wp-block-spacer\"><\/div>\n\n\n\n<p>Das Aquarell <em>The Rigi, Lake Lucerne, Sunset<\/em> war 2019 in der Ausstellung <a href=\"https:\/\/www.kunstmuseumluzern.ch\/ausstellungen\/turner-meer-alpen\/\"><em>Turner. Das Meer und die Alpen<\/em><\/a> zu sehen. Am Schluss der Ausstellung konnte es f\u00fcr die Sammlung gekauft werden. F\u00fcr die Ausstellung <a href=\"https:\/\/www.kunstmuseumluzern.ch\/ausstellungen\/abc-der-bilder\/\"><em>ABC der Bilder. Die Sammlung lesen<\/em><\/a> ist es genau untersucht und restauriert worden. Dieses Aquarell ist der teuerste Ankauf des Kunstmuseums Luzern. Die Gottfried-Keller-Stiftung (Schweizerische Eidgenossenschaft) hat den Ankauf grossz\u00fcgig unterst\u00fctzt. Auch viele weitere Stiftungen und Privatpersonen haben Geld gegeben. <\/p>\n\n\n\n<p>Dank der Restaurierung im Jahr 2022 ist das Werk wieder in einem perfekten Zustand. Die Restaurierung hat auch zu neuem Wissen gef\u00fchrt, zum Beispiel zur Geschichte und zur Maltechnik.<\/p>\n\n\n\n<h3 class=\"wp-block-heading\" id=\"maltechnik\" id=\"maltechnik\">Maltechnik<\/h3>\n\n\n\n<p>J.M.W. Turner verwendete Aquarell-Farben und Gouache-Farben, um die Rigi und den Vierwaldst\u00e4ttersee zu malen. Er trug die Farben stark verd\u00fcnnt und transparent auf. In der Vergr\u00f6sserung sieht man, dass der K\u00fcnstler die Komposition mit Bleistift vorzeichnete. Er benutzte unterschiedliche Pinsel und verwischte die Farb-R\u00e4nder mit einem Tuch oder seiner Hand. Am unteren linken Rand sind auch Finger-Abdr\u00fccke von J.M.W. Turner zu sehen. Sie sind entstanden, als die Farbe noch feucht war.<\/p>\n\n\n\n<h3 class=\"wp-block-heading\" id=\"papier\" id=\"papier\">Papier<\/h3>\n\n\n\n<p>Das Papier heisst Velin-Papier. Das ist ein gleichm\u00e4ssig strukturiertes, glattes Papier. Es gleich Pergament. Papier ist ein empfindliches und fragiles Material. Wenn Licht darauf f\u00e4llt oder die Temperatur schwankt, schadet das dem Papier und es geht kaputt. Deshalb wird das Aquarell <em>The Rigi, Lake Lucerne, Sunset <\/em>immer nur f\u00fcr kurze Zeit ausgestellt. Dazwischen kommt das Aquarell ins Lager ohne Licht, um sich zu erholen. <\/p>\n\n\n\n<p>Eine Fotografie ist mit seitlichem Licht aufgenommen. Mit diesem sogenannten Streiflicht sieht man Verformungen im Papier und einen Knick. Dieser Knick geht von der rechten oberen Ecke schr\u00e4g nach unten \u00fcber das gesamte Bild. Um den Knick zu gl\u00e4tten, wurde das Bild in einer Klima-Kammer vorsichtig befeuchtet. Auch wurde es mit L\u00f6schkarton und einer Folie abgedeckt und mit Gewichten beschwert. So wurden die Verformungen verringert.<\/p>\n\n\n\n<div style=\"height:30px\" aria-hidden=\"true\" class=\"wp-block-spacer\"><\/div>\n\n\n\n<div class=\"wp-block-slider alignfull\">\n\n  <div class=\"swiper-container\">\n    <div class=\"swiper-wrapper\">\n\n      \n            <div class=\"swiper-slide\" data-index=\"0\">\n                <div data-caption=\"J.M.W. Turner, The Rigi, Lake Lucerne, Sunset 1842\/1843. Vor der Restaurierung mit sichtbaren Verfor\u00admungen und Knicken im Papier, im Streiflicht fotografiert, (c) Restaurierungsatelier f\u00fcr Kunst auf Papier GmbH Masson &#038; Ritter\">          <img decoding=\"async\" width=\"1356\" height=\"940\" src=\"https:\/\/www.kunstmuseumluzern.ch\/wp-content\/uploads\/2023\/02\/turner-rigi-streiflicht-940.jpg\" class=\"attachment-gallery_image size-gallery_image\" alt=\"\" srcset=\"https:\/\/www.kunstmuseumluzern.ch\/wp-content\/uploads\/2023\/02\/turner-rigi-streiflicht-940.jpg 1356w, https:&#47;&#x2f;&#119;&#x77;w&#x2e;k&#117;&#x6e;&#115;&#x74;&#109;&#x75;s&#x65;u&#109;&#x6c;&#117;&#x7a;e&#x72;n&#x2e;&#x63;&#104;&#x2f;&#119;&#x70;-&#x63;o&#110;&#x74;&#101;&#x6e;&#116;&#x2f;u&#x70;l&#111;&#x61;&#100;&#x73;\/&#x32;0&#x32;&#x33;&#47;&#x30;&#50;&#x2f;t&#x75;r&#110;&#x65;&#114;&#x2d;&#114;&#x69;g&#x69;-&#115;&#x74;&#114;&#x65;i&#x66;l&#x69;&#x63;&#104;&#x74;&#45;&#x39;4&#x30;-&#49;&#x35;&#48;&#x78;&#49;&#x30;4&#x40;2&#120;&#x2e;&#106;&#x70;g 300w, https:\/\/www.kunstmuseumluzern.ch\/wp-content\/uploads\/2023\/02\/turner-rigi-streiflicht-940-1024x710.jpg 1024w, https:\/\/www.kunstmuseumluzern.ch\/wp-content\/uploads\/2023\/02\/turner-rigi-streiflicht-940-150x104.jpg 150w, https:\/\/www.kunstmuseumluzern.ch\/wp-content\/uploads\/2023\/02\/turner-rigi-streiflicht-940-420x291.jpg 420w, https:\/&#47;&#119;&#x77;&#x77;&#x2e;k&#117;&#110;&#x73;&#x74;&#x6d;us&#101;&#x75;&#x6d;&#x6c;uz&#101;&#114;&#x6e;&#x2e;&#x63;h&#47;&#119;&#x70;&#x2d;&#x63;o&#110;&#116;&#x65;&#x6e;&#x74;\/u&#112;&#x6c;&#x6f;&#x61;ds&#47;&#50;&#x30;&#x32;&#x33;\/&#48;&#50;&#x2f;&#x74;&#x75;r&#110;&#101;&#x72;&#x2d;&#x72;ig&#105;&#x2d;&#x73;&#x74;re&#105;&#102;&#x6c;&#x69;&#x63;h&#116;&#45;&#x39;&#x34;&#x30;-&#51;&#48;&#x30;&#x78;&#x32;08&#64;&#x32;&#x78;&#x2e;jp&#103; 600w, https:&#x2f;&#x2f;&#x77;&#x77;&#x77;&#x2e;&#x6b;&#x75;&#x6e;&#x73;&#x74;&#109;&#117;&#115;&#101;&#117;&#109;&#108;uzern&#46;&#x63;&#x68;&#x2f;&#x77;&#x70;&#x2d;&#x63;&#x6f;&#x6e;&#x74;&#x65;&#x6e;&#116;&#47;&#117;&#112;&#108;&#111;&#97;ds\/202&#x33;&#x2f;&#x30;&#x32;&#x2f;&#x74;&#x75;&#x72;&#x6e;&#x65;&#x72;&#x2d;&#114;&#105;&#103;&#105;&#45;&#115;&#116;reifli&#x63;&#x68;&#x74;&#x2d;&#x39;&#x34;&#x30;&#x2d;&#x34;&#x32;&#x30;&#x78;&#50;&#57;&#49;&#64;&#50;&#120;&#46;jpg 840w\" sizes=\"(max-width: 1356px) 100vw, 1356px\" \/>        <\/div>        \n        \n              <\/div>\n                    <div class=\"swiper-slide\" data-index=\"1\">\n                <div data-caption=\"J.M.W. Turner, The Rigi, Lake Lucerne, Sunset 1842\/1843 (Detail), (c) Restaurierungsatelier f\u00fcr Kunst auf Papier GmbH Masson &#038; Ritter\">          <img decoding=\"async\" width=\"1265\" height=\"940\" src=\"https:\/\/www.kunstmuseumluzern.ch\/wp-content\/uploads\/2023\/02\/turner-rigit-vorzeichnung-fingerabdruecke-940.jpg\" class=\"attachment-gallery_image size-gallery_image\" alt=\"\" srcset=\"https:\/\/www.kunstmuseumluzern.ch\/wp-content\/uploads\/2023\/02\/turner-rigit-vorzeichnung-fingerabdruecke-940.jpg 1265w, https:&#x2f;&#x2f;&#119;ww&#x2e;&#x6b;&#117;&#110;s&#x74;&#x6d;&#117;&#115;e&#x75;&#x6d;&#x6c;&#117;ze&#x72;&#x6e;&#46;&#99;h&#x2f;&#x77;&#112;&#45;c&#x6f;&#x6e;&#116;&#101;n&#x74;&#x2f;&#x75;&#112;lo&#x61;&#x64;&#115;&#47;2&#x30;&#x32;&#51;&#47;0&#x32;&#x2f;&#116;&#117;r&#x6e;&#x65;&#x72;&#45;ri&#x67;&#x69;&#116;&#45;v&#x6f;&#x72;&#122;&#101;i&#x63;&#x68;&#x6e;&#117;n&#x67;&#x2d;&#x66;&#105;ng&#x65;&#x72;&#97;&#98;d&#x72;&#x75;&#101;&#99;k&#x65;&#x2d;&#x39;&#52;0&#x2d;&#x31;&#x35;&#48;x1&#x31;&#x31;&#64;&#50;x&#x2e;&#x6a;&#112;&#103; 300w, https:\/\/www.kunstmuseumluzern.ch\/wp-content\/uploads\/2023\/02\/turner-rigit-vorzeichnung-fingerabdruecke-940-1024x761.jpg 1024w, https:\/\/www.kunstmuseumluzern.ch\/wp-content\/uploads\/2023\/02\/turner-rigit-vorzeichnung-fingerabdruecke-940-150x111.jpg 150w, https:\/\/www.kunstmuseumluzern.ch\/wp-content\/uploads\/2023\/02\/turner-rigit-vorzeichnung-fingerabdruecke-940-420x312.jpg 420w, https:&#x2f;&#47;&#x77;&#x77;&#119;&#x2e;&#x6b;&#117;&#x6e;&#x73;&#116;&#x6d;&#x75;s&#x65;&#x75;m&#x6c;&#117;z&#x65;&#114;n&#x2e;&#99;h&#x2f;&#119;p&#x2d;&#99;o&#x6e;&#116;e&#x6e;&#116;\/&#x75;&#112;l&#x6f;&#97;d&#x73;&#47;2&#x30;&#50;&#x33;&#x2f;&#48;&#x32;&#x2f;&#116;&#x75;&#x72;&#110;&#x65;&#x72;&#45;&#x72;&#x69;g&#x69;&#x74;-&#x76;&#111;r&#x7a;&#101;i&#x63;&#104;n&#x75;&#110;g&#x2d;&#102;i&#x6e;&#103;e&#x72;&#97;b&#x64;&#114;u&#x65;&#99;k&#x65;&#45;9&#x34;&#48;&#x2d;&#x33;&#48;&#x30;&#x78;&#50;&#x32;&#x33;&#64;&#x32;&#x78;&#46;&#x6a;&#x70;g 600w, https:&#x2f;\/&#x77;&#119;&#x77;&#46;k&#x75;&#110;&#x73;&#116;m&#x75;&#115;&#x65;&#117;m&#x6c;u&#x7a;&#101;&#x72;&#x6e;&#46;&#x63;&#104;&#x2f;&#119;p&#x2d;&#99;&#x6f;&#110;t&#x65;n&#x74;&#47;u&#x70;l&#x6f;&#97;&#x64;&#115;\/&#x32;&#48;&#x32;&#51;\/&#x30;&#50;&#x2f;&#116;u&#x72;n&#x65;&#114;&#x2d;&#x72;i&#x67;&#105;&#x74;&#45;v&#x6f;&#114;&#x7a;&#101;i&#x63;&#104;&#x6e;&#117;n&#x67;-&#x66;&#105;&#x6e;&#x67;e&#x72;&#97;&#x62;&#100;r&#x75;&#101;&#x63;&#107;e&#x2d;9&#x34;&#48;&#x2d;&#x34;2&#x30;&#120;&#x33;&#49;2&#x40;&#50;&#x78;&#46;j&#x70;&#103; 840w\" sizes=\"(max-width: 1265px) 100vw, 1265px\" \/>        <\/div>        \n        \n              <\/div>\n                    <div class=\"swiper-slide\" data-index=\"2\">\n                <div data-caption=\"J.M.W. Turner, The Rigi, Lake Lucerne, Sunset 1842\/1843 (R\u00fcckseite), (c) Restaurierungsatelier f\u00fcr Kunst auf Papier GmbH Masson &#038; Ritter. Die Kleisterr\u00fcckst\u00e4nde (gelb markiert) sind als hellere Stellen auf der R\u00fcckseite zu erkennen.\">          <img decoding=\"async\" width=\"1352\" height=\"940\" src=\"https:\/\/www.kunstmuseumluzern.ch\/wp-content\/uploads\/2023\/02\/turner-rigi-rueckseite-kleister-9940.jpg\" class=\"attachment-gallery_image size-gallery_image\" alt=\"\" srcset=\"https:\/\/www.kunstmuseumluzern.ch\/wp-content\/uploads\/2023\/02\/turner-rigi-rueckseite-kleister-9940.jpg 1352w, https:&#x2f;\/&#x77;&#119;&#x77;&#46;k&#x75;&#110;&#x73;&#116;m&#x75;&#115;&#x65;&#117;m&#x6c;u&#x7a;&#101;&#x72;&#x6e;&#46;&#x63;&#104;&#x2f;&#119;p&#x2d;&#99;&#x6f;&#110;t&#x65;n&#x74;&#47;u&#x70;l&#x6f;&#97;&#x64;&#115;\/&#x32;&#48;&#x32;&#51;\/&#x30;&#50;&#x2f;&#116;u&#x72;n&#x65;&#114;&#x2d;&#x72;i&#x67;&#105;&#x2d;&#114;u&#x65;&#99;&#x6b;&#115;e&#x69;&#116;&#x65;&#45;k&#x6c;e&#x69;&#115;&#x74;&#x65;r&#x2d;&#57;&#x39;&#52;0&#x2d;&#49;&#x35;&#48;x&#x31;0&#x34;&#64;&#x32;&#x78;&#46;&#x6a;&#112;&#x67; 300w, https:\/\/www.kunstmuseumluzern.ch\/wp-content\/uploads\/2023\/02\/turner-rigi-rueckseite-kleister-9940-1024x712.jpg 1024w, https:\/\/www.kunstmuseumluzern.ch\/wp-content\/uploads\/2023\/02\/turner-rigi-rueckseite-kleister-9940-150x104.jpg 150w, https:\/\/www.kunstmuseumluzern.ch\/wp-content\/uploads\/2023\/02\/turner-rigi-rueckseite-kleister-9940-420x292.jpg 420w, https:&#x2f;&#x2f;&#119;&#119;w&#x2e;&#x6b;&#x75;&#110;st&#x6d;&#x75;&#115;&#101;u&#x6d;&#x6c;&#x75;&#122;er&#x6e;&#x2e;&#99;&#104;\/&#x77;&#x70;&#x2d;&#99;on&#x74;&#x65;&#110;&#116;\/&#x75;&#x70;&#x6c;&#111;&#97;d&#x73;&#x2f;&#50;&#48;2&#x33;&#x2f;&#x30;&#50;&#47;t&#x75;&#x72;&#x6e;&#101;r-&#x72;&#x69;&#103;&#105;-&#x72;&#x75;&#x65;&#99;ks&#x65;&#x69;&#116;&#101;-&#x6b;&#x6c;&#x65;&#105;st&#x65;&#x72;&#45;&#57;9&#x34;&#x30;&#x2d;&#51;&#48;0&#x78;&#x32;&#48;&#57;&#64;&#x32;&#x78;&#x2e;&#106;&#112;g 600w, https:&#x2f;&#47;w&#x77;&#x77;&#46;k&#x75;&#x6e;&#115;t&#x6d;&#x75;&#115;e&#x75;&#x6d;&#108;u&#x7a;&#101;&#114;n&#x2e;&#99;h&#x2f;&#x77;&#112;-&#x63;&#x6f;&#110;t&#x65;&#x6e;&#116;\/&#x75;&#x70;&#108;o&#x61;&#x64;&#115;\/&#x32;&#48;&#50;&#x33;&#x2f;&#48;2&#x2f;&#x74;&#117;r&#x6e;&#x65;&#114;-&#x72;&#x69;&#103;i&#x2d;&#x72;&#117;e&#x63;&#107;&#115;e&#x69;&#116;e&#x2d;&#x6b;&#108;e&#x69;&#x73;&#116;e&#x72;&#x2d;&#57;9&#x34;&#x30;&#45;4&#x32;&#x30;&#120;2&#x39;&#50;&#64;&#x32;&#x78;&#46;j&#x70;&#x67; 840w\" sizes=\"(max-width: 1352px) 100vw, 1352px\" \/>        <\/div>        \n        \n              <\/div>\n                    <div class=\"swiper-slide\" data-index=\"3\">\n                <div data-caption=\"J.M.W. Turner, The Rigi, Lake Lucerne, Sunset 1842\/1843 (R\u00fcckseite), (c) Restaurierungsatelier f\u00fcr Kunst auf Papier GmbH Masson &#038; Ritter. Alte Risse am Papierrand wurden wieder neu geschlossen.\">          <img decoding=\"async\" width=\"1297\" height=\"940\" src=\"https:\/\/www.kunstmuseumluzern.ch\/wp-content\/uploads\/2023\/02\/turner-rigi-durchlicht-risse-940.jpg\" class=\"attachment-gallery_image size-gallery_image\" alt=\"\" srcset=\"https:\/\/www.kunstmuseumluzern.ch\/wp-content\/uploads\/2023\/02\/turner-rigi-durchlicht-risse-940.jpg 1297w, https:\/&#47;&#119;&#x77;&#x77;&#x2e;ku&#110;&#115;&#x74;&#x6d;&#x75;s&#101;&#117;&#109;&#x6c;&#x75;&#x7a;e&#114;&#110;&#x2e;&#x63;&#x68;\/w&#112;&#45;&#x63;&#x6f;&#x6e;t&#101;&#110;&#116;&#x2f;&#x75;&#x70;l&#111;&#97;&#x64;&#x73;&#x2f;20&#50;&#51;&#x2f;&#x30;&#x32;\/&#116;&#117;&#114;&#x6e;&#x65;&#x72;-&#114;&#105;&#x67;&#x69;&#x2d;du&#114;&#99;&#x68;&#x6c;&#x69;c&#104;&#116;&#45;&#x72;&#x69;&#x73;s&#101;&#45;&#x39;&#x34;&#x30;-1&#53;&#48;&#x78;&#x31;&#x30;9&#64;&#50;&#120;&#x2e;&#x6a;&#x70;g 300w, https:\/\/www.kunstmuseumluzern.ch\/wp-content\/uploads\/2023\/02\/turner-rigi-durchlicht-risse-940-1024x742.jpg 1024w, https:\/\/www.kunstmuseumluzern.ch\/wp-content\/uploads\/2023\/02\/turner-rigi-durchlicht-risse-940-150x109.jpg 150w, https:\/\/www.kunstmuseumluzern.ch\/wp-content\/uploads\/2023\/02\/turner-rigi-durchlicht-risse-940-420x304.jpg 420w, https:\/&#47;&#x77;&#x77;&#x77;&#46;&#107;&#x75;&#x6e;&#x73;t&#109;&#x75;&#x73;&#x65;u&#109;&#x6c;&#x75;&#x7a;e&#114;&#x6e;&#x2e;&#x63;h&#47;&#x77;&#x70;&#x2d;c&#111;&#x6e;&#x74;&#x65;n&#116;&#x2f;&#x75;&#x70;l&#111;&#x61;&#x64;&#x73;\/&#50;&#x30;&#x32;&#x33;\/&#48;&#x32;&#x2f;&#x74;u&#114;&#x6e;&#x65;&#x72;-&#114;&#x69;&#x67;&#x69;-&#100;&#x75;&#x72;&#x63;h&#108;&#x69;&#x63;&#x68;t&#45;&#x72;&#x69;&#x73;s&#101;&#x2d;&#x39;&#x34;0&#45;&#x33;&#x30;&#x30;x&#50;&#x31;&#x37;&#x40;2&#120;&#x2e;&#x6a;&#x70;g 600w, https:\/\/&#119;&#119;&#119;&#46;&#x6b;&#x75;&#x6e;&#x73;&#x74;mu&#115;&#101;&#117;&#109;&#x6c;&#x75;&#x7a;&#x65;&#x72;n&#46;&#99;&#104;&#47;&#119;&#x70;&#x2d;&#x63;&#x6f;&#x6e;ten&#116;&#47;&#117;&#x70;&#x6c;&#x6f;&#x61;&#x64;s\/2&#48;&#50;&#51;&#x2f;&#x30;&#x32;&#x2f;&#x74;urn&#101;&#114;&#45;&#x72;&#x69;&#x67;&#x69;&#x2d;dur&#99;&#104;&#108;&#x69;&#x63;&#x68;&#x74;&#x2d;ris&#115;&#101;&#45;&#x39;&#x34;&#x30;&#x2d;&#x34;20x&#51;&#48;&#52;&#64;&#x32;&#x78;&#x2e;&#x6a;&#x70;g 840w\" sizes=\"(max-width: 1297px) 100vw, 1297px\" \/>        <\/div>        \n        \n              <\/div>\n              \n    <\/div>\n\n    <div class=\"swiper-button-prev\"><\/div>\n    <div class=\"swiper-button-next\"><\/div>\n    <div class=\"swiper-pagination\"><\/div>\n    <div class=\"swiper-caption\"><\/div>\n  <\/div>\n\n<\/div>\n","protected":false},"excerpt":{"rendered":"<p>Restaurierung von Turners Rigi-Aquarell Das Aquarell The Rigi, Lake Lucerne, Sunset war 2019 in der Ausstellung Turner. Das Meer und die Alpen zu sehen. Am Schluss der Ausstellung konnte es f\u00fcr die Sammlung gekauft werden. F\u00fcr die Ausstellung ABC der Bilder. Die Sammlung lesen ist es genau untersucht und restauriert worden. Dieses Aquarell ist der [&hellip;]<\/p>\n","protected":false},"author":7,"featured_media":0,"parent":120033,"menu_order":0,"comment_status":"closed","ping_status":"closed","template":"","meta":{"_acf_changed":false,"_seopress_robots_primary_cat":"","_seopress_titles_title":"","_seopress_titles_desc":"","_seopress_robots_index":"","inline_featured_image":false,"ghostkit_customizer_options":"","ghostkit_custom_css":"","ghostkit_custom_js_head":"","ghostkit_custom_js_foot":"","ghostkit_typography":"","footnotes":""},"tags":[],"class_list":["post-120073","page","type-page","status-publish","hentry"],"acf":[],"_links":{"self":[{"href":"https:\/\/www.kunstmuseumluzern.ch\/de-es\/wp-json\/wp\/v2\/pages\/120073","targetHints":{"allow":["GET"]}}],"collection":[{"href":"https:\/\/www.kunstmuseumluzern.ch\/de-es\/wp-json\/wp\/v2\/pages"}],"about":[{"href":"https:\/\/www.kunstmuseumluzern.ch\/de-es\/wp-json\/wp\/v2\/types\/page"}],"author":[{"embeddable":true,"href":"https:\/\/www.kunstmuseumluzern.ch\/de-es\/wp-json\/wp\/v2\/users\/7"}],"replies":[{"embeddable":true,"href":"https:\/\/www.kunstmuseumluzern.ch\/de-es\/wp-json\/wp\/v2\/comments?post=120073"}],"version-history":[{"count":1,"href":"https:\/\/www.kunstmuseumluzern.ch\/de-es\/wp-json\/wp\/v2\/pages\/120073\/revisions"}],"predecessor-version":[{"id":120076,"href":"https:\/\/www.kunstmuseumluzern.ch\/de-es\/wp-json\/wp\/v2\/pages\/120073\/revisions\/120076"}],"up":[{"embeddable":true,"href":"https:\/\/www.kunstmuseumluzern.ch\/de-es\/wp-json\/wp\/v2\/pages\/120033"}],"wp:attachment":[{"href":"https:\/\/www.kunstmuseumluzern.ch\/de-es\/wp-json\/wp\/v2\/media?parent=120073"}],"wp:term":[{"taxonomy":"post_tag","embeddable":true,"href":"https:\/\/www.kunstmuseumluzern.ch\/de-es\/wp-json\/wp\/v2\/tags?post=120073"}],"curies":[{"name":"wp","href":"https:\/\/api.w.org\/{rel}","templated":true}]}}