{"id":123207,"date":"2024-02-07T19:38:15","date_gmt":"2024-02-07T18:38:15","guid":{"rendered":"https:\/\/www.kunstmuseumluzern.ch\/museum\/partnerschaften\/best-art-collection-luzern\/"},"modified":"2026-01-23T09:48:09","modified_gmt":"2026-01-23T08:48:09","slug":"best-art-collection-luzern","status":"publish","type":"page","link":"https:\/\/www.kunstmuseumluzern.ch\/de-es\/museum\/partnerschaften\/best-art-collection-luzern\/","title":{"rendered":"Stiftung Best Art Collection Luzern"},"content":{"rendered":"\n<figure class=\"wp-block-image alignwide size-full\"><img decoding=\"async\" width=\"2759\" height=\"1060\" src=\"https:\/\/www.kunstmuseumluzern.ch\/wp-content\/uploads\/2024\/09\/best-rondinone-6mai2024-banner.jpg\" alt=\"Ugo Rondinone, sechstermaizweitausendundvierundzwanzig, 2024, Acryl auf Leinwand, 400 \u00d7 600 cm, Kunstmuseum Luzern, Depositum der Stiftung BEST Art Collection Luzern, vormals Bernhard Eglin-Stiftung, Foto: Studio Rondinone\" class=\"wp-image-122581\" srcset=\"https:\/\/www.kunstmuseumluzern.ch\/wp-content\/uploads\/2024\/09\/best-rondinone-6mai2024-banner.jpg 2759w, https:&#47;&#x2f;&#119;&#x77;&#119;&#x2e;&#107;&#x75;&#110;&#x73;&#116;&#x6d;u&#x73;e&#x75;m&#x6c;u&#x7a;e&#x72;n&#46;&#x63;&#104;&#x2f;&#119;&#x70;&#45;&#x63;&#111;&#x6e;&#116;&#x65;&#110;&#x74;\/&#x75;p&#x6c;o&#x61;d&#x73;\/&#x32;0&#50;&#x34;&#47;&#x30;&#57;&#x2f;&#98;&#x65;&#115;&#x74;&#45;&#x72;&#111;&#x6e;d&#x69;n&#x6f;n&#x65;-&#x36;m&#x61;i&#50;&#x30;&#50;&#x34;&#45;&#x62;&#97;&#x6e;&#110;&#x65;&#114;&#x2d;&#49;&#x35;0&#x78;5&#x38;&#64;&#x32;x&#x2e;j&#x70;g 300w, https:\/\/www.kunstmuseumluzern.ch\/wp-content\/uploads\/2024\/09\/best-rondinone-6mai2024-banner-1024x393.jpg 1024w, https:\/\/www.kunstmuseumluzern.ch\/wp-content\/uploads\/2024\/09\/best-rondinone-6mai2024-banner-150x58.jpg 150w, https:\/\/www.kunstmuseumluzern.ch\/wp-content\/uploads\/2024\/09\/best-rondinone-6mai2024-banner-420x161.jpg 420w, https:&#x2f;&#x2f;&#x77;&#119;&#119;&#46;k&#x75;&#x6e;&#x73;&#x74;&#109;&#117;se&#x75;&#x6d;&#x6c;&#117;&#122;&#101;rn&#x2e;&#x63;&#x68;&#47;&#119;p-&#x63;&#x6f;&#x6e;&#x74;&#101;&#110;t\/&#x75;&#x70;&#x6c;&#111;&#97;&#100;s\/&#x32;&#x30;&#x32;&#52;&#47;09&#x2f;&#x62;&#x65;&#x73;&#116;&#45;ro&#x6e;&#x64;&#x69;&#110;&#111;&#110;e-&#x36;&#x6d;&#x61;&#105;&#50;&#48;2&#x34;&#x2d;&#x62;&#x61;&#110;&#110;er&#x2d;&#x33;&#x30;&#x30;&#120;&#49;15&#x40;&#x32;&#x78;&#46;&#106;&#112;g 600w, https:&#47;&#x2f;w&#119;&#x77;&#46;&#107;&#x75;n&#x73;&#x74;&#109;&#x75;s&#101;&#x75;m&#108;&#x75;z&#x65;&#x72;&#110;&#x2e;&#x63;&#104;&#x2f;w&#112;&#x2d;c&#111;&#x6e;t&#x65;&#x6e;&#116;&#x2f;u&#112;&#x6c;o&#97;&#x64;s&#x2f;&#x32;&#48;&#x32;&#x34;&#47;&#x30;9&#47;&#x62;e&#115;&#x74;-&#x72;&#x6f;&#110;&#x64;i&#110;&#x6f;n&#101;&#x2d;6&#x6d;&#x61;&#105;&#x32;&#x30;&#50;&#x34;-&#98;&#x61;n&#110;&#x65;r&#x2d;&#x31;&#48;&#x32;4&#120;&#x33;9&#51;&#x40;2&#x78;&#x2e;&#106;&#x70;&#x67; 2048w, https:&#x2f;&#47;&#x77;&#x77;w&#x2e;&#107;u&#x6e;&#115;t&#x6d;&#117;&#x73;&#x65;u&#x6d;&#108;u&#x7a;&#101;r&#x6e;&#46;&#x63;&#x68;&#47;&#x77;&#x70;-&#x63;&#111;n&#x74;&#101;n&#x74;&#47;&#x75;&#x70;l&#x6f;&#97;d&#x73;&#47;2&#x30;&#50;&#x34;&#x2f;&#48;&#x39;&#x2f;b&#x65;&#115;t&#x2d;&#114;o&#x6e;&#100;&#x69;&#x6e;o&#x6e;&#101;-&#x36;&#109;a&#x69;&#50;&#x30;&#x32;&#52;&#x2d;&#x62;a&#x6e;&#110;e&#x72;&#45;4&#x32;&#48;&#x78;&#x31;6&#x31;&#64;2&#x78;&#46;j&#x70;&#103; 840w\" sizes=\"(max-width: 2759px) 100vw, 2759px\" \/><figcaption class=\"wp-element-caption\">Ugo Rondinone, sechstermaizweitausendundvierundzwanzig, 2024, Acryl auf Leinwand, 400 \u00d7 600 cm, Kunstmuseum Luzern, Depositum der Stiftung BEST Art Collection Luzern, vormals Bernhard Eglin-Stiftung, Foto: Studio Rondinone<\/figcaption><\/figure>\n\n\n\n<div style=\"height:60px\" aria-hidden=\"true\" class=\"wp-block-spacer\"><\/div>\n\n\n\n<h2 class=\"wp-block-heading\" id=\"stiftung-best-art-collection-luzern\" id=\"stiftung-best-art-collection-luzern\">Stiftung Best Art Collection Luzern<\/h2>\n\n\n\n<div style=\"height:30px\" aria-hidden=\"true\" class=\"wp-block-spacer\"><\/div>\n\n\n\n<p>Die Stiftung BEST Art Collection Luzern kauft regelm\u00e4ssig bedeutende Werke an. Diese Werke gibt sie dem Kunstmuseum als Dauerleihgaben. Die Ank\u00e4ufe erfolgen gem\u00e4ss dem Sammlungskonzept des Kunstmuseums Luzern.<\/p>\n\n\n\n<p>Alle Mitglieder des Stiftungsrats geben mindestens je 2\u2019000 Franken pro Jahr f\u00fcr die Ank\u00e4ufe. Der Stiftungsrat will auch Betriebe und Personen aus seinem pers\u00f6nlichen Umfeld daf\u00fcr gewinnen, dem Museum Spenden oder Erbschaften zu geben.<\/p>\n\n\n\n<p>In den letzten Jahren konnten mit Hilfe der Stiftung viele bedeutende Werke gekauft werden. Zum Beispiel von:<\/p>\n\n\n\n<ul class=\"wp-block-list\">\n<li>Laure Prouvost, Turner-Preis-Tr\u00e4gerin 2013.<\/li>\n\n\n\n<li>Christine Streuli, Schweizer Malerin. Sie hat die Schweiz 2007 an der Biennale Venedig vertreten.<\/li>\n\n\n\n<li>Clemens von Wedemeyer, deutscher Medienk\u00fcnstler.<\/li>\n\n\n\n<li>Vivian Suter, Schweizer K\u00fcnstlerin, die 2021 den Schweizer Grand Prix Kunst erhielt.<\/li>\n<\/ul>\n\n\n\n<p>Die Stiftung besitzt aktuell rund 200 Werke. Sie sind zusammen 25 Millionen Franken wert. Der Stiftungsrat besteht aus Pers\u00f6nlichkeiten aus der Zentralschweiz. Jedes Jahr findet die Stiftungsratssitzung satt. An der Sitzung werden die Ankaufsprojekte vorgestellt und besprochen. Die Stiftungsr\u00e4t:innen treffen sich f\u00fcr verschiedene Veranstaltungen. Sie machen auch Ausfl\u00fcge zu Museen, die BEST-Werke ausgeliehen haben. Oder sie besuchen Ateliers. Im Programm sind Kunst, Gespr\u00e4che und Geselligkeit wichtig.<\/p>\n\n\n\n<div style=\"height:60px\" aria-hidden=\"true\" class=\"wp-block-spacer\"><\/div>\n\n\n\n<div class=\"wp-block-columns alignwide no-gap is-layout-flex wp-container-core-columns-is-layout-28f84493 wp-block-columns-is-layout-flex\">\n<div class=\"wp-block-column is-layout-flow wp-block-column-is-layout-flow\">\n<div class=\"wp-block-pb-accordion-item c-accordion__item js-accordion-item no-js\" data-initially-open=\"false\" data-click-to-close=\"true\" data-auto-close=\"true\" data-scroll=\"false\" data-scroll-offset=\"0\"><h2 id=\"at-1232070\" class=\"c-accordion__title js-accordion-controller\" role=\"button\" id=\"kontakt\">Kontakt<\/h2><div id=\"ac-1232070\" class=\"c-accordion__content\">\n<p><strong>Sammlungskonservatorin<br><\/strong><a href=\"mailto: a&#108;&#101;&#x78;&#x61;&#x6e;dr&#97;&#46;&#x62;&#x6c;&#x61;e&#116;&#116;&#108;&#x65;&#x72;&#x40;k&#117;&#110;&#x73;&#x74;&#x6d;us&#101;&#117;&#x6d;&#x6c;&#x75;z&#101;&#114;&#110;&#x2e;&#x63;&#x68;\">Alexandra Bl\u00e4ttler<\/a>, +41 41 226 78 93 (Di-Do)<\/p>\n\n\n\n<p><strong>Veranstaltungen und Partnerschaften<br><\/strong><a href=\"mailto: &#115;&#x6f;&#110;&#x6a;a&#x2e;f&#117;&#x63;&#104;&#x73;&#64;&#x6b;u&#110;&#x73;&#116;&#x6d;u&#x73;e&#117;&#x6d;&#108;&#x75;z&#x65;r&#110;&#x2e;&#99;&#x68;\">Sonja Fuchs<\/a>, +41 41 226 78 12 (Di\/Fr)<\/p>\n<\/div><\/div>\n\n\n\n<div class=\"wp-block-pb-accordion-item c-accordion__item js-accordion-item no-js\" data-initially-open=\"false\" data-click-to-close=\"true\" data-auto-close=\"true\" data-scroll=\"false\" data-scroll-offset=\"0\"><h2 id=\"at-1232071\" class=\"c-accordion__title js-accordion-controller\" role=\"button\" id=\"bankverbindung\">Bankverbindung<\/h2><div id=\"ac-1232071\" class=\"c-accordion__content\">\n<p>Credit Suisse <br>IBAN CH68 0483 5030 5900 8100 0<\/p>\n\n\n\n<p>Zugunsten: Stiftung BEST Art Collection Luzern<\/p>\n<\/div><\/div>\n<\/div>\n\n\n\n<div class=\"wp-block-column is-layout-flow wp-block-column-is-layout-flow\">\n<div class=\"wp-block-pb-accordion-item c-accordion__item js-accordion-item no-js\" data-initially-open=\"false\" data-click-to-close=\"true\" data-auto-close=\"true\" data-scroll=\"false\" data-scroll-offset=\"0\"><h2 id=\"at-1232072\" class=\"c-accordion__title js-accordion-controller\" role=\"button\" id=\"stiftungsraetinnen\">Stiftungsr\u00e4t:innen<\/h2><div id=\"ac-1232072\" class=\"c-accordion__content\">\n<p><strong>Pr\u00e4sident<\/strong><br>Martin Ege<\/p>\n\n\n\n<p><strong>Vizepr\u00e4sidentin<\/strong><br>Andreas Schoch<\/p>\n\n\n\n<p><strong>Stiftungsr\u00e4t:innen<\/strong><br>Christine Anliker, Laura Breitschmid, Janet Briner-L\u00fcthy, Ursula Burger, Andrea Cometti, Sonja da Silva dos Santos, J\u00f6rg Denzler, Patrick D\u00f6\u00f6s, Martin Ege, Simone Eggstein, Marc Emanuel Eggstein, Thomas Filzer, Gina Furrer, Jo\u00ebl Gessler, Philipp Gm\u00fcr, Walter Graf, Marianne Hess-Odoni, Hubert Hofmann, Nicolai Kalinowsky, Christine Luckhardt, Benedikt Marbet, Armando Meletta, Andrea Meule, Marcel Neuenschwander, Dino Pavic, Thomas Peter, J\u00fcrg Purtschert-Kuhn, Birgit Roller, Hubert R\u00fcedi, Susanne Ruoss, Andreas Schoch, Anne Schw\u00f6bel, Hanspeter Steiger, Edwin Steiner, Verena Theiler, Peter T\u00fcfer, Oskar Vonmoos, Nicole Ziltener<\/p>\n\n\n\n<p><strong>ex officio<\/strong><br>Andi Scheitlin, Kunstgesellschaft Luzern<br>Fanni Fetzer, Direktorin Kunstmuseum Luzern<br>Alexandra Bl\u00e4ttler, Kunstmuseum Luzern<\/p>\n<\/div><\/div>\n<\/div>\n<\/div>\n\n\n\n<div style=\"height:40px\" aria-hidden=\"true\" class=\"wp-block-spacer\"><\/div>\n\n\n\n<div class=\"wp-block-buttons is-content-justification-center is-layout-flex wp-container-core-buttons-is-layout-a89b3969 wp-block-buttons-is-layout-flex\">\n<div class=\"wp-block-button is-style-download\"><a class=\"wp-block-button__link wp-element-button\" href=\"https:\/\/www.kunstmuseumluzern.ch\/wp-content\/uploads\/2024\/02\/best-broschuere.pdf\" target=\"_blank\" rel=\"noreferrer noopener\">Best Brosch\u00fcre<\/a><\/div>\n<\/div>\n\n\n\n<div style=\"height:60px\" aria-hidden=\"true\" class=\"wp-block-spacer\"><\/div>\n\n\n\n<h3 class=\"wp-block-heading\" id=\"aktuelles-ankaufsprojekt\" id=\"ankaufsprojekt-2024-2025\">Ankaufsprojekt 2024\/2025<\/h3>\n\n\n\n<p>Ugo Rondinone (*1964) ist einer der bedeutendsten zeitgen\u00f6ssischen Schweizer K\u00fcnstler. Er erhielt mehrere Kunstpreise. Ugo Rondinone ist in Brunnen aufgewachsen und wohnt jetzt in New York. Er ist aber der Zentralschweiz weiterhin verbunden. <\/p>\n\n\n\n<p>Schon 1989 hat Ugo Rondinone an der <em>Weihnachtsausstellung Innerschweizer K\u00fcnstler<\/em> ausgestellt. Er gewann mit seinen Werken den Ausstellungspreis der Kunstgesellschaft. Dieser Preis ist eine Einzelausstellung im darauffolgenden Jahr. <\/p>\n\n\n\n<p>Mit der \u00dcberblicksausstellung <em>Cry Me a River<\/em> kehrt Ugo Rondinone 2024 in seine Heimat zur\u00fcck. F\u00fcr die Ausstellung macht er zwei neue Gem\u00e4lde. Sie zeigen den Blick \u00fcber den Vierwaldst\u00e4ttersee von Brunnen aus bei Tag und Nacht. Jedes der beiden Bilder besteht aus nur f\u00fcnf Blaut\u00f6nen. Die Landschaftsgem\u00e4lde sind auch eine Widmung an die ber\u00fchmten Schweizer Maler F\u00e9lix Vallotton und Ferdinand Hodler. <\/p>\n\n\n\n<p>Ugo Rondinone schenkt das Nacht-Bild (<em>siebtermaizweitausendundvierundzwanzig<\/em>, 2024) dem Kunstmuseum Luzern. Die Stiftung BEST Art Collection Luzern hat das Tag-Bild (<em>sechstermaizweitausendundvierundzwanzig<\/em>, 2024) angekauft.<\/p>\n\n\n\n<p class=\"has-simplon-bp-font-family has-small-font-size\"><strong>Ugo Rondinone<br><em>sechstermaizweitausendundvierundzwanzig<\/em>, 2024<\/strong><br>Acryl auf Leinwand, 400 \u00d7 600 cm<br>Preis: CHF 360\u2019000 (inkl. Museumsrabatt). <br><\/p>\n\n\n\n<div class=\"wp-block-slider alignfull\">\n\n  <div class=\"swiper-container\">\n    <div class=\"swiper-wrapper\">\n\n      \n            <div class=\"swiper-slide\" data-index=\"0\">\n                <div data-caption=\"Ugo Rondinone, sechstermaizweitausendundvierundzwanzig, 2024\nWasserfarbe auf Leinwand, 66 \u00d7 51 cm, Courtesy the artist, Galerie Eva Presenhuber, Mennour, Esther Schipper, Gladstone Gallery, Kukje Gallery, und Sadie Coles HQ, Foto: Studio Rondinone\n\">          <img decoding=\"async\" width=\"2116\" height=\"1400\" src=\"https:\/\/www.kunstmuseumluzern.ch\/wp-content\/uploads\/2023\/04\/2024-rondinone-6mai2024.jpg\" class=\"attachment-gallery_image size-gallery_image\" alt=\"Ugo Rondinone, sechstermaizweitausendundvierundzwanzig, 2024 Wasserfarbe auf Leinwand, 66 \u00d7 51 cm, Courtesy the artist, Galerie Eva Presenhuber, Mennour, Esther Schipper, Gladstone Gallery, Kukje Gallery, und Sadie Coles HQ, Foto: Studio Rondinone\" srcset=\"https:\/\/www.kunstmuseumluzern.ch\/wp-content\/uploads\/2023\/04\/2024-rondinone-6mai2024.jpg 2116w, https:&#47;&#x2f;&#x77;&#119;&#x77;&#x2e;k&#x75;&#x6e;s&#116;&#x6d;u&#115;&#x65;u&#109;&#x6c;u&#122;&#x65;r&#110;&#x2e;&#x63;&#104;&#x2f;&#x77;&#112;&#x2d;&#x63;o&#x6e;&#x74;e&#110;&#x74;\/&#117;&#x70;l&#111;&#x61;d&#115;&#x2f;2&#48;&#x32;&#x33;&#47;&#x30;&#x34;&#47;&#x32;&#x30;2&#x34;&#x2d;r&#111;&#x6e;d&#105;&#x6e;o&#110;&#x65;-&#54;&#x6d;a&#105;&#x32;&#x30;&#50;&#x34;&#x2d;&#49;&#x35;&#x30;x&#x39;&#x39;&#64;&#50;&#x78;&#46;&#106;&#x70;g 300w, https:\/\/www.kunstmuseumluzern.ch\/wp-content\/uploads\/2023\/04\/2024-rondinone-6mai2024-1024x678.jpg 1024w, https:\/\/www.kunstmuseumluzern.ch\/wp-content\/uploads\/2023\/04\/2024-rondinone-6mai2024-150x99.jpg 150w, https:\/\/www.kunstmuseumluzern.ch\/wp-content\/uploads\/2023\/04\/2024-rondinone-6mai2024-420x278.jpg 420w, https:&#x2f;\/&#x77;&#119;&#x77;&#46;k&#x75;n&#x73;&#116;&#x6d;&#117;s&#x65;&#117;&#x6d;&#108;u&#x7a;e&#x72;&#110;&#x2e;&#99;h&#x2f;w&#x70;&#45;&#x63;&#x6f;n&#x74;&#101;&#x6e;&#116;\/&#x75;p&#x6c;&#111;&#x61;&#100;s&#x2f;&#50;&#x30;&#50;&#x33;&#x2f;0&#x34;&#47;&#x32;&#48;2&#x34;-&#x72;&#111;&#x6e;&#100;i&#x6e;&#111;&#x6e;&#101;-&#x36;m&#x61;&#105;&#x32;&#48;2&#x34;-&#x33;&#48;&#x30;&#x78;1&#x39;&#56;&#x40;&#50;x&#x2e;j&#x70;&#103; 600w, https:&#47;&#47;&#x77;w&#119;&#x2e;&#x6b;u&#110;&#x73;&#x74;m&#117;&#x73;e&#117;&#x6d;&#x6c;u&#122;&#x65;&#x72;n&#46;&#x63;h&#47;&#x77;&#x70;-&#99;&#x6f;&#x6e;t&#101;&#x6e;&#x74;&#47;&#117;&#x70;l&#111;&#x61;&#x64;s&#47;&#x32;&#x30;2&#51;&#x2f;0&#52;&#x2f;&#x32;0&#50;&#x34;&#x2d;r&#111;&#x6e;d&#105;&#110;&#x6f;n&#101;&#x2d;&#x36;m&#97;&#x69;&#x32;&#48;&#50;&#x34;-&#49;&#x30;&#x32;4&#120;&#x36;&#x37;8&#64;&#x32;x&#46;&#x6a;&#x70;g 2048w, https:\/&#47;&#x77;&#x77;&#x77;&#46;&#107;&#117;&#x6e;&#x73;t&#109;&#117;&#x73;&#x65;um&#108;&#x75;&#x7a;&#x65;r&#110;&#x2e;&#x63;&#x68;\/&#119;&#112;&#x2d;&#x63;o&#110;&#116;&#x65;&#x6e;t\/&#117;&#x70;&#x6c;&#x6f;a&#100;&#115;&#x2f;&#x32;0&#50;&#51;&#x2f;&#x30;4&#47;&#50;&#x30;&#x32;4-&#114;&#x6f;&#x6e;&#x64;i&#110;&#111;&#x6e;&#x65;-&#54;&#109;&#x61;&#x69;2&#48;&#50;&#x34;&#x2d;42&#48;&#x78;&#x32;&#x37;8&#64;&#50;&#x78;&#x2e;j&#112;&#103; 840w\" sizes=\"(max-width: 2116px) 100vw, 2116px\" \/>        <\/div>        \n        \n              <\/div>\n                    <div class=\"swiper-slide\" data-index=\"1\">\n                <div data-caption=\"Sonja Sekula, Chinatree, 1960, Ankauf 2008\">          <img decoding=\"async\" width=\"994\" height=\"1400\" src=\"https:\/\/www.kunstmuseumluzern.ch\/wp-content\/uploads\/2023\/04\/sekula-sonja-chinatree.jpg\" class=\"attachment-gallery_image size-gallery_image\" alt=\"\" srcset=\"https:\/\/www.kunstmuseumluzern.ch\/wp-content\/uploads\/2023\/04\/sekula-sonja-chinatree.jpg 994w, https:&#x2f;&#47;w&#x77;&#x77;&#46;k&#x75;&#110;s&#x74;&#x6d;&#117;s&#x65;&#117;m&#x6c;&#x75;&#122;e&#x72;&#x6e;&#46;&#x63;&#x68;&#47;w&#x70;&#x2d;&#99;o&#x6e;&#116;e&#x6e;&#x74;&#47;u&#x70;&#108;o&#x61;&#x64;&#115;\/&#x32;&#x30;&#50;&#x33;&#x2f;&#48;4&#x2f;&#x73;&#101;k&#x75;&#108;a&#x2d;&#x73;&#111;n&#x6a;&#97;-&#x63;&#x68;&#105;n&#x61;&#x74;&#114;&#x65;&#x65;&#45;1&#x35;&#x30;&#120;2&#x31;&#49;&#64;&#x32;&#x78;&#46;j&#x70;&#103; 300w, https:\/\/www.kunstmuseumluzern.ch\/wp-content\/uploads\/2023\/04\/sekula-sonja-chinatree-150x211.jpg 150w, https:\/\/www.kunstmuseumluzern.ch\/wp-content\/uploads\/2023\/04\/sekula-sonja-chinatree-420x592.jpg 420w, https:&#47;&#x2f;w&#x77;&#x77;&#46;&#x6b;u&#x6e;&#x73;&#116;&#x6d;u&#x73;&#x65;&#117;&#x6d;l&#x75;&#x7a;&#101;&#x72;n&#x2e;&#x63;&#104;&#x2f;w&#x70;&#x2d;&#99;&#x6f;n&#x74;&#x65;&#110;&#x74;\/&#x75;&#x70;&#108;&#x6f;a&#x64;&#x73;&#47;&#x32;0&#x32;&#x33;&#47;&#x30;4&#x2f;&#x73;&#101;&#x6b;u&#x6c;&#x61;&#45;&#x73;o&#x6e;&#x6a;&#97;&#x2d;c&#x68;&#x69;&#110;&#x61;t&#x72;&#x65;&#101;&#x2d;3&#x30;&#x30;&#120;&#x34;2&#x33;&#x40;&#50;&#x78;&#46;&#x6a;&#x70;&#103; 600w, https:&#47;\/&#x77;w&#x77;&#46;&#x6b;&#117;&#x6e;&#115;&#x74;&#109;u&#x73;e&#x75;m&#x6c;&#117;&#x7a;&#101;&#x72;&#110;&#x2e;&#99;h&#x2f;w&#x70;-&#x63;&#111;&#x6e;&#116;&#x65;&#110;&#x74;&#47;u&#x70;l&#x6f;a&#x64;&#115;&#x2f;&#50;&#x30;&#50;&#x33;&#47;0&#x34;\/&#x73;e&#x6b;&#117;&#x6c;&#97;&#x2d;&#115;o&#x6e;j&#x61;-&#x63;&#104;&#x69;&#110;&#x61;&#116;&#x72;&#101;e&#x2d;4&#x32;0&#x78;&#53;&#x39;&#50;&#x40;&#50;&#x78;&#46;j&#x70;g 840w\" sizes=\"(max-width: 994px) 100vw, 994px\" \/>        <\/div>        \n        \n              <\/div>\n                    <div class=\"swiper-slide\" data-index=\"2\">\n                <div data-caption=\"Robert Z\u00fcnd, Eichwald, 1859, Ankauf 1942\">          <img decoding=\"async\" width=\"1874\" height=\"1400\" src=\"https:\/\/www.kunstmuseumluzern.ch\/wp-content\/uploads\/2023\/04\/zuend-robert-eichwald.jpg\" class=\"attachment-gallery_image size-gallery_image\" alt=\"\" srcset=\"https:\/\/www.kunstmuseumluzern.ch\/wp-content\/uploads\/2023\/04\/zuend-robert-eichwald.jpg 1874w, https:&#x2f;&#x2f;&#x77;&#x77;&#x77;&#x2e;&#x6b;&#x75;&#x6e;&#x73;&#x74;&#x6d;&#x75;&#x73;&#x65;&#x75;&#x6d;&#x6c;&#x75;&#x7a;&#x65;&#x72;&#110;&#46;&#99;&#104;&#47;&#119;&#112;&#45;&#99;&#111;&#110;&#116;&#101;&#110;&#116;\/uploads\/202&#x33;&#x2f;&#x30;&#x34;&#x2f;&#x7a;&#x75;&#x65;&#x6e;&#x64;&#x2d;&#x72;&#x6f;&#x62;&#x65;&#x72;&#x74;&#x2d;&#x65;&#x69;&#x63;&#x68;&#x77;&#97;&#108;&#100;&#45;&#49;&#53;&#48;&#120;&#49;&#49;&#50;&#64;&#50;&#120;&#46;jpg 300w, https:\/\/www.kunstmuseumluzern.ch\/wp-content\/uploads\/2023\/04\/zuend-robert-eichwald-1024x765.jpg 1024w, https:\/\/www.kunstmuseumluzern.ch\/wp-content\/uploads\/2023\/04\/zuend-robert-eichwald-150x112.jpg 150w, https:\/\/www.kunstmuseumluzern.ch\/wp-content\/uploads\/2023\/04\/zuend-robert-eichwald-420x314.jpg 420w, https:&#x2f;&#47;&#119;w&#x77;&#x2e;&#107;u&#x6e;&#x73;&#116;m&#x75;&#x73;&#101;u&#x6d;&#x6c;&#117;z&#x65;&#x72;&#110;&#46;&#x63;&#x68;&#47;&#119;p&#x2d;&#x63;&#111;n&#x74;&#x65;&#110;t&#x2f;&#x75;&#112;l&#x6f;&#x61;&#100;s&#x2f;&#x32;&#48;2&#x33;&#x2f;&#48;&#52;\/&#x7a;&#x75;&#101;n&#x64;&#x2d;&#114;o&#x62;&#x65;&#114;t&#x2d;&#x65;&#105;c&#x68;&#x77;&#97;l&#x64;&#x2d;&#51;&#48;0&#x78;&#x32;&#50;4&#x40;&#x32;&#120;&#46;&#x6a;&#x70;&#103; 600w, https:&#47;&#x2f;w&#119;&#x77;&#46;&#x6b;&#x75;&#110;&#x73;t&#109;&#x75;s&#101;&#x75;&#109;&#x6c;u&#122;&#x65;r&#110;&#x2e;&#99;&#x68;&#x2f;&#119;&#x70;-&#99;&#x6f;n&#x74;&#x65;&#110;&#x74;\/&#117;&#x70;l&#111;&#x61;&#100;&#x73;\/&#50;&#x30;2&#51;&#x2f;0&#x34;&#x2f;&#122;&#x75;e&#110;&#x64;-&#x72;&#x6f;&#98;&#x65;r&#116;&#x2d;e&#105;&#x63;&#104;&#x77;a&#108;&#x64;-&#52;&#x32;0&#x78;&#x33;&#49;&#x34;&#64;&#50;&#x78;&#46;&#x6a;&#x70;&#103; 840w\" sizes=\"(max-width: 1874px) 100vw, 1874px\" \/>        <\/div>        \n        \n              <\/div>\n                    <div class=\"swiper-slide\" data-index=\"3\">\n                <div data-caption=\"Johann Heinrich F\u00fcssli, Beatrice belauscht Hero und Ursula, um 1789, Ankauf 1933\">          <img decoding=\"async\" width=\"1272\" height=\"1400\" src=\"https:\/\/www.kunstmuseumluzern.ch\/wp-content\/uploads\/2023\/04\/fuessli-Johann-heinrich-beatrice-hero-ursula.jpg\" class=\"attachment-gallery_image size-gallery_image\" alt=\"\" srcset=\"https:\/\/www.kunstmuseumluzern.ch\/wp-content\/uploads\/2023\/04\/fuessli-Johann-heinrich-beatrice-hero-ursula.jpg 1272w, https:\/\/www&#46;kunstm&#117;&#115;&#101;&#117;&#109;&#108;&#117;&#122;&#101;&#114;&#110;&#46;&#99;&#104;&#47;&#x77;&#x70;&#x2d;&#x63;&#x6f;&#x6e;&#x74;&#x65;&#x6e;&#x74;&#x2f;&#x75;&#x70;&#x6c;&#x6f;&#x61;&#x64;&#x73;&#x2f;&#x32;&#x30;&#x32;&#x33;\/04\/fuessli-&#74;&#111;&#104;&#97;&#110;&#110;&#45;&#104;&#101;&#105;&#110;&#114;&#105;&#99;&#104;&#x2d;&#x62;&#x65;&#x61;&#x74;&#x72;&#x69;&#x63;&#x65;&#x2d;&#x68;&#x65;&#x72;&#x6f;&#x2d;&#x75;&#x72;&#x73;&#x75;&#x6c;&#x61;&#x2d;&#x31;50x165&#64;2x&#46;jp&#103; 300w, https:\/\/www.kunstmuseumluzern.ch\/wp-content\/uploads\/2023\/04\/fuessli-Johann-heinrich-beatrice-hero-ursula-1024x1127.jpg 1024w, https:\/\/www.kunstmuseumluzern.ch\/wp-content\/uploads\/2023\/04\/fuessli-Johann-heinrich-beatrice-hero-ursula-150x165.jpg 150w, https:\/\/www.kunstmuseumluzern.ch\/wp-content\/uploads\/2023\/04\/fuessli-Johann-heinrich-beatrice-hero-ursula-420x462.jpg 420w, https:&#x2f;&#47;&#119;w&#x77;&#x2e;&#107;u&#x6e;&#x73;&#116;mu&#x73;&#101;&#117;m&#x6c;&#x75;&#122;e&#x72;&#x6e;&#46;&#99;h&#x2f;&#x77;&#112;-&#x63;&#x6f;&#110;t&#x65;&#x6e;&#116;&#47;u&#x70;&#x6c;&#111;a&#x64;&#x73;&#47;2&#x30;&#x32;&#51;&#47;0&#x34;&#x2f;&#102;u&#x65;&#x73;&#115;l&#x69;&#x2d;&#74;&#111;h&#x61;&#x6e;&#110;-&#x68;&#x65;&#105;n&#x72;&#x69;&#99;&#104;-&#x62;&#x65;&#97;t&#x72;&#x69;&#99;e&#x2d;&#x68;&#101;&#114;o&#x2d;&#x75;&#114;s&#x75;&#x6c;&#97;-&#x33;&#x30;&#48;&#120;3&#x33;&#x30;&#64;2&#x78;&#x2e;&#106;pg 600w, https:&#47;&#47;&#x77;w&#119;&#x2e;&#x6b;u&#110;&#x73;&#x74;m&#117;&#x73;&#x65;u&#109;&#x6c;&#x75;z&#101;&#x72;&#x6e;&#46;&#99;&#x68;\/&#119;&#112;&#x2d;c&#111;&#x6e;&#x74;e&#110;&#x74;&#x2f;u&#112;&#x6c;&#x6f;a&#100;&#x73;&#x2f;2&#48;&#x32;&#x33;&#47;&#48;&#x34;\/&#102;&#x75;&#x65;s&#115;&#x6c;&#x69;-&#74;&#x6f;&#x68;a&#110;&#x6e;&#x2d;h&#101;&#x69;&#x6e;r&#105;&#x63;h&#45;&#98;&#x65;a&#116;&#x72;&#x69;c&#101;&#x2d;&#x68;e&#114;&#x6f;&#x2d;u&#114;&#x73;&#x75;l&#97;&#x2d;&#x34;&#50;&#48;&#x78;4&#54;&#x32;&#x40;2&#120;&#x2e;&#x6a;p&#103; 840w\" sizes=\"(max-width: 1272px) 100vw, 1272px\" \/>        <\/div>        \n        \n              <\/div>\n                    <div class=\"swiper-slide\" data-index=\"4\">\n                <div data-caption=\"Clemens von Wedemeyer, Faux Terrain, 2019, Ankauf 2020\">          <img decoding=\"async\" width=\"2489\" height=\"1400\" src=\"https:\/\/www.kunstmuseumluzern.ch\/wp-content\/uploads\/2023\/04\/von-wedemeyer-faux-terrain.jpg\" class=\"attachment-gallery_image size-gallery_image\" alt=\"\" srcset=\"https:\/\/www.kunstmuseumluzern.ch\/wp-content\/uploads\/2023\/04\/von-wedemeyer-faux-terrain.jpg 2489w, https:\/&#47;&#x77;&#x77;w&#46;&#107;&#x75;&#x6e;s&#116;&#109;&#x75;&#x73;e&#117;&#x6d;&#x6c;&#x75;z&#101;&#x72;&#x6e;&#46;&#99;&#104;&#x2f;&#x77;p&#45;&#99;&#x6f;&#x6e;t&#101;&#x6e;&#x74;&#x2f;u&#112;&#x6c;&#x6f;ad&#115;&#x2f;&#x32;0&#50;&#51;&#x2f;&#x30;4&#47;&#118;&#x6f;&#x6e;-&#119;&#x65;&#x64;em&#101;&#x79;&#x65;r&#45;&#102;&#x61;&#x75;x&#45;&#116;&#x65;&#x72;r&#97;&#x69;&#x6e;-1&#53;&#x30;&#x78;8&#52;&#64;&#x32;&#x78;&#46;&#106;&#112;&#x67; 300w, https:\/\/www.kunstmuseumluzern.ch\/wp-content\/uploads\/2023\/04\/von-wedemeyer-faux-terrain-1024x576.jpg 1024w, https:\/\/www.kunstmuseumluzern.ch\/wp-content\/uploads\/2023\/04\/von-wedemeyer-faux-terrain-150x84.jpg 150w, https:\/\/www.kunstmuseumluzern.ch\/wp-content\/uploads\/2023\/04\/von-wedemeyer-faux-terrain-420x236.jpg 420w, https:&#47;&#x2f;&#119;&#x77;&#119;&#x2e;&#107;&#x75;&#110;&#x73;&#116;&#x6d;&#117;&#x73;&#101;&#x75;&#109;&#x6c;&#117;&#x7a;&#101;&#x72;&#110;&#x2e;&#99;&#x68;\/&#x77;p&#x2d;c&#x6f;n&#x74;e&#x6e;t&#x2f;u&#x70;l&#x6f;a&#x64;s&#47;2&#48;2&#51;&#x2f;&#48;&#x34;&#47;&#x76;&#111;&#x6e;&#45;&#x77;&#101;&#x64;&#101;&#x6d;&#101;&#x79;&#101;&#x72;&#45;&#x66;&#97;&#x75;&#120;&#x2d;&#116;&#x65;r&#x72;a&#x69;n&#x2d;3&#x30;0&#x78;1&#x36;9&#x40;2&#x78;&#46;&#x6a;p&#103; 600w, https:&#47;&#47;&#x77;w&#119;&#x2e;&#x6b;u&#110;&#x73;&#x74;m&#117;&#x73;e&#117;&#x6d;&#x6c;u&#122;&#x65;&#x72;n&#46;&#x63;h&#47;&#x77;&#x70;-&#99;&#x6f;&#x6e;t&#101;&#x6e;&#x74;&#47;&#117;&#x70;l&#111;&#x61;&#x64;s&#47;&#x32;&#x30;2&#51;&#x2f;0&#52;&#x2f;&#x76;o&#110;&#x2d;&#x77;e&#100;&#x65;m&#101;&#121;&#x65;r&#45;&#x66;&#x61;u&#120;&#x2d;&#x74;&#101;&#114;&#x72;a&#105;&#x6e;&#x2d;1&#48;&#x32;&#x34;x&#53;&#x37;6&#64;&#x32;&#x78;&#46;&#106;&#x70;&#x67; 2048w, https:\/&#47;&#119;&#x77;&#x77;&#46;k&#117;&#110;&#x73;&#x74;mu&#115;&#101;&#x75;&#x6d;lu&#122;&#x65;&#x72;&#x6e;&#46;&#99;&#104;&#x2f;&#x77;&#x70;-&#99;&#111;&#x6e;&#x74;&#x65;n&#116;&#47;&#x75;&#x70;&#x6c;o&#97;&#100;&#x73;&#x2f;&#x32;0&#50;&#51;&#x2f;&#x30;4\/&#118;&#111;&#x6e;&#x2d;we&#100;&#101;&#x6d;&#x65;ye&#114;&#x2d;&#x66;&#x61;ux&#45;&#x74;&#x65;&#x72;r&#97;&#105;&#x6e;&#x2d;&#x34;2&#48;&#120;&#x32;&#x33;&#x36;&#64;&#50;&#120;&#x2e;&#x6a;&#x70;g 840w\" sizes=\"(max-width: 2489px) 100vw, 2489px\" \/>        <\/div>        \n        \n              <\/div>\n                    <div class=\"swiper-slide\" data-index=\"5\">\n                <div data-caption=\"Hans Emmenegger, Spiegelung auf dem Wasser, 1908\u20131909, Ankauf 2014\">          <img decoding=\"async\" width=\"2471\" height=\"1400\" src=\"https:\/\/www.kunstmuseumluzern.ch\/wp-content\/uploads\/2023\/04\/emmenegger-hans-spiegelung.jpg\" class=\"attachment-gallery_image size-gallery_image\" alt=\"\" srcset=\"https:\/\/www.kunstmuseumluzern.ch\/wp-content\/uploads\/2023\/04\/emmenegger-hans-spiegelung.jpg 2471w, https:\/&#47;&#x77;&#x77;&#x77;&#46;&#107;&#117;&#x6e;&#x73;t&#109;&#117;&#x73;&#x65;um&#108;&#x75;&#x7a;&#x65;r&#110;&#x2e;&#x63;&#x68;\/&#119;&#112;&#x2d;&#x63;o&#110;&#116;&#x65;&#x6e;t\/&#117;&#x70;&#x6c;&#x6f;a&#100;&#115;&#x2f;&#x32;0&#50;&#51;&#x2f;&#x30;4&#47;&#101;&#x6d;&#x6d;en&#101;&#x67;&#x67;&#x65;r&#45;&#104;&#x61;&#x6e;s&#45;&#115;&#x70;&#x69;e&#103;&#101;&#x6c;&#x75;ng&#45;&#x31;&#x35;&#x30;x&#56;&#53;&#x40;&#x32;x&#46;&#106;&#x70;&#x67; 300w, https:\/\/www.kunstmuseumluzern.ch\/wp-content\/uploads\/2023\/04\/emmenegger-hans-spiegelung-1024x580.jpg 1024w, https:\/\/www.kunstmuseumluzern.ch\/wp-content\/uploads\/2023\/04\/emmenegger-hans-spiegelung-150x85.jpg 150w, https:\/\/www.kunstmuseumluzern.ch\/wp-content\/uploads\/2023\/04\/emmenegger-hans-spiegelung-420x238.jpg 420w, https:&#x2f;&#47;w&#x77;&#119;&#46;&#x6b;&#117;n&#x73;&#116;m&#x75;&#115;e&#x75;&#x6d;l&#x75;&#x7a;&#101;&#x72;&#x6e;&#46;&#x63;&#x68;&#47;w&#x70;&#45;c&#x6f;&#110;t&#x65;&#110;t&#x2f;&#117;p&#x6c;&#x6f;a&#x64;&#x73;&#47;&#x32;&#x30;&#50;&#x33;&#x2f;&#48;4&#x2f;&#101;m&#x6d;&#101;n&#x65;&#103;g&#x65;&#114;-&#x68;&#x61;n&#x73;&#x2d;&#115;&#x70;&#x69;&#101;&#x67;&#x65;&#108;u&#x6e;&#103;-&#x33;&#48;0&#x78;&#49;7&#x30;&#64;2&#x78;&#x2e;j&#x70;&#x67; 600w, https:&#x2f;\/&#x77;&#119;&#x77;&#x2e;k&#x75;&#110;&#x73;&#x74;m&#x75;&#115;&#x65;&#x75;m&#x6c;&#117;&#x7a;&#x65;r&#x6e;&#46;&#x63;&#x68;\/&#x77;&#112;&#x2d;&#x63;o&#x6e;&#116;&#x65;&#x6e;t&#x2f;&#117;&#x70;&#x6c;o&#x61;&#100;&#x73;&#x2f;2&#x30;&#50;&#x33;&#x2f;0&#x34;&#47;&#x65;&#x6d;m&#x65;&#110;&#x65;&#x67;g&#x65;&#114;&#x2d;&#x68;a&#x6e;&#115;&#x2d;&#x73;p&#x69;&#101;&#x67;&#x65;l&#x75;&#110;&#x67;&#x2d;1&#x30;&#50;&#x34;&#x78;5&#x38;&#48;&#x40;&#x32;x&#x2e;&#106;&#x70;&#x67; 2048w, https:&#x2f;&#x2f;&#119;&#119;&#119;&#46;&#x6b;&#x75;&#x6e;&#115;&#116;mu&#x73;&#x65;&#x75;&#109;&#108;u&#x7a;&#x65;&#x72;&#110;&#46;&#99;h&#x2f;&#x77;&#x70;&#45;&#99;on&#x74;&#x65;&#x6e;&#116;&#47;u&#x70;&#x6c;&#x6f;&#97;&#100;&#115;\/&#x32;&#x30;&#x32;&#51;&#47;04&#x2f;&#x65;&#x6d;&#109;&#101;n&#x65;&#x67;&#x67;&#101;&#114;&#45;h&#x61;&#x6e;&#x73;&#45;&#115;pi&#x65;&#x67;&#x65;&#108;&#117;n&#x67;&#x2d;&#x34;&#50;&#48;&#120;2&#x33;&#x38;&#x40;&#50;&#120;&#46;j&#x70;&#x67; 840w\" sizes=\"(max-width: 2471px) 100vw, 2471px\" \/>        <\/div>        \n        \n              <\/div>\n                    <div class=\"swiper-slide\" data-index=\"6\">\n                <div data-caption=\"Christine Streuli, Crash, 2013, Ankauf 2013\">          <img decoding=\"async\" width=\"3419\" height=\"1400\" src=\"https:\/\/www.kunstmuseumluzern.ch\/wp-content\/uploads\/2023\/04\/streuli-christine-crash.jpg\" class=\"attachment-gallery_image size-gallery_image\" alt=\"Christine Streuli, Crash, Acryl und Lack auf Leinwand, 350 x 850 cm, Kunstmuseum Luzern, Depositum der Stiftung BEST Art Collection Luzern\" srcset=\"https:\/\/www.kunstmuseumluzern.ch\/wp-content\/uploads\/2023\/04\/streuli-christine-crash.jpg 3419w, https:\/&#47;&#119;&#x77;&#x77;&#x2e;k&#117;&#110;&#x73;&#x74;&#x6d;us&#101;&#x75;&#x6d;&#x6c;uz&#101;&#114;&#x6e;&#x2e;&#x63;h&#47;&#119;&#x70;&#x2d;&#x63;o&#110;&#116;&#x65;&#x6e;&#x74;\/u&#112;&#x6c;&#x6f;&#x61;ds&#47;&#50;&#x30;&#x32;&#x33;\/&#48;&#52;&#x2f;&#x73;&#x74;r&#101;&#117;&#x6c;&#x69;&#x2d;ch&#114;&#x69;&#x73;&#x74;in&#101;&#45;&#x63;&#x72;&#x61;s&#104;&#45;&#x31;&#x35;&#x30;x&#54;&#49;&#x40;&#x32;&#x78;&#46;j&#112;&#x67; 300w, https:\/\/www.kunstmuseumluzern.ch\/wp-content\/uploads\/2023\/04\/streuli-christine-crash-1024x419.jpg 1024w, https:\/\/www.kunstmuseumluzern.ch\/wp-content\/uploads\/2023\/04\/streuli-christine-crash-150x61.jpg 150w, https:\/\/www.kunstmuseumluzern.ch\/wp-content\/uploads\/2023\/04\/streuli-christine-crash-420x172.jpg 420w, https:&#x2f;&#x2f;&#x77;&#x77;&#x77;&#46;&#107;&#117;&#110;stm&#x75;&#x73;&#x65;&#x75;&#x6d;&#x6c;&#117;&#122;&#101;rn&#46;&#x63;&#x68;&#x2f;&#x77;&#x70;&#x2d;&#99;&#111;&#110;&#116;ent&#x2f;&#x75;&#x70;&#x6c;&#x6f;&#x61;&#100;&#115;&#47;202&#x33;&#x2f;&#x30;&#x34;&#x2f;&#x73;&#116;&#114;&#101;&#117;li-&#x63;&#x68;&#x72;&#x69;&#x73;&#x74;&#105;&#110;&#101;-cr&#x61;&#x73;&#x68;&#x2d;&#x33;&#x30;&#48;&#120;&#49;&#50;3&#64;2&#x78;&#x2e;&#x6a;&#x70;&#x67; 600w, https:&#47;&#x2f;w&#x77;&#x77;&#46;&#x6b;u&#x6e;&#x73;&#116;&#x6d;u&#x73;&#x65;&#117;&#x6d;l&#x75;&#x7a;&#101;&#x72;n&#x2e;&#x63;&#104;&#x2f;w&#x70;&#x2d;&#99;&#x6f;n&#x74;&#x65;&#110;&#x74;\/&#x75;&#x70;&#108;&#x6f;a&#x64;&#x73;&#47;&#x32;0&#x32;&#x33;&#47;&#x30;4&#x2f;&#x73;&#116;&#x72;e&#x75;&#x6c;&#105;&#x2d;c&#x68;&#x72;&#105;&#x73;t&#x69;&#x6e;&#101;&#x2d;c&#x72;&#x61;&#115;&#x68;-&#x31;&#x30;&#50;&#x34;x&#x34;&#x31;&#57;&#x40;2&#x78;&#x2e;&#106;&#x70;g 2048w, https:&#x2f;&#x2f;&#x77;&#x77;&#119;&#46;&#107;un&#x73;&#x74;&#x6d;&#x75;&#x73;&#101;&#117;&#109;lu&#x7a;&#x65;&#x72;&#x6e;&#x2e;&#99;&#104;&#47;wp&#x2d;&#x63;&#x6f;&#x6e;&#x74;&#101;&#110;&#116;\/u&#x70;&#x6c;&#x6f;&#x61;&#x64;&#115;&#47;&#50;02&#x33;&#x2f;&#x30;&#x34;&#x2f;&#115;&#116;&#114;eu&#x6c;&#x69;&#x2d;&#x63;&#x68;&#114;&#105;&#115;ti&#x6e;&#x65;&#x2d;&#x63;&#x72;&#97;&#115;&#104;-4&#x32;&#x30;&#x78;&#x31;&#x37;&#50;&#64;&#50;x&#46;&#x6a;&#x70;&#x67; 840w\" sizes=\"(max-width: 3419px) 100vw, 3419px\" \/>        <\/div>        \n        \n              <\/div>\n              \n    <\/div>\n\n    <div class=\"swiper-button-prev\"><\/div>\n    <div class=\"swiper-button-next\"><\/div>\n    <div class=\"swiper-pagination\"><\/div>\n    <div class=\"swiper-caption\"><\/div>\n  <\/div>\n\n<\/div>\n\n\n\n<div style=\"height:30px\" aria-hidden=\"true\" class=\"wp-block-spacer\"><\/div>\n","protected":false},"excerpt":{"rendered":"<p>Stiftung Best Art Collection Luzern Die Stiftung BEST Art Collection Luzern kauft regelm\u00e4ssig bedeutende Werke an. Diese Werke gibt sie dem Kunstmuseum als Dauerleihgaben. Die Ank\u00e4ufe erfolgen gem\u00e4ss dem Sammlungskonzept des Kunstmuseums Luzern. Alle Mitglieder des Stiftungsrats geben mindestens je 2\u2019000 Franken pro Jahr f\u00fcr die Ank\u00e4ufe. Der Stiftungsrat will auch Betriebe und Personen aus [&hellip;]<\/p>\n","protected":false},"author":2,"featured_media":0,"parent":121926,"menu_order":2,"comment_status":"closed","ping_status":"closed","template":"","meta":{"_acf_changed":false,"_seopress_robots_primary_cat":"","_seopress_titles_title":"Stiftung BEST Art Collection Luzern | KUNSTMUSEUM LUZERN","_seopress_titles_desc":"Die Stiftung BEST Art Collection Luzern erwirbt bedeutende Werke und \u00fcbergibt sie dem Kunstmuseum Luzern als Dauerleihgaben.","_seopress_robots_index":"","inline_featured_image":false,"ghostkit_customizer_options":"","ghostkit_custom_css":"","ghostkit_custom_js_head":"","ghostkit_custom_js_foot":"","ghostkit_typography":"","footnotes":""},"tags":[],"class_list":["post-123207","page","type-page","status-publish","hentry"],"acf":[],"_links":{"self":[{"href":"https:\/\/www.kunstmuseumluzern.ch\/de-es\/wp-json\/wp\/v2\/pages\/123207","targetHints":{"allow":["GET"]}}],"collection":[{"href":"https:\/\/www.kunstmuseumluzern.ch\/de-es\/wp-json\/wp\/v2\/pages"}],"about":[{"href":"https:\/\/www.kunstmuseumluzern.ch\/de-es\/wp-json\/wp\/v2\/types\/page"}],"author":[{"embeddable":true,"href":"https:\/\/www.kunstmuseumluzern.ch\/de-es\/wp-json\/wp\/v2\/users\/2"}],"replies":[{"embeddable":true,"href":"https:\/\/www.kunstmuseumluzern.ch\/de-es\/wp-json\/wp\/v2\/comments?post=123207"}],"version-history":[{"count":9,"href":"https:\/\/www.kunstmuseumluzern.ch\/de-es\/wp-json\/wp\/v2\/pages\/123207\/revisions"}],"predecessor-version":[{"id":195450,"href":"https:\/\/www.kunstmuseumluzern.ch\/de-es\/wp-json\/wp\/v2\/pages\/123207\/revisions\/195450"}],"up":[{"embeddable":true,"href":"https:\/\/www.kunstmuseumluzern.ch\/de-es\/wp-json\/wp\/v2\/pages\/121926"}],"wp:attachment":[{"href":"https:\/\/www.kunstmuseumluzern.ch\/de-es\/wp-json\/wp\/v2\/media?parent=123207"}],"wp:term":[{"taxonomy":"post_tag","embeddable":true,"href":"https:\/\/www.kunstmuseumluzern.ch\/de-es\/wp-json\/wp\/v2\/tags?post=123207"}],"curies":[{"name":"wp","href":"https:\/\/api.w.org\/{rel}","templated":true}]}}