{"id":124176,"date":"2023-11-09T10:23:35","date_gmt":"2023-11-09T09:23:07","guid":{"rendered":"https:\/\/www.kunstmuseumluzern.ch\/vermittlung\/kinder-familien\/"},"modified":"2024-10-17T14:56:30","modified_gmt":"2024-10-17T12:56:30","slug":"kinder-familien","status":"publish","type":"page","link":"https:\/\/www.kunstmuseumluzern.ch\/de-es\/vermittlung\/kinder-familien\/","title":{"rendered":"Kinder &#038; Familien"},"content":{"rendered":"\n<div class=\"wp-block-slider alignfull\">\n\n  <div class=\"swiper-container\">\n    <div class=\"swiper-wrapper\">\n\n      \n            <div class=\"swiper-slide\" data-index=\"0\">\n                <div data-caption=\"\">          <img decoding=\"async\" width=\"1876\" height=\"1400\" src=\"https:\/\/www.kunstmuseumluzern.ch\/wp-content\/uploads\/2024\/02\/kv-kinder-familien-1400px-01.jpg\" class=\"attachment-gallery_image size-gallery_image\" alt=\"\" srcset=\"https:\/\/www.kunstmuseumluzern.ch\/wp-content\/uploads\/2024\/02\/kv-kinder-familien-1400px-01.jpg 1876w, https:&#47;&#x2f;w&#x77;&#x77;&#46;&#x6b;u&#x6e;&#x73;&#116;&#x6d;u&#x73;&#x65;&#117;&#x6d;l&#x75;&#x7a;&#101;&#x72;n&#x2e;&#x63;&#104;&#x2f;w&#x70;&#x2d;&#99;&#x6f;n&#x74;&#x65;&#110;&#x74;\/&#x75;&#x70;&#108;&#x6f;a&#x64;&#x73;&#47;&#x32;0&#x32;&#x34;&#47;&#x30;2&#x2f;&#x6b;&#118;&#x2d;k&#x69;&#x6e;&#100;&#x65;r&#x2d;&#x66;&#97;&#x6d;i&#x6c;&#x69;&#101;&#x6e;-&#x31;&#x34;&#48;&#x30;p&#x78;&#x2d;&#48;&#x31;-&#x31;&#x35;&#48;&#x78;1&#x31;&#x32;&#64;&#x32;x&#x2e;&#x6a;&#112;&#x67; 300w, https:\/\/www.kunstmuseumluzern.ch\/wp-content\/uploads\/2024\/02\/kv-kinder-familien-1400px-01-1024x764.jpg 1024w, https:\/\/www.kunstmuseumluzern.ch\/wp-content\/uploads\/2024\/02\/kv-kinder-familien-1400px-01-150x112.jpg 150w, https:\/\/www.kunstmuseumluzern.ch\/wp-content\/uploads\/2024\/02\/kv-kinder-familien-1400px-01-420x313.jpg 420w, https:&#x2f;&#x2f;&#x77;&#x77;&#x77;&#x2e;&#x6b;&#x75;&#x6e;&#x73;&#x74;&#x6d;&#x75;&#x73;&#x65;&#x75;&#x6d;&#x6c;&#x75;&#x7a;&#x65;&#x72;&#110;&#46;&#99;&#104;&#47;&#119;&#112;&#45;&#99;&#111;&#110;&#116;&#101;&#110;&#116;\/uploads\/202&#x34;&#x2f;&#x30;&#x32;&#x2f;&#x6b;&#x76;&#x2d;&#x6b;&#x69;&#x6e;&#x64;&#x65;&#x72;&#x2d;&#x66;&#x61;&#x6d;&#x69;&#x6c;&#x69;&#x65;&#x6e;&#45;&#49;&#52;&#48;&#48;&#112;&#120;&#45;&#48;&#49;&#45;&#51;&#48;&#48;&#120;224&#64;2x&#46;jpg 600w, https:\/\/www&#46;&#107;&#117;&#110;&#115;&#116;&#109;&#117;&#x73;&#x65;&#x75;&#x6d;&#x6c;&#x75;&#x7a;&#x65;&#x72;&#x6e;&#x2e;&#x63;h\/wp-c&#111;&#110;&#116;&#101;&#110;&#116;&#47;&#x75;&#x70;&#x6c;&#x6f;&#x61;&#x64;&#x73;&#x2f;&#x32;&#x30;&#x32;&#x34;\/02\/kv&#45;&#107;&#105;&#110;&#100;&#101;&#114;&#x2d;&#x66;&#x61;&#x6d;&#x69;&#x6c;&#x69;&#x65;&#x6e;&#x2d;&#x31;&#x34;00px-0&#49;&#45;&#52;&#50;&#48;&#120;&#51;&#x31;&#x33;&#x40;&#x32;&#x78;&#x2e;&#x6a;&#x70;&#x67; 840w\" sizes=\"(max-width: 1876px) 100vw, 1876px\" \/>        <\/div>        \n        \n              <\/div>\n                    <div class=\"swiper-slide\" data-index=\"1\">\n                <div data-caption=\"\">          <img decoding=\"async\" width=\"2099\" height=\"1400\" src=\"https:\/\/www.kunstmuseumluzern.ch\/wp-content\/uploads\/2024\/02\/kv-kinder-familien-1400px-02.jpg\" class=\"attachment-gallery_image size-gallery_image\" alt=\"\" srcset=\"https:\/\/www.kunstmuseumluzern.ch\/wp-content\/uploads\/2024\/02\/kv-kinder-familien-1400px-02.jpg 2099w, https:\/\/www&#46;kunstm&#117;&#115;&#101;&#117;&#109;&#108;&#117;&#122;&#101;&#114;&#110;&#46;&#99;&#104;&#47;&#x77;&#x70;&#x2d;&#x63;&#x6f;&#x6e;&#x74;&#x65;&#x6e;&#x74;&#x2f;&#x75;&#x70;&#x6c;&#x6f;&#x61;&#x64;&#x73;&#x2f;&#x32;&#x30;&#x32;&#x34;\/02\/kv-kinde&#114;&#45;&#102;&#97;&#109;&#105;&#108;&#105;&#101;&#110;&#45;&#49;&#52;&#48;&#48;&#x70;&#x78;&#x2d;&#x30;&#x32;&#x2d;&#x31;&#x35;&#x30;&#x78;&#x31;&#x30;&#x30;&#x40;&#x32;&#x78;&#x2e;&#x6a;&#x70;&#x67; 300w, https:\/\/www.kunstmuseumluzern.ch\/wp-content\/uploads\/2024\/02\/kv-kinder-familien-1400px-02-1024x683.jpg 1024w, https:\/\/www.kunstmuseumluzern.ch\/wp-content\/uploads\/2024\/02\/kv-kinder-familien-1400px-02-150x100.jpg 150w, https:\/\/www.kunstmuseumluzern.ch\/wp-content\/uploads\/2024\/02\/kv-kinder-familien-1400px-02-420x280.jpg 420w, https:&#47;&#x2f;&#119;&#x77;w&#46;&#x6b;&#117;&#x6e;s&#x74;m&#117;&#x73;&#101;&#x75;m&#x6c;&#x75;&#122;&#x65;r&#x6e;&#46;&#99;&#x68;&#47;&#x77;p&#x2d;c&#111;&#x6e;&#116;&#x65;n&#116;&#x2f;&#117;&#x70;l&#x6f;a&#100;&#x73;&#47;&#x32;0&#x32;&#x34;&#47;&#x30;&#50;&#x2f;k&#118;&#x2d;&#107;&#x69;n&#x64;e&#114;&#x2d;&#102;&#x61;m&#x69;&#x6c;&#105;&#x65;n&#x2d;1&#52;&#x30;&#48;&#x70;x&#x2d;0&#50;&#x2d;&#51;&#x30;0&#120;&#x32;&#48;&#x30;&#64;&#x32;x&#46;&#x6a;&#112;&#x67; 600w, https:&#47;&#x2f;&#119;&#x77;w&#x2e;k&#117;&#x6e;&#115;&#x74;&#109;&#x75;s&#x65;u&#109;&#x6c;&#117;&#x7a;e&#x72;n&#x2e;&#x63;&#104;&#x2f;&#119;&#x70;-&#x63;o&#110;&#x74;&#101;&#x6e;&#116;&#x2f;u&#x70;l&#111;&#x61;&#100;&#x73;\/&#x32;0&#x32;&#x34;&#47;&#x30;&#50;&#x2f;k&#x76;-&#107;&#x69;&#110;&#x64;&#101;&#x72;-&#x66;a&#109;&#x69;&#108;&#x69;e&#x6e;-&#x31;&#x34;&#48;&#x30;&#112;&#x78;-&#x30;2&#45;&#x31;&#48;&#x32;&#52;&#x78;6&#x38;3&#64;&#x32;&#120;&#x2e;j&#x70;g 2048w, https:&#x2f;&#47;w&#x77;&#x77;&#46;k&#x75;&#x6e;&#115;t&#x6d;&#117;s&#x65;&#x75;&#109;l&#x75;&#x7a;&#101;r&#x6e;&#46;&#99;&#x68;&#x2f;&#119;p&#x2d;&#x63;&#111;n&#x74;&#101;&#110;t&#x2f;&#117;p&#x6c;&#x6f;&#97;d&#x73;&#x2f;&#50;0&#x32;&#52;\/&#x30;&#x32;&#47;k&#x76;&#x2d;&#107;i&#x6e;&#100;&#101;&#x72;&#x2d;&#102;a&#x6d;&#x69;&#108;i&#x65;&#x6e;&#45;1&#x34;&#48;0&#x70;&#x78;&#45;0&#x32;&#x2d;&#52;2&#x30;&#120;2&#x38;&#x30;&#64;2&#x78;&#x2e;&#106;p&#x67; 840w\" sizes=\"(max-width: 2099px) 100vw, 2099px\" \/>        <\/div>        \n        \n              <\/div>\n                    <div class=\"swiper-slide\" data-index=\"2\">\n                <div data-caption=\"\">          <img decoding=\"async\" width=\"1052\" height=\"1400\" src=\"https:\/\/www.kunstmuseumluzern.ch\/wp-content\/uploads\/2024\/02\/kv-kinder-familien-1400px-03.jpg\" class=\"attachment-gallery_image size-gallery_image\" alt=\"\" srcset=\"https:\/\/www.kunstmuseumluzern.ch\/wp-content\/uploads\/2024\/02\/kv-kinder-familien-1400px-03.jpg 1052w, https:&#x2f;&#x2f;&#119;w&#x77;&#x2e;&#x6b;&#117;n&#x73;&#x74;&#x6d;&#117;s&#x65;&#x75;&#x6d;&#108;u&#x7a;&#x65;&#x72;&#110;&#46;&#x63;&#x68;&#x2f;&#119;p&#x2d;&#x63;&#x6f;&#110;t&#x65;&#x6e;&#x74;&#47;u&#x70;&#x6c;&#x6f;&#97;d&#x73;&#x2f;&#x32;&#48;2&#x34;&#x2f;&#x30;&#50;\/&#x6b;&#x76;&#x2d;&#107;i&#x6e;&#x64;&#x65;&#114;-&#x66;&#x61;&#x6d;&#105;l&#x69;&#x65;&#x6e;&#45;1&#x34;&#x30;&#x30;&#112;x&#x2d;&#x30;&#x33;&#45;1&#x35;&#x30;&#x78;&#50;0&#x30;&#x40;&#x32;&#120;&#46;&#x6a;&#x70;&#x67; 300w, https:\/\/www.kunstmuseumluzern.ch\/wp-content\/uploads\/2024\/02\/kv-kinder-familien-1400px-03-1024x1363.jpg 1024w, https:\/\/www.kunstmuseumluzern.ch\/wp-content\/uploads\/2024\/02\/kv-kinder-familien-1400px-03-150x200.jpg 150w, https:\/\/www.kunstmuseumluzern.ch\/wp-content\/uploads\/2024\/02\/kv-kinder-familien-1400px-03-420x559.jpg 420w, https:&#47;&#x2f;&#x77;w&#119;&#x2e;k&#117;&#x6e;&#x73;t&#109;&#x75;s&#101;&#x75;&#x6d;l&#117;&#x7a;e&#114;&#x6e;&#x2e;&#99;&#104;&#x2f;w&#112;&#x2d;&#x63;&#111;&#x6e;&#x74;e&#110;&#x74;\/&#117;&#x70;&#x6c;o&#97;&#x64;s&#47;&#x32;&#x30;2&#52;&#x2f;0&#50;&#x2f;&#x6b;v&#45;&#x6b;i&#110;&#x64;&#x65;&#114;&#x2d;&#x66;a&#109;&#x69;l&#105;&#x65;&#x6e;-&#49;&#x34;0&#48;&#x70;&#x78;-&#48;&#x33;-&#51;&#x30;&#x30;x&#51;&#x39;9&#64;&#x32;&#x78;&#46;&#106;&#x70;g 600w, https:&#47;&#x2f;w&#119;&#x77;&#46;&#x6b;&#x75;&#110;&#x73;t&#109;&#x75;s&#101;&#x75;&#109;&#x6c;u&#122;&#x65;r&#110;&#x2e;&#99;&#x68;&#x2f;&#119;&#x70;-&#99;&#x6f;n&#x74;&#x65;&#110;&#x74;\/&#117;&#x70;l&#111;&#x61;&#100;&#x73;\/&#50;&#x30;2&#52;&#x2f;0&#x32;&#x2f;&#107;&#x76;-&#107;&#x69;n&#x64;&#x65;&#114;&#x2d;f&#97;&#x6d;i&#108;&#x69;&#101;&#x6e;-&#49;&#x34;0&#48;&#x70;x&#x2d;&#x30;&#51;&#x2d;4&#50;&#x30;x&#x35;&#x35;&#57;&#x40;2&#120;&#x2e;j&#112;&#x67; 840w\" sizes=\"(max-width: 1052px) 100vw, 1052px\" \/>        <\/div>        \n        \n              <\/div>\n                    <div class=\"swiper-slide\" data-index=\"3\">\n                <div data-caption=\"\">          <img decoding=\"async\" width=\"2100\" height=\"1400\" src=\"https:\/\/www.kunstmuseumluzern.ch\/wp-content\/uploads\/2024\/02\/kv-schulen-1400px-03.jpg\" class=\"attachment-gallery_image size-gallery_image\" alt=\"\" srcset=\"https:\/\/www.kunstmuseumluzern.ch\/wp-content\/uploads\/2024\/02\/kv-schulen-1400px-03.jpg 2100w, https:&#x2f;&#47;&#119;&#x77;&#x77;&#46;&#107;&#x75;&#x6e;&#115;&#116;&#x6d;&#x75;&#115;&#101;&#x75;&#x6d;&#108;&#117;&#x7a;&#x65;&#114;&#110;&#x2e;&#x63;&#104;&#47;&#x77;&#x70;&#45;&#99;&#x6f;&#x6e;&#116;&#101;&#x6e;&#x74;&#47;&#117;&#x70;&#x6c;&#111;&#97;&#x64;&#x73;&#47;&#50;&#x30;&#x32;&#52;&#47;&#x30;&#x32;&#47;&#107;&#x76;&#x2d;&#115;&#99;&#x68;&#x75;&#108;&#101;&#x6e;&#x2d;&#49;&#52;&#x30;&#x30;&#112;&#120;&#x2d;&#x30;&#51;&#45;&#x31;&#x35;&#48;&#120;&#x31;&#x30;&#48;&#64;&#x32;&#x78;&#46;&#106;&#x70;&#x67; 300w, https:\/\/www.kunstmuseumluzern.ch\/wp-content\/uploads\/2024\/02\/kv-schulen-1400px-03-1024x683.jpg 1024w, https:\/\/www.kunstmuseumluzern.ch\/wp-content\/uploads\/2024\/02\/kv-schulen-1400px-03-150x100.jpg 150w, https:\/\/www.kunstmuseumluzern.ch\/wp-content\/uploads\/2024\/02\/kv-schulen-1400px-03-420x280.jpg 420w, https:&#x2f;&#x2f;&#119;&#119;w&#46;&#x6b;&#x75;&#x6e;&#115;tm&#x75;&#x73;&#x65;&#117;&#109;l&#x75;&#x7a;&#x65;&#114;&#110;&#46;&#x63;&#x68;&#x2f;&#119;&#112;-c&#x6f;&#x6e;&#x74;&#101;nt&#x2f;&#x75;&#x70;&#108;&#111;a&#x64;&#x73;&#x2f;&#50;&#48;2&#x34;&#x2f;&#x30;&#50;&#47;kv&#x2d;&#x73;&#x63;&#104;ul&#x65;&#x6e;&#x2d;&#49;&#52;0&#x30;&#x70;&#x78;&#45;&#48;3&#x2d;&#x33;&#x30;&#48;&#120;20&#x30;&#x40;&#x32;&#120;&#46;j&#x70;&#x67; 600w, https:&#x2f;&#x2f;&#x77;&#x77;&#x77;&#x2e;&#107;&#117;&#110;&#115;tmus&#x65;&#x75;&#x6d;&#x6c;&#x75;&#x7a;&#101;&#114;&#110;&#46;&#99;h\/w&#x70;&#x2d;&#x63;&#x6f;&#x6e;&#x74;&#101;&#110;&#116;&#47;&#117;plo&#x61;&#x64;&#x73;&#x2f;&#x32;&#x30;&#x32;&#52;&#47;&#48;&#50;\/kv-&#x73;&#x63;&#x68;&#x75;&#x6c;&#x65;&#110;&#45;&#49;&#52;00px&#x2d;&#x30;&#x33;&#x2d;&#x31;&#x30;&#50;&#52;&#120;&#54;&#56;3&#64;2&#x78;&#x2e;&#x6a;&#x70;&#x67; 2048w, https:&#x2f;&#x2f;&#x77;&#119;&#119;&#46;k&#x75;&#x6e;&#x73;&#x74;&#109;&#117;se&#x75;&#x6d;&#x6c;&#117;&#122;&#101;rn&#x2e;&#x63;&#x68;&#47;&#119;p-&#x63;&#x6f;&#x6e;&#x74;&#101;&#110;t\/&#x75;&#x70;&#x6c;&#111;&#97;&#100;s\/&#x32;&#x30;&#x32;&#52;&#47;02&#x2f;&#x6b;&#x76;&#x2d;&#115;&#99;hu&#x6c;&#x65;&#x6e;&#45;&#49;&#52;00&#x70;&#x78;&#x2d;&#48;&#51;&#45;4&#x32;&#x30;&#x78;&#x32;&#56;&#48;&#64;2&#x78;&#x2e;&#x6a;&#x70;&#103; 840w\" sizes=\"(max-width: 2100px) 100vw, 2100px\" \/>        <\/div>        \n        \n              <\/div>\n              \n    <\/div>\n\n    <div class=\"swiper-button-prev\"><\/div>\n    <div class=\"swiper-button-next\"><\/div>\n    <div class=\"swiper-pagination\"><\/div>\n    <div class=\"swiper-caption\"><\/div>\n  <\/div>\n\n<\/div>\n\n\n\n<div style=\"height:60px\" aria-hidden=\"true\" class=\"wp-block-spacer\"><\/div>\n\n\n\n<p>Das Kunstmuseum Luzern hat viele Angebote f\u00fcr Familien und Kinder. Sie k\u00f6nnen zusammen die Ausstellungen in einem Familien-Rundgang erleben. Es gibt ein Kinder-Handout f\u00fcr den Besuch ohne F\u00fchrung.<\/p>\n\n\n\n<p>Unsere Angebote sind auf Deutsch und f\u00fcr verschiedene Deutsch-Niveaus geeignet. Sie finden <a href=\"https:\/\/www.kunstmuseumluzern.ch\/vermittlung\/kinder-familien\/\">hier<\/a> weitere Informationen zu den Angeboten.<\/p>\n\n\n\n<div class=\"wp-block-columns is-layout-flex wp-container-core-columns-is-layout-28f84493 wp-block-columns-is-layout-flex\">\n<div class=\"wp-block-column is-layout-flow wp-block-column-is-layout-flow\">\n<p class=\"has-simplon-bp-font-family has-small-font-size\">Projekte der Kunstvermittlung werden unterst\u00fctzt von <strong>Beisheim Stiftung, B. Braun Medical AG, Helvetia Versicherungen, Schmid Unternehmerstiftung, Josef M\u00fcller Stiftung.<\/strong><\/p>\n<\/div>\n\n\n\n<div class=\"wp-block-column is-layout-flow wp-block-column-is-layout-flow\"><\/div>\n<\/div>\n\n\n\n<div style=\"height:120px\" aria-hidden=\"true\" class=\"wp-block-spacer\"><\/div>\n\n\n\n<h2 class=\"wp-block-heading has-text-align-center\" id=\"weitere-informationen\" id=\"weitere-informationen\">Weitere Informationen<\/h2>\n\n\n\n<div class=\"wp-block-columns is-layout-flex wp-container-core-columns-is-layout-28f84493 wp-block-columns-is-layout-flex\">\n<div class=\"wp-block-column is-layout-flow wp-block-column-is-layout-flow\">\n<div class=\"wp-block-pb-accordion-item c-accordion__item js-accordion-item no-js is-open\" data-initially-open=\"true\" data-click-to-close=\"true\" data-auto-close=\"true\" data-scroll=\"false\" data-scroll-offset=\"0\"><h2 id=\"at-1241760\" class=\"c-accordion__title js-accordion-controller\" role=\"button\" id=\"kontakt\">Kontakt<\/h2><div id=\"ac-1241760\" class=\"c-accordion__content\">\n<p>+41 41 226 78 18<br><a href=\"&#109;a&#x69;l&#x74;o&#x3a;k&#x75;n&#x73;t&#x76;&#101;&#x72;&#109;&#x69;&#116;&#x74;&#108;&#x75;&#110;&#x67;&#64;&#x6b;&#117;n&#x73;t&#x6d;u&#x73;e&#x75;m&#x6c;u&#x7a;&#101;&#x72;&#110;&#x2e;&#99;&#x68;\">&#x6b;&#x75;&#110;&#115;t&#x76;&#x65;&#x72;&#109;it&#x74;&#x6c;&#117;&#110;g&#x40;&#x6b;&#x75;&#110;st&#x6d;&#x75;&#115;&#101;u&#x6d;&#x6c;&#x75;&#122;er&#x6e;&#x2e;&#99;&#104;<\/a><\/p>\n<\/div><\/div>\n<\/div>\n<\/div>\n\n\n\n<div style=\"height:40px\" aria-hidden=\"true\" class=\"wp-block-spacer\"><\/div>\n\n\n\n<div class=\"wp-block-buttons is-content-justification-center is-layout-flex wp-container-core-buttons-is-layout-a89b3969 wp-block-buttons-is-layout-flex\">\n<div class=\"wp-block-button\"><a class=\"wp-block-button__link wp-element-button\" href=\"&#x6d;a&#x69;&#108;&#x74;&#111;:&#x6b;u&#x6e;&#115;&#x74;&#118;e&#x72;&#109;&#x69;&#116;t&#x6c;u&#x6e;&#103;&#x40;&#107;u&#x6e;s&#x74;&#109;&#x75;&#x73;e&#x75;&#109;&#x6c;&#117;z&#x65;r&#x6e;&#46;&#x63;&#104;\" target=\"_blank\" rel=\"noreferrer noopener\">Newsletter Familien<\/a><\/div>\n<\/div>\n\n\n\n<div style=\"height:120px\" aria-hidden=\"true\" class=\"wp-block-spacer\"><\/div>\n\n\n\n<div class=\"wp-block-nav-links alignwide\">\n\n    <div class=\"wp-block-nav-links__link-wrapper\">\n  \n        <a class=\"wp-block-nav-links__link\" href=\"https:\/\/www.kunstmuseumluzern.ch\/de-es\/vermittlung\/erwachsene\/\" target=\"_self\">Erwachsene<\/a>\n    \n  \n        <a class=\"wp-block-nav-links__link\" href=\"https:\/\/www.kunstmuseumluzern.ch\/de-es\/vermittlung\/schulen\/\" target=\"_self\">Schulen<\/a>\n    \n  \n        <a class=\"wp-block-nav-links__link\" href=\"https:\/\/www.kunstmuseumluzern.ch\/de-es\/mediathek\/digital\/\" target=\"_self\">Digital<\/a>\n    \n    <\/div>\n  \n<\/div>\n\n\n<div style=\"height:40px\" aria-hidden=\"true\" class=\"wp-block-spacer\"><\/div>\n\n\n\n<div class=\"wp-block-nav-links alignwide\">\n\n      <div class=\"wp-block-nav-links__title\">Aktuelle Ausstellungen<\/div>\n\n  <div class=\"wp-block-nav-links__link-wrapper\">\n  \n        <a class=\"wp-block-nav-links__link\" href=\"https:\/\/www.kunstmuseumluzern.ch\/de-es\/exhibitions\/maria-pininska-beres\/\">Maria Pininska-Beres<\/a>\n    \n  \n        <a class=\"wp-block-nav-links__link\" href=\"https:\/\/www.kunstmuseumluzern.ch\/de-es\/exhibitions\/1-raum-1-werk\/\">1 Raum, 1 Werk<\/a>\n    \n  \n        <a class=\"wp-block-nav-links__link\" href=\"https:\/\/www.kunstmuseumluzern.ch\/de-es\/exhibitions\/brian-dawn-chalkley\/\">Brian Dawn Chalkley<\/a>\n    \n    <\/div>\n  \n<\/div>","protected":false},"excerpt":{"rendered":"<p>Das Kunstmuseum Luzern hat viele Angebote f\u00fcr Familien und Kinder. Sie k\u00f6nnen zusammen die Ausstellungen in einem Familien-Rundgang erleben. Es gibt ein Kinder-Handout f\u00fcr den Besuch ohne F\u00fchrung. Unsere Angebote sind auf Deutsch und f\u00fcr verschiedene Deutsch-Niveaus geeignet. Sie finden hier weitere Informationen zu den Angeboten. Projekte der Kunstvermittlung werden unterst\u00fctzt von Beisheim Stiftung, B. [&hellip;]<\/p>\n","protected":false},"author":14,"featured_media":0,"parent":124170,"menu_order":2,"comment_status":"closed","ping_status":"closed","template":"","meta":{"_acf_changed":false,"_seopress_robots_primary_cat":"","_seopress_titles_title":"","_seopress_titles_desc":"","_seopress_robots_index":"","inline_featured_image":false,"ghostkit_customizer_options":"","ghostkit_custom_css":"","ghostkit_custom_js_head":"","ghostkit_custom_js_foot":"","ghostkit_typography":"","footnotes":""},"tags":[],"class_list":["post-124176","page","type-page","status-publish","hentry"],"acf":[],"_links":{"self":[{"href":"https:\/\/www.kunstmuseumluzern.ch\/de-es\/wp-json\/wp\/v2\/pages\/124176","targetHints":{"allow":["GET"]}}],"collection":[{"href":"https:\/\/www.kunstmuseumluzern.ch\/de-es\/wp-json\/wp\/v2\/pages"}],"about":[{"href":"https:\/\/www.kunstmuseumluzern.ch\/de-es\/wp-json\/wp\/v2\/types\/page"}],"author":[{"embeddable":true,"href":"https:\/\/www.kunstmuseumluzern.ch\/de-es\/wp-json\/wp\/v2\/users\/14"}],"replies":[{"embeddable":true,"href":"https:\/\/www.kunstmuseumluzern.ch\/de-es\/wp-json\/wp\/v2\/comments?post=124176"}],"version-history":[{"count":8,"href":"https:\/\/www.kunstmuseumluzern.ch\/de-es\/wp-json\/wp\/v2\/pages\/124176\/revisions"}],"predecessor-version":[{"id":126912,"href":"https:\/\/www.kunstmuseumluzern.ch\/de-es\/wp-json\/wp\/v2\/pages\/124176\/revisions\/126912"}],"up":[{"embeddable":true,"href":"https:\/\/www.kunstmuseumluzern.ch\/de-es\/wp-json\/wp\/v2\/pages\/124170"}],"wp:attachment":[{"href":"https:\/\/www.kunstmuseumluzern.ch\/de-es\/wp-json\/wp\/v2\/media?parent=124176"}],"wp:term":[{"taxonomy":"post_tag","embeddable":true,"href":"https:\/\/www.kunstmuseumluzern.ch\/de-es\/wp-json\/wp\/v2\/tags?post=124176"}],"curies":[{"name":"wp","href":"https:\/\/api.w.org\/{rel}","templated":true}]}}