{"id":22152,"date":"2024-02-11T18:38:17","date_gmt":"2024-02-11T17:38:17","guid":{"rendered":"https:\/\/www.kunstmuseumluzern.ch\/visit\/cafe\/cafe-gestaltung\/"},"modified":"2024-02-21T14:05:33","modified_gmt":"2024-02-21T13:05:33","slug":"design-by-urs-luthi","status":"publish","type":"page","link":"https:\/\/www.kunstmuseumluzern.ch\/en\/visit\/cafe\/design-by-urs-luthi\/","title":{"rendered":"Design by Urs L\u00fcthi"},"content":{"rendered":"\n<figure class=\"wp-block-image alignwide size-full\"><img decoding=\"async\" width=\"2761\" height=\"1060\" src=\"https:\/\/www.kunstmuseumluzern.ch\/wp-content\/uploads\/2024\/02\/kml-cafe-luehti-vitrinen-oben.jpg\" alt=\"\" class=\"wp-image-21084\" srcset=\"https:\/\/www.kunstmuseumluzern.ch\/wp-content\/uploads\/2024\/02\/kml-cafe-luehti-vitrinen-oben.jpg 2761w, https:\/\/ww&#119;&#46;&#107;&#117;&#110;&#x73;&#x74;&#x6d;&#x75;&#x73;&#x65;&#x75;mluz&#101;&#114;&#110;&#46;&#99;&#x68;&#x2f;&#x77;&#x70;&#x2d;&#x63;&#x6f;&#x6e;tent&#47;&#117;&#112;&#108;&#111;&#x61;&#x64;&#x73;&#x2f;&#x32;&#x30;&#x32;&#x34;\/02\/&#107;&#109;&#108;&#45;&#99;&#x61;&#x66;&#x65;&#x2d;&#x6c;&#x75;&#x65;hti-&#118;&#105;&#116;&#114;&#105;&#x6e;&#x65;&#x6e;&#x2d;&#x6f;&#x62;&#x65;&#x6e;-150&#120;&#53;&#56;&#64;&#50;&#x78;&#x2e;&#x6a;&#x70;&#x67; 300w, https:\/\/www.kunstmuseumluzern.ch\/wp-content\/uploads\/2024\/02\/kml-cafe-luehti-vitrinen-oben-1024x393.jpg 1024w, https:\/\/www.kunstmuseumluzern.ch\/wp-content\/uploads\/2024\/02\/kml-cafe-luehti-vitrinen-oben-150x58.jpg 150w, https:\/\/www.kunstmuseumluzern.ch\/wp-content\/uploads\/2024\/02\/kml-cafe-luehti-vitrinen-oben-420x161.jpg 420w, https:&#x2f;&#x2f;&#119;&#119;w&#46;&#x6b;&#x75;&#x6e;&#115;tm&#x75;&#x73;&#x65;&#117;&#109;l&#x75;&#x7a;&#x65;&#114;&#110;&#46;&#x63;&#x68;&#x2f;&#119;&#112;-c&#x6f;&#x6e;&#x74;&#101;nt&#x2f;&#x75;&#x70;&#108;&#111;a&#x64;&#x73;&#x2f;&#50;&#48;2&#x34;&#x2f;&#x30;&#50;&#47;km&#x6c;&#x2d;&#x63;&#97;fe&#x2d;&#x6c;&#x75;&#101;&#104;t&#x69;&#x2d;&#x76;&#105;&#116;r&#x69;&#x6e;&#x65;&#110;&#45;ob&#x65;&#x6e;&#x2d;&#51;00&#x78;&#x31;&#x31;&#53;&#64;2&#x78;&#x2e;&#x6a;&#112;&#103; 600w, https:&#x2f;&#x2f;&#x77;&#x77;&#x77;&#x2e;&#107;&#117;&#110;&#115;tmus&#x65;&#x75;&#x6d;&#x6c;&#x75;&#x7a;&#101;&#114;&#110;&#46;&#99;h\/w&#x70;&#x2d;&#x63;&#x6f;&#x6e;&#x74;&#101;&#110;&#116;&#47;&#117;plo&#x61;&#x64;&#x73;&#x2f;&#x32;&#x30;&#x32;&#52;&#47;&#48;&#50;\/kml&#x2d;&#x63;&#x61;&#x66;&#x65;&#x2d;&#108;&#117;&#101;&#104;ti-v&#x69;&#x74;&#x72;&#x69;&#x6e;&#x65;&#110;&#45;&#111;&#98;&#101;n-1&#x30;&#x32;&#x34;&#x78;&#x33;&#x39;&#x33;&#64;&#50;&#120;&#46;jpg 2048w, https:\/\/www&#46;kunstmuseumluzern&#46;&#99;&#104;&#47;&#119;&#112;&#45;&#99;&#111;&#110;&#116;&#101;&#110;&#116;&#47;&#117;&#112;&#108;&#111;&#97;&#100;&#115;&#47;&#50;&#48;&#50;&#52;&#47;&#48;&#50;&#47;&#107;&#x6d;&#x6c;&#x2d;&#x63;&#x61;&#x66;&#x65;&#x2d;&#x6c;&#x75;&#x65;&#x68;&#x74;&#x69;&#x2d;&#x76;&#x69;&#x74;&#x72;&#x69;&#x6e;&#x65;&#x6e;&#x2d;&#x6f;&#x62;&#x65;&#x6e;&#x2d;&#x34;&#x32;&#x30;&#x78;&#x31;&#x36;&#x31;&#x40;&#x32;&#x78;&#x2e;&#x6a;&#x70;&#x67; 840w\" sizes=\"(max-width: 2761px) 100vw, 2761px\" \/><figcaption class=\"wp-element-caption\">Caf\u00e9 in the Kunstmuseum, design by Urs L\u00fcthi, 2015<\/figcaption><\/figure>\n\n\n\n<div style=\"height:60px\" aria-hidden=\"true\" class=\"wp-block-spacer\"><\/div>\n\n\n\n<h2 class=\"wp-block-heading\" id=\"design-by-urs-luthi\" id=\"design-by-urs-luthi\">Design by Urs L\u00fcthi<\/h2>\n\n\n\n<div style=\"height:30px\" aria-hidden=\"true\" class=\"wp-block-spacer\"><\/div>\n\n\n\n<p>On behalf of the Kunstgesellschaft Luzern, Urs L\u00fcthi, an internationally renowned artist with local roots, designed the caf\u00e9 in the Kunstmuseum for its opening in 2015. The artist determined all the caf\u00e9\u2019s design details, from the cushions, the caf\u00e9 counter and tables, to the display cases, in which he presents his personal collection \u2013 a virtual curiosity cabinet full of different objects: a female figure in a lascivious pose is paired with an unembellished architectural model, an African mask with a flower vase boasting a taxidermy bird, a lucky four-leaf clover with a sailing boat. In this manner, the artist shows us the collecting mania considered to be the precursor to European museums. Starting in the 14th century, individual European sovereignties created what they called wonder cabinets or chambers of curiosities, bringing together items from all over the world \u2013 spoils of war and handcrafted treasures, kept by the sole and sometimes problematic desire to own something to show to an exclusive group of people. Beyond just displaying exotic objects, Urs L\u00fcthi is also addressing issues that every museum is concerned with: What should be collected and preserved? How can the objects be appropriately displayed and their significance communicated?<\/p>\n\n\n\n<div style=\"height:100px\" aria-hidden=\"true\" class=\"wp-block-spacer\"><\/div>\n\n\n\n<div class=\"wp-block-slider alignfull\">\n\n  <div class=\"swiper-container\">\n    <div class=\"swiper-wrapper\">\n\n      \n            <div class=\"swiper-slide\" data-index=\"0\">\n                <div data-caption=\"Urs L\u00fcthi, \u00abNature Morte\u00bb, 1992\">          <img decoding=\"async\" width=\"933\" height=\"1400\" src=\"https:\/\/www.kunstmuseumluzern.ch\/wp-content\/uploads\/2024\/02\/cafe-luethi-36.jpg\" class=\"attachment-gallery_image size-gallery_image\" alt=\"\" srcset=\"https:\/\/www.kunstmuseumluzern.ch\/wp-content\/uploads\/2024\/02\/cafe-luethi-36.jpg 933w, https:&#47;&#x2f;&#119;&#x77;&#119;&#x2e;&#107;&#x75;&#110;&#x73;&#116;&#x6d;u&#x73;e&#x75;m&#x6c;u&#x7a;e&#x72;n&#46;&#x63;&#104;&#x2f;&#119;&#x70;&#45;&#x63;&#111;&#x6e;&#116;&#x65;&#110;&#x74;\/&#x75;p&#x6c;o&#x61;d&#x73;\/&#x32;0&#50;&#x34;&#47;&#x30;&#50;&#x2f;&#99;&#x61;&#102;&#x65;&#45;&#x6c;&#117;&#x65;t&#x68;i&#x2d;3&#x36;-&#x31;5&#x30;x&#50;&#x32;&#53;&#x40;&#50;&#x78;&#46;&#x6a;&#112;&#x67; 300w, https:\/\/www.kunstmuseumluzern.ch\/wp-content\/uploads\/2024\/02\/cafe-luethi-36-150x225.jpg 150w, https:\/\/www.kunstmuseumluzern.ch\/wp-content\/uploads\/2024\/02\/cafe-luethi-36-420x630.jpg 420w, https:&#x2f;&#x2f;&#119;&#119;w&#x2e;&#x6b;&#x75;&#110;st&#x6d;&#x75;&#115;&#101;u&#x6d;&#x6c;&#x75;&#122;er&#x6e;&#x2e;&#99;&#104;\/&#x77;&#x70;&#x2d;&#99;on&#x74;&#x65;&#110;&#116;\/&#x75;&#x70;&#x6c;&#111;&#97;d&#x73;&#x2f;&#50;&#48;2&#x34;&#x2f;&#x30;&#50;&#47;c&#x61;&#x66;&#x65;&#45;lu&#x65;&#x74;&#104;&#105;-&#x33;&#x36;&#x2d;&#51;00&#x78;&#x34;&#53;&#48;&#64;&#x32;&#x78;&#x2e;&#106;pg 600w, https:&#x2f;&#x2f;&#119;&#119;w&#x2e;&#x6b;&#x75;&#110;&#115;t&#x6d;&#x75;&#x73;&#101;&#117;m&#x6c;&#x75;&#x7a;&#101;&#114;n&#x2e;&#x63;&#x68;&#47;wp&#x2d;&#x63;&#x6f;&#110;te&#x6e;&#x74;&#47;&#117;pl&#x6f;&#x61;&#100;&#115;\/2&#x30;&#x32;&#52;&#47;0&#x32;&#x2f;&#x63;&#97;&#102;e&#x2d;&#x6c;&#x75;&#101;&#116;h&#x69;&#x2d;&#x33;&#54;&#45;4&#x32;&#x30;&#x78;&#54;&#51;0&#x40;&#x32;&#x78;&#46;jp&#x67; 840w\" sizes=\"(max-width: 933px) 100vw, 933px\" \/>        <\/div>        \n        \n              <\/div>\n                    <div class=\"swiper-slide\" data-index=\"1\">\n                <div data-caption=\"Portr\u00e4tkopf der Akan, Elfenbeink\u00fcste, fr\u00fches 20. Jh.\">          <img decoding=\"async\" width=\"933\" height=\"1400\" src=\"https:\/\/www.kunstmuseumluzern.ch\/wp-content\/uploads\/2024\/02\/cafe-luethi-37.jpg\" class=\"attachment-gallery_image size-gallery_image\" alt=\"\" srcset=\"https:\/\/www.kunstmuseumluzern.ch\/wp-content\/uploads\/2024\/02\/cafe-luethi-37.jpg 933w, https:&#47;&#x2f;&#119;&#x77;&#119;&#x2e;&#107;&#x75;&#110;&#x73;&#116;&#x6d;u&#x73;e&#x75;m&#x6c;u&#x7a;e&#x72;n&#46;&#x63;&#104;&#x2f;&#119;&#x70;&#45;&#x63;&#111;&#x6e;&#116;&#x65;&#110;&#x74;\/&#x75;p&#x6c;o&#x61;d&#x73;\/&#x32;0&#50;&#x34;&#47;&#x30;&#50;&#x2f;&#99;&#x61;&#102;&#x65;&#45;&#x6c;&#117;&#x65;t&#x68;i&#x2d;3&#x37;-&#x31;5&#x30;x&#50;&#x32;&#53;&#x40;&#50;&#x78;&#46;&#x6a;&#112;&#x67; 300w, https:\/\/www.kunstmuseumluzern.ch\/wp-content\/uploads\/2024\/02\/cafe-luethi-37-150x225.jpg 150w, https:\/\/www.kunstmuseumluzern.ch\/wp-content\/uploads\/2024\/02\/cafe-luethi-37-420x630.jpg 420w, https:&#47;&#x2f;&#x77;w&#119;&#x2e;k&#117;&#x6e;s&#116;&#x6d;u&#115;&#x65;&#x75;&#109;&#x6c;&#x75;z&#101;&#x72;n&#46;&#x63;h&#47;&#x77;&#x70;&#45;&#x63;&#x6f;n&#116;&#x65;n&#116;&#x2f;u&#112;&#x6c;o&#97;&#x64;&#x73;&#47;&#x32;&#x30;2&#52;&#x2f;0&#50;&#x2f;c&#97;&#x66;&#x65;&#45;&#x6c;&#x75;e&#116;&#x68;i&#45;&#x33;7&#45;&#x33;0&#48;&#x78;&#x34;&#53;&#x30;&#x40;2&#120;&#x2e;j&#112;&#x67; 600w, https:&#x2f;&#x2f;&#x77;&#119;&#119;&#46;k&#x75;&#x6e;&#x73;&#x74;&#109;&#117;se&#x75;&#x6d;&#x6c;&#117;&#122;&#101;rn&#x2e;&#x63;&#x68;&#47;&#119;p-&#x63;&#x6f;&#x6e;&#x74;&#101;&#110;t\/&#x75;&#x70;&#x6c;&#111;&#97;&#100;s\/&#x32;&#x30;&#x32;&#52;&#47;02&#x2f;&#x63;&#x61;&#x66;&#101;&#45;lu&#x65;&#x74;&#x68;&#105;&#45;&#51;7-&#x34;&#x32;&#x30;&#120;&#54;&#51;0&#x40;&#x32;&#x78;&#x2e;&#106;&#112;g 840w\" sizes=\"(max-width: 933px) 100vw, 933px\" \/>        <\/div>        \n        \n              <\/div>\n                    <div class=\"swiper-slide\" data-index=\"2\">\n                <div data-caption=\"Bronze-Distel, wohl \u00d6sterreich, um 1900\">          <img decoding=\"async\" width=\"933\" height=\"1400\" src=\"https:\/\/www.kunstmuseumluzern.ch\/wp-content\/uploads\/2024\/02\/cafe-luethi-57.jpg\" class=\"attachment-gallery_image size-gallery_image\" alt=\"\" srcset=\"https:\/\/www.kunstmuseumluzern.ch\/wp-content\/uploads\/2024\/02\/cafe-luethi-57.jpg 933w, https:\/&#47;&#119;&#x77;&#x77;&#x2e;k&#117;&#110;&#x73;&#x74;&#x6d;us&#101;&#x75;&#x6d;&#x6c;uz&#101;&#114;&#x6e;&#x2e;&#x63;h&#47;&#119;&#x70;&#x2d;&#x63;o&#110;&#116;&#x65;&#x6e;&#x74;\/u&#112;&#x6c;&#x6f;&#x61;ds&#47;&#50;&#x30;&#x32;&#x34;\/&#48;&#50;&#x2f;&#x63;&#x61;f&#101;&#45;&#x6c;&#x75;&#x65;th&#105;&#x2d;&#x35;&#x37;-1&#53;&#48;&#x78;&#x32;&#x32;5&#64;&#50;&#x78;&#x2e;&#x6a;p&#103; 300w, https:\/\/www.kunstmuseumluzern.ch\/wp-content\/uploads\/2024\/02\/cafe-luethi-57-150x225.jpg 150w, https:\/\/www.kunstmuseumluzern.ch\/wp-content\/uploads\/2024\/02\/cafe-luethi-57-420x630.jpg 420w, https:&#x2f;&#47;w&#x77;&#x77;&#46;k&#x75;&#x6e;&#115;t&#x6d;&#x75;&#115;e&#x75;&#x6d;&#108;u&#x7a;&#101;&#114;n&#x2e;&#99;h&#x2f;&#x77;&#112;-&#x63;&#x6f;&#110;t&#x65;&#x6e;&#116;\/&#x75;&#x70;&#108;o&#x61;&#x64;&#115;\/&#x32;&#48;&#50;&#x34;&#x2f;&#48;2&#x2f;&#x63;&#97;f&#x65;&#x2d;&#108;u&#x65;&#x74;&#104;i&#x2d;&#x35;&#55;-&#x33;&#48;&#48;x&#x34;&#53;0&#x40;&#x32;&#120;&#46;&#x6a;&#x70;&#103; 600w, https:\/&#47;&#119;&#119;&#x77;&#x2e;&#x6b;un&#115;&#116;&#x6d;&#x75;&#x73;&#x65;um&#108;&#117;&#x7a;&#x65;&#x72;&#x6e;&#46;&#99;&#104;&#47;&#x77;&#x70;&#x2d;co&#110;&#116;&#101;&#x6e;&#x74;&#x2f;up&#108;&#111;&#x61;&#x64;&#x73;&#x2f;20&#50;&#52;&#x2f;&#x30;&#x32;\/c&#97;&#102;&#101;&#x2d;&#x6c;&#x75;et&#104;&#105;&#x2d;&#x35;&#x37;&#x2d;42&#48;&#120;&#x36;&#x33;&#x30;&#64;2&#120;&#46;&#106;&#x70;&#x67; 840w\" sizes=\"(max-width: 933px) 100vw, 933px\" \/>        <\/div>        \n        \n              <\/div>\n                    <div class=\"swiper-slide\" data-index=\"3\">\n                <div data-caption=\"Suiseki, Japan\">          <img decoding=\"async\" width=\"933\" height=\"1400\" src=\"https:\/\/www.kunstmuseumluzern.ch\/wp-content\/uploads\/2024\/02\/cafe-luethi-55.jpg\" class=\"attachment-gallery_image size-gallery_image\" alt=\"\" srcset=\"https:\/\/www.kunstmuseumluzern.ch\/wp-content\/uploads\/2024\/02\/cafe-luethi-55.jpg 933w, https:&#x2f;&#x2f;&#119;w&#x77;&#x2e;&#107;&#117;n&#x73;&#x74;&#109;&#117;s&#x65;&#x75;&#109;lu&#x7a;&#x65;&#114;n&#x2e;&#x63;&#104;&#47;w&#x70;&#x2d;&#99;&#111;n&#x74;&#x65;&#110;t\/&#x75;&#x70;&#108;o&#x61;&#x64;&#115;&#47;2&#x30;&#x32;&#52;&#47;0&#x32;&#x2f;&#99;af&#x65;&#x2d;&#108;u&#x65;&#x74;&#x68;&#105;-&#x35;&#x35;&#45;&#49;5&#x30;&#x78;&#50;&#50;5&#x40;&#x32;&#120;&#46;&#x6a;&#x70;&#x67; 300w, https:\/\/www.kunstmuseumluzern.ch\/wp-content\/uploads\/2024\/02\/cafe-luethi-55-150x225.jpg 150w, https:\/\/www.kunstmuseumluzern.ch\/wp-content\/uploads\/2024\/02\/cafe-luethi-55-420x630.jpg 420w, https:\/&#47;&#x77;&#x77;w&#46;&#x6b;&#x75;n&#115;&#116;&#x6d;&#x75;s&#101;&#x75;&#x6d;l&#117;&#x7a;&#x65;r&#110;&#46;&#x63;&#x68;\/&#119;&#x70;&#x2d;c&#111;&#x6e;&#x74;e&#110;&#116;&#x2f;&#x75;p&#108;&#x6f;&#x61;d&#115;&#x2f;&#x32;0&#50;&#52;&#x2f;&#x30;2&#47;&#x63;&#x61;f&#101;&#x2d;&#x6c;u&#101;&#116;&#x68;&#x69;-&#53;&#x35;&#x2d;3&#48;&#x30;&#x78;4&#53;&#48;&#x40;&#x32;x&#46;&#x6a;&#x70;g 600w, https:&#x2f;\/&#x77;&#119;w&#x2e;&#107;&#x75;&#110;s&#x74;&#109;&#x75;&#115;e&#x75;&#109;&#x6c;&#x75;z&#x65;&#114;n&#x2e;&#99;&#x68;&#47;w&#x70;&#45;&#x63;&#111;n&#x74;&#101;&#x6e;&#x74;\/&#x75;&#112;l&#x6f;a&#x64;&#115;\/&#x32;&#48;&#x32;&#52;\/&#x30;&#50;&#x2f;&#99;a&#x66;&#101;&#x2d;&#x6c;u&#x65;&#116;h&#x69;&#45;&#x35;&#53;-&#x34;&#50;&#x30;&#120;6&#x33;&#48;&#x40;&#x32;x&#x2e;&#106;p&#x67; 840w\" sizes=\"(max-width: 933px) 100vw, 933px\" \/>        <\/div>        \n        \n              <\/div>\n                    <div class=\"swiper-slide\" data-index=\"4\">\n                <div data-caption=\"Kinderspiegelchen, um 1950\">          <img decoding=\"async\" width=\"933\" height=\"1400\" src=\"https:\/\/www.kunstmuseumluzern.ch\/wp-content\/uploads\/2024\/02\/cafe-luethi-50.jpg\" class=\"attachment-gallery_image size-gallery_image\" alt=\"\" srcset=\"https:\/\/www.kunstmuseumluzern.ch\/wp-content\/uploads\/2024\/02\/cafe-luethi-50.jpg 933w, https:\/&#47;&#x77;&#x77;w&#46;&#107;&#x75;&#x6e;s&#116;&#x6d;&#x75;s&#101;&#117;&#x6d;&#x6c;u&#122;&#x65;&#x72;n&#46;&#99;&#x68;&#x2f;w&#112;&#x2d;&#x63;o&#110;&#116;&#x65;&#x6e;t&#47;&#x75;&#x70;lo&#97;&#x64;&#x73;\/&#50;&#x30;&#x32;&#x34;\/&#48;&#x32;&#x2f;c&#97;&#102;&#x65;&#x2d;l&#117;&#x65;&#x74;h&#105;&#45;&#x35;&#x30;-&#49;&#x35;&#x30;x&#50;&#50;&#x35;&#x40;2&#120;&#x2e;&#x6a;p&#103; 300w, https:\/\/www.kunstmuseumluzern.ch\/wp-content\/uploads\/2024\/02\/cafe-luethi-50-150x225.jpg 150w, https:\/\/www.kunstmuseumluzern.ch\/wp-content\/uploads\/2024\/02\/cafe-luethi-50-420x630.jpg 420w, https:&#47;&#47;&#x77;w&#119;&#x2e;&#x6b;u&#110;&#x73;&#x74;m&#117;&#x73;e&#117;&#x6d;&#x6c;u&#122;&#x65;&#x72;n&#46;&#x63;h&#47;&#x77;&#x70;-&#99;&#x6f;&#x6e;t&#101;&#x6e;&#x74;&#47;&#117;&#x70;l&#111;&#x61;&#x64;s&#47;&#x32;&#x30;2&#52;&#x2f;0&#50;&#x2f;&#x63;a&#102;&#x65;&#x2d;l&#117;&#x65;t&#104;&#105;&#x2d;5&#48;&#x2d;&#x33;0&#48;&#x78;&#x34;&#53;&#48;&#x40;2&#120;&#x2e;&#x6a;p&#103; 600w, https:\/\/w&#119;&#119;&#46;&#107;&#x75;&#x6e;&#x73;&#x74;&#x6d;&#x75;&#x73;eum&#108;&#117;&#122;&#101;&#114;&#x6e;&#x2e;&#x63;&#x68;&#x2f;&#x77;p-co&#110;&#116;&#101;&#110;&#x74;&#x2f;&#x75;&#x70;&#x6c;&#x6f;ads\/&#50;&#48;&#50;&#52;&#x2f;&#x30;&#x32;&#x2f;&#x63;&#x61;&#x66;e-l&#117;&#101;&#116;&#104;&#105;&#x2d;&#x35;&#x30;&#x2d;&#x34;&#x32;0x6&#51;&#48;&#64;&#50;&#120;&#x2e;&#x6a;&#x70;&#x67; 840w\" sizes=\"(max-width: 933px) 100vw, 933px\" \/>        <\/div>        \n        \n              <\/div>\n                    <div class=\"swiper-slide\" data-index=\"5\">\n                <div data-caption=\"\u00abZo-onna\u00bbMaske, Japan, Meji-Periode, 19. Jh.\">          <img decoding=\"async\" width=\"933\" height=\"1400\" src=\"https:\/\/www.kunstmuseumluzern.ch\/wp-content\/uploads\/2024\/02\/cafe-luethi-48.jpg\" class=\"attachment-gallery_image size-gallery_image\" alt=\"\" srcset=\"https:\/\/www.kunstmuseumluzern.ch\/wp-content\/uploads\/2024\/02\/cafe-luethi-48.jpg 933w, https:&#47;&#x2f;&#x77;&#119;&#x77;&#x2e;&#107;&#x75;&#x6e;&#115;&#x74;&#x6d;&#117;&#x73;&#x65;&#117;&#x6d;&#x6c;&#117;&#x7a;&#x65;&#114;&#x6e;&#x2e;&#99;&#x68;&#x2f;w&#x70;&#x2d;c&#x6f;&#x6e;t&#101;&#x6e;t&#47;&#x75;p&#108;&#x6f;a&#100;&#x73;\/&#50;&#x30;2&#52;&#x2f;0&#50;&#x2f;c&#97;&#x66;e&#45;&#x6c;u&#101;&#x74;h&#105;&#x2d;4&#56;&#x2d;1&#53;&#x30;x&#50;&#x32;5&#64;&#x32;x&#46;&#x6a;p&#103; 300w, https:\/\/www.kunstmuseumluzern.ch\/wp-content\/uploads\/2024\/02\/cafe-luethi-48-150x225.jpg 150w, https:\/\/www.kunstmuseumluzern.ch\/wp-content\/uploads\/2024\/02\/cafe-luethi-48-420x630.jpg 420w, https:&#47;&#x2f;&#x77;w&#119;&#x2e;k&#117;&#x6e;s&#116;&#x6d;u&#115;&#x65;&#x75;&#109;&#x6c;&#x75;z&#101;&#x72;n&#46;&#x63;h&#47;&#x77;&#x70;&#45;&#x63;&#x6f;n&#116;&#x65;n&#116;&#x2f;u&#112;&#x6c;o&#97;&#x64;&#x73;&#47;&#x32;&#x30;2&#52;&#x2f;0&#50;&#x2f;c&#97;&#x66;&#x65;&#45;&#x6c;&#x75;e&#116;&#x68;i&#45;&#x34;8&#45;&#x33;0&#48;&#x78;&#x34;&#53;&#x30;&#x40;2&#120;&#x2e;j&#112;&#x67; 600w, https:&#x2f;&#x2f;&#119;&#119;w&#x2e;&#x6b;&#x75;&#110;st&#x6d;&#x75;&#115;&#101;u&#x6d;&#x6c;&#x75;&#122;er&#x6e;&#x2e;&#99;&#104;\/&#x77;&#x70;&#x2d;&#99;on&#x74;&#x65;&#110;&#116;\/&#x75;&#x70;&#x6c;&#111;&#97;d&#x73;&#x2f;&#50;&#48;2&#x34;&#x2f;&#x30;&#50;&#47;c&#x61;&#x66;&#x65;&#45;lu&#x65;&#x74;&#104;&#105;-&#x34;&#x38;&#x2d;&#52;20&#x78;&#x36;&#51;&#48;&#64;&#x32;&#x78;&#x2e;&#106;pg 840w\" sizes=\"(max-width: 933px) 100vw, 933px\" \/>        <\/div>        \n        \n              <\/div>\n                    <div class=\"swiper-slide\" data-index=\"6\">\n                <div data-caption=\"Rosa del Deserto, Sahara, Nordafrika\">          <img decoding=\"async\" width=\"933\" height=\"1400\" src=\"https:\/\/www.kunstmuseumluzern.ch\/wp-content\/uploads\/2024\/02\/cafe-luethi-47.jpg\" class=\"attachment-gallery_image size-gallery_image\" alt=\"\" srcset=\"https:\/\/www.kunstmuseumluzern.ch\/wp-content\/uploads\/2024\/02\/cafe-luethi-47.jpg 933w, https:&#47;&#x2f;&#119;&#x77;&#119;&#x2e;&#107;&#x75;&#110;&#x73;&#116;&#x6d;&#117;&#x73;&#101;&#x75;&#109;&#x6c;&#117;&#x7a;&#101;&#x72;&#110;&#x2e;&#99;&#x68;\/&#x77;p&#x2d;c&#x6f;n&#x74;e&#x6e;t&#x2f;u&#x70;l&#x6f;a&#x64;s&#47;2&#48;2&#52;&#x2f;&#48;&#x32;&#47;&#x63;&#97;&#x66;&#101;&#x2d;&#108;&#x75;&#101;&#x74;&#104;&#x69;&#45;&#x34;&#55;&#x2d;&#49;&#x35;&#48;&#x78;&#50;&#x32;5&#x40;2&#x78;&#46;&#x6a;p&#x67; 300w, https:\/\/www.kunstmuseumluzern.ch\/wp-content\/uploads\/2024\/02\/cafe-luethi-47-150x225.jpg 150w, https:\/\/www.kunstmuseumluzern.ch\/wp-content\/uploads\/2024\/02\/cafe-luethi-47-420x630.jpg 420w, https:&#47;\/&#x77;w&#x77;&#46;&#x6b;&#117;&#x6e;&#115;t&#x6d;u&#x73;&#101;&#x75;&#109;&#x6c;&#117;&#x7a;&#101;r&#x6e;&#46;&#x63;&#104;&#x2f;&#119;&#x70;&#45;c&#x6f;n&#x74;&#101;&#x6e;&#116;&#x2f;&#117;&#x70;&#108;o&#x61;d&#x73;&#47;&#x32;&#48;&#x32;&#52;\/&#x30;2&#x2f;&#99;&#x61;&#102;&#x65;&#45;&#x6c;&#117;e&#x74;h&#x69;&#45;&#x34;&#55;&#x2d;&#51;0&#x30;x&#x34;&#53;&#x30;&#64;&#x32;&#120;&#x2e;&#106;p&#x67; 600w, https:&#47;&#x2f;&#119;&#x77;&#119;&#x2e;&#107;&#x75;&#110;&#x73;&#116;&#x6d;u&#x73;e&#x75;m&#x6c;u&#x7a;e&#x72;n&#46;&#x63;&#104;&#x2f;&#119;&#x70;&#45;&#x63;&#111;&#x6e;&#116;&#x65;&#110;&#x74;\/&#x75;p&#x6c;o&#x61;d&#x73;\/&#x32;0&#50;&#x34;&#47;&#x30;&#50;&#x2f;&#99;&#x61;&#102;&#x65;&#45;&#x6c;&#117;&#x65;t&#x68;i&#x2d;4&#x37;-&#x34;2&#x30;x&#54;&#x33;&#48;&#x40;&#50;&#x78;&#46;&#x6a;&#112;&#x67; 840w\" sizes=\"(max-width: 933px) 100vw, 933px\" \/>        <\/div>        \n        \n              <\/div>\n                    <div class=\"swiper-slide\" data-index=\"7\">\n                <div data-caption=\"Kleine sitzende Figur, Teotihuac\u00e1n-II-Kultur, Mexiko, ca. 200\u2013100 v. Chr.\">          <img decoding=\"async\" width=\"933\" height=\"1400\" src=\"https:\/\/www.kunstmuseumluzern.ch\/wp-content\/uploads\/2024\/02\/cafe-luethi-44.jpg\" class=\"attachment-gallery_image size-gallery_image\" alt=\"\" srcset=\"https:\/\/www.kunstmuseumluzern.ch\/wp-content\/uploads\/2024\/02\/cafe-luethi-44.jpg 933w, https:&#x2f;&#47;&#119;w&#x77;&#x2e;&#107;u&#x6e;&#x73;&#116;m&#x75;&#x73;&#101;u&#x6d;&#x6c;&#117;z&#x65;&#x72;&#110;&#46;&#x63;&#x68;&#47;&#119;p&#x2d;&#x63;&#111;n&#x74;&#x65;&#110;t&#x2f;&#x75;&#112;l&#x6f;&#x61;&#100;s&#x2f;&#x32;&#48;2&#x34;&#x2f;&#48;&#50;\/&#x63;&#x61;&#102;e&#x2d;&#x6c;&#117;e&#x74;&#x68;&#105;-&#x34;&#x34;&#45;1&#x35;&#x30;&#120;2&#x32;&#x35;&#64;&#50;x&#x2e;&#x6a;&#112;g 300w, https:\/\/www.kunstmuseumluzern.ch\/wp-content\/uploads\/2024\/02\/cafe-luethi-44-150x225.jpg 150w, https:\/\/www.kunstmuseumluzern.ch\/wp-content\/uploads\/2024\/02\/cafe-luethi-44-420x630.jpg 420w, https:&#x2f;&#47;&#x77;&#119;w&#x2e;&#107;u&#x6e;&#115;&#x74;&#x6d;u&#x73;&#101;u&#x6d;&#108;&#x75;&#x7a;e&#x72;&#110;&#46;&#x63;&#104;\/&#x77;&#112;&#x2d;&#99;o&#x6e;&#116;e&#x6e;&#116;&#x2f;&#x75;p&#x6c;&#111;a&#x64;&#115;&#x2f;&#x32;0&#x32;&#52;\/&#x30;&#50;\/&#x63;&#97;&#x66;&#101;-&#x6c;&#117;e&#x74;&#104;&#x69;&#x2d;4&#x34;&#45;3&#x30;&#48;&#x78;&#x34;&#53;&#x30;&#64;2&#x78;&#46;j&#x70;&#103; 600w, https:&#x2f;&#47;w&#x77;&#119;&#46;&#x6b;&#117;n&#x73;&#116;m&#x75;&#115;e&#x75;&#109;l&#x75;&#122;e&#x72;&#110;&#46;&#x63;&#104;\/&#x77;&#112;-&#x63;&#111;n&#x74;&#101;n&#x74;&#47;u&#x70;&#108;o&#x61;&#100;s&#x2f;&#50;0&#x32;&#52;\/&#x30;&#50;\/&#x63;&#97;f&#x65;&#45;l&#x75;&#101;t&#x68;&#105;-&#x34;&#x34;-&#x34;&#x32;0&#x78;&#x36;&#51;&#x30;&#x40;&#50;&#x78;&#x2e;&#106;&#x70;&#x67; 840w\" sizes=\"(max-width: 933px) 100vw, 933px\" \/>        <\/div>        \n        \n              <\/div>\n                    <div class=\"swiper-slide\" data-index=\"8\">\n                <div data-caption=\"Granatapfel, Deutschland, 2014\">          <img decoding=\"async\" width=\"933\" height=\"1400\" src=\"https:\/\/www.kunstmuseumluzern.ch\/wp-content\/uploads\/2024\/02\/cafe-luethi-43.jpg\" class=\"attachment-gallery_image size-gallery_image\" alt=\"\" srcset=\"https:\/\/www.kunstmuseumluzern.ch\/wp-content\/uploads\/2024\/02\/cafe-luethi-43.jpg 933w, https:&#x2f;\/&#x77;&#119;&#x77;&#46;k&#x75;&#110;&#x73;&#116;m&#x75;&#115;&#x65;&#117;m&#x6c;u&#x7a;&#101;&#x72;&#x6e;&#46;&#x63;&#104;&#x2f;&#119;p&#x2d;&#99;&#x6f;&#110;t&#x65;n&#x74;&#47;u&#x70;l&#x6f;&#97;&#x64;&#115;\/&#x32;&#48;&#x32;&#52;\/&#x30;&#50;&#x2f;&#99;a&#x66;e&#x2d;&#108;&#x75;&#x65;t&#x68;&#105;&#x2d;&#52;3&#x2d;&#49;&#x35;&#48;x&#x32;&#50;&#x35;&#64;2&#x78;&#46;&#x6a;&#112;&#x67; 300w, https:\/\/www.kunstmuseumluzern.ch\/wp-content\/uploads\/2024\/02\/cafe-luethi-43-150x225.jpg 150w, https:\/\/www.kunstmuseumluzern.ch\/wp-content\/uploads\/2024\/02\/cafe-luethi-43-420x630.jpg 420w, https:&#x2f;&#x2f;&#119;w&#x77;&#x2e;&#x6b;&#117;n&#x73;&#x74;&#x6d;&#117;s&#x65;&#x75;&#x6d;&#108;u&#x7a;&#x65;&#x72;&#110;&#46;&#x63;&#x68;&#x2f;&#119;p&#x2d;&#x63;&#x6f;&#110;t&#x65;&#x6e;&#x74;&#47;u&#x70;&#x6c;&#x6f;&#97;d&#x73;&#x2f;&#x32;&#48;2&#x34;&#x2f;&#x30;&#50;\/&#x63;&#x61;&#x66;&#101;-&#x6c;&#x75;&#x65;&#116;h&#x69;&#x2d;&#x34;&#51;-&#x33;&#x30;&#x30;&#120;4&#x35;&#x30;&#x40;&#50;x&#x2e;&#x6a;&#x70;&#103; 600w, https:&#x2f;&#x2f;&#x77;&#x77;&#119;&#46;&#107;un&#x73;&#x74;&#x6d;&#x75;&#x73;&#101;&#117;&#109;lu&#x7a;&#x65;&#x72;&#x6e;&#x2e;&#99;&#104;&#47;wp&#x2d;&#x63;&#x6f;&#x6e;&#x74;&#101;&#110;&#116;\/u&#x70;&#x6c;&#x6f;&#x61;&#x64;&#115;&#47;&#50;02&#x34;&#x2f;&#x30;&#x32;&#x2f;&#99;&#97;&#102;e-&#x6c;&#x75;&#x65;&#x74;&#x68;&#105;&#45;&#52;3-&#x34;&#x32;&#x30;&#x78;&#x36;&#51;&#48;&#64;2x&#x2e;&#x6a;&#x70;&#x67; 840w\" sizes=\"(max-width: 933px) 100vw, 933px\" \/>        <\/div>        \n        \n              <\/div>\n                    <div class=\"swiper-slide\" data-index=\"9\">\n                <div data-caption=\"Griechische Terrakotta-Statue, S\u00fcditalien, ca. 500 v. Chr.\">          <img decoding=\"async\" width=\"933\" height=\"1400\" src=\"https:\/\/www.kunstmuseumluzern.ch\/wp-content\/uploads\/2024\/02\/cafe-luethi-42.jpg\" class=\"attachment-gallery_image size-gallery_image\" alt=\"\" srcset=\"https:\/\/www.kunstmuseumluzern.ch\/wp-content\/uploads\/2024\/02\/cafe-luethi-42.jpg 933w, https:&#x2f;&#x2f;&#x77;&#x77;&#119;&#46;&#107;un&#x73;&#x74;&#x6d;&#x75;&#x73;&#101;&#117;&#109;lu&#x7a;&#x65;&#x72;&#x6e;&#x2e;&#99;&#104;&#47;wp&#x2d;&#x63;&#x6f;&#x6e;&#x74;&#101;&#110;&#116;\/u&#x70;&#x6c;&#x6f;&#x61;&#x64;&#115;&#47;&#50;02&#x34;&#x2f;&#x30;&#x32;&#x2f;&#99;&#97;&#102;e-&#x6c;&#x75;&#x65;&#x74;&#x68;&#105;&#45;&#52;2-&#x31;&#x35;&#x30;&#x78;&#x32;&#50;&#53;&#64;2x&#x2e;&#x6a;&#x70;&#x67; 300w, https:\/\/www.kunstmuseumluzern.ch\/wp-content\/uploads\/2024\/02\/cafe-luethi-42-150x225.jpg 150w, https:\/\/www.kunstmuseumluzern.ch\/wp-content\/uploads\/2024\/02\/cafe-luethi-42-420x630.jpg 420w, https:&#47;&#x2f;w&#119;&#x77;&#46;&#107;&#x75;n&#x73;&#x74;&#109;&#x75;s&#101;&#x75;m&#108;&#x75;z&#x65;&#x72;&#110;&#x2e;&#x63;&#104;&#x2f;w&#112;&#x2d;c&#111;&#x6e;t&#x65;&#x6e;&#116;&#x2f;u&#112;&#x6c;o&#97;&#x64;s&#x2f;&#x32;&#48;&#x32;&#x34;&#47;&#x30;2&#47;&#x63;a&#102;&#x65;-&#x6c;&#x75;&#101;&#x74;h&#105;&#x2d;4&#50;&#x2d;3&#x30;&#x30;&#120;&#x34;&#x35;&#48;&#x40;2&#120;&#x2e;j&#112;&#x67; 600w, https:&#47;&#x2f;&#119;&#x77;w&#46;&#x6b;&#117;&#x6e;s&#x74;m&#117;&#x73;&#101;&#x75;m&#x6c;&#x75;&#122;&#x65;r&#x6e;&#46;&#99;&#x68;&#47;&#x77;p&#x2d;c&#111;&#x6e;&#116;&#x65;n&#116;&#x2f;&#117;&#x70;l&#x6f;a&#100;&#x73;&#47;&#x32;0&#x32;&#x34;&#47;&#x30;&#50;&#x2f;c&#97;&#x66;&#101;&#x2d;l&#x75;e&#116;&#x68;&#105;&#x2d;4&#x32;&#x2d;&#52;&#x32;0&#x78;6&#51;&#x30;&#64;&#x32;x&#x2e;j&#112;&#x67; 840w\" sizes=\"(max-width: 933px) 100vw, 933px\" \/>        <\/div>        \n        \n              <\/div>\n                    <div class=\"swiper-slide\" data-index=\"10\">\n                <div data-caption=\"\u00abSara\u00bb (kleiner Teller), Japan, Momoyama-Zeit (1573\u20131603)\">          <img decoding=\"async\" width=\"933\" height=\"1400\" src=\"https:\/\/www.kunstmuseumluzern.ch\/wp-content\/uploads\/2024\/02\/cafe-luethi-41.jpg\" class=\"attachment-gallery_image size-gallery_image\" alt=\"\" srcset=\"https:\/\/www.kunstmuseumluzern.ch\/wp-content\/uploads\/2024\/02\/cafe-luethi-41.jpg 933w, https:&#47;&#x2f;&#119;&#x77;&#119;&#x2e;&#107;&#x75;n&#x73;t&#x6d;u&#x73;e&#117;&#x6d;&#108;&#x75;&#122;&#x65;&#114;&#x6e;&#46;&#x63;h&#x2f;w&#x70;-&#x63;o&#110;&#x74;&#101;&#x6e;&#116;&#x2f;&#117;&#x70;&#108;&#x6f;a&#x64;s&#x2f;2&#x30;2&#52;&#x2f;&#48;&#x32;&#47;&#x63;&#97;&#x66;&#101;&#x2d;l&#x75;e&#x74;h&#105;-&#52;&#x31;&#45;&#x31;&#53;&#x30;&#120;&#x32;&#50;&#x35;&#64;&#x32;x&#x2e;j&#112;g 300w, https:\/\/www.kunstmuseumluzern.ch\/wp-content\/uploads\/2024\/02\/cafe-luethi-41-150x225.jpg 150w, https:\/\/www.kunstmuseumluzern.ch\/wp-content\/uploads\/2024\/02\/cafe-luethi-41-420x630.jpg 420w, https:&#47;\/&#119;w&#119;&#46;&#x6b;u&#x6e;s&#x74;m&#x75;s&#x65;u&#x6d;l&#x75;z&#x65;r&#x6e;&#46;&#x63;&#104;&#x2f;&#119;&#x70;&#45;&#x63;&#111;&#x6e;&#116;&#x65;&#110;&#x74;&#47;&#x75;&#112;&#x6c;&#111;&#x61;&#100;&#x73;&#47;&#x32;&#48;&#x32;&#52;\/&#48;2&#47;c&#x61;f&#x65;-&#x6c;u&#x65;t&#x68;i&#x2d;4&#x31;-&#x33;0&#x30;x&#x34;&#53;&#x30;&#64;&#x32;&#120;&#x2e;&#106;&#x70;&#103; 600w, https:\/\/ww&#119;&#46;&#107;&#117;&#110;&#x73;&#x74;&#x6d;&#x75;&#x73;&#x65;&#x75;mluz&#101;&#114;&#110;&#46;&#99;&#x68;&#x2f;&#x77;&#x70;&#x2d;&#x63;&#x6f;&#x6e;tent&#47;&#117;&#112;&#108;&#111;&#x61;&#x64;&#x73;&#x2f;&#x32;&#x30;&#x32;&#x34;\/02\/&#99;&#97;&#102;&#101;&#45;&#x6c;&#x75;&#x65;&#x74;&#x68;&#x69;&#x2d;41-4&#50;&#48;&#120;&#54;&#51;&#x30;&#x40;&#x32;&#x78;&#x2e;&#x6a;&#x70;&#x67; 840w\" sizes=\"(max-width: 933px) 100vw, 933px\" \/>        <\/div>        \n        \n              <\/div>\n                    <div class=\"swiper-slide\" data-index=\"11\">\n                <div data-caption=\"Gongshi, Gelehrtenstein, China\">          <img decoding=\"async\" width=\"933\" height=\"1400\" src=\"https:\/\/www.kunstmuseumluzern.ch\/wp-content\/uploads\/2024\/02\/cafe-luethi-40.jpg\" class=\"attachment-gallery_image size-gallery_image\" alt=\"\" srcset=\"https:\/\/www.kunstmuseumluzern.ch\/wp-content\/uploads\/2024\/02\/cafe-luethi-40.jpg 933w, https:&#x2f;\/&#x77;&#119;&#x77;&#46;&#x6b;&#x75;n&#x73;&#116;&#x6d;&#117;&#x73;&#101;u&#x6d;&#108;&#x75;&#122;&#x65;&#114;n&#x2e;&#99;&#x68;&#47;&#x77;&#112;-&#x63;o&#x6e;&#116;&#x65;&#110;t&#x2f;u&#x70;&#108;&#x6f;&#97;d&#x73;\/&#x32;&#48;&#x32;&#52;\/&#x30;2&#x2f;&#99;&#x61;&#102;e&#x2d;l&#x75;&#101;&#x74;&#104;i&#x2d;4&#x30;&#45;&#x31;&#53;0&#x78;2&#x32;&#53;&#x40;&#50;x&#x2e;j&#x70;&#103; 300w, https:\/\/www.kunstmuseumluzern.ch\/wp-content\/uploads\/2024\/02\/cafe-luethi-40-150x225.jpg 150w, https:\/\/www.kunstmuseumluzern.ch\/wp-content\/uploads\/2024\/02\/cafe-luethi-40-420x630.jpg 420w, https:\/&#47;&#119;&#x77;&#x77;&#46;&#107;&#117;&#x6e;&#x73;&#x74;m&#117;&#115;&#x65;&#x75;ml&#117;&#x7a;&#x65;&#x72;n&#46;&#99;&#x68;&#x2f;wp&#45;&#x63;&#x6f;&#x6e;t&#101;&#110;&#x74;&#x2f;up&#108;&#x6f;&#x61;&#x64;s&#47;&#50;&#x30;&#x32;&#x34;\/&#48;&#50;&#x2f;&#x63;a&#102;&#101;&#x2d;&#x6c;&#x75;e&#116;&#104;&#x69;&#x2d;40&#45;&#x33;&#x30;&#x30;x&#52;&#53;&#x30;&#x40;2x&#46;&#x6a;&#x70;&#x67; 600w, https:&#x2f;&#47;w&#x77;&#119;&#46;&#x6b;&#x75;&#110;s&#x74;&#109;u&#x73;&#x65;&#117;m&#x6c;&#117;z&#x65;&#x72;&#110;&#46;&#x63;&#104;\/&#x77;&#x70;&#45;c&#x6f;&#110;t&#x65;&#x6e;&#116;&#x2f;&#x75;&#112;l&#x6f;&#97;d&#x73;&#x2f;&#50;0&#x32;&#52;\/&#x30;&#x32;&#47;c&#x61;&#102;e&#x2d;&#x6c;&#117;e&#x74;&#104;i&#x2d;&#x34;&#48;&#x2d;&#x34;&#50;0&#x78;&#54;&#51;&#x30;&#x40;&#50;x&#x2e;&#106;p&#x67; 840w\" sizes=\"(max-width: 933px) 100vw, 933px\" \/>        <\/div>        \n        \n              <\/div>\n                    <div class=\"swiper-slide\" data-index=\"12\">\n                <div data-caption=\"Happy Buddha, China, 19.\/20. Jh.\">          <img decoding=\"async\" width=\"933\" height=\"1400\" src=\"https:\/\/www.kunstmuseumluzern.ch\/wp-content\/uploads\/2024\/02\/cafe-luethi-39.jpg\" class=\"attachment-gallery_image size-gallery_image\" alt=\"\" srcset=\"https:\/\/www.kunstmuseumluzern.ch\/wp-content\/uploads\/2024\/02\/cafe-luethi-39.jpg 933w, https:&#x2f;&#x2f;&#x77;&#x77;&#x77;&#x2e;&#x6b;&#x75;&#x6e;&#x73;&#x74;&#x6d;&#x75;&#x73;&#x65;&#x75;&#x6d;&#x6c;&#x75;&#x7a;&#x65;&#x72;&#x6e;&#x2e;&#x63;&#x68;&#x2f;&#x77;&#x70;&#x2d;&#x63;&#x6f;&#x6e;&#x74;&#x65;&#x6e;&#x74;&#x2f;&#x75;&#x70;&#x6c;&#x6f;&#x61;&#x64;&#115;&#47;&#50;&#48;&#50;&#52;&#47;&#48;&#50;&#47;&#99;&#97;&#102;&#101;&#45;&#108;&#117;&#101;&#116;&#104;&#105;&#45;&#51;&#57;&#45;&#49;&#53;&#48;&#120;&#50;&#50;5&#64;2x&#46;jpg 300w, https:\/\/www.kunstmuseumluzern.ch\/wp-content\/uploads\/2024\/02\/cafe-luethi-39-150x225.jpg 150w, https:\/\/www.kunstmuseumluzern.ch\/wp-content\/uploads\/2024\/02\/cafe-luethi-39-420x630.jpg 420w, https:&#x2f;&#47;w&#x77;&#x77;&#46;k&#x75;&#110;s&#x74;&#x6d;&#117;s&#x65;&#117;m&#x6c;&#x75;&#122;e&#x72;&#x6e;&#46;&#x63;&#x68;&#47;w&#x70;&#x2d;&#99;o&#x6e;&#116;e&#x6e;&#x74;&#47;u&#x70;&#108;o&#x61;&#x64;&#115;\/&#x32;&#x30;&#50;&#x34;&#x2f;&#48;2&#x2f;&#x63;&#97;f&#x65;&#45;l&#x75;&#x65;&#116;h&#x69;&#45;3&#x39;&#x2d;&#51;0&#x30;&#x78;&#52;&#x35;&#x30;&#64;2&#x78;&#x2e;&#106;p&#x67; 600w, https:&#x2f;&#x2f;&#x77;&#x77;&#x77;&#x2e;&#x6b;&#x75;&#x6e;&#x73;&#x74;&#x6d;&#x75;&#x73;&#x65;&#x75;&#x6d;&#x6c;&#x75;&#x7a;&#x65;&#x72;&#x6e;&#x2e;&#x63;&#x68;&#x2f;&#x77;&#x70;&#x2d;&#x63;&#x6f;&#x6e;&#x74;&#x65;&#x6e;&#x74;&#x2f;&#x75;&#x70;&#x6c;&#x6f;&#x61;&#x64;&#x73;&#x2f;&#x32;&#x30;&#x32;&#x34;&#x2f;&#x30;&#x32;&#x2f;&#x63;&#x61;&#x66;&#x65;&#x2d;&#x6c;&#x75;&#x65;&#x74;&#x68;&#x69;&#x2d;&#x33;&#x39;&#x2d;&#x34;&#x32;&#x30;&#x78;&#x36;&#x33;&#x30;&#x40;&#x32;&#x78;&#x2e;&#x6a;&#x70;&#x67; 840w\" sizes=\"(max-width: 933px) 100vw, 933px\" \/>        <\/div>        \n        \n              <\/div>\n                    <div class=\"swiper-slide\" data-index=\"13\">\n                <div data-caption=\"Mutterschaftsfigur \u00abPhemba\u00bb der Yombe, Demokratische Republik Kongo, sp\u00e4tes 19. Jh.\">          <img decoding=\"async\" width=\"933\" height=\"1400\" src=\"https:\/\/www.kunstmuseumluzern.ch\/wp-content\/uploads\/2024\/02\/cafe-luethi-38.jpg\" class=\"attachment-gallery_image size-gallery_image\" alt=\"\" srcset=\"https:\/\/www.kunstmuseumluzern.ch\/wp-content\/uploads\/2024\/02\/cafe-luethi-38.jpg 933w, https:&#x2f;&#x2f;&#x77;&#x77;&#119;&#46;kun&#x73;&#x74;&#x6d;&#x75;&#115;&#101;uml&#x75;&#x7a;&#x65;&#x72;&#110;&#46;&#99;h\/&#x77;&#x70;&#x2d;&#x63;&#111;&#110;&#116;en&#x74;&#x2f;&#x75;&#x70;&#108;&#111;&#97;ds&#x2f;&#x32;&#x30;&#x32;&#52;&#47;&#48;2\/&#x63;&#x61;&#x66;&#x65;&#45;&#108;&#117;et&#x68;&#x69;&#x2d;&#x33;&#56;&#45;&#49;50&#x78;&#x32;&#x32;&#x35;&#64;&#50;&#120;&#46;j&#x70;&#x67; 300w, https:\/\/www.kunstmuseumluzern.ch\/wp-content\/uploads\/2024\/02\/cafe-luethi-38-150x225.jpg 150w, https:\/\/www.kunstmuseumluzern.ch\/wp-content\/uploads\/2024\/02\/cafe-luethi-38-420x630.jpg 420w, https:\/\/w&#119;&#119;&#46;&#x6b;&#x75;&#x6e;&#x73;&#x74;&#x6d;use&#117;&#109;&#108;&#117;&#x7a;&#x65;&#x72;&#x6e;&#x2e;&#x63;h\/w&#112;&#45;&#99;&#x6f;&#x6e;&#x74;&#x65;&#x6e;&#x74;\/up&#108;&#111;&#97;&#100;&#x73;&#x2f;&#x32;&#x30;&#x32;&#x34;\/02&#47;&#99;&#97;&#x66;&#x65;&#x2d;&#x6c;&#x75;&#x65;thi&#45;&#51;&#56;&#45;&#x33;&#x30;&#x30;&#x78;&#x34;&#x35;0&#64;2&#120;&#46;&#106;&#x70;&#x67; 600w, https:\/&#47;&#119;&#x77;&#x77;&#46;k&#117;&#110;&#x73;&#x74;mu&#115;&#101;&#x75;&#x6d;lu&#122;&#x65;&#x72;&#x6e;&#46;&#99;&#104;&#x2f;&#x77;&#x70;-&#99;&#111;&#x6e;&#x74;&#x65;n&#116;&#47;&#x75;&#x70;&#x6c;o&#97;&#100;&#x73;&#x2f;&#x32;0&#50;&#52;&#x2f;&#x30;2\/&#99;&#97;&#x66;&#x65;-l&#117;&#101;&#x74;&#x68;i-&#51;&#x38;&#x2d;&#x34;20&#120;&#x36;&#x33;&#x30;&#64;&#50;&#120;&#x2e;&#x6a;&#x70;g 840w\" sizes=\"(max-width: 933px) 100vw, 933px\" \/>        <\/div>        \n        \n              <\/div>\n                    <div class=\"swiper-slide\" data-index=\"14\">\n                <div data-caption=\"Memento Mori, Bali, 20. Jh.\">          <img decoding=\"async\" width=\"933\" height=\"1400\" src=\"https:\/\/www.kunstmuseumluzern.ch\/wp-content\/uploads\/2024\/02\/cafe-luethi-35.jpg\" class=\"attachment-gallery_image size-gallery_image\" alt=\"\" srcset=\"https:\/\/www.kunstmuseumluzern.ch\/wp-content\/uploads\/2024\/02\/cafe-luethi-35.jpg 933w, https:&#x2f;&#47;&#119;w&#x77;&#x2e;&#107;u&#x6e;&#x73;&#116;m&#x75;&#x73;&#101;u&#x6d;&#x6c;&#117;z&#x65;&#x72;&#110;&#46;&#x63;&#x68;&#47;&#119;p&#x2d;&#x63;&#111;n&#x74;&#x65;&#110;t&#x2f;&#x75;&#112;l&#x6f;&#x61;&#100;s&#x2f;&#x32;&#48;2&#x34;&#x2f;&#48;&#50;\/&#x63;&#x61;&#102;e&#x2d;&#x6c;&#117;e&#x74;&#x68;&#105;-&#x33;&#x35;&#45;1&#x35;&#x30;&#120;2&#x32;&#x35;&#64;&#50;x&#x2e;&#x6a;&#112;g 300w, https:\/\/www.kunstmuseumluzern.ch\/wp-content\/uploads\/2024\/02\/cafe-luethi-35-150x225.jpg 150w, https:\/\/www.kunstmuseumluzern.ch\/wp-content\/uploads\/2024\/02\/cafe-luethi-35-420x630.jpg 420w, https:\/&#47;&#119;&#x77;&#x77;&#46;&#107;&#117;&#x6e;&#x73;&#x74;m&#117;&#115;&#x65;&#x75;ml&#117;&#x7a;&#x65;&#x72;n&#46;&#99;&#x68;&#x2f;wp&#45;&#x63;&#x6f;&#x6e;t&#101;&#110;&#x74;&#x2f;up&#108;&#x6f;&#x61;&#x64;s&#47;&#50;&#x30;&#x32;&#x34;\/&#48;&#50;&#x2f;&#x63;a&#102;&#101;&#x2d;&#x6c;&#x75;e&#116;&#104;&#x69;&#x2d;35&#45;&#x33;&#x30;&#x30;x&#52;&#53;&#x30;&#x40;2x&#46;&#x6a;&#x70;&#x67; 600w, https:&#x2f;&#47;w&#x77;&#119;&#46;&#x6b;&#x75;&#110;&#x73;&#x74;&#109;u&#x73;&#101;u&#x6d;&#x6c;&#117;&#x7a;&#x65;&#114;n&#x2e;&#99;h&#x2f;&#x77;&#112;&#x2d;&#x63;&#111;n&#x74;&#101;n&#x74;&#x2f;&#117;&#x70;&#x6c;&#111;a&#x64;&#115;\/&#x32;&#x30;&#50;&#x34;&#x2f;&#48;2&#x2f;&#99;a&#x66;&#x65;&#45;&#x6c;&#x75;&#101;t&#x68;&#105;-&#x33;&#x35;&#45;&#x34;&#x32;&#48;x&#x36;&#51;0&#x40;&#x32;&#120;&#x2e;&#x6a;&#112;g 840w\" sizes=\"(max-width: 933px) 100vw, 933px\" \/>        <\/div>        \n        \n              <\/div>\n                    <div class=\"swiper-slide\" data-index=\"15\">\n                <div data-caption=\"Reliquienfigur der Fang, Mvai, Eyema Byeri, Gabon, 19. Jh.\">          <img decoding=\"async\" width=\"933\" height=\"1400\" src=\"https:\/\/www.kunstmuseumluzern.ch\/wp-content\/uploads\/2024\/02\/cafe-luethi-34.jpg\" class=\"attachment-gallery_image size-gallery_image\" alt=\"\" srcset=\"https:\/\/www.kunstmuseumluzern.ch\/wp-content\/uploads\/2024\/02\/cafe-luethi-34.jpg 933w, https:&#47;&#47;&#x77;&#x77;&#119;&#46;&#x6b;&#x75;&#110;&#115;&#x74;&#x6d;&#117;&#115;&#x65;&#x75;&#109;&#108;&#x75;&#x7a;&#101;&#114;&#x6e;&#x2e;&#99;&#104;&#x2f;&#x77;&#112;&#45;&#x63;&#x6f;&#110;&#116;&#x65;&#x6e;&#116;&#47;&#x75;&#x70;&#108;&#111;&#x61;&#x64;&#115;&#47;&#x32;&#x30;&#50;&#52;&#x2f;&#x30;&#50;&#47;&#x63;&#x61;&#102;&#101;&#x2d;&#x6c;&#117;&#101;&#x74;&#x68;&#105;&#45;&#x33;&#x34;&#45;&#49;&#x35;&#x30;&#120;&#50;&#x32;&#x35;&#64;&#50;&#x78;&#x2e;&#106;&#112;&#x67; 300w, https:\/\/www.kunstmuseumluzern.ch\/wp-content\/uploads\/2024\/02\/cafe-luethi-34-150x225.jpg 150w, https:\/\/www.kunstmuseumluzern.ch\/wp-content\/uploads\/2024\/02\/cafe-luethi-34-420x630.jpg 420w, https:&#47;&#x2f;&#x77;w&#119;&#x2e;k&#117;&#x6e;s&#116;&#x6d;u&#115;&#x65;&#x75;&#109;&#x6c;&#x75;z&#101;&#x72;n&#46;&#x63;h&#47;&#x77;&#x70;&#45;&#x63;&#x6f;n&#116;&#x65;n&#116;&#x2f;u&#112;&#x6c;o&#97;&#x64;&#x73;&#47;&#x32;&#x30;2&#52;&#x2f;0&#50;&#x2f;c&#97;&#x66;&#x65;&#45;&#x6c;&#x75;e&#116;&#x68;i&#45;&#x33;4&#45;&#x33;0&#48;&#x78;&#x34;&#53;&#x30;&#x40;2&#120;&#x2e;j&#112;&#x67; 600w, https:&#47;&#x2f;&#119;&#x77;&#119;&#x2e;&#107;&#x75;&#110;&#x73;&#116;&#x6d;u&#x73;e&#x75;m&#x6c;u&#x7a;e&#x72;n&#46;&#x63;&#104;&#x2f;&#119;&#x70;&#45;&#x63;&#111;&#x6e;&#116;&#x65;&#110;&#x74;\/&#x75;p&#x6c;o&#x61;d&#x73;\/&#x32;0&#50;&#x34;&#47;&#x30;&#50;&#x2f;&#99;&#x61;&#102;&#x65;&#45;&#x6c;&#117;&#x65;t&#x68;i&#x2d;3&#x34;-&#x34;2&#x30;x&#54;&#x33;&#48;&#x40;&#50;&#x78;&#46;&#x6a;&#112;&#x67; 840w\" sizes=\"(max-width: 933px) 100vw, 933px\" \/>        <\/div>        \n        \n              <\/div>\n                    <div class=\"swiper-slide\" data-index=\"16\">\n                <div data-caption=\"\u00abGl\u00fccksklee\u00bb, Deutschland, 2006\">          <img decoding=\"async\" width=\"933\" height=\"1400\" src=\"https:\/\/www.kunstmuseumluzern.ch\/wp-content\/uploads\/2024\/02\/cafe-luethi-32.jpg\" class=\"attachment-gallery_image size-gallery_image\" alt=\"\" srcset=\"https:\/\/www.kunstmuseumluzern.ch\/wp-content\/uploads\/2024\/02\/cafe-luethi-32.jpg 933w, https:&#x2f;\/&#x77;&#119;&#x77;&#46;&#x6b;&#x75;n&#x73;&#116;&#x6d;&#117;&#x73;&#101;u&#x6d;&#108;&#x75;&#122;&#x65;&#114;n&#x2e;&#99;&#x68;&#47;&#x77;&#112;-&#x63;o&#x6e;&#116;&#x65;&#110;t&#x2f;u&#x70;&#108;&#x6f;&#97;d&#x73;\/&#x32;&#48;&#x32;&#52;\/&#x30;2&#x2f;&#99;&#x61;&#102;e&#x2d;l&#x75;&#101;&#x74;&#104;i&#x2d;3&#x32;&#45;&#x31;&#53;0&#x78;2&#x32;&#53;&#x40;&#50;x&#x2e;j&#x70;&#103; 300w, https:\/\/www.kunstmuseumluzern.ch\/wp-content\/uploads\/2024\/02\/cafe-luethi-32-150x225.jpg 150w, https:\/\/www.kunstmuseumluzern.ch\/wp-content\/uploads\/2024\/02\/cafe-luethi-32-420x630.jpg 420w, https:&#47;&#x2f;&#x77;w&#119;&#x2e;k&#117;&#x6e;&#x73;t&#109;&#x75;s&#101;&#x75;&#x6d;l&#117;&#x7a;e&#114;&#x6e;&#x2e;&#99;&#104;&#x2f;w&#112;&#x2d;&#x63;&#111;&#x6e;&#x74;e&#110;&#x74;\/&#117;&#x70;&#x6c;o&#97;&#x64;s&#47;&#x32;&#x30;2&#52;&#x2f;0&#50;&#x2f;&#x63;a&#102;&#x65;-&#108;&#x75;&#x65;&#116;&#x68;&#x69;-&#51;&#x32;-&#51;&#x30;&#x30;x&#52;&#x35;0&#64;&#x32;&#x78;&#46;&#106;&#x70;g 600w, https:&#x2f;&#x2f;&#x77;&#x77;&#x77;&#x2e;&#x6b;&#x75;&#x6e;&#x73;&#x74;&#x6d;&#x75;&#x73;&#x65;&#x75;&#x6d;&#x6c;&#x75;&#x7a;&#x65;&#x72;&#x6e;&#x2e;&#x63;&#x68;&#x2f;&#x77;&#x70;&#x2d;&#x63;&#x6f;&#x6e;&#x74;&#x65;&#x6e;&#x74;&#x2f;&#x75;&#x70;&#x6c;&#x6f;&#x61;&#x64;&#115;&#47;&#50;&#48;&#50;&#52;&#47;&#48;&#50;&#47;&#99;&#97;&#102;&#101;&#45;&#108;&#117;&#101;&#116;&#104;&#105;&#45;&#51;&#50;&#45;&#52;&#50;&#48;&#120;&#54;&#51;0&#64;2x&#46;jpg 840w\" sizes=\"(max-width: 933px) 100vw, 933px\" \/>        <\/div>        \n        \n              <\/div>\n              \n    <\/div>\n\n    <div class=\"swiper-button-prev\"><\/div>\n    <div class=\"swiper-button-next\"><\/div>\n    <div class=\"swiper-pagination\"><\/div>\n    <div class=\"swiper-caption\"><\/div>\n  <\/div>\n\n<\/div>\n","protected":false},"excerpt":{"rendered":"<p>Design by Urs L\u00fcthi On behalf of the Kunstgesellschaft Luzern, Urs L\u00fcthi, an internationally renowned artist with local roots, designed the caf\u00e9 in the Kunstmuseum for its opening in 2015. The artist determined all the caf\u00e9\u2019s design details, from the cushions, the caf\u00e9 counter and tables, to the display cases, in which he presents his [&hellip;]<\/p>\n","protected":false},"author":2,"featured_media":0,"parent":22151,"menu_order":0,"comment_status":"closed","ping_status":"closed","template":"","meta":{"_acf_changed":false,"_seopress_robots_primary_cat":"","_seopress_titles_title":"","_seopress_titles_desc":"","_seopress_robots_index":"","inline_featured_image":false,"ghostkit_customizer_options":"","ghostkit_custom_css":"","ghostkit_custom_js_head":"","ghostkit_custom_js_foot":"","ghostkit_typography":"","footnotes":""},"tags":[],"class_list":["post-22152","page","type-page","status-publish","hentry"],"acf":[],"_links":{"self":[{"href":"https:\/\/www.kunstmuseumluzern.ch\/en\/wp-json\/wp\/v2\/pages\/22152","targetHints":{"allow":["GET"]}}],"collection":[{"href":"https:\/\/www.kunstmuseumluzern.ch\/en\/wp-json\/wp\/v2\/pages"}],"about":[{"href":"https:\/\/www.kunstmuseumluzern.ch\/en\/wp-json\/wp\/v2\/types\/page"}],"author":[{"embeddable":true,"href":"https:\/\/www.kunstmuseumluzern.ch\/en\/wp-json\/wp\/v2\/users\/2"}],"replies":[{"embeddable":true,"href":"https:\/\/www.kunstmuseumluzern.ch\/en\/wp-json\/wp\/v2\/comments?post=22152"}],"version-history":[{"count":3,"href":"https:\/\/www.kunstmuseumluzern.ch\/en\/wp-json\/wp\/v2\/pages\/22152\/revisions"}],"predecessor-version":[{"id":24952,"href":"https:\/\/www.kunstmuseumluzern.ch\/en\/wp-json\/wp\/v2\/pages\/22152\/revisions\/24952"}],"up":[{"embeddable":true,"href":"https:\/\/www.kunstmuseumluzern.ch\/en\/wp-json\/wp\/v2\/pages\/22151"}],"wp:attachment":[{"href":"https:\/\/www.kunstmuseumluzern.ch\/en\/wp-json\/wp\/v2\/media?parent=22152"}],"wp:term":[{"taxonomy":"post_tag","embeddable":true,"href":"https:\/\/www.kunstmuseumluzern.ch\/en\/wp-json\/wp\/v2\/tags?post=22152"}],"curies":[{"name":"wp","href":"https:\/\/api.w.org\/{rel}","templated":true}]}}