{"id":24740,"date":"2024-02-14T13:54:44","date_gmt":"2024-02-14T12:54:44","guid":{"rendered":"https:\/\/www.kunstmuseumluzern.ch\/museum\/collection\/turner-rigi-sunsest\/"},"modified":"2024-08-07T16:12:35","modified_gmt":"2024-08-07T14:12:35","slug":"restoration-of-turners-rigi-watercolour","status":"publish","type":"page","link":"https:\/\/www.kunstmuseumluzern.ch\/en\/museum\/collection\/restoration-of-turners-rigi-watercolour\/","title":{"rendered":"Restoration of Turner&#8217;s Rigi watercolour"},"content":{"rendered":"\n<figure class=\"wp-block-image alignwide size-full\"><img decoding=\"async\" width=\"2760\" height=\"1060\" src=\"https:\/\/www.kunstmuseumluzern.ch\/wp-content\/uploads\/2024\/02\/turner-rigi-sunset-oben.jpg\" alt=\"\" class=\"wp-image-21778\" srcset=\"https:\/\/www.kunstmuseumluzern.ch\/wp-content\/uploads\/2024\/02\/turner-rigi-sunset-oben.jpg 2760w, https:&#47;&#47;&#x77;&#x77;&#119;&#46;&#x6b;&#x75;&#110;&#115;&#x74;&#x6d;&#117;&#115;&#x65;&#x75;&#109;&#108;&#x75;&#x7a;&#101;&#114;&#x6e;&#x2e;&#99;&#104;&#x2f;&#x77;&#112;&#45;&#x63;&#x6f;&#110;&#116;&#x65;&#x6e;&#116;&#47;&#x75;&#x70;&#108;&#111;&#x61;&#x64;&#115;&#47;&#x32;&#x30;&#50;&#52;&#x2f;&#x30;&#50;&#47;&#x74;&#x75;&#114;&#110;&#x65;&#x72;&#45;&#114;&#x69;&#x67;&#105;&#45;&#x73;&#x75;&#110;&#115;&#x65;&#x74;&#45;&#111;&#x62;&#x65;&#110;&#45;&#x31;&#x35;&#48;&#120;&#x35;&#x38;&#64;&#50;&#x78;&#x2e;&#106;&#112;&#x67; 300w, https:\/\/www.kunstmuseumluzern.ch\/wp-content\/uploads\/2024\/02\/turner-rigi-sunset-oben-1024x393.jpg 1024w, https:\/\/www.kunstmuseumluzern.ch\/wp-content\/uploads\/2024\/02\/turner-rigi-sunset-oben-150x58.jpg 150w, https:\/\/www.kunstmuseumluzern.ch\/wp-content\/uploads\/2024\/02\/turner-rigi-sunset-oben-420x161.jpg 420w, https:&#47;&#x2f;&#x77;w&#119;&#x2e;k&#117;&#x6e;&#x73;&#116;&#x6d;&#x75;s&#101;&#x75;m&#108;&#x75;&#x7a;&#101;&#x72;&#x6e;&#46;&#99;&#x68;\/&#119;&#x70;&#x2d;&#99;&#x6f;&#x6e;t&#101;&#x6e;t&#47;&#x75;&#x70;&#108;&#x6f;&#x61;d&#115;&#x2f;2&#48;&#x32;&#x34;&#47;&#x30;&#x32;\/&#116;&#x75;r&#110;&#x65;&#x72;&#45;&#x72;&#x69;g&#105;&#x2d;s&#117;&#x6e;&#x73;&#101;&#x74;&#x2d;o&#98;&#x65;n&#45;&#x33;&#x30;&#48;&#x78;&#x31;1&#53;&#x40;2&#120;&#x2e;&#x6a;&#112;&#x67; 600w, https:\/&#47;&#119;&#x77;&#x77;&#46;k&#117;&#110;&#x73;&#x74;mu&#115;&#101;&#x75;&#x6d;lu&#122;&#x65;&#x72;&#x6e;&#46;&#99;&#104;&#x2f;&#x77;&#x70;-&#99;&#111;&#x6e;&#x74;&#x65;n&#116;&#47;&#x75;&#x70;&#x6c;o&#97;&#100;&#x73;&#x2f;&#x32;0&#50;&#52;&#x2f;&#x30;2\/&#116;&#117;&#x72;&#x6e;er&#45;&#114;&#x69;&#x67;i-&#115;&#x75;&#x6e;&#x73;et&#45;&#x6f;&#x62;&#x65;n&#45;&#49;&#x30;&#x32;&#x34;x&#51;&#57;&#x33;&#x40;&#x32;x&#46;&#106;&#x70;&#x67; 2048w, https:&#x2f;&#47;w&#x77;&#119;&#46;&#x6b;&#x75;&#110;s&#x74;&#109;u&#x73;&#x65;&#117;m&#x6c;&#117;z&#x65;&#x72;&#110;&#46;&#x63;&#104;\/&#x77;&#x70;&#45;c&#x6f;&#110;t&#x65;&#x6e;&#116;&#x2f;&#x75;&#112;l&#x6f;&#97;d&#x73;&#x2f;&#50;0&#x32;&#52;\/&#x30;&#x32;&#47;t&#x75;&#114;n&#x65;&#x72;&#45;r&#x69;&#103;i&#x2d;&#x73;&#117;&#x6e;&#x73;&#101;t&#x2d;&#111;&#98;&#x65;&#x6e;&#45;4&#x32;&#48;x&#x31;&#x36;&#49;&#64;&#x32;&#120;&#46;&#x6a;&#x70;&#103; 840w\" sizes=\"(max-width: 2760px) 100vw, 2760px\" \/><figcaption class=\"wp-element-caption\">J.M.W. Turner, The Rigi, Lake Lucerne, Sunset 1842\/1843<\/figcaption><\/figure>\n\n\n\n<div style=\"height:60px\" aria-hidden=\"true\" class=\"wp-block-spacer\"><\/div>\n\n\n\n<h2 class=\"wp-block-heading\" id=\"restoration-of-turners-watercolour\" id=\"restoration-of-turners-watercolour\">Restoration of Turners Watercolour<\/h2>\n\n\n\n<div style=\"height:30px\" aria-hidden=\"true\" class=\"wp-block-spacer\"><\/div>\n\n\n\n<p>The fantastic watercolour was acquired for the collection at the end of the exhibition <em><a href=\"https:\/\/www.kunstmuseumluzern.ch\/en\/exhibitions\/turner-meer-alpen\/\">Turner. The Sea and the Alps<\/a><\/em> 2019 for the collection of the Kunstmuseum Luzern. For the exhibition <em><a href=\"https:\/\/www.kunstmuseumluzern.ch\/en\/exhibitions\/abc-der-bilder\/\">ABC of Images Reading the Collection<\/a><\/em>, it has been examined in detail and restored. This most expensive purchase in the history of the Kunstmuseum Luzern was made possible thanks to the generous support of the Gottfried-Keller-Stiftung (Swiss Confederation) and numerous other foundations and private individuals. Thanks to the restoration work carried out last year, the painting is once again in optimal condition. The restoration also enabled new insights into the work\u2019s history and painting technique.<\/p>\n\n\n\n<h3 class=\"wp-block-heading\" id=\"h-painting-technique\" id=\"painting-technique\">Painting technique<\/h3>\n\n\n\n<p>J.M.W. Turner used watercolour and gouache to capture the Rigi and Lake Lucerne, that is, the Vierwaldst\u00e4ttersee. He applied the colours in washes, i.e., highly diluted and transparent layers. An inspection of details reveals that the artist sketched out the composition in pencil. He then applied the colours with different brushes and smudged the edges with a cloth or the ball of his hand. J.M.W. Turner\u2019s fingermarks, which must have occurred as the painting dried, are also still visible on the lower left edge of the work.<\/p>\n\n\n\n<h3 class=\"wp-block-heading\" id=\"h-painting-on-paper\" id=\"painting-on-paper\">Painting on Paper<\/h3>\n\n\n\n<p>The picture is painted on vellum paper. This is an evenly structured, smooth paper resembling parchment. Paper is a sensitive and fragile material, with light exposure and fluctuations in temperature negatively effecting its lifespan. For this reason, the watercolour <em>The Rigi, Lake Lucerne, Sunset<\/em> is normally only on display for a limited time. The period of storage in between gives the watercolour painting a regenerative break from light exposure<\/p>\n\n\n\n<p>Distortions in the paper and a crease are visible on the photograph taken with oblique lighting. This crease runs diagonally downwards from the top right-hand corner across the entire painting. To reduce these distortions, the watercolour was carefully moistened in a climate-controlled chamber, covered with blotting paper and a foil and held down with weights.<\/p>\n\n\n\n<div style=\"height:30px\" aria-hidden=\"true\" class=\"wp-block-spacer\"><\/div>\n\n\n\n<div class=\"wp-block-slider alignfull\">\n\n  <div class=\"swiper-container\">\n    <div class=\"swiper-wrapper\">\n\n      \n            <div class=\"swiper-slide\" data-index=\"0\">\n                <div data-caption=\"J.M.W. Turner, The Rigi, Lake Lucerne, Sunset 1842\/1843. Vor der Restaurierung mit sichtbaren Verfor\u00admungen und Knicken im Papier, im Streiflicht fotografiert, (c) Restaurierungsatelier f\u00fcr Kunst auf Papier GmbH Masson &#038; Ritter\">          <img decoding=\"async\" width=\"1356\" height=\"940\" src=\"https:\/\/www.kunstmuseumluzern.ch\/wp-content\/uploads\/2023\/02\/turner-rigi-streiflicht-940.jpg\" class=\"attachment-gallery_image size-gallery_image\" alt=\"\" srcset=\"https:\/\/www.kunstmuseumluzern.ch\/wp-content\/uploads\/2023\/02\/turner-rigi-streiflicht-940.jpg 1356w, https:&#47;&#x2f;w&#119;&#x77;&#46;&#x6b;&#x75;&#110;&#x73;t&#109;&#x75;s&#101;&#x75;&#109;&#x6c;u&#122;&#x65;r&#110;&#x2e;&#99;&#x68;&#x2f;&#119;&#x70;-&#99;&#x6f;n&#x74;&#x65;&#110;&#x74;\/&#117;&#x70;l&#111;&#x61;&#100;&#x73;\/&#50;&#x30;2&#51;&#x2f;0&#x32;&#x2f;&#116;&#x75;r&#110;&#x65;r&#x2d;&#x72;&#105;&#x67;i&#45;&#x73;t&#114;&#x65;&#105;&#x66;l&#105;&#x63;h&#116;&#x2d;9&#x34;&#x30;&#45;&#x31;5&#48;&#x78;1&#x30;&#x34;&#64;&#x32;x&#46;&#x6a;p&#103; 300w, https:\/\/www.kunstmuseumluzern.ch\/wp-content\/uploads\/2023\/02\/turner-rigi-streiflicht-940-1024x710.jpg 1024w, https:\/\/www.kunstmuseumluzern.ch\/wp-content\/uploads\/2023\/02\/turner-rigi-streiflicht-940-150x104.jpg 150w, https:\/\/www.kunstmuseumluzern.ch\/wp-content\/uploads\/2023\/02\/turner-rigi-streiflicht-940-420x291.jpg 420w, https:&#x2f;&#x2f;&#x77;&#x77;&#119;&#46;&#107;un&#x73;&#x74;&#x6d;&#x75;&#x73;&#101;&#117;&#109;lu&#x7a;&#x65;&#x72;&#x6e;&#x2e;&#99;&#104;&#47;wp&#x2d;&#x63;&#x6f;&#x6e;&#x74;&#101;&#110;&#116;\/u&#x70;&#x6c;&#x6f;&#x61;&#x64;&#115;&#47;&#50;02&#x33;&#x2f;&#x30;&#x32;&#x2f;&#116;&#117;&#114;ne&#x72;&#x2d;&#x72;&#x69;&#x67;&#105;&#45;&#115;tr&#x65;&#x69;&#x66;&#x6c;&#x69;&#99;&#104;&#116;-9&#x34;&#x30;&#x2d;&#x33;&#x30;&#48;&#120;&#50;08&#x40;&#x32;&#x78;&#x2e;&#x6a;&#112;&#103; 600w, https:&#x2f;&#x2f;&#x77;&#x77;&#x77;&#x2e;&#x6b;&#x75;&#x6e;&#x73;&#x74;&#109;&#117;&#115;&#101;&#117;&#109;&#108;uzern&#46;&#x63;&#x68;&#x2f;&#x77;&#x70;&#x2d;&#x63;&#x6f;&#x6e;&#x74;&#x65;&#x6e;&#116;&#47;&#117;&#112;&#108;&#111;&#97;ds\/202&#x33;&#x2f;&#x30;&#x32;&#x2f;&#x74;&#x75;&#x72;&#x6e;&#x65;&#x72;&#x2d;&#114;&#105;&#103;&#105;&#45;&#115;&#116;reifli&#x63;&#x68;&#x74;&#x2d;&#x39;&#x34;&#x30;&#x2d;&#x34;&#x32;&#x30;&#x78;&#50;&#57;&#49;&#64;&#50;&#120;&#46;jpg 840w\" sizes=\"(max-width: 1356px) 100vw, 1356px\" \/>        <\/div>        \n        \n              <\/div>\n                    <div class=\"swiper-slide\" data-index=\"1\">\n                <div data-caption=\"J.M.W. Turner, The Rigi, Lake Lucerne, Sunset 1842\/1843 (Detail), (c) Restaurierungsatelier f\u00fcr Kunst auf Papier GmbH Masson &#038; Ritter\">          <img decoding=\"async\" width=\"1265\" height=\"940\" src=\"https:\/\/www.kunstmuseumluzern.ch\/wp-content\/uploads\/2023\/02\/turner-rigit-vorzeichnung-fingerabdruecke-940.jpg\" class=\"attachment-gallery_image size-gallery_image\" alt=\"\" srcset=\"https:\/\/www.kunstmuseumluzern.ch\/wp-content\/uploads\/2023\/02\/turner-rigit-vorzeichnung-fingerabdruecke-940.jpg 1265w, https:&#47;&#47;&#x77;w&#119;&#x2e;&#x6b;u&#110;&#x73;&#x74;m&#117;&#x73;&#x65;u&#109;&#x6c;&#x75;z&#101;&#x72;&#x6e;&#46;&#99;&#x68;\/&#119;&#112;&#x2d;c&#111;&#x6e;&#x74;e&#110;&#x74;&#x2f;u&#112;&#x6c;&#x6f;a&#100;&#x73;&#x2f;2&#48;&#x32;&#x33;&#47;&#48;&#x32;\/&#116;&#x75;&#x72;n&#101;&#x72;&#x2d;r&#105;&#x67;&#x69;t&#45;&#x76;&#x6f;r&#122;&#x65;&#x69;c&#104;&#x6e;u&#110;&#103;&#x2d;f&#105;&#x6e;&#x67;e&#114;&#x61;&#x62;d&#114;&#x75;&#x65;c&#107;&#x65;&#x2d;9&#52;&#x30;&#x2d;&#49;&#53;&#x30;x&#49;&#x31;&#x31;&#64;&#50;&#x78;&#x2e;j&#112;&#x67; 300w, https:\/\/www.kunstmuseumluzern.ch\/wp-content\/uploads\/2023\/02\/turner-rigit-vorzeichnung-fingerabdruecke-940-1024x761.jpg 1024w, https:\/\/www.kunstmuseumluzern.ch\/wp-content\/uploads\/2023\/02\/turner-rigit-vorzeichnung-fingerabdruecke-940-150x111.jpg 150w, https:\/\/www.kunstmuseumluzern.ch\/wp-content\/uploads\/2023\/02\/turner-rigit-vorzeichnung-fingerabdruecke-940-420x312.jpg 420w, https:&#47;&#x2f;w&#x77;&#x77;&#46;&#x6b;u&#x6e;&#x73;&#116;&#x6d;u&#x73;&#x65;&#117;&#x6d;l&#x75;&#x7a;&#101;&#x72;n&#x2e;&#x63;&#104;&#x2f;w&#x70;&#x2d;&#99;&#x6f;n&#x74;&#x65;&#110;&#x74;\/&#x75;&#x70;&#108;&#x6f;a&#x64;&#x73;&#47;&#x32;0&#x32;&#x33;&#47;&#x30;2&#x2f;&#x74;&#117;&#x72;n&#x65;&#x72;&#45;&#x72;i&#x67;&#x69;&#116;&#x2d;v&#x6f;&#x72;&#122;&#x65;i&#x63;&#x68;&#110;&#x75;n&#x67;&#x2d;&#102;&#x69;n&#x67;&#x65;&#114;&#x61;b&#x64;&#x72;&#117;&#x65;c&#x6b;&#x65;&#45;&#x39;4&#x30;&#x2d;&#51;&#x30;0&#x78;&#x32;&#50;&#x33;&#64;&#x32;&#x78;&#46;&#x6a;p&#x67; 600w, https:&#47;&#x2f;&#119;&#x77;&#119;&#x2e;&#107;&#x75;n&#x73;t&#x6d;u&#x73;e&#117;&#x6d;&#108;&#x75;&#122;&#x65;&#114;&#x6e;&#46;&#x63;h&#x2f;w&#x70;-&#x63;o&#110;&#x74;&#101;&#x6e;&#116;&#x2f;&#117;&#x70;&#108;&#x6f;a&#x64;s&#x2f;2&#x30;2&#51;&#x2f;&#48;&#x32;&#47;&#x74;&#117;&#x72;&#110;&#x65;r&#x2d;r&#x69;g&#105;t&#45;&#x76;&#111;&#x72;&#122;&#x65;&#105;&#x63;&#104;&#x6e;u&#x6e;g&#x2d;f&#105;n&#103;&#x65;&#114;&#x61;&#98;&#x64;&#114;&#x75;e&#x63;k&#x65;-&#x39;4&#48;&#x2d;&#52;&#x32;&#48;&#x78;&#51;&#x31;&#50;&#x40;2&#x78;&#46;&#x6a;p&#x67; 840w\" sizes=\"(max-width: 1265px) 100vw, 1265px\" \/>        <\/div>        \n        \n              <\/div>\n                    <div class=\"swiper-slide\" data-index=\"2\">\n                <div data-caption=\"J.M.W. Turner, The Rigi, Lake Lucerne, Sunset 1842\/1843 (R\u00fcckseite), (c) Restaurierungsatelier f\u00fcr Kunst auf Papier GmbH Masson &#038; Ritter. Die Kleisterr\u00fcckst\u00e4nde (gelb markiert) sind als hellere Stellen auf der R\u00fcckseite zu erkennen.\">          <img decoding=\"async\" width=\"1352\" height=\"940\" src=\"https:\/\/www.kunstmuseumluzern.ch\/wp-content\/uploads\/2023\/02\/turner-rigi-rueckseite-kleister-9940.jpg\" class=\"attachment-gallery_image size-gallery_image\" alt=\"\" srcset=\"https:\/\/www.kunstmuseumluzern.ch\/wp-content\/uploads\/2023\/02\/turner-rigi-rueckseite-kleister-9940.jpg 1352w, https:\/&#47;&#119;&#x77;&#x77;&#x2e;k&#117;&#110;&#x73;&#x74;&#x6d;us&#101;&#x75;&#x6d;&#x6c;uz&#101;&#114;&#x6e;&#x2e;&#x63;h&#47;&#119;&#x70;&#x2d;&#x63;o&#110;&#116;&#x65;&#x6e;&#x74;\/u&#112;&#x6c;&#x6f;&#x61;ds&#47;&#50;&#x30;&#x32;&#x33;\/&#48;&#50;&#x2f;&#x74;&#x75;r&#110;&#101;&#x72;&#x2d;&#x72;ig&#105;&#x2d;&#x72;&#x75;ec&#107;&#115;&#x65;&#x69;&#x74;e&#45;&#107;&#x6c;&#x65;&#x69;s&#116;&#101;&#x72;&#x2d;&#x39;94&#48;&#x2d;&#x31;&#x35;0x&#49;&#48;&#x34;&#x40;&#x32;x&#46;&#106;&#x70;&#x67; 300w, https:\/\/www.kunstmuseumluzern.ch\/wp-content\/uploads\/2023\/02\/turner-rigi-rueckseite-kleister-9940-1024x712.jpg 1024w, https:\/\/www.kunstmuseumluzern.ch\/wp-content\/uploads\/2023\/02\/turner-rigi-rueckseite-kleister-9940-150x104.jpg 150w, https:\/\/www.kunstmuseumluzern.ch\/wp-content\/uploads\/2023\/02\/turner-rigi-rueckseite-kleister-9940-420x292.jpg 420w, https:\/\/w&#119;&#119;&#46;&#107;&#x75;&#x6e;&#x73;&#x74;&#x6d;&#x75;&#x73;eum&#108;&#117;&#122;&#101;&#114;&#x6e;&#x2e;&#x63;&#x68;&#x2f;&#x77;p-co&#110;&#116;&#101;&#110;&#x74;&#x2f;&#x75;&#x70;&#x6c;&#x6f;ads\/&#50;&#48;&#50;&#51;&#x2f;&#x30;&#x32;&#x2f;&#x74;&#x75;&#x72;ner&#45;&#114;&#105;&#103;&#105;&#x2d;&#x72;&#x75;&#x65;&#x63;&#x6b;sei&#116;&#101;&#45;&#107;&#108;&#x65;&#x69;&#x73;&#x74;&#x65;&#x72;-994&#48;&#45;&#51;&#48;&#x30;&#x78;&#x32;&#x30;&#x39;&#x40;&#x32;x&#46;j&#112;&#103; 600w, https:\/&#47;&#119;&#x77;&#x77;&#46;k&#117;&#110;&#x73;&#x74;mu&#115;&#101;&#x75;&#x6d;lu&#122;&#x65;&#x72;&#x6e;&#46;&#99;&#104;&#x2f;&#x77;&#x70;-&#99;&#111;&#x6e;&#x74;&#x65;n&#116;&#47;&#x75;&#x70;&#x6c;o&#97;&#100;&#x73;&#x2f;&#x32;0&#50;&#51;&#x2f;&#x30;2\/&#116;&#117;&#x72;&#x6e;er&#45;&#114;&#x69;&#x67;i-&#114;&#x75;&#x65;&#x63;ks&#101;&#x69;&#x74;&#x65;-&#107;&#108;&#x65;&#x69;&#x73;t&#101;&#114;&#x2d;&#x39;&#x39;4&#48;&#45;&#x34;&#x32;&#x30;x&#50;&#57;&#x32;&#x40;&#x32;x&#46;&#106;&#x70;&#x67; 840w\" sizes=\"(max-width: 1352px) 100vw, 1352px\" \/>        <\/div>        \n        \n              <\/div>\n                    <div class=\"swiper-slide\" data-index=\"3\">\n                <div data-caption=\"J.M.W. Turner, The Rigi, Lake Lucerne, Sunset 1842\/1843 (R\u00fcckseite), (c) Restaurierungsatelier f\u00fcr Kunst auf Papier GmbH Masson &#038; Ritter. Alte Risse am Papierrand wurden wieder neu geschlossen.\">          <img decoding=\"async\" width=\"1297\" height=\"940\" src=\"https:\/\/www.kunstmuseumluzern.ch\/wp-content\/uploads\/2023\/02\/turner-rigi-durchlicht-risse-940.jpg\" class=\"attachment-gallery_image size-gallery_image\" alt=\"\" srcset=\"https:\/\/www.kunstmuseumluzern.ch\/wp-content\/uploads\/2023\/02\/turner-rigi-durchlicht-risse-940.jpg 1297w, https:&#47;&#x2f;&#119;&#x77;w&#46;&#x6b;&#117;&#x6e;s&#x74;m&#117;&#x73;&#101;&#x75;m&#x6c;&#x75;&#122;&#x65;r&#x6e;&#46;&#99;&#x68;&#47;&#x77;p&#x2d;c&#111;&#x6e;&#116;&#x65;n&#116;&#x2f;&#117;&#x70;l&#x6f;a&#100;&#x73;&#47;&#x32;0&#x32;&#x33;&#47;&#x30;&#50;&#x2f;t&#117;&#x72;&#110;&#x65;r&#x2d;r&#105;&#x67;&#105;&#x2d;d&#x75;&#x72;&#99;&#x68;l&#x69;c&#104;&#x74;&#45;&#x72;i&#x73;s&#101;&#x2d;&#57;&#x34;0&#45;&#x31;&#53;&#x30;x&#x31;0&#57;&#x40;&#50;&#x78;&#46;&#x6a;&#x70;&#103; 300w, https:\/\/www.kunstmuseumluzern.ch\/wp-content\/uploads\/2023\/02\/turner-rigi-durchlicht-risse-940-1024x742.jpg 1024w, https:\/\/www.kunstmuseumluzern.ch\/wp-content\/uploads\/2023\/02\/turner-rigi-durchlicht-risse-940-150x109.jpg 150w, https:\/\/www.kunstmuseumluzern.ch\/wp-content\/uploads\/2023\/02\/turner-rigi-durchlicht-risse-940-420x304.jpg 420w, https:&#47;&#x2f;&#x77;&#119;&#x77;&#x2e;k&#x75;&#x6e;s&#116;&#x6d;u&#115;&#x65;u&#109;&#x6c;u&#122;&#x65;r&#110;&#x2e;&#x63;&#104;&#x2f;&#x77;&#112;&#x2d;&#x63;o&#x6e;&#x74;e&#110;&#x74;\/&#117;&#x70;l&#111;&#x61;d&#115;&#x2f;2&#48;&#x32;&#x33;&#47;&#x30;&#x32;&#47;&#x74;&#x75;r&#x6e;&#x65;r&#45;&#x72;i&#103;&#x69;-&#100;&#x75;r&#99;&#x68;l&#105;&#x63;&#x68;&#116;&#x2d;&#x72;&#105;&#x73;&#x73;e&#x2d;&#x39;4&#48;&#x2d;3&#48;&#x30;x&#50;&#x31;7&#64;&#x32;x&#46;&#x6a;&#x70;&#103; 600w, https:&#47;&#x2f;&#119;&#x77;w&#46;&#x6b;&#117;&#x6e;s&#x74;m&#117;&#x73;&#101;&#x75;m&#x6c;&#x75;&#122;&#x65;r&#x6e;&#46;&#99;&#x68;&#47;&#x77;p&#x2d;c&#111;&#x6e;&#116;&#x65;n&#116;&#x2f;&#117;&#x70;l&#x6f;a&#100;&#x73;&#47;&#x32;0&#x32;&#x33;&#47;&#x30;&#50;&#x2f;t&#117;&#x72;&#110;&#x65;r&#x2d;r&#105;&#x67;&#105;&#x2d;d&#x75;&#x72;&#99;&#x68;l&#x69;c&#104;&#x74;&#45;&#x72;i&#x73;s&#101;&#x2d;&#57;&#x34;0&#45;&#x34;&#50;&#x30;x&#x33;0&#52;&#x40;&#50;&#x78;&#46;&#x6a;&#x70;&#103; 840w\" sizes=\"(max-width: 1297px) 100vw, 1297px\" \/>        <\/div>        \n        \n              <\/div>\n              \n    <\/div>\n\n    <div class=\"swiper-button-prev\"><\/div>\n    <div class=\"swiper-button-next\"><\/div>\n    <div class=\"swiper-pagination\"><\/div>\n    <div class=\"swiper-caption\"><\/div>\n  <\/div>\n\n<\/div>\n","protected":false},"excerpt":{"rendered":"<p>Restoration of Turners Watercolour The fantastic watercolour was acquired for the collection at the end of the exhibition Turner. The Sea and the Alps 2019 for the collection of the Kunstmuseum Luzern. For the exhibition ABC of Images Reading the Collection, it has been examined in detail and restored. This most expensive purchase in the [&hellip;]<\/p>\n","protected":false},"author":7,"featured_media":0,"parent":22176,"menu_order":0,"comment_status":"closed","ping_status":"closed","template":"","meta":{"_acf_changed":false,"_seopress_robots_primary_cat":"","_seopress_titles_title":"","_seopress_titles_desc":"","_seopress_robots_index":"","inline_featured_image":false,"ghostkit_customizer_options":"","ghostkit_custom_css":"","ghostkit_custom_js_head":"","ghostkit_custom_js_foot":"","ghostkit_typography":"","footnotes":""},"tags":[],"class_list":["post-24740","page","type-page","status-publish","hentry"],"acf":[],"_links":{"self":[{"href":"https:\/\/www.kunstmuseumluzern.ch\/en\/wp-json\/wp\/v2\/pages\/24740","targetHints":{"allow":["GET"]}}],"collection":[{"href":"https:\/\/www.kunstmuseumluzern.ch\/en\/wp-json\/wp\/v2\/pages"}],"about":[{"href":"https:\/\/www.kunstmuseumluzern.ch\/en\/wp-json\/wp\/v2\/types\/page"}],"author":[{"embeddable":true,"href":"https:\/\/www.kunstmuseumluzern.ch\/en\/wp-json\/wp\/v2\/users\/7"}],"replies":[{"embeddable":true,"href":"https:\/\/www.kunstmuseumluzern.ch\/en\/wp-json\/wp\/v2\/comments?post=24740"}],"version-history":[{"count":6,"href":"https:\/\/www.kunstmuseumluzern.ch\/en\/wp-json\/wp\/v2\/pages\/24740\/revisions"}],"predecessor-version":[{"id":119976,"href":"https:\/\/www.kunstmuseumluzern.ch\/en\/wp-json\/wp\/v2\/pages\/24740\/revisions\/119976"}],"up":[{"embeddable":true,"href":"https:\/\/www.kunstmuseumluzern.ch\/en\/wp-json\/wp\/v2\/pages\/22176"}],"wp:attachment":[{"href":"https:\/\/www.kunstmuseumluzern.ch\/en\/wp-json\/wp\/v2\/media?parent=24740"}],"wp:term":[{"taxonomy":"post_tag","embeddable":true,"href":"https:\/\/www.kunstmuseumluzern.ch\/en\/wp-json\/wp\/v2\/tags?post=24740"}],"curies":[{"name":"wp","href":"https:\/\/api.w.org\/{rel}","templated":true}]}}