{"id":24744,"date":"2024-02-07T19:38:15","date_gmt":"2024-02-07T18:38:15","guid":{"rendered":"https:\/\/www.kunstmuseumluzern.ch\/museum\/partners\/best\/"},"modified":"2026-01-23T09:50:52","modified_gmt":"2026-01-23T08:50:52","slug":"best-art-collection-luzern","status":"publish","type":"page","link":"https:\/\/www.kunstmuseumluzern.ch\/en\/museum\/partners\/best-art-collection-luzern\/","title":{"rendered":"Foundation Best Art Collection Luzern"},"content":{"rendered":"\n<figure class=\"wp-block-image alignwide size-full\"><img decoding=\"async\" width=\"2759\" height=\"1060\" src=\"https:\/\/www.kunstmuseumluzern.ch\/wp-content\/uploads\/2024\/09\/best-rondinone-6mai2024-banner.jpg\" alt=\"Ugo Rondinone, sechstermaizweitausendundvierundzwanzig, 2024, Acryl auf Leinwand, 400 \u00d7 600 cm, Kunstmuseum Luzern, Depositum der Stiftung BEST Art Collection Luzern, vormals Bernhard Eglin-Stiftung, Foto: Studio Rondinone\" class=\"wp-image-122583\" srcset=\"https:\/\/www.kunstmuseumluzern.ch\/wp-content\/uploads\/2024\/09\/best-rondinone-6mai2024-banner.jpg 2759w, https:&#x2f;&#47;w&#x77;&#x77;&#46;k&#x75;&#110;s&#x74;&#x6d;&#117;s&#x65;&#117;m&#x6c;&#x75;&#122;e&#x72;&#x6e;&#46;&#x63;&#x68;&#47;w&#x70;&#x2d;&#99;o&#x6e;&#116;e&#x6e;&#x74;&#47;u&#x70;&#108;o&#x61;&#x64;&#115;\/&#x32;&#x30;&#50;&#x34;&#x2f;&#48;9&#x2f;&#x62;&#101;s&#x74;&#45;r&#x6f;&#x6e;&#100;i&#x6e;&#111;n&#x65;&#x2d;&#54;m&#x61;&#x69;&#50;&#x30;&#x32;&#52;-&#x62;&#x61;&#110;n&#x65;&#114;-&#x31;&#x35;&#48;x&#x35;&#56;&#64;&#x32;&#x78;&#46;j&#x70;&#x67; 300w, https:\/\/www.kunstmuseumluzern.ch\/wp-content\/uploads\/2024\/09\/best-rondinone-6mai2024-banner-1024x393.jpg 1024w, https:\/\/www.kunstmuseumluzern.ch\/wp-content\/uploads\/2024\/09\/best-rondinone-6mai2024-banner-150x58.jpg 150w, https:\/\/www.kunstmuseumluzern.ch\/wp-content\/uploads\/2024\/09\/best-rondinone-6mai2024-banner-420x161.jpg 420w, https:&#x2f;&#47;w&#x77;&#119;&#46;&#x6b;&#117;n&#x73;&#116;m&#x75;&#115;e&#x75;&#x6d;l&#x75;&#x7a;&#101;&#x72;&#x6e;&#46;&#x63;&#x68;&#47;w&#x70;&#45;c&#x6f;&#110;t&#x65;&#110;t&#x2f;&#117;p&#x6c;&#x6f;a&#x64;&#x73;&#47;&#x32;&#x30;&#50;&#x34;&#x2f;&#48;9&#x2f;&#98;e&#x73;&#116;-&#x72;&#111;n&#x64;&#105;n&#x6f;&#x6e;e&#x2d;&#x36;&#109;&#x61;&#x69;&#50;&#x30;&#x32;&#52;-&#x62;&#97;n&#x6e;&#101;r&#x2d;&#51;0&#x30;&#120;1&#x31;&#x35;&#64;&#x32;&#x78;&#46;&#x6a;&#x70;&#103; 600w, https:&#x2f;&#x2f;&#x77;&#119;&#119;&#46;k&#x75;&#x6e;&#x73;&#x74;&#109;&#117;se&#x75;&#x6d;&#x6c;&#117;&#122;&#101;rn&#x2e;&#x63;&#x68;&#47;&#119;p-&#x63;&#x6f;&#x6e;&#x74;&#101;&#110;t\/&#x75;&#x70;&#x6c;&#111;&#97;&#100;s\/&#x32;&#x30;&#x32;&#52;&#47;09&#x2f;&#x62;&#x65;&#x73;&#116;&#45;ro&#x6e;&#x64;&#x69;&#110;&#111;&#110;e-&#x36;&#x6d;&#x61;&#105;&#50;&#48;2&#x34;&#x2d;&#x62;&#x61;&#110;&#110;er&#x2d;&#x31;&#x30;&#x32;&#52;&#120;39&#x33;&#x40;&#x32;&#120;&#46;&#106;p&#x67; 2048w, https:&#x2f;&#47;&#x77;&#x77;&#119;&#x2e;&#x6b;&#117;&#x6e;&#x73;&#116;&#x6d;&#x75;s&#x65;&#x75;m&#x6c;&#117;z&#x65;&#114;n&#x2e;&#99;h&#x2f;&#119;p&#x2d;&#99;o&#x6e;&#116;e&#x6e;&#116;\/&#x75;&#112;l&#x6f;&#97;d&#x73;&#47;2&#x30;&#50;&#x34;&#x2f;&#48;&#x39;&#x2f;&#98;&#x65;&#x73;&#116;&#x2d;&#x72;&#111;&#x6e;&#x64;i&#x6e;&#x6f;n&#x65;&#45;6&#x6d;&#97;i&#x32;&#48;2&#x34;&#45;b&#x61;&#110;n&#x65;&#114;-&#x34;&#50;0&#x78;&#49;6&#x31;&#64;2&#x78;&#46;j&#x70;&#103; 840w\" sizes=\"(max-width: 2759px) 100vw, 2759px\" \/><figcaption class=\"wp-element-caption\">Ugo Rondinone, sechstermaizweitausendundvierundzwanzig, 2024, Acryl auf Leinwand, 400 \u00d7 600 cm, Kunstmuseum Luzern, Depositum der Stiftung BEST Art Collection Luzern, vormals Bernhard Eglin-Stiftung, Foto: Studio Rondinone<\/figcaption><\/figure>\n\n\n\n<div style=\"height:60px\" aria-hidden=\"true\" class=\"wp-block-spacer\"><\/div>\n\n\n\n<h2 class=\"wp-block-heading\" id=\"foundation-best-art-collection-luzern\" id=\"foundation-best-art-collection-luzern\">Foundation Best Art Collection Luzern<\/h2>\n\n\n\n<div style=\"height:30px\" aria-hidden=\"true\" class=\"wp-block-spacer\"><\/div>\n\n\n\n<p>The foundation BEST Art Collection Luzern is dedicated to the gratifying task of acquiring art for the public. In so doing, it supports one of the museum\u2019s main objectives, which the Kunstgesellschaft Luzern (Lucerne Art Society) also set itself when it was founded in 1819, that of creating a picture archive for society.<\/p>\n\n\n\n<p>The foundation BEST Art Collection Luzern regularly acquires important works and gives them to the museum on permanent loan. The acquisitions are made in accordance with Kunstmuseum Luzern\u2019s collection concept. All the members of the Board of Trustees provide at least 2,000 francs each annually for the purchases. In addition, the Board of Trustees of the foundation BEST Art Collection Luzern aims to persuade institutions, businesses and individuals from their personal environment to make bequests and donations in support of the Kunstmuseum Luzern\u2019s collection. Thanks to this commitment, the Kunstmuseum has received many important works in recent years, for example, by the Turner prize-winner Laure Prouvost, the painter Christine Streuli, who represented Switzerland at the 2007 Venice Biennale, the media artist Clemens von Wedemeyer, and Vivian Suter, who was honoured with the Swiss Grand Award for Art in 2021. The foundation currently owns some 200 works with a total value of 25 million francs. <\/p>\n\n\n\n<p>The foundation council is made up of personalities from Central Switzerland. The new acquisition projects are presented and discussed at the annual session of the foundation council. In the course of each year the foundation council members meet for various events involving art, debate and socialising. The varied programme is complemented by excursions to institutions that have borrowed BEST works and visits to artists\u2019 studios or other art venues.<\/p>\n\n\n\n<div style=\"height:60px\" aria-hidden=\"true\" class=\"wp-block-spacer\"><\/div>\n\n\n\n<div class=\"wp-block-columns alignwide no-gap is-layout-flex wp-container-core-columns-is-layout-28f84493 wp-block-columns-is-layout-flex\">\n<div class=\"wp-block-column is-layout-flow wp-block-column-is-layout-flow\">\n<div class=\"wp-block-pb-accordion-item c-accordion__item js-accordion-item no-js\" data-initially-open=\"false\" data-click-to-close=\"true\" data-auto-close=\"true\" data-scroll=\"false\" data-scroll-offset=\"0\"><h2 id=\"at-247440\" class=\"c-accordion__title js-accordion-controller\" role=\"button\" id=\"contact\">Contact<\/h2><div id=\"ac-247440\" class=\"c-accordion__content\">\n<p><strong><strong>Collection Curator<\/strong><br><\/strong><a href=\"mailto: &#97;l&#x65;x&#x61;n&#x64;&#114;&#x61;&#46;&#x62;&#108;a&#x65;t&#x74;l&#x65;&#114;&#x40;&#107;&#x75;&#110;&#x73;&#116;m&#x75;s&#x65;u&#x6d;&#108;&#x75;&#122;&#x65;&#114;&#x6e;&#46;c&#x68;\">Alexandra Bl\u00e4ttler<\/a>, +41 41 226 78 93 (Di-Do)<\/p>\n\n\n\n<p><strong>\u00c9v\u00e9nements et partenariats<br><\/strong><a href=\"mailto: &#x73;&#x6f;&#x6e;&#x6a;&#x61;&#x2e;&#x66;&#x75;&#x63;&#x68;&#x73;&#64;&#107;&#117;&#110;&#115;&#116;&#109;useuml&#x75;&#x7a;&#x65;&#x72;&#x6e;&#x2e;&#x63;&#x68;\">Sonja Fuchs<\/a>, +41 41 226 78 12 (Di\/Fr)<\/p>\n<\/div><\/div>\n\n\n\n<div class=\"wp-block-pb-accordion-item c-accordion__item js-accordion-item no-js\" data-initially-open=\"false\" data-click-to-close=\"true\" data-auto-close=\"true\" data-scroll=\"false\" data-scroll-offset=\"0\"><h2 id=\"at-247441\" class=\"c-accordion__title js-accordion-controller\" role=\"button\" id=\"bank-account\">Bank account<\/h2><div id=\"ac-247441\" class=\"c-accordion__content\">\n<p>Credit Suisse <br>IBAN CH68 0483 5030 5900 8100 0<\/p>\n\n\n\n<p>Stiftung BEST Art Collection Luzern<\/p>\n<\/div><\/div>\n<\/div>\n\n\n\n<div class=\"wp-block-column is-layout-flow wp-block-column-is-layout-flow\">\n<div class=\"wp-block-pb-accordion-item c-accordion__item js-accordion-item no-js\" data-initially-open=\"false\" data-click-to-close=\"true\" data-auto-close=\"true\" data-scroll=\"false\" data-scroll-offset=\"0\"><h2 id=\"at-247442\" class=\"c-accordion__title js-accordion-controller\" role=\"button\" id=\"board-of-trustees\">Board of Trustees<\/h2><div id=\"ac-247442\" class=\"c-accordion__content\">\n<p><strong>President<\/strong><br>Martin Ege<\/p>\n\n\n\n<p><strong>Vice President<\/strong><br>Andreas Schoch<\/p>\n\n\n\n<p><strong>Board of Trustees <\/strong><br>Christine Anliker, Laura Breitschmid, Janet Briner-L\u00fcthy, Ursula Burger, Andrea Cometti, Sonja da Silva dos Santos, J\u00f6rg Denzler, Patrick D\u00f6\u00f6s, Martin Ege, Simone Eggstein, Marc Emanuel Eggstein, Thomas Filzer, Gina Furrer, Jo\u00ebl Gessler, Philipp Gm\u00fcr, Walter Graf, Marianne Hess-Odoni, Hubert Hofmann, Nicolai Kalinowsky, Christine Luckhardt, Benedikt Marbet, Armando Meletta, Andrea Meule, Marcel Neuenschwander, Dino Pavic, Thomas Peter, J\u00fcrg Purtschert-Kuhn, Birgit Roller, Hubert R\u00fcedi, Susanne Ruoss, Andreas Schoch, Anne Schw\u00f6bel, Hanspeter Steiger, Edwin Steiner, Verena Theiler, Peter T\u00fcfer, Oskar Vonmoos, Nicole Ziltener<\/p>\n\n\n\n<p><strong>ex officio<\/strong><br>Andi Scheitlin, Kunstgesellschaft Luzern<br>Fanni Fetzer, Director Kunstmuseum Luzern<br>Alexandra Bl\u00e4ttler, Kunstmuseum Luzern<\/p>\n<\/div><\/div>\n<\/div>\n<\/div>\n\n\n\n<div style=\"height:40px\" aria-hidden=\"true\" class=\"wp-block-spacer\"><\/div>\n\n\n\n<div class=\"wp-block-buttons is-content-justification-center is-layout-flex wp-container-core-buttons-is-layout-a89b3969 wp-block-buttons-is-layout-flex\">\n<div class=\"wp-block-button is-style-download\"><a class=\"wp-block-button__link wp-element-button\" href=\"https:\/\/www.kunstmuseumluzern.ch\/wp-content\/uploads\/2024\/02\/best-broschuere.pdf\" target=\"_blank\" rel=\"noreferrer noopener\">Best Booklet (German)<\/a><\/div>\n<\/div>\n\n\n\n<div style=\"height:60px\" aria-hidden=\"true\" class=\"wp-block-spacer\"><\/div>\n\n\n\n<h3 class=\"wp-block-heading\" id=\"current-acquisition-project\" id=\"acquisition-project-2024-2025\">Acquisition project 2024\/2025<\/h3>\n\n\n\n<p>Ugo Rondinone (*1964) is considered to be one of the most important contemporary Swiss artists. He has received numerous art prizes and represented Switzerland at the 52<sup>nd<\/sup> Venice Biennale in 2007. The artist grew up in Brunnen, but over the course of his international career has adopted New York as his main place of residence, while at the same time always maintaining close ties with Central Switzerland. Ugo Rondinone\u2019s connections with the Kunstmuseum Luzern go back a long time. In 1989 he took part in the Christmas exhibition <em>Weihnachtsausstellung Innerschweizer K\u00fcnstler<\/em> and won the Exhibition Prize of the Kunstgesellschaft, which enabled him to mount a solo exhibition the following year. At that exhibition, the artist presented detailed ink landscape drawings, which today are in the Kunstmuseum\u2019s collection. Ugo Rondinone is returning to his home country in 2024 with the retrospective <em>Cry Me a River<\/em>. For this exhibition he has created two new paintings in which he captures the view from Brunnen across the Vierwaldst\u00e4ttersee Lake, by day and by night. Visitors stand almost reverently in front of these striking landscapes rendered minimally with flat areas in five shades of blue. By way of a tribute to F\u00e9lix Vallaton and Ferdinand Hodler, both of whom captured the overwhelming beauty of the Swiss landscape, Ugo Rondinone joins the ranks of that tradition. Whereas the artist has donated the night-time version (<em>siebtermaizweitausendundvierundzwanzig<\/em>, 2024) to the Kunstmuseum Luzern, the BEST Art Collection Luzern foundation collected funds to purchase the day version (<em>sechstermaizweitausendundvierundzwanzig<\/em>, 2024) in the form of generous contributions from the foundation\u2019s council members.<\/p>\n\n\n\n<p class=\"has-simplon-bp-font-family has-small-font-size\"><strong>Ugo Rondinone<br><em>sechstermaizweitausendundvierundzwanzig<\/em>, 2024<\/strong><br>Acrylic on canvas, 400 \u00d7 600 cm<br>Amount: CHF 360.000 (incl. museum discount)<\/p>\n\n\n\n<div style=\"height:60px\" aria-hidden=\"true\" class=\"wp-block-spacer\"><\/div>\n\n\n\n<div class=\"wp-block-slider alignfull\">\n\n  <div class=\"swiper-container\">\n    <div class=\"swiper-wrapper\">\n\n      \n            <div class=\"swiper-slide\" data-index=\"0\">\n                <div data-caption=\"Ugo Rondinone, sechstermaizweitausendundvierundzwanzig, 2024, Acryl auf Leinwand, 400 \u00d7 600 cm, Kunstmuseum Luzern, Depositum der Stiftung BEST Art Collection Luzern, vormals Bernhard Eglin-Stiftung, Foto: Studio Rondinone\">          <img decoding=\"async\" width=\"2116\" height=\"1400\" src=\"https:\/\/www.kunstmuseumluzern.ch\/wp-content\/uploads\/2023\/04\/2024-rondinone-6mai2024.jpg\" class=\"attachment-gallery_image size-gallery_image\" alt=\"Ugo Rondinone, sechstermaizweitausendundvierundzwanzig, 2024, Acryl auf Leinwand, 400 \u00d7 600 cm, Kunstmuseum Luzern, Depositum der Stiftung BEST Art Collection Luzern, vormals Bernhard Eglin-Stiftung, Foto: Studio Rondinone\" srcset=\"https:\/\/www.kunstmuseumluzern.ch\/wp-content\/uploads\/2023\/04\/2024-rondinone-6mai2024.jpg 2116w, https:\/&#47;&#119;&#x77;&#x77;&#x2e;k&#117;&#110;&#x73;&#x74;&#x6d;us&#101;&#x75;&#x6d;&#x6c;uz&#101;&#114;&#x6e;&#x2e;&#x63;h&#47;&#119;&#x70;&#x2d;&#x63;o&#110;&#116;&#x65;&#x6e;&#x74;\/u&#112;&#x6c;&#x6f;&#x61;ds&#47;&#50;&#x30;&#x32;&#x33;\/&#48;&#52;&#x2f;&#x32;&#x30;2&#52;&#45;&#x72;&#x6f;&#x6e;di&#110;&#x6f;&#x6e;&#x65;-6&#109;&#97;&#x69;&#x32;&#x30;2&#52;&#45;&#x31;&#x35;&#x30;x&#57;&#57;&#x40;&#x32;&#x78;&#46;j&#112;&#x67; 300w, https:\/\/www.kunstmuseumluzern.ch\/wp-content\/uploads\/2023\/04\/2024-rondinone-6mai2024-1024x678.jpg 1024w, https:\/\/www.kunstmuseumluzern.ch\/wp-content\/uploads\/2023\/04\/2024-rondinone-6mai2024-150x99.jpg 150w, https:\/\/www.kunstmuseumluzern.ch\/wp-content\/uploads\/2023\/04\/2024-rondinone-6mai2024-420x278.jpg 420w, https:&#47;&#47;&#x77;&#x77;&#119;&#46;&#x6b;&#x75;&#110;&#115;&#x74;&#x6d;&#117;&#115;&#x65;&#x75;&#109;&#108;&#x75;&#x7a;&#101;&#114;&#x6e;&#x2e;&#99;&#104;&#x2f;&#x77;&#112;&#45;&#x63;&#x6f;&#110;&#116;&#x65;&#x6e;&#116;&#47;&#x75;&#x70;&#108;&#111;&#x61;&#x64;&#115;&#47;&#x32;&#x30;&#50;&#51;&#x2f;&#x30;&#52;&#47;&#x32;&#x30;&#50;&#52;&#x2d;&#x72;&#111;&#110;&#x64;&#x69;&#110;&#111;&#x6e;&#x65;&#45;&#54;&#x6d;&#x61;&#105;&#50;&#x30;&#x32;&#52;&#45;&#x33;&#x30;&#48;&#120;&#x31;&#x39;&#56;&#64;&#x32;&#x78;&#46;&#106;&#x70;&#x67; 600w, https:\/&#47;&#119;&#x77;&#x77;&#46;&#107;&#117;&#x6e;&#x73;&#x74;m&#117;&#115;&#x65;&#x75;ml&#117;&#x7a;&#x65;&#x72;n&#46;&#99;&#x68;&#x2f;wp&#45;&#x63;&#x6f;&#x6e;t&#101;&#110;&#x74;&#x2f;up&#108;&#x6f;&#x61;&#x64;s&#47;&#50;&#x30;&#x32;&#x33;\/&#48;&#52;&#x2f;&#x32;0&#50;&#52;&#x2d;&#x72;&#x6f;n&#100;&#105;&#x6e;&#x6f;ne&#45;&#x36;&#x6d;&#x61;i&#50;&#48;&#x32;&#x34;-1&#48;&#x32;&#x34;&#x78;6&#55;&#56;&#x40;&#x32;x&#46;&#106;&#x70;&#x67; 2048w, https:&#x2f;&#x2f;&#x77;&#119;&#119;&#46;ku&#x6e;&#x73;&#x74;&#x6d;&#117;&#115;eu&#x6d;&#x6c;&#x75;&#x7a;&#101;&#114;n&#46;&#x63;&#x68;&#x2f;&#x77;&#112;&#45;&#99;on&#x74;&#x65;&#x6e;&#x74;&#47;&#117;pl&#x6f;&#x61;&#x64;&#x73;&#47;&#50;02&#x33;&#x2f;&#x30;&#x34;&#47;&#50;&#48;24&#x2d;&#x72;&#x6f;&#x6e;&#100;&#105;no&#x6e;&#x65;&#x2d;&#x36;&#109;&#97;i2&#x30;&#x32;&#x34;&#x2d;&#52;&#50;&#48;x2&#x37;&#x38;&#x40;&#x32;&#120;&#46;jp&#x67; 840w\" sizes=\"(max-width: 2116px) 100vw, 2116px\" \/>        <\/div>        \n        \n              <\/div>\n                    <div class=\"swiper-slide\" data-index=\"1\">\n                <div data-caption=\"Sonja Sekula, Chinatree, 1960, Ankauf 2008\">          <img decoding=\"async\" width=\"994\" height=\"1400\" src=\"https:\/\/www.kunstmuseumluzern.ch\/wp-content\/uploads\/2023\/04\/sekula-sonja-chinatree.jpg\" class=\"attachment-gallery_image size-gallery_image\" alt=\"\" srcset=\"https:\/\/www.kunstmuseumluzern.ch\/wp-content\/uploads\/2023\/04\/sekula-sonja-chinatree.jpg 994w, https:&#x2f;&#x2f;&#x77;&#x77;&#x77;&#46;&#107;&#117;&#110;stm&#x75;&#x73;&#x65;&#x75;&#x6d;&#x6c;&#117;&#122;&#101;rn&#46;&#x63;&#x68;&#x2f;&#x77;&#x70;&#x2d;&#99;&#111;&#110;&#116;ent&#x2f;&#x75;&#x70;&#x6c;&#x6f;&#x61;&#100;&#115;&#47;202&#x33;&#x2f;&#x30;&#x34;&#x2f;&#x73;&#101;&#107;&#117;&#108;a-s&#x6f;&#x6e;&#x6a;&#x61;&#x2d;&#x63;&#104;&#105;&#110;atr&#x65;&#x65;&#x2d;&#x31;&#x35;&#x30;&#120;&#50;&#49;&#49;&#64;2x&#x2e;&#x6a;&#x70;&#x67; 300w, https:\/\/www.kunstmuseumluzern.ch\/wp-content\/uploads\/2023\/04\/sekula-sonja-chinatree-150x211.jpg 150w, https:\/\/www.kunstmuseumluzern.ch\/wp-content\/uploads\/2023\/04\/sekula-sonja-chinatree-420x592.jpg 420w, https:&#x2f;&#47;w&#x77;&#119;&#46;&#x6b;&#117;n&#x73;&#116;m&#x75;&#115;e&#x75;&#x6d;l&#x75;&#x7a;&#101;&#x72;&#x6e;&#46;&#x63;&#x68;&#47;w&#x70;&#45;c&#x6f;&#110;t&#x65;&#110;t&#x2f;&#117;p&#x6c;&#x6f;a&#x64;&#x73;&#47;&#x32;&#x30;&#50;&#x33;&#x2f;&#48;4&#x2f;&#115;e&#x6b;&#117;l&#x61;&#45;s&#x6f;&#110;j&#x61;&#x2d;c&#x68;&#x69;&#110;&#x61;&#x74;&#114;&#x65;&#x65;&#45;3&#x30;&#48;x&#x34;&#50;3&#x40;&#50;x&#x2e;&#106;p&#x67; 600w, https:&#47;&#x2f;&#119;&#x77;&#119;&#x2e;&#107;&#x75;n&#x73;t&#x6d;u&#x73;e&#117;&#x6d;&#108;&#x75;&#122;&#x65;&#114;&#x6e;&#46;&#x63;h&#x2f;w&#x70;-&#x63;o&#110;&#x74;&#101;&#x6e;&#116;&#x2f;&#117;&#x70;&#108;&#x6f;a&#x64;s&#x2f;2&#x30;2&#51;&#x2f;&#48;&#x34;&#47;&#x73;&#101;&#x6b;&#117;&#x6c;a&#x2d;s&#x6f;n&#106;a&#45;&#x63;&#104;&#x69;&#110;&#x61;&#116;&#x72;&#101;&#x65;-&#x34;2&#x30;x&#53;9&#50;&#x40;&#50;&#x78;&#46;&#x6a;&#112;&#x67; 840w\" sizes=\"(max-width: 994px) 100vw, 994px\" \/>        <\/div>        \n        \n              <\/div>\n                    <div class=\"swiper-slide\" data-index=\"2\">\n                <div data-caption=\"Robert Z\u00fcnd, Eichwald, 1859, Ankauf 1942\">          <img decoding=\"async\" width=\"1874\" height=\"1400\" src=\"https:\/\/www.kunstmuseumluzern.ch\/wp-content\/uploads\/2023\/04\/zuend-robert-eichwald.jpg\" class=\"attachment-gallery_image size-gallery_image\" alt=\"\" srcset=\"https:\/\/www.kunstmuseumluzern.ch\/wp-content\/uploads\/2023\/04\/zuend-robert-eichwald.jpg 1874w, https:\/&#47;&#x77;&#x77;&#x77;&#46;&#107;&#x75;&#x6e;&#x73;t&#109;&#x75;&#x73;&#x65;u&#109;&#x6c;&#x75;&#x7a;e&#114;&#x6e;&#x2e;&#x63;h&#47;&#x77;&#x70;&#x2d;c&#111;&#x6e;&#x74;&#x65;n&#116;&#x2f;&#x75;&#x70;l&#111;&#x61;&#x64;&#x73;\/&#50;&#x30;&#x32;&#x33;\/&#48;&#x34;&#x2f;&#x7a;u&#101;&#x6e;&#x64;&#x2d;r&#111;&#x62;&#x65;&#x72;t&#45;&#x65;&#x69;&#x63;h&#119;&#x61;&#x6c;&#x64;-&#49;&#x35;&#x30;&#x78;1&#49;&#x32;&#x40;&#x32;x&#46;&#x6a;&#x70;&#x67; 300w, https:\/\/www.kunstmuseumluzern.ch\/wp-content\/uploads\/2023\/04\/zuend-robert-eichwald-1024x765.jpg 1024w, https:\/\/www.kunstmuseumluzern.ch\/wp-content\/uploads\/2023\/04\/zuend-robert-eichwald-150x112.jpg 150w, https:\/\/www.kunstmuseumluzern.ch\/wp-content\/uploads\/2023\/04\/zuend-robert-eichwald-420x314.jpg 420w, https:&#x2f;&#47;w&#x77;&#119;&#46;&#x6b;&#117;n&#x73;&#116;m&#x75;&#115;e&#x75;&#x6d;l&#x75;&#x7a;&#101;&#x72;&#x6e;&#46;&#x63;&#x68;&#47;w&#x70;&#45;c&#x6f;&#110;t&#x65;&#110;t&#x2f;&#117;p&#x6c;&#x6f;a&#x64;&#x73;&#47;&#x32;&#x30;&#50;&#x33;&#x2f;&#48;4&#x2f;&#122;u&#x65;&#110;d&#x2d;&#114;o&#x62;&#101;r&#x74;&#x2d;e&#x69;&#x63;&#104;&#x77;&#x61;&#108;&#x64;&#x2d;&#51;0&#x30;&#120;2&#x32;&#52;&#64;&#x32;&#120;&#46;&#x6a;&#112;g 600w, https:\/\/&#119;&#119;&#119;&#x2e;&#x6b;&#x75;&#x6e;st&#109;&#117;&#115;&#x65;&#x75;&#x6d;&#x6c;uz&#101;&#114;&#110;&#x2e;&#x63;&#x68;&#x2f;wp&#45;&#99;&#111;&#x6e;&#x74;&#x65;&#x6e;t\/&#117;&#112;&#108;&#x6f;&#x61;&#x64;&#x73;\/2&#48;&#50;&#51;&#x2f;&#x30;&#x34;&#x2f;zu&#101;&#110;&#100;&#x2d;&#x72;&#x6f;&#x62;er&#116;&#45;&#101;&#x69;&#x63;&#x68;&#x77;al&#100;&#45;&#52;&#x32;&#x30;&#x78;&#x33;14&#64;&#50;&#120;&#x2e;&#x6a;&#x70;&#x67; 840w\" sizes=\"(max-width: 1874px) 100vw, 1874px\" \/>        <\/div>        \n        \n              <\/div>\n                    <div class=\"swiper-slide\" data-index=\"3\">\n                <div data-caption=\"Johann Heinrich F\u00fcssli, Beatrice belauscht Hero und Ursula, um 1789, Ankauf 1933\">          <img decoding=\"async\" width=\"1272\" height=\"1400\" src=\"https:\/\/www.kunstmuseumluzern.ch\/wp-content\/uploads\/2023\/04\/fuessli-Johann-heinrich-beatrice-hero-ursula.jpg\" class=\"attachment-gallery_image size-gallery_image\" alt=\"\" srcset=\"https:\/\/www.kunstmuseumluzern.ch\/wp-content\/uploads\/2023\/04\/fuessli-Johann-heinrich-beatrice-hero-ursula.jpg 1272w, https:&#x2f;&#x2f;&#119;w&#x77;&#x2e;&#107;un&#x73;&#x74;&#109;u&#x73;&#x65;&#117;&#109;l&#x75;&#x7a;&#101;r&#x6e;&#x2e;&#99;&#104;\/&#x77;&#x70;&#45;c&#x6f;&#x6e;&#116;&#101;n&#x74;&#x2f;&#117;p&#x6c;&#x6f;&#97;&#100;s&#x2f;&#x32;&#48;2&#x33;&#x2f;&#x30;&#52;\/&#x66;&#x75;&#101;ss&#x6c;&#x69;&#45;J&#x6f;&#x68;&#97;&#110;n&#x2d;&#x68;&#101;i&#x6e;&#x72;&#105;&#99;h&#x2d;&#x62;&#101;a&#x74;&#x72;&#105;&#99;e&#x2d;&#x68;&#101;r&#x6f;&#x2d;&#117;&#114;s&#x75;&#x6c;&#97;-&#x31;&#x35;&#x30;&#120;1&#x36;&#x35;&#64;2x&#x2e;&#x6a;&#112;g 300w, https:\/\/www.kunstmuseumluzern.ch\/wp-content\/uploads\/2023\/04\/fuessli-Johann-heinrich-beatrice-hero-ursula-1024x1127.jpg 1024w, https:\/\/www.kunstmuseumluzern.ch\/wp-content\/uploads\/2023\/04\/fuessli-Johann-heinrich-beatrice-hero-ursula-150x165.jpg 150w, https:\/\/www.kunstmuseumluzern.ch\/wp-content\/uploads\/2023\/04\/fuessli-Johann-heinrich-beatrice-hero-ursula-420x462.jpg 420w, https:&#47;&#x2f;w&#119;&#x77;&#46;&#107;&#x75;n&#115;&#x74;m&#117;&#x73;&#101;&#x75;&#x6d;&#108;&#x75;&#x7a;&#101;&#x72;n&#46;&#x63;h&#47;&#x77;p&#45;&#x63;o&#110;&#x74;&#101;&#x6e;&#x74;&#47;&#x75;&#x70;&#108;&#x6f;a&#100;&#x73;\/&#50;&#x30;2&#51;&#x2f;0&#52;&#x2f;&#102;&#x75;&#x65;&#115;&#x73;&#x6c;&#105;&#x2d;J&#111;&#x68;a&#110;&#x6e;-&#104;&#x65;i&#110;&#x72;&#105;&#x63;&#x68;&#45;&#x62;&#x65;&#97;&#x74;r&#105;&#x63;e&#45;&#x68;e&#114;&#x6f;-&#117;&#x72;&#115;&#x75;&#x6c;&#97;&#x2d;&#x33;&#48;&#x30;x&#51;&#x33;0&#64;&#x32;x&#46;&#x6a;p&#103; 600w, https:&#x2f;\/&#x77;&#119;w&#x2e;&#107;&#x75;&#x6e;s&#x74;&#109;u&#x73;&#101;&#x75;&#109;l&#x75;&#122;e&#x72;&#110;&#x2e;&#99;h&#x2f;&#119;&#x70;&#x2d;c&#x6f;&#110;t&#x65;&#110;&#x74;&#x2f;u&#x70;&#108;o&#x61;&#100;&#x73;&#47;2&#x30;&#50;&#x33;&#x2f;0&#x34;&#47;f&#x75;&#101;&#x73;&#x73;l&#x69;&#45;J&#x6f;&#104;&#x61;&#110;n&#x2d;&#104;e&#x69;&#110;&#x72;&#105;c&#x68;&#45;&#x62;&#x65;a&#x74;&#114;i&#x63;&#101;&#x2d;&#x68;e&#x72;&#111;-&#x75;&#114;&#x73;&#117;l&#x61;&#45;&#x34;&#x32;0&#x78;&#52;6&#x32;&#64;&#x32;&#x78;&#46;&#x6a;&#112;g 840w\" sizes=\"(max-width: 1272px) 100vw, 1272px\" \/>        <\/div>        \n        \n              <\/div>\n                    <div class=\"swiper-slide\" data-index=\"4\">\n                <div data-caption=\"Clemens von Wedemeyer, Faux Terrain, 2019, Ankauf 2020\">          <img decoding=\"async\" width=\"2489\" height=\"1400\" src=\"https:\/\/www.kunstmuseumluzern.ch\/wp-content\/uploads\/2023\/04\/von-wedemeyer-faux-terrain.jpg\" class=\"attachment-gallery_image size-gallery_image\" alt=\"\" srcset=\"https:\/\/www.kunstmuseumluzern.ch\/wp-content\/uploads\/2023\/04\/von-wedemeyer-faux-terrain.jpg 2489w, https:&#x2f;&#47;w&#x77;&#119;&#46;&#x6b;&#117;n&#x73;&#x74;&#109;&#x75;&#x73;&#101;u&#x6d;&#108;u&#x7a;&#101;r&#x6e;&#x2e;&#99;&#x68;&#x2f;&#119;p&#x2d;&#99;o&#x6e;&#116;e&#x6e;&#116;\/&#x75;&#x70;&#108;&#x6f;&#x61;&#100;s&#x2f;&#50;0&#x32;&#51;\/&#x30;&#x34;&#47;&#x76;&#x6f;&#110;-&#x77;&#101;d&#x65;&#109;e&#x79;&#101;r&#x2d;&#x66;&#97;&#x75;&#x78;&#45;t&#x65;&#114;r&#x61;&#105;n&#x2d;&#x31;&#53;&#x30;&#x78;&#56;4&#x40;&#50;x&#x2e;&#106;p&#x67; 300w, https:\/\/www.kunstmuseumluzern.ch\/wp-content\/uploads\/2023\/04\/von-wedemeyer-faux-terrain-1024x576.jpg 1024w, https:\/\/www.kunstmuseumluzern.ch\/wp-content\/uploads\/2023\/04\/von-wedemeyer-faux-terrain-150x84.jpg 150w, https:\/\/www.kunstmuseumluzern.ch\/wp-content\/uploads\/2023\/04\/von-wedemeyer-faux-terrain-420x236.jpg 420w, https:&#47;&#x2f;&#x77;w&#119;&#x2e;k&#117;&#x6e;&#x73;&#116;&#x6d;&#x75;s&#101;&#x75;m&#108;&#x75;&#x7a;&#101;&#x72;&#x6e;&#46;&#99;&#x68;\/&#119;&#x70;&#x2d;&#99;&#x6f;&#x6e;t&#101;&#x6e;t&#47;&#x75;&#x70;&#108;&#x6f;&#x61;d&#115;&#x2f;2&#48;&#x32;&#x33;&#47;&#x30;&#x34;\/&#118;&#x6f;n&#45;&#x77;&#x65;&#100;&#x65;&#x6d;e&#121;&#x65;r&#45;&#x66;&#x61;&#117;&#x78;&#x2d;t&#101;&#x72;r&#97;&#x69;&#x6e;&#45;&#x33;&#x30;0&#120;&#x31;6&#57;&#x40;&#x32;&#120;&#x2e;&#x6a;p&#103; 600w, https:&#x2f;&#47;w&#x77;&#119;&#46;&#x6b;&#117;n&#x73;&#116;m&#x75;&#115;e&#x75;&#109;l&#x75;&#122;e&#x72;&#110;&#46;&#x63;&#104;\/&#x77;&#112;-&#x63;&#111;n&#x74;&#101;n&#x74;&#47;u&#x70;&#108;o&#x61;&#100;s&#x2f;&#50;0&#x32;&#51;\/&#x30;&#52;\/&#x76;&#111;n&#x2d;&#119;e&#x64;&#101;m&#x65;&#121;e&#x72;&#x2d;f&#x61;&#x75;x&#x2d;&#x74;&#101;&#x72;&#x72;&#97;&#x69;&#x6e;&#45;&#x31;&#x30;&#50;&#x34;&#x78;&#53;&#x37;&#x36;&#64;&#x32;&#x78;&#46;&#x6a;&#x70;&#103; 2048w, https:&#x2f;\/&#x77;w&#x77;&#46;&#x6b;&#117;n&#x73;t&#x6d;&#117;&#x73;&#101;&#x75;&#109;l&#x75;z&#x65;&#114;&#x6e;&#46;&#x63;&#x68;\/&#x77;p&#x2d;&#99;&#x6f;&#110;t&#x65;n&#x74;&#47;&#x75;&#112;&#x6c;&#111;a&#x64;s&#x2f;&#50;&#x30;&#50;&#x33;&#x2f;0&#x34;\/&#x76;&#111;&#x6e;&#45;w&#x65;d&#x65;&#109;&#x65;&#121;&#x65;&#114;-&#x66;a&#x75;&#120;&#x2d;&#116;&#x65;&#x72;r&#x61;i&#x6e;&#45;&#x34;&#50;0&#x78;2&#x33;&#54;&#x40;&#50;&#x78;&#46;j&#x70;g 840w\" sizes=\"(max-width: 2489px) 100vw, 2489px\" \/>        <\/div>        \n        \n              <\/div>\n                    <div class=\"swiper-slide\" data-index=\"5\">\n                <div data-caption=\"Hans Emmenegger, Spiegelung auf dem Wasser, 1908\u20131909, Ankauf 2014\">          <img decoding=\"async\" width=\"2471\" height=\"1400\" src=\"https:\/\/www.kunstmuseumluzern.ch\/wp-content\/uploads\/2023\/04\/emmenegger-hans-spiegelung.jpg\" class=\"attachment-gallery_image size-gallery_image\" alt=\"\" srcset=\"https:\/\/www.kunstmuseumluzern.ch\/wp-content\/uploads\/2023\/04\/emmenegger-hans-spiegelung.jpg 2471w, https:&#x2f;&#x2f;&#119;&#119;w&#x2e;&#x6b;&#x75;&#110;st&#x6d;&#x75;&#115;&#101;u&#x6d;&#x6c;&#x75;&#122;er&#x6e;&#x2e;&#99;&#104;\/&#x77;&#x70;&#x2d;&#99;on&#x74;&#x65;&#110;&#116;\/&#x75;&#x70;&#x6c;&#111;&#97;d&#x73;&#x2f;&#50;&#48;2&#x33;&#x2f;&#x30;&#52;&#47;e&#x6d;&#x6d;&#x65;&#110;eg&#x67;&#x65;&#114;&#45;h&#x61;&#x6e;&#x73;&#45;sp&#x69;&#x65;&#103;&#101;l&#x75;&#x6e;&#x67;&#45;15&#x30;&#x78;&#56;&#53;&#64;&#x32;&#x78;&#x2e;&#106;&#112;g 300w, https:\/\/www.kunstmuseumluzern.ch\/wp-content\/uploads\/2023\/04\/emmenegger-hans-spiegelung-1024x580.jpg 1024w, https:\/\/www.kunstmuseumluzern.ch\/wp-content\/uploads\/2023\/04\/emmenegger-hans-spiegelung-150x85.jpg 150w, https:\/\/www.kunstmuseumluzern.ch\/wp-content\/uploads\/2023\/04\/emmenegger-hans-spiegelung-420x238.jpg 420w, https:&#x2f;&#x2f;&#119;&#119;w&#46;&#x6b;&#x75;&#x6e;&#115;tm&#x75;&#x73;&#x65;&#117;&#109;l&#x75;&#x7a;&#x65;&#114;&#110;&#46;&#x63;&#x68;&#x2f;&#119;&#112;-c&#x6f;&#x6e;&#x74;&#101;nt&#x2f;&#x75;&#x70;&#108;&#111;a&#x64;&#x73;&#x2f;&#50;&#48;2&#x33;&#x2f;&#x30;&#52;&#47;em&#x6d;&#x65;&#x6e;&#101;gg&#x65;&#x72;&#x2d;&#104;&#97;n&#x73;&#x2d;&#x73;&#112;&#105;e&#x67;&#x65;&#x6c;&#117;&#110;g-&#x33;&#x30;&#x30;&#120;17&#x30;&#x40;&#x32;&#120;&#46;j&#x70;&#x67; 600w, https:&#47;\/&#x77;w&#x77;&#46;&#x6b;&#117;&#x6e;&#115;t&#x6d;u&#x73;&#101;&#x75;&#109;&#x6c;&#117;&#x7a;&#101;r&#x6e;&#46;&#x63;&#104;&#x2f;&#119;&#x70;&#45;c&#x6f;n&#x74;&#101;&#x6e;&#116;&#x2f;&#117;&#x70;&#108;o&#x61;d&#x73;&#47;&#x32;&#48;&#x32;&#51;\/&#x30;4&#x2f;&#101;&#x6d;&#109;&#x65;&#110;&#x65;&#103;g&#x65;r&#x2d;&#104;&#x61;&#110;&#x73;&#45;s&#x70;i&#x65;&#103;&#x65;&#108;&#x75;&#110;&#x67;&#45;1&#x30;2&#x34;&#120;&#x35;&#56;&#x30;&#64;2&#x78;&#46;&#x6a;&#112;&#x67; 2048w, https:\/&#47;&#x77;&#x77;&#x77;&#46;&#107;&#117;&#x6e;&#x73;t&#109;&#117;&#x73;&#x65;um&#108;&#x75;&#x7a;&#x65;r&#110;&#x2e;&#x63;&#x68;\/&#119;&#112;&#x2d;&#x63;o&#110;&#116;&#x65;&#x6e;t\/&#117;&#x70;&#x6c;&#x6f;a&#100;&#115;&#x2f;&#x32;0&#50;&#51;&#x2f;&#x30;4&#47;&#101;&#x6d;&#x6d;en&#101;&#x67;&#x67;&#x65;r&#45;&#104;&#x61;&#x6e;s&#45;&#115;&#x70;&#x69;e&#103;&#101;&#x6c;&#x75;ng&#45;&#x34;&#x32;&#x30;x&#50;&#51;&#x38;&#x40;2&#120;&#46;&#x6a;&#x70;g 840w\" sizes=\"(max-width: 2471px) 100vw, 2471px\" \/>        <\/div>        \n        \n              <\/div>\n                    <div class=\"swiper-slide\" data-index=\"6\">\n                <div data-caption=\"Christine Streuli, Crash, Acryl und Lack auf Leinwand, 350 x 850 cm, Kunstmuseum Luzern, Depositum der Stiftung BEST Art Collection Luzern\">          <img decoding=\"async\" width=\"3419\" height=\"1400\" src=\"https:\/\/www.kunstmuseumluzern.ch\/wp-content\/uploads\/2023\/04\/streuli-christine-crash.jpg\" class=\"attachment-gallery_image size-gallery_image\" alt=\"Christine Streuli, Crash, Acryl und Lack auf Leinwand, 350 x 850 cm, Kunstmuseum Luzern, Depositum der Stiftung BEST Art Collection Luzern\" srcset=\"https:\/\/www.kunstmuseumluzern.ch\/wp-content\/uploads\/2023\/04\/streuli-christine-crash.jpg 3419w, https:&#x2f;&#47;w&#x77;&#119;&#46;&#x6b;&#117;n&#x73;&#116;m&#x75;&#115;e&#x75;&#109;l&#x75;&#122;e&#x72;&#110;&#46;&#x63;&#104;\/&#x77;&#112;-&#x63;&#111;n&#x74;&#101;n&#x74;&#47;u&#x70;&#108;o&#x61;&#100;s&#x2f;&#50;0&#x32;&#51;\/&#x30;&#52;\/&#x73;&#116;r&#x65;&#117;l&#x69;&#45;c&#x68;&#114;i&#x73;&#x74;i&#x6e;&#x65;-&#x63;&#x72;&#97;&#x73;&#x68;&#45;&#x31;&#x35;&#48;&#x78;&#x36;&#49;&#x40;&#x32;&#120;&#x2e;&#x6a;&#112;&#x67; 300w, https:\/\/www.kunstmuseumluzern.ch\/wp-content\/uploads\/2023\/04\/streuli-christine-crash-1024x419.jpg 1024w, https:\/\/www.kunstmuseumluzern.ch\/wp-content\/uploads\/2023\/04\/streuli-christine-crash-150x61.jpg 150w, https:\/\/www.kunstmuseumluzern.ch\/wp-content\/uploads\/2023\/04\/streuli-christine-crash-420x172.jpg 420w, https:\/&#47;&#x77;&#x77;&#x77;&#46;&#107;&#117;&#x6e;&#x73;t&#109;&#117;&#x73;&#x65;um&#108;&#x75;&#x7a;&#x65;r&#110;&#x2e;&#x63;&#x68;\/&#119;&#112;&#x2d;&#x63;o&#110;&#116;&#x65;&#x6e;t\/&#117;&#x70;&#x6c;&#x6f;a&#100;&#115;&#x2f;&#x32;0&#50;&#51;&#x2f;&#x30;4&#47;&#115;&#x74;&#x72;eu&#108;&#x69;&#x2d;&#x63;h&#114;&#105;&#x73;&#x74;i&#110;&#101;&#x2d;&#x63;r&#97;&#115;&#x68;&#x2d;30&#48;&#x78;&#x31;&#x32;3&#64;&#50;&#x78;&#x2e;j&#112;&#103; 600w, https:\/&#47;&#x77;&#x77;&#x77;&#46;&#107;&#x75;&#x6e;&#x73;t&#109;&#x75;&#x73;&#x65;u&#109;&#x6c;&#x75;&#x7a;e&#114;&#x6e;&#x2e;&#x63;h&#47;&#x77;&#x70;&#x2d;c&#111;&#x6e;&#x74;&#x65;n&#116;&#x2f;&#x75;&#x70;l&#111;&#x61;&#x64;&#x73;\/&#50;&#x30;&#x32;&#x33;\/&#48;&#x34;&#x2f;&#x73;t&#114;&#x65;&#x75;&#x6c;i&#45;&#x63;&#x68;&#x72;i&#115;&#x74;&#x69;&#x6e;e&#45;&#x63;&#x72;&#x61;s&#104;&#x2d;&#x31;&#x30;2&#52;&#x78;&#x34;&#x31;9&#64;&#x32;&#x78;&#x2e;j&#112;&#x67; 2048w, https:&#47;&#x2f;w&#119;&#x77;&#46;&#107;&#x75;n&#x73;&#x74;&#109;&#x75;s&#101;&#x75;m&#108;&#x75;z&#x65;&#x72;&#110;&#x2e;&#x63;&#104;&#x2f;w&#112;&#x2d;c&#111;&#x6e;t&#x65;&#x6e;&#116;&#x2f;u&#112;&#x6c;o&#97;&#x64;s&#x2f;&#x32;&#48;&#x32;&#x33;&#47;&#x30;4&#47;&#x73;t&#114;&#x65;u&#x6c;&#x69;&#45;&#x63;h&#114;&#x69;s&#116;&#x69;n&#x65;&#x2d;&#99;&#x72;&#x61;&#115;&#x68;-&#52;&#x32;0&#120;&#x31;7&#x32;&#x40;&#50;&#x78;&#46;&#106;&#x70;g 840w\" sizes=\"(max-width: 3419px) 100vw, 3419px\" \/>        <\/div>        \n        \n              <\/div>\n              \n    <\/div>\n\n    <div class=\"swiper-button-prev\"><\/div>\n    <div class=\"swiper-button-next\"><\/div>\n    <div class=\"swiper-pagination\"><\/div>\n    <div class=\"swiper-caption\"><\/div>\n  <\/div>\n\n<\/div>\n\n\n\n<div style=\"height:30px\" aria-hidden=\"true\" class=\"wp-block-spacer\"><\/div>\n","protected":false},"excerpt":{"rendered":"<p>Foundation Best Art Collection Luzern The foundation BEST Art Collection Luzern is dedicated to the gratifying task of acquiring art for the public. In so doing, it supports one of the museum\u2019s main objectives, which the Kunstgesellschaft Luzern (Lucerne Art Society) also set itself when it was founded in 1819, that of creating a picture [&hellip;]<\/p>\n","protected":false},"author":2,"featured_media":0,"parent":22183,"menu_order":2,"comment_status":"closed","ping_status":"closed","template":"","meta":{"_acf_changed":false,"_seopress_robots_primary_cat":"","_seopress_titles_title":"Foundation Best Art Collection Luzern | KUNSTMUSEUM LUZERN","_seopress_titles_desc":"The foundation BEST Art Collection Luzern acquires important works and gives them to the Kunstmuseum Luzern on permanent loan.","_seopress_robots_index":"","inline_featured_image":false,"ghostkit_customizer_options":"","ghostkit_custom_css":"","ghostkit_custom_js_head":"","ghostkit_custom_js_foot":"","ghostkit_typography":"","footnotes":""},"tags":[],"class_list":["post-24744","page","type-page","status-publish","hentry"],"acf":[],"_links":{"self":[{"href":"https:\/\/www.kunstmuseumluzern.ch\/en\/wp-json\/wp\/v2\/pages\/24744","targetHints":{"allow":["GET"]}}],"collection":[{"href":"https:\/\/www.kunstmuseumluzern.ch\/en\/wp-json\/wp\/v2\/pages"}],"about":[{"href":"https:\/\/www.kunstmuseumluzern.ch\/en\/wp-json\/wp\/v2\/types\/page"}],"author":[{"embeddable":true,"href":"https:\/\/www.kunstmuseumluzern.ch\/en\/wp-json\/wp\/v2\/users\/2"}],"replies":[{"embeddable":true,"href":"https:\/\/www.kunstmuseumluzern.ch\/en\/wp-json\/wp\/v2\/comments?post=24744"}],"version-history":[{"count":25,"href":"https:\/\/www.kunstmuseumluzern.ch\/en\/wp-json\/wp\/v2\/pages\/24744\/revisions"}],"predecessor-version":[{"id":195452,"href":"https:\/\/www.kunstmuseumluzern.ch\/en\/wp-json\/wp\/v2\/pages\/24744\/revisions\/195452"}],"up":[{"embeddable":true,"href":"https:\/\/www.kunstmuseumluzern.ch\/en\/wp-json\/wp\/v2\/pages\/22183"}],"wp:attachment":[{"href":"https:\/\/www.kunstmuseumluzern.ch\/en\/wp-json\/wp\/v2\/media?parent=24744"}],"wp:term":[{"taxonomy":"post_tag","embeddable":true,"href":"https:\/\/www.kunstmuseumluzern.ch\/en\/wp-json\/wp\/v2\/tags?post=24744"}],"curies":[{"name":"wp","href":"https:\/\/api.w.org\/{rel}","templated":true}]}}