{"id":100913,"date":"2023-11-09T10:18:04","date_gmt":"2023-11-09T09:18:04","guid":{"rendered":"https:\/\/www.kunstmuseumluzern.ch\/barrierefreiheit\/"},"modified":"2026-03-03T11:20:11","modified_gmt":"2026-03-03T10:20:11","slug":"accessibilite","status":"publish","type":"page","link":"https:\/\/www.kunstmuseumluzern.ch\/fr\/visiter\/accessibilite\/","title":{"rendered":"Accessibilit\u00e9"},"content":{"rendered":"\n<div class=\"wp-block-slider alignfull\">\n\n  <div class=\"swiper-container\">\n    <div class=\"swiper-wrapper\">\n\n      \n            <div class=\"swiper-slide\" data-index=\"0\">\n                <div data-caption=\"Kunstmuseum Luzern, Eingang mit Schiebet\u00fcre, Foto: Marc Latzel\">          <img decoding=\"async\" width=\"2101\" height=\"1400\" src=\"https:\/\/www.kunstmuseumluzern.ch\/wp-content\/uploads\/2024\/02\/kml-eingang-aussen-schiebetuere.jpg\" class=\"attachment-gallery_image size-gallery_image\" alt=\"\" srcset=\"https:\/\/www.kunstmuseumluzern.ch\/wp-content\/uploads\/2024\/02\/kml-eingang-aussen-schiebetuere.jpg 2101w, https:\/&#47;&#119;&#119;&#x77;&#x2e;&#x6b;un&#115;&#116;&#x6d;&#x75;&#x73;&#x65;um&#108;&#117;&#x7a;&#x65;&#x72;&#x6e;&#46;&#99;&#104;&#47;&#x77;&#x70;&#x2d;co&#110;&#116;&#101;&#x6e;&#x74;&#x2f;up&#108;&#111;&#x61;&#x64;&#x73;&#x2f;20&#50;&#52;&#x2f;&#x30;&#x32;\/k&#109;&#108;&#45;&#x65;&#x69;&#x6e;ga&#110;&#103;&#x2d;&#x61;&#x75;&#x73;se&#110;&#45;&#x73;&#x63;&#x68;ie&#98;&#101;&#116;&#x75;&#x65;&#x72;e-&#49;&#53;&#x30;&#x78;&#x31;&#x30;0&#64;&#50;&#120;&#x2e;&#x6a;&#x70;&#x67; 300w, https:\/\/www.kunstmuseumluzern.ch\/wp-content\/uploads\/2024\/02\/kml-eingang-aussen-schiebetuere-1024x682.jpg 1024w, https:\/\/www.kunstmuseumluzern.ch\/wp-content\/uploads\/2024\/02\/kml-eingang-aussen-schiebetuere-150x100.jpg 150w, https:\/\/www.kunstmuseumluzern.ch\/wp-content\/uploads\/2024\/02\/kml-eingang-aussen-schiebetuere-420x280.jpg 420w, https:&#x2f;&#x2f;&#119;&#119;w&#x2e;&#x6b;&#x75;&#110;&#115;t&#x6d;&#x75;&#x73;&#101;&#117;m&#x6c;&#x75;&#x7a;&#101;&#114;n&#x2e;&#x63;&#x68;&#47;wp&#x2d;&#x63;&#x6f;&#110;te&#x6e;&#x74;&#47;&#117;pl&#x6f;&#x61;&#100;&#115;\/2&#x30;&#x32;&#52;&#47;0&#x32;&#x2f;&#x6b;&#109;&#108;-&#x65;&#x69;&#x6e;&#103;&#97;n&#x67;&#x2d;&#x61;&#117;&#115;s&#x65;&#x6e;&#x2d;&#115;&#99;h&#x69;&#x65;&#x62;&#101;tu&#x65;&#x72;&#101;&#45;30&#x30;&#x78;&#50;&#48;0&#64;&#x32;&#x78;&#46;&#106;p&#x67; 600w, https:&#x2f;&#x2f;&#x77;&#x77;&#x77;&#x2e;&#x6b;&#x75;&#110;&#115;&#116;&#109;&#117;&#115;&#101;umlu&#x7a;&#x65;&#x72;&#x6e;&#x2e;&#x63;&#x68;&#x2f;&#x77;&#112;&#45;&#99;&#111;&#110;&#116;&#101;nt\/u&#x70;&#x6c;&#x6f;&#x61;&#x64;&#x73;&#x2f;&#x32;&#x30;&#50;&#52;&#47;&#48;&#50;&#47;&#107;ml-e&#x69;&#x6e;&#x67;&#x61;&#x6e;&#x67;&#x2d;&#x61;&#x75;&#115;&#115;&#101;&#110;&#45;&#115;&#99;hieb&#x65;&#x74;&#x75;&#x65;&#x72;&#x65;&#x2d;&#x31;&#x30;&#50;&#52;&#120;&#54;&#56;&#50;&#64;2x&#46;j&#x70;&#x67; 2048w, https:&#x2f;&#x2f;&#x77;&#x77;&#x77;&#x2e;&#x6b;&#x75;&#x6e;&#x73;&#x74;&#x6d;&#x75;&#x73;&#x65;&#x75;&#x6d;&#x6c;&#x75;&#x7a;&#x65;&#x72;&#x6e;&#x2e;&#x63;&#x68;&#x2f;&#x77;&#x70;&#x2d;&#x63;&#x6f;&#x6e;&#x74;&#x65;&#x6e;&#x74;&#x2f;&#x75;&#x70;&#x6c;&#x6f;&#x61;&#x64;&#x73;&#x2f;&#x32;&#x30;&#x32;&#x34;&#x2f;&#x30;&#x32;&#x2f;&#x6b;&#x6d;&#x6c;&#x2d;&#x65;&#x69;&#x6e;&#x67;&#x61;&#x6e;&#x67;&#x2d;&#x61;&#x75;&#x73;&#x73;&#x65;&#x6e;&#x2d;&#x73;&#x63;&#x68;&#x69;&#x65;&#x62;&#x65;&#x74;&#x75;&#x65;&#x72;&#x65;&#x2d;&#x34;&#x32;&#x30;&#x78;&#x32;&#x38;&#x30;&#x40;&#x32;&#x78;&#x2e;&#x6a;&#x70;&#x67; 840w\" sizes=\"(max-width: 2101px) 100vw, 2101px\" \/>        <\/div>        \n        \n              <\/div>\n                    <div class=\"swiper-slide\" data-index=\"1\">\n                <div data-caption=\"Kunstmuseum Luzern, Foyer, Foto: Marc Latzel\">          <img decoding=\"async\" width=\"2101\" height=\"1400\" src=\"https:\/\/www.kunstmuseumluzern.ch\/wp-content\/uploads\/2024\/02\/kml-foyer-lift.jpg\" class=\"attachment-gallery_image size-gallery_image\" alt=\"\" srcset=\"https:\/\/www.kunstmuseumluzern.ch\/wp-content\/uploads\/2024\/02\/kml-foyer-lift.jpg 2101w, https:\/&#47;&#x77;&#x77;&#x77;&#46;&#107;&#x75;&#x6e;&#x73;t&#109;&#x75;&#x73;&#x65;u&#109;&#x6c;&#x75;&#x7a;e&#114;&#x6e;&#x2e;&#x63;h&#47;&#x77;&#x70;&#x2d;c&#111;&#x6e;&#x74;&#x65;n&#116;&#x2f;&#x75;&#x70;l&#111;&#x61;&#x64;&#x73;\/&#50;&#x30;&#x32;&#x34;\/&#48;&#x32;&#x2f;&#x6b;m&#108;&#x2d;&#x66;&#x6f;y&#101;&#x72;&#x2d;&#x6c;i&#102;&#x74;&#x2d;&#x31;5&#48;&#x78;&#x31;&#x30;0&#64;&#x32;&#x78;&#x2e;j&#112;&#x67; 300w, https:\/\/www.kunstmuseumluzern.ch\/wp-content\/uploads\/2024\/02\/kml-foyer-lift-1024x682.jpg 1024w, https:\/\/www.kunstmuseumluzern.ch\/wp-content\/uploads\/2024\/02\/kml-foyer-lift-150x100.jpg 150w, https:\/\/www.kunstmuseumluzern.ch\/wp-content\/uploads\/2024\/02\/kml-foyer-lift-420x280.jpg 420w, https:\/\/www&#46;kunstm&#117;&#115;&#101;&#117;&#109;&#108;&#117;&#122;&#101;&#114;&#110;&#46;&#99;&#104;&#47;&#x77;&#x70;&#x2d;&#x63;&#x6f;&#x6e;&#x74;&#x65;&#x6e;&#x74;&#x2f;&#x75;&#x70;&#x6c;&#x6f;&#x61;&#x64;&#x73;&#x2f;&#x32;&#x30;&#x32;&#x34;\/02\/kml-foye&#114;&#45;&#108;&#105;&#102;&#116;&#45;&#51;&#48;&#48;&#120;&#50;&#48;&#48;&#64;&#x32;&#x78;&#x2e;&#x6a;&#x70;&#x67; 600w, https:&#x2f;&#x2f;&#x77;&#119;&#119;&#46;ku&#x6e;&#x73;&#x74;&#x6d;&#117;&#115;eu&#x6d;&#x6c;&#x75;&#x7a;&#101;&#114;n&#46;&#x63;&#x68;&#x2f;&#x77;&#112;&#45;&#99;on&#x74;&#x65;&#x6e;&#x74;&#47;&#117;pl&#x6f;&#x61;&#x64;&#x73;&#47;&#50;02&#x34;&#x2f;&#x30;&#x32;&#47;&#107;&#109;l-&#x66;&#x6f;&#x79;&#x65;&#114;&#45;li&#x66;&#x74;&#x2d;&#x31;&#48;&#50;4x&#x36;&#x38;&#x32;&#x40;&#50;&#120;&#46;jp&#x67; 2048w, https:&#x2f;&#x2f;&#119;ww&#x2e;&#x6b;&#117;&#110;s&#x74;&#x6d;&#117;&#115;e&#x75;&#x6d;&#x6c;&#117;ze&#x72;&#x6e;&#46;&#99;h&#x2f;&#x77;&#112;&#45;c&#x6f;&#x6e;&#116;&#101;n&#x74;&#x2f;&#x75;&#112;lo&#x61;&#x64;&#115;&#47;2&#x30;&#x32;&#52;&#47;0&#x32;&#x2f;&#107;&#109;l&#x2d;&#x66;&#x6f;&#121;er&#x2d;&#x6c;&#105;&#102;t&#x2d;&#x34;&#50;&#48;x&#x32;&#x38;&#x30;&#64;2&#x78;&#x2e;&#x6a;&#112;g 840w\" sizes=\"(max-width: 2101px) 100vw, 2101px\" \/>        <\/div>        \n        \n              <\/div>\n                    <div class=\"swiper-slide\" data-index=\"2\">\n                <div data-caption=\"Kunstmuseum Luzern, Garderobe, Foto: Marc Latzel\">          <img decoding=\"async\" width=\"2101\" height=\"1400\" src=\"https:\/\/www.kunstmuseumluzern.ch\/wp-content\/uploads\/2024\/02\/kml-foyer-garderobe.jpg\" class=\"attachment-gallery_image size-gallery_image\" alt=\"\" srcset=\"https:\/\/www.kunstmuseumluzern.ch\/wp-content\/uploads\/2024\/02\/kml-foyer-garderobe.jpg 2101w, https:&#x2f;&#x2f;&#x77;&#x77;&#119;&#46;&#107;&#117;nst&#x6d;&#x75;&#x73;&#x65;&#x75;&#109;&#108;&#117;zer&#x6e;&#x2e;&#x63;&#x68;&#x2f;&#119;&#112;&#45;con&#x74;&#x65;&#x6e;&#x74;&#x2f;&#117;&#112;&#108;oad&#x73;&#x2f;&#x32;&#x30;&#x32;&#52;&#47;&#48;2\/k&#x6d;&#x6c;&#x2d;&#x66;&#x6f;&#121;&#101;&#114;-ga&#x72;&#x64;&#x65;&#x72;&#x6f;&#98;&#101;&#45;&#49;50&#x78;&#x31;&#x30;&#x30;&#x40;&#50;&#120;&#46;&#106;pg 300w, https:\/\/www.kunstmuseumluzern.ch\/wp-content\/uploads\/2024\/02\/kml-foyer-garderobe-1024x682.jpg 1024w, https:\/\/www.kunstmuseumluzern.ch\/wp-content\/uploads\/2024\/02\/kml-foyer-garderobe-150x100.jpg 150w, https:\/\/www.kunstmuseumluzern.ch\/wp-content\/uploads\/2024\/02\/kml-foyer-garderobe-420x280.jpg 420w, https:\/\/ww&#119;&#46;&#107;&#117;&#110;&#115;&#116;&#x6d;&#x75;&#x73;&#x65;&#x75;&#x6d;&#x6c;&#x75;&#x7a;ern&#46;&#99;&#104;&#47;&#119;&#112;&#45;&#99;&#x6f;&#x6e;&#x74;&#x65;&#x6e;&#x74;&#x2f;&#x75;&#x70;load&#115;&#47;&#50;&#48;&#50;&#52;&#47;&#x30;&#x32;&#x2f;&#x6b;&#x6d;&#x6c;&#x2d;&#x66;&#x6f;yer-&#103;&#97;&#114;&#100;&#101;&#114;&#111;&#x62;&#x65;&#x2d;&#x33;&#x30;&#x30;&#x78;&#x32;&#x30;0&#64;2x&#46;&#106;&#112;&#103; 600w, https:&#47;&#x2f;w&#x77;&#x77;&#46;&#x6b;u&#x6e;&#x73;&#116;&#x6d;u&#x73;&#x65;&#117;&#x6d;l&#x75;&#x7a;&#101;&#x72;n&#x2e;&#x63;&#104;&#x2f;w&#x70;&#x2d;&#99;&#x6f;n&#x74;&#x65;&#110;&#x74;\/&#x75;&#x70;&#108;&#x6f;a&#x64;&#x73;&#47;&#x32;0&#x32;&#x34;&#47;&#x30;2&#x2f;&#x6b;&#109;&#x6c;-&#x66;&#x6f;&#121;&#x65;r&#x2d;&#x67;&#97;&#x72;d&#x65;&#x72;&#111;&#x62;e&#x2d;&#x31;&#48;&#x32;4&#x78;&#x36;&#56;&#x32;&#64;&#x32;&#x78;&#46;&#x6a;p&#x67; 2048w, https:&#x2f;&#x2f;&#x77;&#x77;&#x77;&#x2e;&#x6b;&#x75;&#x6e;&#x73;&#x74;&#x6d;&#x75;&#x73;&#101;&#117;&#109;&#108;&#117;&#122;&#101;&#114;&#110;&#46;&#99;h\/wp-con&#x74;&#x65;&#x6e;&#x74;&#x2f;&#x75;&#x70;&#x6c;&#x6f;&#x61;&#x64;&#x73;&#x2f;&#x32;&#x30;&#50;&#52;&#47;&#48;&#50;&#47;&#107;&#109;&#108;&#45;foyer-ga&#x72;&#x64;&#x65;&#x72;&#x6f;&#x62;&#x65;&#x2d;&#x34;&#x32;&#x30;&#x78;&#x32;&#x38;&#x30;&#64;&#50;&#120;&#46;&#106;&#112;&#103; 840w\" sizes=\"(max-width: 2101px) 100vw, 2101px\" \/>        <\/div>        \n        \n              <\/div>\n                    <div class=\"swiper-slide\" data-index=\"3\">\n                <div data-caption=\"Kunstmuseum Luzern, Entr\u00e9\u00e9, Eingang Caf\u00e9, Foto: Marc Latzel\">          <img decoding=\"async\" width=\"2100\" height=\"1400\" src=\"https:\/\/www.kunstmuseumluzern.ch\/wp-content\/uploads\/2024\/02\/kml-kunstmuseum-entree-2.jpg\" class=\"attachment-gallery_image size-gallery_image\" alt=\"\" srcset=\"https:\/\/www.kunstmuseumluzern.ch\/wp-content\/uploads\/2024\/02\/kml-kunstmuseum-entree-2.jpg 2100w, https:&#47;&#x2f;&#x77;w&#119;&#x2e;&#x6b;u&#110;&#x73;t&#109;&#x75;&#x73;e&#117;&#x6d;l&#117;&#x7a;&#x65;r&#110;&#x2e;&#x63;&#104;&#x2f;&#x77;p&#45;&#x63;&#x6f;n&#116;&#x65;n&#116;&#x2f;&#x75;p&#108;&#x6f;a&#100;&#x73;&#x2f;2&#48;&#x32;&#x34;&#47;&#x30;&#x32;\/&#107;&#x6d;&#x6c;-&#107;&#x75;n&#115;&#x74;&#x6d;u&#115;&#x65;u&#109;&#x2d;&#x65;n&#116;&#x72;&#x65;&#101;&#x2d;&#x32;-&#49;&#x35;&#x30;x&#49;&#x30;0&#64;&#x32;&#x78;&#46;&#106;&#x70;g 300w, https:\/\/www.kunstmuseumluzern.ch\/wp-content\/uploads\/2024\/02\/kml-kunstmuseum-entree-2-1024x683.jpg 1024w, https:\/\/www.kunstmuseumluzern.ch\/wp-content\/uploads\/2024\/02\/kml-kunstmuseum-entree-2-150x100.jpg 150w, https:\/\/www.kunstmuseumluzern.ch\/wp-content\/uploads\/2024\/02\/kml-kunstmuseum-entree-2-420x280.jpg 420w, https:&#47;&#47;&#x77;&#x77;&#119;&#46;&#x6b;&#x75;&#110;&#115;&#x74;&#x6d;&#117;&#115;&#x65;&#x75;&#109;&#108;&#x75;&#x7a;&#101;&#114;&#x6e;&#x2e;&#99;&#104;&#x2f;&#x77;&#112;&#45;&#x63;&#x6f;&#110;&#116;&#x65;&#x6e;&#116;&#47;&#x75;&#x70;&#108;&#111;&#x61;&#x64;&#115;&#47;&#x32;&#x30;&#50;&#52;&#x2f;&#x30;&#50;&#47;&#x6b;&#x6d;&#108;&#45;&#x6b;&#x75;&#110;&#115;&#x74;&#x6d;&#117;&#115;&#x65;&#x75;&#109;&#45;&#x65;&#x6e;&#116;&#114;&#x65;&#x65;&#45;&#50;&#x2d;&#x33;&#48;&#48;&#x78;&#x32;&#48;&#48;&#x40;&#x32;&#120;&#46;&#x6a;&#x70;&#103; 600w, https:&#47;&#x2f;w&#119;&#x77;&#46;&#x6b;u&#110;&#x73;t&#x6d;&#x75;&#115;&#x65;u&#109;&#x6c;u&#x7a;&#x65;&#114;&#x6e;&#46;&#99;&#x68;&#47;&#x77;p&#45;&#x63;o&#110;&#x74;&#101;&#x6e;t&#47;&#x75;p&#x6c;&#x6f;&#97;&#x64;s&#47;&#x32;0&#x32;&#x34;&#47;&#x30;2&#47;&#x6b;&#109;&#x6c;-&#107;&#x75;n&#x73;&#x74;&#109;&#x75;s&#101;&#x75;m&#x2d;&#x65;&#110;&#x74;r&#101;&#x65;&#45;&#x32;-&#49;&#x30;2&#52;&#x78;&#54;&#x38;3&#64;&#x32;x&#x2e;&#x6a;&#112;&#x67; 2048w, https:&#x2f;\/&#x77;w&#x77;&#46;&#x6b;&#117;n&#x73;t&#x6d;&#117;&#x73;&#101;&#x75;&#109;l&#x75;z&#x65;&#114;&#x6e;&#46;&#x63;&#x68;\/&#x77;p&#x2d;&#99;&#x6f;&#110;t&#x65;n&#x74;&#47;&#x75;&#112;&#x6c;&#111;a&#x64;s&#x2f;&#50;&#x30;&#50;&#x34;&#x2f;0&#x32;\/&#x6b;&#109;&#x6c;&#45;k&#x75;n&#x73;&#116;&#x6d;&#117;&#x73;&#101;u&#x6d;-&#x65;&#110;&#x74;&#114;&#x65;&#x65;-&#x32;-&#x34;&#50;&#x30;&#120;2&#x38;0&#x40;&#50;&#x78;&#46;&#x6a;&#112;g 840w\" sizes=\"(max-width: 2100px) 100vw, 2100px\" \/>        <\/div>        \n        \n              <\/div>\n                    <div class=\"swiper-slide\" data-index=\"4\">\n                <div data-caption=\"Caf\u00e9 im Kunstmuseum, Foto: Marc Latzel\">          <img decoding=\"async\" width=\"2100\" height=\"1400\" src=\"https:\/\/www.kunstmuseumluzern.ch\/wp-content\/uploads\/2024\/02\/kml-cafe-seite.jpg\" class=\"attachment-gallery_image size-gallery_image\" alt=\"\" srcset=\"https:\/\/www.kunstmuseumluzern.ch\/wp-content\/uploads\/2024\/02\/kml-cafe-seite.jpg 2100w, https:&#47;&#x2f;&#119;&#x77;&#119;&#x2e;&#107;&#x75;&#110;&#x73;&#116;&#x6d;u&#x73;e&#x75;m&#x6c;u&#x7a;e&#x72;n&#46;&#x63;&#104;&#x2f;&#119;&#x70;&#45;&#x63;&#111;&#x6e;&#116;&#x65;&#110;&#x74;\/&#x75;p&#x6c;o&#x61;d&#x73;\/&#x32;0&#50;&#x34;&#47;&#x30;&#50;&#x2f;&#107;&#x6d;&#108;&#x2d;&#99;&#x61;&#102;&#x65;-&#x73;e&#x69;t&#x65;-&#x31;5&#x30;x&#49;&#x30;&#48;&#x40;&#50;&#x78;&#46;&#x6a;&#112;&#x67; 300w, https:\/\/www.kunstmuseumluzern.ch\/wp-content\/uploads\/2024\/02\/kml-cafe-seite-1024x683.jpg 1024w, https:\/\/www.kunstmuseumluzern.ch\/wp-content\/uploads\/2024\/02\/kml-cafe-seite-150x100.jpg 150w, https:\/\/www.kunstmuseumluzern.ch\/wp-content\/uploads\/2024\/02\/kml-cafe-seite-420x280.jpg 420w, https:&#47;&#x2f;&#x77;&#119;&#x77;&#x2e;k&#x75;&#x6e;s&#116;&#x6d;u&#115;&#x65;u&#109;&#x6c;u&#122;&#x65;r&#110;&#x2e;&#x63;&#104;&#x2f;&#x77;&#112;&#x2d;&#x63;o&#x6e;&#x74;e&#110;&#x74;\/&#117;&#x70;l&#111;&#x61;d&#115;&#x2f;2&#48;&#x32;&#x34;&#47;&#x30;&#x32;&#47;&#x6b;&#x6d;l&#x2d;&#x63;a&#102;&#x65;-&#115;&#x65;i&#116;&#x65;-&#51;&#x30;0&#120;&#x32;&#x30;&#48;&#x40;&#x32;&#120;&#x2e;&#x6a;p&#x67; 600w, https:&#47;&#47;&#x77;w&#119;&#x2e;&#x6b;u&#110;&#x73;&#x74;m&#117;&#x73;e&#117;&#x6d;&#x6c;u&#122;&#x65;&#x72;n&#46;&#x63;h&#47;&#x77;&#x70;-&#99;&#x6f;&#x6e;t&#101;&#x6e;&#x74;&#47;&#117;&#x70;l&#111;&#x61;&#x64;s&#47;&#x32;&#x30;2&#52;&#x2f;0&#50;&#x2f;&#x6b;m&#108;&#x2d;&#x63;a&#102;&#x65;-&#115;&#101;&#x69;t&#101;&#x2d;&#x31;0&#50;&#x34;&#x78;&#54;&#56;&#x33;&#64;&#50;&#x78;&#x2e;j&#112;&#x67; 2048w, https:&#x2f;&#47;w&#x77;&#119;&#46;&#x6b;&#x75;&#110;s&#x74;&#109;u&#x73;&#x65;&#117;m&#x6c;&#117;z&#x65;&#x72;&#110;&#46;&#x63;&#104;\/&#x77;&#x70;&#45;c&#x6f;&#110;t&#x65;&#x6e;&#116;&#x2f;&#x75;&#112;l&#x6f;&#97;d&#x73;&#x2f;&#50;0&#x32;&#52;\/&#x30;&#x32;&#47;k&#x6d;&#108;-&#x63;&#x61;&#102;e&#x2d;&#115;e&#x69;&#x74;&#101;&#x2d;&#x34;&#50;0&#x78;&#50;&#56;&#x30;&#x40;&#50;x&#x2e;&#106;p&#x67; 840w\" sizes=\"(max-width: 2100px) 100vw, 2100px\" \/>        <\/div>        \n        \n              <\/div>\n              \n    <\/div>\n\n    <div class=\"swiper-button-prev\"><\/div>\n    <div class=\"swiper-button-next\"><\/div>\n    <div class=\"swiper-pagination\"><\/div>\n    <div class=\"swiper-caption\"><\/div>\n  <\/div>\n\n<\/div>\n\n\n\n<div style=\"height:60px\" aria-hidden=\"true\" class=\"wp-block-spacer\"><\/div>\n\n\n\n<h3 class=\"wp-block-heading\" id=\"acces-et-stationnement\" id=\"acces-et-stationnement\">Acc\u00e8s et stationnement <\/h3>\n\n\n\n<p>Le Kunstmuseum Luzern est situ\u00e9 \u00e0 proximit\u00e9 imm\u00e9diate de la gare de Lucerne. Des places de stationnement pour les personnes \u00e0 mobilit\u00e9 r\u00e9duite sont disponibles dans le parking P1+P2 de la gare.<\/p>\n\n\n\n<h3 class=\"wp-block-heading\" id=\"chiens-d-assistance\" id=\"chiens-dassistance\">Chiens d&rsquo;assistance<\/h3>\n\n\n\n<p>Les chiens guides et d&rsquo;assistance sont autoris\u00e9s \u00e0 entrer dans le mus\u00e9e et le caf\u00e9.<\/p>\n\n\n\n<h3 class=\"wp-block-heading\" id=\"accompagnants\" id=\"accompagnants\">Accompagnants<\/h3>\n\n\n\n<p>Les personnes accompagnantes ne paient pas d&rsquo;entr\u00e9e. Les personnes b\u00e9n\u00e9ficiant d&rsquo;une rente IV b\u00e9n\u00e9ficient d&rsquo;un tarif r\u00e9duit.<\/p>\n\n\n\n<h3 class=\"wp-block-heading\" id=\"ascenseur\" id=\"ascenseur\"><strong>Ascenseur<\/strong><\/h3>\n\n\n\n<p>Un ascenseur m\u00e8ne directement du parking P1+P2 de la gare au 4<sup>e<\/sup> \u00e9tage du Kunstmuseum Luzern. On y acc\u00e8de \u00e9galement par le passage commer\u00e7ant sous la gare (\u00e0 gauche du supermarch\u00e9 COOP) ou de plain-pied depuis la gare en empruntant la rue sur laquelle est situ\u00e9e l\u2019entr\u00e9e du Kunstmuseum Luzern.<\/p>\n\n\n\n<h3 class=\"wp-block-heading\" id=\"cafe-du-kunstmuseum\" id=\"cafe-du-kunstmuseum\">Caf\u00e9 du Kunstmuseum<\/h3>\n\n\n\n<p>Le caf\u00e9 du Kunstmuseum est accessible aux personnes \u00e0 mobilit\u00e9 r\u00e9duite. Il est situ\u00e9 au m\u00eame \u00e9tage que le mus\u00e9e. L\u2019acc\u00e8s se fait par la caisse. Le caf\u00e9 et le mus\u00e9e sont accessibles ind\u00e9pendamment l\u2019un de l\u2019autre depuis la caisse.<\/p>\n\n\n\n<h3 class=\"wp-block-heading\" id=\"entree-et-circulation\" id=\"entree-et-circulation\"><strong>Entr\u00e9e et circulation<\/strong><\/h3>\n\n\n\n<p>Tous les espaces du Kunstmuseum Luzern sont accessibles aux personnes \u00e0 mobilit\u00e9 r\u00e9duite et aux fauteuils roulants. L\u2019ascenseur, la caisse et l\u2019entr\u00e9e du mus\u00e9e sont contigus.<\/p>\n\n\n\n<h3 class=\"wp-block-heading\" id=\"fauteuil-roulant-rollateur\" id=\"fauteuil-roulant-rollateur\">Fauteuil roulant, rollateur<\/h3>\n\n\n\n<p>Un fauteuil roulant et un rollateur sont disponibles \u00e0 la caisse du mus\u00e9e.<\/p>\n\n\n\n<h3 class=\"wp-block-heading\" id=\"toilettes\" id=\"toilettes\"><strong>Toilettes<\/strong><\/h3>\n\n\n\n<p>Une toilette accessibles est disponibles au niveau de la caisse. Nous rappelons \u00e0 tous les visiteur<strong>\u00b7<\/strong>euse<strong>\u00b7<\/strong>s que ces toilettes sont r\u00e9serv\u00e9es aux personnes handicap\u00e9es et doivent \u00eatre accessibles \u00e0 tout moment. Merci pour votre soutien.<\/p>\n\n\n\n<h3 class=\"wp-block-heading\" id=\"possibilites-de-s-asseoir\" id=\"possibilites-de-sasseoir\"><strong>Possibilit\u00e9s de s\u2019asseoir<\/strong><\/h3>\n\n\n\n<p>Les chaises pliantes sont disponibles lors de la visite. Certaines salles sont \u00e9quip\u00e9es de bancs.<\/p>\n\n\n\n<h3 class=\"wp-block-heading\" id=\"creneaux-de-faible-affluence\" id=\"creneaux-de-faible-affluence\"><strong>Cr\u00e9neaux de faible affluence<\/strong><\/h3>\n\n\n\n<p>Le public est g\u00e9n\u00e9ralement moins nombreux le mardi et le jeudi apr\u00e8s-midi \u00e0 partir de 16h.<\/p>\n\n\n\n<h3 class=\"wp-block-heading\" id=\"contact\" id=\"contact\"><strong>Contact<\/strong><\/h3>\n\n\n\n<p>Nous souhaitons offrir \u00e0 tous un acc\u00e8s \u00e0 l&rsquo;art. Si vous avez des questions ou besoin d&rsquo;aide, n&rsquo;h\u00e9sitez pas \u00e0 nous contacter, nous serons ravis de vous aider.<br>+41 41 226 78 00<\/p>\n\n\n\n<p>Personnes de contact \u00e0 la r\u00e9ception (Lara Ens, Sonja Fuchs, Dania Schellenberg, Katharina Schulik et Yvonne Zorzi)<\/p>\n\n\n\n<div style=\"height:120px\" aria-hidden=\"true\" class=\"wp-block-spacer\"><\/div>\n\n\n\n<div class=\"wp-block-nav-links alignwide\">\n\n    <div class=\"wp-block-nav-links__link-wrapper\">\n  \n        <a class=\"wp-block-nav-links__link\" href=\"https:\/\/www.kunstmuseumluzern.ch\/fr\/visiter\/agenda\/\" target=\"_self\">Agenda<\/a>\n    \n  \n        <a class=\"wp-block-nav-links__link\" href=\"https:\/\/www.kunstmuseumluzern.ch\/fr\/visiter\/informations\/\" target=\"_self\">Informations<\/a>\n    \n  \n        <a class=\"wp-block-nav-links__link\" href=\"https:\/\/shop.kunstmuseumluzern.ch\/fr\/\" target=\"_self\">Shop<\/a>\n    \n    <\/div>\n  \n<\/div>\n\n\n<div class=\"wp-block-nav-links alignwide\">\n\n      <div class=\"wp-block-nav-links__title\">Expositions en cours<\/div>\n\n  <div class=\"wp-block-nav-links__link-wrapper\">\n  \n        <a class=\"wp-block-nav-links__link\" href=\"https:\/\/www.kunstmuseumluzern.ch\/fr\/exhibitions\/maria-pininska-beres\/\">Maria Pininska-Beres<\/a>\n    \n  \n        <a class=\"wp-block-nav-links__link\" href=\"https:\/\/www.kunstmuseumluzern.ch\/fr\/exhibitions\/1-raum-1-werk\/\">1 Raum, 1 Werk<\/a>\n    \n  \n        <a class=\"wp-block-nav-links__link\" href=\"https:\/\/www.kunstmuseumluzern.ch\/fr\/exhibitions\/brian-dawn-chalkley\/\">Brian Dawn Chalkley<\/a>\n    \n    <\/div>\n  \n<\/div>","protected":false},"excerpt":{"rendered":"<p>Acc\u00e8s et stationnement Le Kunstmuseum Luzern est situ\u00e9 \u00e0 proximit\u00e9 imm\u00e9diate de la gare de Lucerne. Des places de stationnement pour les personnes \u00e0 mobilit\u00e9 r\u00e9duite sont disponibles dans le parking P1+P2 de la gare. Chiens d&rsquo;assistance Les chiens guides et d&rsquo;assistance sont autoris\u00e9s \u00e0 entrer dans le mus\u00e9e et le caf\u00e9. Accompagnants Les personnes [&hellip;]<\/p>\n","protected":false},"author":14,"featured_media":0,"parent":101456,"menu_order":2,"comment_status":"closed","ping_status":"closed","template":"","meta":{"_acf_changed":false,"_seopress_robots_primary_cat":"","_seopress_titles_title":"","_seopress_titles_desc":"","_seopress_robots_index":"","inline_featured_image":false,"ghostkit_customizer_options":"","ghostkit_custom_css":"","ghostkit_custom_js_head":"","ghostkit_custom_js_foot":"","ghostkit_typography":"","footnotes":""},"tags":[],"class_list":["post-100913","page","type-page","status-publish","hentry"],"acf":[],"_links":{"self":[{"href":"https:\/\/www.kunstmuseumluzern.ch\/fr\/wp-json\/wp\/v2\/pages\/100913","targetHints":{"allow":["GET"]}}],"collection":[{"href":"https:\/\/www.kunstmuseumluzern.ch\/fr\/wp-json\/wp\/v2\/pages"}],"about":[{"href":"https:\/\/www.kunstmuseumluzern.ch\/fr\/wp-json\/wp\/v2\/types\/page"}],"author":[{"embeddable":true,"href":"https:\/\/www.kunstmuseumluzern.ch\/fr\/wp-json\/wp\/v2\/users\/14"}],"replies":[{"embeddable":true,"href":"https:\/\/www.kunstmuseumluzern.ch\/fr\/wp-json\/wp\/v2\/comments?post=100913"}],"version-history":[{"count":26,"href":"https:\/\/www.kunstmuseumluzern.ch\/fr\/wp-json\/wp\/v2\/pages\/100913\/revisions"}],"predecessor-version":[{"id":215950,"href":"https:\/\/www.kunstmuseumluzern.ch\/fr\/wp-json\/wp\/v2\/pages\/100913\/revisions\/215950"}],"up":[{"embeddable":true,"href":"https:\/\/www.kunstmuseumluzern.ch\/fr\/wp-json\/wp\/v2\/pages\/101456"}],"wp:attachment":[{"href":"https:\/\/www.kunstmuseumluzern.ch\/fr\/wp-json\/wp\/v2\/media?parent=100913"}],"wp:term":[{"taxonomy":"post_tag","embeddable":true,"href":"https:\/\/www.kunstmuseumluzern.ch\/fr\/wp-json\/wp\/v2\/tags?post=100913"}],"curies":[{"name":"wp","href":"https:\/\/api.w.org\/{rel}","templated":true}]}}