{"id":101461,"date":"2023-11-09T10:25:09","date_gmt":"2023-11-09T09:25:09","guid":{"rendered":"https:\/\/www.kunstmuseumluzern.ch\/musee\/institution\/"},"modified":"2026-04-15T17:37:46","modified_gmt":"2026-04-15T15:37:46","slug":"institution","status":"publish","type":"page","link":"https:\/\/www.kunstmuseumluzern.ch\/fr\/musee\/institution\/","title":{"rendered":"Institution"},"content":{"rendered":"\n<div class=\"wp-block-slider alignfull\">\n\n  <div class=\"swiper-container\">\n    <div class=\"swiper-wrapper\">\n\n      \n            <div class=\"swiper-slide\" data-index=\"0\">\n        \n        \n                <div class=\"us_video-wrapper\">\n          <iframe width=\"640\" height=\"360\" src=\"https:\/\/arttv.ch\/videoembed\/?vid_id=9729\" frameborder=\"0\" scrolling=\"no\" allowfullscreen><\/iframe>        <\/div>\n              <\/div>\n                    <div class=\"swiper-slide\" data-index=\"1\">\n                <div data-caption=\"Kunstmuseum Luzern, Bannermontage f\u00fcr Turner. Das Meer und die Alpen, Foto: Marc Latzel\">          <img decoding=\"async\" width=\"980\" height=\"1400\" src=\"https:\/\/www.kunstmuseumluzern.ch\/wp-content\/uploads\/2024\/02\/kml-turner-banner.jpg\" class=\"attachment-gallery_image size-gallery_image\" alt=\"\" srcset=\"https:\/\/www.kunstmuseumluzern.ch\/wp-content\/uploads\/2024\/02\/kml-turner-banner.jpg 980w, https:\/\/&#119;&#119;&#119;&#46;&#x6b;&#x75;&#x6e;&#x73;&#x74;mu&#115;&#101;&#117;&#109;&#x6c;&#x75;&#x7a;&#x65;&#x72;n&#46;&#99;&#104;&#47;&#119;&#x70;&#x2d;&#x63;&#x6f;&#x6e;ten&#116;&#47;&#117;&#x70;&#x6c;&#x6f;&#x61;&#x64;s\/2&#48;&#50;&#52;&#x2f;&#x30;&#x32;&#x2f;&#x6b;ml-&#116;&#117;&#114;&#x6e;&#x65;&#x72;&#x2d;&#x62;ann&#101;&#114;&#45;&#x31;&#x35;&#x30;&#x78;&#x32;14&#64;&#50;&#120;&#46;&#x6a;&#x70;&#x67; 300w, https:\/\/www.kunstmuseumluzern.ch\/wp-content\/uploads\/2024\/02\/kml-turner-banner-150x214.jpg 150w, https:\/\/www.kunstmuseumluzern.ch\/wp-content\/uploads\/2024\/02\/kml-turner-banner-420x600.jpg 420w, https:&#47;&#x2f;&#119;&#x77;&#119;&#x2e;&#107;&#x75;&#110;&#x73;&#116;&#x6d;&#117;&#x73;&#101;&#x75;&#109;&#x6c;&#117;&#x7a;&#101;&#x72;&#110;&#x2e;&#99;&#x68;&#47;&#x77;&#112;&#x2d;&#99;&#x6f;&#110;&#x74;&#101;&#x6e;&#116;&#x2f;&#117;&#x70;&#108;&#x6f;&#97;&#x64;&#115;&#x2f;&#50;&#x30;&#50;&#x34;&#47;&#x30;&#50;&#x2f;&#107;&#x6d;&#108;&#x2d;&#116;&#x75;&#114;&#x6e;&#101;&#x72;&#45;&#x62;&#97;&#x6e;&#110;&#x65;&#114;&#x2d;&#51;&#x30;&#48;&#x78;&#52;&#x32;&#57;&#x40;&#50;&#x78;&#46;&#x6a;&#112;&#x67; 600w, https:&#47;&#x2f;&#119;&#x77;&#119;&#x2e;k&#x75;n&#x73;t&#109;&#x75;&#115;&#x65;&#117;&#x6d;&#108;&#x75;z&#x65;r&#x6e;&#46;&#99;&#x68;&#47;&#x77;&#112;&#x2d;&#99;&#x6f;n&#x74;e&#x6e;t&#47;&#x75;&#112;&#x6c;&#111;&#x61;d&#x73;\/&#x32;0&#50;&#x34;&#47;&#x30;&#50;&#x2f;&#107;&#x6d;l&#x2d;t&#x75;r&#110;&#x65;&#114;&#x2d;&#98;&#x61;&#110;&#x6e;e&#x72;-&#x34;2&#48;&#x78;&#54;&#x30;&#48;&#x40;&#50;&#x78;&#46;&#x6a;p&#x67; 840w\" sizes=\"(max-width: 980px) 100vw, 980px\" \/>        <\/div>        \n        \n              <\/div>\n                    <div class=\"swiper-slide\" data-index=\"2\">\n                <div data-caption=\"Kultur- und Kongresshaus KKL mit Kunstmuseum Luzern, Foto: Franca Pedrazzetti\">          <img decoding=\"async\" width=\"2100\" height=\"1400\" src=\"https:\/\/www.kunstmuseumluzern.ch\/wp-content\/uploads\/2024\/02\/kml-fassade-see.jpg\" class=\"attachment-gallery_image size-gallery_image\" alt=\"\" srcset=\"https:\/\/www.kunstmuseumluzern.ch\/wp-content\/uploads\/2024\/02\/kml-fassade-see.jpg 2100w, https:&#47;&#x2f;&#x77;&#119;&#x77;&#x2e;k&#x75;&#x6e;s&#116;&#x6d;u&#115;&#x65;u&#109;&#x6c;u&#122;&#x65;r&#110;&#x2e;&#x63;&#104;&#x2f;&#x77;&#112;&#x2d;&#x63;o&#x6e;&#x74;e&#110;&#x74;\/&#117;&#x70;l&#111;&#x61;d&#115;&#x2f;2&#48;&#x32;&#x34;&#47;&#x30;&#x32;&#47;&#x6b;&#x6d;l&#x2d;&#x66;a&#115;&#x73;a&#100;&#x65;-&#115;&#x65;e&#45;&#x31;5&#48;&#x78;&#x31;&#48;&#x30;&#x40;&#50;&#x78;&#x2e;j&#x70;&#x67; 300w, https:\/\/www.kunstmuseumluzern.ch\/wp-content\/uploads\/2024\/02\/kml-fassade-see-1024x683.jpg 1024w, https:\/\/www.kunstmuseumluzern.ch\/wp-content\/uploads\/2024\/02\/kml-fassade-see-150x100.jpg 150w, https:\/\/www.kunstmuseumluzern.ch\/wp-content\/uploads\/2024\/02\/kml-fassade-see-420x280.jpg 420w, https:&#x2f;&#x2f;&#119;&#119;&#119;&#46;&#x6b;&#x75;&#x6e;&#115;&#116;mu&#x73;&#x65;&#x75;&#109;&#108;u&#x7a;&#x65;&#x72;&#110;&#46;&#99;h&#x2f;&#x77;&#x70;&#45;&#99;on&#x74;&#x65;&#x6e;&#116;&#47;u&#x70;&#x6c;&#x6f;&#97;&#100;&#115;\/&#x32;&#x30;&#x32;&#52;&#47;02&#x2f;&#x6b;&#x6d;&#108;&#45;f&#x61;&#x73;&#x73;&#97;&#100;&#101;-&#x73;&#x65;&#x65;&#45;&#51;00&#x78;&#x32;&#x30;&#48;&#64;2&#x78;&#x2e;&#x6a;&#112;&#103; 600w, https:&#x2f;&#x2f;&#x77;&#x77;&#x77;&#x2e;&#x6b;&#x75;&#x6e;&#x73;&#x74;&#x6d;&#x75;&#x73;&#101;&#117;&#109;&#108;&#117;&#122;&#101;&#114;&#110;&#46;&#99;h\/wp-con&#x74;&#x65;&#x6e;&#x74;&#x2f;&#x75;&#x70;&#x6c;&#x6f;&#x61;&#x64;&#x73;&#x2f;&#x32;&#x30;&#50;&#52;&#47;&#48;&#50;&#47;&#107;&#109;&#108;&#45;fassade-&#x73;&#x65;&#x65;&#x2d;&#x31;&#x30;&#x32;&#x34;&#x78;&#x36;&#x38;&#x33;&#x40;&#x32;&#x78;&#46;&#106;&#112;&#103; 2048w, https:&#x2f;&#x2f;&#x77;&#x77;&#119;&#46;kun&#x73;&#x74;&#x6d;&#x75;&#115;&#101;uml&#x75;&#x7a;&#x65;&#x72;&#110;&#46;&#99;h\/&#x77;&#x70;&#x2d;&#x63;&#111;&#110;&#116;en&#x74;&#x2f;&#x75;&#x70;&#108;&#111;&#97;ds&#x2f;&#x32;&#x30;&#x32;&#52;&#47;&#48;2\/&#x6b;&#x6d;&#x6c;&#x2d;&#102;&#97;&#115;sa&#x64;&#x65;&#x2d;&#x73;&#101;&#101;&#45;42&#x30;&#x78;&#x32;&#x38;&#48;&#64;&#50;x&#46;&#x6a;&#x70;&#x67; 840w\" sizes=\"(max-width: 2100px) 100vw, 2100px\" \/>        <\/div>        \n        \n              <\/div>\n              \n    <\/div>\n\n    <div class=\"swiper-button-prev\"><\/div>\n    <div class=\"swiper-button-next\"><\/div>\n    <div class=\"swiper-pagination\"><\/div>\n    <div class=\"swiper-caption\"><\/div>\n  <\/div>\n\n<\/div>\n\n\n\n<div style=\"height:60px\" aria-hidden=\"true\" class=\"wp-block-spacer\"><\/div>\n\n\n\n<p>Le Kunstmuseum Luzern est l\u2019un des plus importants mus\u00e9es d\u2019art suisses. En phase avec son temps, accessible \u00e0 tous les publics et inclusif, il encourage la diversit\u00e9 et le partage. Pour ses expositions, le mus\u00e9e collabore avec des institutions partenaires de Lucerne et d\u2019ailleurs. Riche et vari\u00e9e, sa programmation s\u2019articule autour d\u2019une dizaine de pr\u00e9sentations par an, parmi lesquelles des expositions temporaires de port\u00e9e internationale, une pr\u00e9sentation tournante de la collection et des expositions individuelles d\u2019artistes \u00e9mergents. Le mus\u00e9e pr\u00e9sente toujours trois expositions en m\u00eame temps, de mani\u00e8re \u00e0 permettre au public de faire des d\u00e9couvertes inattendues. La richesse de sa programmation se refl\u00e8te dans la vari\u00e9t\u00e9 et l\u2019originalit\u00e9 des actions con\u00e7ues par son \u00e9quipe de m\u00e9diation. <\/p>\n\n\n\n<p>Avec ses quelque 2&nbsp;500 membres, la Kunstgesellschaft Luzern (Soci\u00e9t\u00e9 des beaux-arts de Lucerne) est l\u2019organisme gestionnaire du Mus\u00e9e des beaux-arts de Lucerne. Depuis sa cr\u00e9ation il y a plus de 200 ans, la Soci\u00e9t\u00e9 contribue \u00e0 la richesse culturelle de la Suisse centrale en organisant des expositions de port\u00e9e internationale. Le Kunstmuseum Luzern a toujours \u00e9t\u00e9 en phase avec son \u00e9poque en s\u2019engageant en faveur de la cr\u00e9ation d\u2019avant-garde. En 1935, il accueille ainsi l\u2019exposition <em>These, Antithese, Synthese<\/em>, qui r\u00e9unit les plus grands noms de l\u2019art moderne (Kandinsky, Mir\u00f3, Picasso et bien d\u2019autres)&nbsp;; dans les ann\u00e9es 1970, Jean-Christophe Ammann introduit \u00e0 Lucerne les nouvelles pratiques artistiques telles que la performance et le happening&nbsp;; enfin, dans les ann\u00e9es 1990, on y croise les \u0153uvres de superstars du march\u00e9 de l\u2019art telles que Jeff Wall, Andy Warhol ou Cindy Sherman. La directrice actuelle, Fanni Fetzer, perp\u00e9tue cette tradition marqu\u00e9e par le go\u00fbt de l\u2019innovation et la curiosit\u00e9.<\/p>\n\n\n\n<h3 class=\"wp-block-heading\" id=\"declaration-contre-la-discrimination-et-pour-l-inclusion\" id=\"declaration-contre-la-discrimination-et-pour-linclusion\">D\u00e9claration contre la discrimination et pour l&rsquo;inclusion<\/h3>\n\n\n\n<p>Le Kunstmuseum Luzern est un lieu o\u00f9 se rencontrent avec plaisir des personnes avec des biographies, des int\u00e9r\u00eats et des convictions diff\u00e9rents. Ensemble, nous voulons cultiver une culture de respect et cr\u00e9er une atmosph\u00e8re d&rsquo;acceptation. Nous consid\u00e9rons la diversit\u00e9 comme une valeur \u00e0 tous \u00e9gards et nous voulons assurer que tout le monde puisse profiter de sa visite au mus\u00e9e. Le Kunstmuseum Luzern se trouve dans un processus d\u2019apprentissage institutionnel continu, dans lequel nous abordons consciemment les questions li\u00e9es \u00e0 la discrimination et prenons au s\u00e9rieux les suggestions et les critiques. Nous r\u00e9fl\u00e9chissons aux m\u00e9canismes d&rsquo;exclusion et nous nous engageons activement contre la discrimination.<\/p>\n\n\n\n<div style=\"height:120px\" aria-hidden=\"true\" class=\"wp-block-spacer\"><\/div>\n\n\n\n<h2 class=\"wp-block-heading has-text-align-center\" id=\"information\" id=\"information\">Information<\/h2>\n\n\n\n<div class=\"wp-block-columns alignwide is-layout-flex wp-container-core-columns-is-layout-28f84493 wp-block-columns-is-layout-flex\">\n<div class=\"wp-block-column is-layout-flow wp-block-column-is-layout-flow\">\n<div class=\"wp-block-pb-accordion-item c-accordion__item js-accordion-item no-js\" data-initially-open=\"false\" data-click-to-close=\"true\" data-auto-close=\"true\" data-scroll=\"false\" data-scroll-offset=\"0\"><h2 id=\"at-1014610\" class=\"c-accordion__title js-accordion-controller\" role=\"button\" id=\"commission-de-programmation\">Commission de programmation<\/h2><div id=\"ac-1014610\" class=\"c-accordion__content\">\n<p>Manuel Berger, Kunstgesellschaft Luzern<br>Alexandra Bl\u00e4ttler, Kunstmuseum Luzern<br>Mauritius Carlen, ArtClub Luzern<br>Fanni Fetzer, Kunstmuseum Luzern<br>Hubert Hofmann, Stiftung BEST Art Collection Luzern<br>Eveline Suter, Kunstmuseum Luzern<\/p>\n<\/div><\/div>\n<\/div>\n\n\n\n<div class=\"wp-block-column is-layout-flow wp-block-column-is-layout-flow\">\n<div class=\"wp-block-pb-accordion-item c-accordion__item js-accordion-item no-js\" data-initially-open=\"false\" data-click-to-close=\"true\" data-auto-close=\"true\" data-scroll=\"false\" data-scroll-offset=\"0\"><h2 id=\"at-1014611\" class=\"c-accordion__title js-accordion-controller\" role=\"button\" id=\"membres\">Membres<\/h2><div id=\"ac-1014611\" class=\"c-accordion__content\">\n<p><a href=\"https:\/\/www.artmuseums.ch\/\">Vereinigung Schweizer Kunstmuseen<\/a><br><a href=\"http:\/\/aisac-vsizk.ch\/\">Verein Schweizer Institutionen f\u00fcr zeitgen\u00f6ssische Kunst<\/a> <br><a href=\"https:\/\/museenluzern.ch\/\" target=\"_blank\" rel=\"noreferrer noopener\">Verein Museen Luzern<\/a><br><a href=\"https:\/\/photography-in-switzerland.ch\/\">Verein Spectrum \u2013 Photography in Switzerland<\/a><\/p>\n<\/div><\/div>\n<\/div>\n<\/div>\n\n\n\n<div style=\"height:40px\" aria-hidden=\"true\" class=\"wp-block-spacer\"><\/div>\n\n\n\n<div class=\"wp-block-buttons is-content-justification-center is-layout-flex wp-container-core-buttons-is-layout-a89b3969 wp-block-buttons-is-layout-flex\">\n<div class=\"wp-block-button is-style-download\"><a class=\"wp-block-button__link has-text-align-center wp-element-button\" href=\"https:\/\/www.kunstmuseumluzern.ch\/wp-content\/uploads\/2024\/07\/2024-leitbild-kunstmuseum-luzern_fr.pdf\" target=\"_blank\" rel=\"noreferrer noopener\">Charte<\/a><\/div>\n<\/div>\n\n\n\n<div style=\"height:120px\" aria-hidden=\"true\" class=\"wp-block-spacer\"><\/div>\n\n\n\n<h2 class=\"wp-block-heading has-text-align-center\" id=\"equipe\" id=\"equipe\">\u00e9quipe<\/h2>\n\n\n\n<div class=\"wp-block-columns alignwide is-layout-flex wp-container-core-columns-is-layout-28f84493 wp-block-columns-is-layout-flex\">\n<div class=\"wp-block-column is-layout-flow wp-block-column-is-layout-flow\">\n<div class=\"wp-block-pb-accordion-item c-accordion__item js-accordion-item no-js\" data-initially-open=\"false\" data-click-to-close=\"true\" data-auto-close=\"true\" data-scroll=\"false\" data-scroll-offset=\"0\" id=\"direction\"><h2 id=\"at-1014612\" class=\"c-accordion__title js-accordion-controller\" role=\"button\" id=\"direction\">Direction<\/h2><div id=\"ac-1014612\" class=\"c-accordion__content\">\n<p><strong>Direction<\/strong><br><a href=\"mailto: &#x69;n&#x66;&#111;&#x40;&#x6b;u&#x6e;&#115;&#x74;&#x6d;u&#x73;&#101;&#x75;&#x6d;l&#x75;&#122;&#x65;&#x72;n&#x2e;&#99;&#x68;\">Fanni Fetzer<\/a><\/p>\n<\/div><\/div>\n\n\n\n<div class=\"wp-block-pb-accordion-item c-accordion__item js-accordion-item no-js\" data-initially-open=\"false\" data-click-to-close=\"true\" data-auto-close=\"true\" data-scroll=\"false\" data-scroll-offset=\"0\"><h2 id=\"at-1014613\" class=\"c-accordion__title js-accordion-controller\" role=\"button\" id=\"exposition\">Exposition<\/h2><div id=\"ac-1014613\" class=\"c-accordion__content\">\n<p><strong>Curatrice<\/strong><br><a href=\"&#x6d;&#97;&#105;l&#x74;&#x6f;&#58;e&#x76;&#x65;&#108;i&#x6e;&#x65;&#46;s&#x75;&#x74;&#101;r&#x40;&#x6b;&#117;n&#x73;&#x74;&#109;&#117;s&#x65;&#x75;&#109;l&#x75;&#x7a;&#101;r&#x6e;&#x2e;&#99;h\">Eveline Suter<\/a>, +41 41 226 78 13 (mar-jeu)<\/p>\n\n\n\n<p><strong>Gestion d&rsquo;exposition<br><\/strong><a href=\"&#109;&#97;&#x69;l&#116;&#x6f;&#x3a;s&#117;&#x73;&#x61;n&#110;&#x65;&#46;&#103;&#x65;&#x72;b&#101;&#x72;&#x40;k&#117;&#x6e;s&#116;&#x6d;&#x75;s&#101;&#x75;&#x6d;l&#117;&#x7a;&#x65;&#114;&#110;&#x2e;c&#104;\">Susanne Gerber<\/a>, +41 41 226 78 22 (lun-jeu)<\/p>\n\n\n\n<p><strong>Collaboratrice scientifique<\/strong><br><a href=\"mailto:milena&#46;vonschulth&#101;&#115;&#115;&#64;&#107;&#117;&#110;&#115;&#116;&#109;&#117;&#115;&#101;&#117;&#109;&#108;&#117;&#122;&#101;&#114;&#110;&#46;&#99;&#104;\">Milena von Schulthess<\/a>, +41 41 226 78 16 (lun-jeu)<\/p>\n<\/div><\/div>\n\n\n\n<div class=\"wp-block-pb-accordion-item c-accordion__item js-accordion-item no-js\" data-initially-open=\"false\" data-click-to-close=\"true\" data-auto-close=\"true\" data-scroll=\"false\" data-scroll-offset=\"0\"><h2 id=\"at-1014614\" class=\"c-accordion__title js-accordion-controller\" role=\"button\" id=\"communication\">Communication<\/h2><div id=\"ac-1014614\" class=\"c-accordion__content\">\n<p><strong>Communication<\/strong><br><a href=\"&#x6d;a&#x69;&#108;&#x74;&#111;&#x3a;&#x63;a&#x72;&#111;&#x6c;&#105;&#x6e;&#101;&#46;&#x67;&#108;&#x6f;&#99;&#x6b;&#64;k&#x75;&#110;&#x73;&#116;&#x6d;&#117;s&#x65;u&#x6d;&#108;&#x75;&#122;e&#x72;n&#x2e;&#99;&#x68;\">Caroline Glock<\/a>, + 41 41 226 78 26 (mar-ven)<\/p>\n\n\n\n<p><strong>Communication<br><\/strong><a href=\"ma&#105;&#108;&#116;&#x6f;&#x3a;&#x68;&#x61;nn&#97;&#104;&#46;&#x77;&#x69;&#x6e;&#x74;er&#115;&#64;&#107;&#x75;&#x6e;&#x73;&#x74;mu&#115;&#101;&#117;&#x6d;&#x6c;&#x75;&#x7a;er&#110;&#46;&#99;&#x68;\">Hannah-Maria Winters<\/a>, +41 41 226 78 27 (lun-jeu)<\/p>\n<\/div><\/div>\n\n\n\n<div class=\"wp-block-pb-accordion-item c-accordion__item js-accordion-item no-js\" data-initially-open=\"false\" data-click-to-close=\"true\" data-auto-close=\"true\" data-scroll=\"false\" data-scroll-offset=\"0\"><h2 id=\"at-1014615\" class=\"c-accordion__title js-accordion-controller\" role=\"button\" id=\"collection\">Collection<\/h2><div id=\"ac-1014615\" class=\"c-accordion__content\">\n<p><strong>Conservatrice de la collection<br><\/strong><a href=\"mailto: &#x61;&#108;&#101;x&#x61;&#x6e;&#100;r&#x61;&#x2e;&#98;l&#x61;&#x65;&#116;t&#x6c;&#x65;&#114;&#64;&#x6b;&#x75;&#110;s&#x74;&#x6d;&#117;&#115;e&#x75;&#x6d;&#108;u&#x7a;&#x65;&#114;n&#x2e;&#x63;&#104;\">Alexandra Bl\u00e4ttler<\/a>, +41 41 226 78 93 (lun-jeu)<\/p>\n\n\n\n<p><strong>Restauratrice<\/strong><br><a href=\"&#109;&#x61;&#105;&#x6c;t&#x6f;:&#106;&#x6f;&#104;&#x61;n&#x6e;a&#46;&#x65;&#108;&#x65;b&#x65;&#64;&#107;&#x75;&#110;&#x73;t&#x6d;u&#115;&#x65;&#117;&#x6d;l&#x75;z&#101;&#x72;&#110;&#x2e;c&#x68;\" target=\"_blank\" rel=\"noreferrer noopener\">Johanna Elebe<\/a>, +41 41 226 78 83 (mar-jeu)<\/p>\n\n\n\n<p><strong><strong>Chercheuse externe en provenance<\/strong><\/strong><br><a href=\"https:\/\/provenienzundrecht.ch\" data-type=\"link\" data-id=\"https:\/\/provenienzundrecht.ch\" target=\"_blank\" rel=\"noreferrer noopener\">Sandra Sykora<\/a><\/p>\n<\/div><\/div>\n<\/div>\n\n\n\n<div class=\"wp-block-column is-layout-flow wp-block-column-is-layout-flow\">\n<div class=\"wp-block-pb-accordion-item c-accordion__item js-accordion-item no-js\" data-initially-open=\"false\" data-click-to-close=\"true\" data-auto-close=\"true\" data-scroll=\"false\" data-scroll-offset=\"0\"><h2 id=\"at-1014616\" class=\"c-accordion__title js-accordion-controller\" role=\"button\" id=\"administration\">Administration<\/h2><div id=\"ac-1014616\" class=\"c-accordion__content\">\n<p><strong>Direction administrative<\/strong><br><a href=\"mailto: &#x69;&#x6e;&#102;&#111;&#64;&#x6b;&#x75;&#x6e;&#115;&#116;m&#x75;&#x73;&#x65;&#117;&#109;l&#x75;&#x7a;&#x65;&#114;&#110;&#46;&#x63;&#x68;\">Mascha Wolf<\/a>, (lun-jeu)<\/p>\n\n\n\n<p><strong>Administration<\/strong><br><a href=\"&#109;&#x61;&#x69;&#108;&#x74;&#x6f;&#58;&#x64;&#x61;&#110;&#x69;&#x65;&#108;&#x2e;&#x6d;&#117;&#x65;&#x6c;&#108;&#x65;&#x72;&#64;&#x6b;&#x75;&#110;&#x73;&#x74;m&#x75;&#x73;e&#x75;&#x6d;l&#117;&#x7a;e&#114;&#x6e;&#46;&#99;&#x68;\">Daniel M\u00fcller<\/a>, +41 41 226 78 48 (mar-jeu)<\/p>\n\n\n\n<p><strong>Comptabilit\u00e9<\/strong><br><a href=\"&#x6d;&#x61;&#x69;&#x6c;&#x74;&#x6f;&#58;&#115;&#121;&#98;ille&#x2e;&#x6b;&#x65;&#x73;&#x73;&#x6c;&#101;&#114;&#64;&#107;&#117;nst&#x6d;&#x75;&#x73;&#x65;&#x75;&#x6d;&#108;&#117;&#122;&#101;&#114;n&#46;c&#x68;\">Sybille Kessler<\/a>, +41 41 226 78 11<\/p>\n\n\n\n<p><strong>\u00c9v\u00e9nements et partenariats<\/strong><br><a href=\"&#109;&#x61;&#105;&#x6c;&#116;&#x6f;:&#x73;o&#x6e;j&#97;&#x2e;&#102;&#x75;&#99;&#x68;&#115;&#x40;k&#x75;n&#x73;t&#109;&#x75;&#115;&#x65;&#117;&#x6d;&#108;&#x75;z&#x65;r&#x6e;&#46;&#99;&#x68;\">Sonja Fuchs<\/a>, +41 41 226 78 12 (mar\/jeu)<\/p>\n<\/div><\/div>\n\n\n\n<div class=\"wp-block-pb-accordion-item c-accordion__item js-accordion-item no-js\" data-initially-open=\"false\" data-click-to-close=\"true\" data-auto-close=\"true\" data-scroll=\"false\" data-scroll-offset=\"0\"><h2 id=\"at-1014617\" class=\"c-accordion__title js-accordion-controller\" role=\"button\" id=\"mediation-dart\">M\u00e9diation d&rsquo;art<\/h2><div id=\"ac-1014617\" class=\"c-accordion__content\">\n<p><strong>Direction m\u00e9diation d&rsquo;art<\/strong><br><a href=\"&#x6d;a&#x69;&#108;&#x74;&#111;:&#x6b;u&#x6e;&#115;&#x74;&#118;e&#x72;&#109;&#x69;&#116;t&#x6c;u&#x6e;&#103;&#x40;&#107;u&#x6e;s&#x74;&#109;&#x75;&#x73;e&#x75;&#109;&#x6c;&#117;z&#x65;r&#x6e;&#46;&#x63;&#104;\">Hannah Horst<\/a>, +41 41 226 78 18 (lun-jeu)<\/p>\n\n\n\n<p><strong>M\u00e9diatrices<\/strong><br><a href=\"mail&#116;&#111;&#58;&#107;&#117;&#110;&#115;&#x74;&#x76;&#x65;&#x72;&#x6d;&#x69;&#x74;&#x74;&#x6c;ung&#64;&#107;&#117;&#110;&#115;&#116;&#109;&#117;&#x73;&#x65;&#x75;&#x6d;&#x6c;&#x75;&#x7a;&#x65;&#x72;n&#46;ch\">Domenika Chandra<\/a>, +41 41 226 78 47 (mer-ven)<br><a href=\"&#x6d;a&#x69;&#108;t&#x6f;&#58;&#x6b;&#x75;n&#x73;&#116;v&#x65;&#114;&#x6d;&#105;t&#x74;&#108;u&#x6e;&#103;&#x40;&#107;u&#x6e;&#115;&#x74;&#x6d;u&#x73;&#101;u&#x6d;&#108;&#x75;&#x7a;e&#x72;&#110;&#46;&#x63;&#104;\">Ursula Helg<\/a>, +41 41 226 78 46 (jeu\/ven)<br><a href=\"m&#97;&#x69;&#x6c;t&#111;&#58;&#x6b;&#x75;n&#115;&#x74;&#x76;e&#114;&#109;&#x69;&#x74;t&#108;&#x75;&#x6e;g&#64;&#107;&#x75;&#x6e;s&#116;&#x6d;&#x75;s&#101;&#117;&#x6d;&#x6c;u&#122;&#x65;&#x72;n&#46;&#99;&#x68;\">Paula Niffeler<\/a>, +41 41 226 78 45<\/p>\n<\/div><\/div>\n\n\n\n<div class=\"wp-block-pb-accordion-item c-accordion__item js-accordion-item no-js\" data-initially-open=\"false\" data-click-to-close=\"true\" data-auto-close=\"true\" data-scroll=\"false\" data-scroll-offset=\"0\"><h2 id=\"at-1014618\" class=\"c-accordion__title js-accordion-controller\" role=\"button\" id=\"service-de-musee\">Service de mus\u00e9e<\/h2><div id=\"ac-1014618\" class=\"c-accordion__content\">\n<p><strong>Direction<\/strong> <strong>service de mus\u00e9e<\/strong><br><a href=\"&#109;&#x61;&#105;&#x6c;&#116;&#x6f;:&#x25;2&#x30;l&#97;&#x72;&#97;&#x2e;&#101;&#x6e;&#115;&#x40;k&#x75;n&#x73;t&#109;&#x75;&#115;&#x65;&#117;&#x6d;&#108;&#x75;z&#x65;r&#x6e;&#46;&#99;&#x68;\">Lara Ens<\/a>, +41 41 226 78 00<\/p>\n\n\n\n<p><strong>Caisse, accueil<\/strong><br>Sonja Fuchs, Dania Schellenberg, Katharina Schulik, Yvonne Zorzi<\/p>\n\n\n\n<p><strong>Boutique de mus\u00e9e<\/strong><br><a href=\"&#x6d;a&#x69;&#108;&#x74;&#x6f;:&#x25;&#50;&#x30;&#x6c;a&#x72;&#97;&#x2e;&#x65;n&#x73;&#64;&#x6b;&#x75;n&#x73;&#116;&#x6d;&#x75;s&#x65;&#117;&#x6d;&#x6c;u&#x7a;&#101;&#x72;&#x6e;&#46;&#x63;&#104;\">Lara Ens<\/a>, +41 41 226 78 00<\/p>\n\n\n\n<p><strong>Service de mus\u00e9e<br><\/strong>Ursula Ambauen, Lisa Blaser, Lucia Ferrari Piazza, Ivana Janackovic, Doris Karavidic, Yolanda Keiser, Silvana Liniger, Aline Peter, Dania Schellenberg, Katharina Schulik, Christian Sterchi<\/p>\n<\/div><\/div>\n\n\n\n<div class=\"wp-block-pb-accordion-item c-accordion__item js-accordion-item no-js\" data-initially-open=\"false\" data-click-to-close=\"true\" data-auto-close=\"true\" data-scroll=\"false\" data-scroll-offset=\"0\"><h2 id=\"at-1014619\" class=\"c-accordion__title js-accordion-controller\" role=\"button\" id=\"technique-de-musee\">Technique de mus\u00e9e<\/h2><div id=\"ac-1014619\" class=\"c-accordion__content\">\n<p><strong>Direction de la technique d&rsquo;exposition et de mus\u00e9e, registraire<\/strong><br><a href=\"mailto: tobi&#97;&#115;&#46;&#111;&#101;&#x68;&#x6d;&#x69;&#x63;&#x68;&#x65;&#x6e;&#64;kun&#115;&#116;&#109;&#117;&#115;&#x65;&#x75;&#x6d;&#x6c;&#x75;&#x7a;&#x65;&#x72;n&#46;ch\">Tobias Oehmichen<\/a>, +41 41 226 78 80 (lun-jeu)<br><br><strong><strong>Direction adjointe<\/strong><\/strong> <strong><strong>de la technique d&rsquo;exposition et de mus\u00e9e<\/strong><\/strong><br><a href=\"&#x6d;a&#x69;&#108;&#x74;&#111;&#x3a;&#x6e;i&#x6e;&#97;&#x2e;&#108;&#x61;&#110;g&#x6f;&#115;&#x63;&#104;&#x40;&#107;u&#x6e;&#115;&#x74;&#109;&#x75;&#115;e&#x75;m&#x6c;&#117;&#x7a;&#101;r&#x6e;&#46;&#x63;&#104;\">Nina Langosch<\/a>, +41 41 226 78 08 (mer-ven)<\/p>\n\n\n\n<p><strong>Technique de mus\u00e9e<\/strong><br><a href=\"mailto: &#x64;&#97;n&#x69;&#101;l&#x2e;&#97;m&#x68;&#111;f&#x40;&#107;u&#x6e;&#115;t&#x6d;&#117;s&#x65;&#117;m&#x6c;&#117;z&#x65;&#114;n&#x2e;&#99;h\">Daniel Amhof<\/a>, +41 41 226 78 82<br><a href=\"mailto: &#x73;&#x74;&#x65;&#x76;&#101;&#110;&#46;to&#x64;&#x40;&#x6b;&#x75;&#110;&#115;tmu&#x73;&#x65;&#x75;&#x6d;&#108;&#117;&#122;er&#x6e;&#x2e;&#x63;&#x68;\">Steven Tod<\/a>, +41 41 226 78 81<\/p>\n\n\n\n<p><strong>Technique d&rsquo;exposition<\/strong><br>Christian Aregger, Tobias B\u00fchlmann, Tatjana Erpen, Raphael Muntwyler, Benedikt Notter, Janosch Perler, Anita Zumb\u00fchl<\/p>\n<\/div><\/div>\n<\/div>\n<\/div>\n\n\n\n<div style=\"height:120px\" aria-hidden=\"true\" class=\"wp-block-spacer\"><\/div>\n\n\n\n<div class=\"wp-block-nav-links alignwide\">\n\n    <div class=\"wp-block-nav-links__link-wrapper\">\n  \n        <a class=\"wp-block-nav-links__link\" href=\"https:\/\/www.kunstmuseumluzern.ch\/fr\/musee\/societe-des-beaux-arts-de-lucerne\/\" target=\"_self\">Soci\u00e9t\u00e9 des beaux-arts de Lucerne<\/a>\n    \n  \n        <a class=\"wp-block-nav-links__link\" href=\"https:\/\/www.kunstmuseumluzern.ch\/fr\/musee\/partenariats\/\" target=\"_self\">Partenariats<\/a>\n    \n  \n        <a class=\"wp-block-nav-links__link\" href=\"https:\/\/www.kunstmuseumluzern.ch\/fr\/musee\/sammlung\/\" target=\"_self\">Collection<\/a>\n    \n    <\/div>\n  \n<\/div>","protected":false},"excerpt":{"rendered":"<p>Le Kunstmuseum Luzern est l\u2019un des plus importants mus\u00e9es d\u2019art suisses. En phase avec son temps, accessible \u00e0 tous les publics et inclusif, il encourage la diversit\u00e9 et le partage. Pour ses expositions, le mus\u00e9e collabore avec des institutions partenaires de Lucerne et d\u2019ailleurs. Riche et vari\u00e9e, sa programmation s\u2019articule autour d\u2019une dizaine de pr\u00e9sentations [&hellip;]<\/p>\n","protected":false},"author":14,"featured_media":0,"parent":101459,"menu_order":0,"comment_status":"closed","ping_status":"closed","template":"","meta":{"_acf_changed":false,"_seopress_robots_primary_cat":"","_seopress_titles_title":"","_seopress_titles_desc":"","_seopress_robots_index":"","inline_featured_image":false,"ghostkit_customizer_options":"","ghostkit_custom_css":"","ghostkit_custom_js_head":"","ghostkit_custom_js_foot":"","ghostkit_typography":"","footnotes":""},"tags":[],"class_list":["post-101461","page","type-page","status-publish","hentry"],"acf":[],"_links":{"self":[{"href":"https:\/\/www.kunstmuseumluzern.ch\/fr\/wp-json\/wp\/v2\/pages\/101461","targetHints":{"allow":["GET"]}}],"collection":[{"href":"https:\/\/www.kunstmuseumluzern.ch\/fr\/wp-json\/wp\/v2\/pages"}],"about":[{"href":"https:\/\/www.kunstmuseumluzern.ch\/fr\/wp-json\/wp\/v2\/types\/page"}],"author":[{"embeddable":true,"href":"https:\/\/www.kunstmuseumluzern.ch\/fr\/wp-json\/wp\/v2\/users\/14"}],"replies":[{"embeddable":true,"href":"https:\/\/www.kunstmuseumluzern.ch\/fr\/wp-json\/wp\/v2\/comments?post=101461"}],"version-history":[{"count":83,"href":"https:\/\/www.kunstmuseumluzern.ch\/fr\/wp-json\/wp\/v2\/pages\/101461\/revisions"}],"predecessor-version":[{"id":231781,"href":"https:\/\/www.kunstmuseumluzern.ch\/fr\/wp-json\/wp\/v2\/pages\/101461\/revisions\/231781"}],"up":[{"embeddable":true,"href":"https:\/\/www.kunstmuseumluzern.ch\/fr\/wp-json\/wp\/v2\/pages\/101459"}],"wp:attachment":[{"href":"https:\/\/www.kunstmuseumluzern.ch\/fr\/wp-json\/wp\/v2\/media?parent=101461"}],"wp:term":[{"taxonomy":"post_tag","embeddable":true,"href":"https:\/\/www.kunstmuseumluzern.ch\/fr\/wp-json\/wp\/v2\/tags?post=101461"}],"curies":[{"name":"wp","href":"https:\/\/api.w.org\/{rel}","templated":true}]}}