{"id":101727,"date":"2023-11-09T10:25:47","date_gmt":"2023-11-09T09:25:47","guid":{"rendered":"https:\/\/www.kunstmuseumluzern.ch\/musee\/kunstgesellschaft-luzern\/"},"modified":"2025-12-04T17:20:09","modified_gmt":"2025-12-04T16:20:09","slug":"societe-des-beaux-arts-de-lucerne","status":"publish","type":"page","link":"https:\/\/www.kunstmuseumluzern.ch\/fr\/musee\/societe-des-beaux-arts-de-lucerne\/","title":{"rendered":"Soci\u00e9t\u00e9 des beaux-arts de Lucerne"},"content":{"rendered":"\n<div class=\"wp-block-slider alignfull\">\n\n  <div class=\"swiper-container\">\n    <div class=\"swiper-wrapper\">\n\n      \n            <div class=\"swiper-slide\" data-index=\"0\">\n                <div data-caption=\"Kunstmuseum Luzern, Meili-Bau\">          <img decoding=\"async\" width=\"2265\" height=\"1400\" src=\"https:\/\/www.kunstmuseumluzern.ch\/wp-content\/uploads\/2024\/02\/kml-meili-historisch-1.jpg\" class=\"attachment-gallery_image size-gallery_image\" alt=\"\" srcset=\"https:\/\/www.kunstmuseumluzern.ch\/wp-content\/uploads\/2024\/02\/kml-meili-historisch-1.jpg 2265w, https:&#x2f;&#47;w&#x77;&#x77;&#46;k&#x75;&#x6e;&#115;t&#x6d;&#x75;&#115;e&#x75;&#x6d;&#108;u&#x7a;&#101;&#114;n&#x2e;&#99;h&#x2f;&#x77;&#112;-&#x63;&#x6f;&#110;t&#x65;&#x6e;&#116;\/&#x75;&#x70;&#108;o&#x61;&#x64;&#115;\/&#x32;&#48;&#50;&#x34;&#x2f;&#48;2&#x2f;&#x6b;&#109;l&#x2d;&#x6d;&#101;i&#x6c;&#x69;&#45;h&#x69;&#x73;&#116;o&#x72;&#105;&#115;c&#x68;&#45;1&#x2d;&#x31;&#53;0&#x78;&#x39;&#51;&#64;&#x32;&#x78;&#46;j&#x70;&#x67; 300w, https:\/\/www.kunstmuseumluzern.ch\/wp-content\/uploads\/2024\/02\/kml-meili-historisch-1-1024x633.jpg 1024w, https:\/\/www.kunstmuseumluzern.ch\/wp-content\/uploads\/2024\/02\/kml-meili-historisch-1-150x93.jpg 150w, https:\/\/www.kunstmuseumluzern.ch\/wp-content\/uploads\/2024\/02\/kml-meili-historisch-1-420x260.jpg 420w, https:&#x2f;&#47;w&#x77;&#119;&#46;&#x6b;&#x75;&#110;s&#x74;&#109;u&#x73;&#x65;&#117;m&#x6c;&#117;z&#x65;&#x72;&#110;&#46;&#x63;&#104;\/&#x77;&#x70;&#45;c&#x6f;&#110;t&#x65;&#x6e;&#116;&#x2f;&#x75;&#112;l&#x6f;&#97;d&#x73;&#x2f;&#50;0&#x32;&#52;\/&#x30;&#x32;&#47;k&#x6d;&#108;-&#x6d;&#x65;&#105;l&#x69;&#45;h&#x69;&#x73;&#116;&#x6f;&#x72;&#105;s&#x63;&#104;&#45;&#x31;&#x2d;&#51;0&#x30;&#120;1&#x38;&#x35;&#64;2&#x78;&#46;j&#x70;&#x67; 600w, https:&#x2f;&#x2f;&#x77;&#x77;&#119;&#46;kun&#x73;&#x74;&#x6d;&#x75;&#115;&#101;uml&#x75;&#x7a;&#x65;&#x72;&#110;&#46;&#99;h\/&#x77;&#x70;&#x2d;&#x63;&#111;&#110;&#116;en&#x74;&#x2f;&#x75;&#x70;&#108;&#111;&#97;ds&#x2f;&#x32;&#x30;&#x32;&#52;&#47;&#48;2\/&#x6b;&#x6d;&#x6c;&#x2d;&#109;&#101;&#105;li&#x2d;&#x68;&#x69;&#x73;&#116;&#111;&#114;is&#x63;&#x68;&#x2d;&#x31;&#45;&#49;&#48;24&#x78;&#x36;&#x33;&#x33;&#64;&#50;&#120;&#46;j&#x70;&#x67; 2048w, https:&#47;&#x2f;w&#119;&#x77;&#46;&#107;&#x75;n&#115;&#x74;m&#117;&#x73;&#101;&#x75;&#x6d;&#108;&#x75;&#x7a;&#101;&#x72;n&#46;&#x63;h&#47;&#x77;p&#45;&#x63;o&#110;&#x74;&#101;&#x6e;&#x74;&#47;&#x75;&#x70;&#108;&#x6f;a&#100;&#x73;\/&#50;&#x30;2&#52;&#x2f;0&#50;&#x2f;&#107;&#x6d;&#x6c;&#45;&#x6d;&#x65;&#105;&#x6c;i&#45;&#x68;i&#115;&#x74;o&#114;&#x69;s&#99;&#x68;&#45;&#x31;&#x2d;&#52;&#x32;&#x30;&#120;&#x32;6&#48;&#x40;2&#120;&#x2e;j&#112;&#x67; 840w\" sizes=\"(max-width: 2265px) 100vw, 2265px\" \/>        <\/div>        \n        \n              <\/div>\n                    <div class=\"swiper-slide\" data-index=\"1\">\n                <div data-caption=\"Kunstmuseum Luzern, Bildlerager in den 1930er-Jahren\">          <img decoding=\"async\" width=\"1327\" height=\"1400\" src=\"https:\/\/www.kunstmuseumluzern.ch\/wp-content\/uploads\/2024\/02\/kml-bildlager-historisch.jpg\" class=\"attachment-gallery_image size-gallery_image\" alt=\"\" srcset=\"https:\/\/www.kunstmuseumluzern.ch\/wp-content\/uploads\/2024\/02\/kml-bildlager-historisch.jpg 1327w, https:&#x2f;&#x2f;&#x77;&#x77;&#x77;&#x2e;&#x6b;&#x75;&#x6e;&#x73;&#x74;&#x6d;&#x75;&#x73;&#101;&#117;&#109;&#108;&#117;&#122;&#101;&#114;&#110;&#46;&#99;h\/wp-con&#x74;&#x65;&#x6e;&#x74;&#x2f;&#x75;&#x70;&#x6c;&#x6f;&#x61;&#x64;&#x73;&#x2f;&#x32;&#x30;&#50;&#52;&#47;&#48;&#50;&#47;&#107;&#109;&#108;&#45;bildlage&#x72;&#x2d;&#x68;&#x69;&#x73;&#x74;&#x6f;&#x72;&#x69;&#x73;&#x63;&#x68;&#x2d;&#x31;&#x35;&#48;&#120;&#49;&#53;&#56;&#64;&#50;&#120;&#46;&#106;pg 300w, https:\/\/www.kunstmuseumluzern.ch\/wp-content\/uploads\/2024\/02\/kml-bildlager-historisch-1024x1080.jpg 1024w, https:\/\/www.kunstmuseumluzern.ch\/wp-content\/uploads\/2024\/02\/kml-bildlager-historisch-150x158.jpg 150w, https:\/\/www.kunstmuseumluzern.ch\/wp-content\/uploads\/2024\/02\/kml-bildlager-historisch-420x443.jpg 420w, https:&#x2f;&#47;w&#x77;&#x77;&#46;k&#x75;&#x6e;&#115;t&#x6d;&#x75;&#115;e&#x75;&#x6d;&#108;u&#x7a;&#101;&#114;n&#x2e;&#99;h&#x2f;&#x77;&#112;-&#x63;&#x6f;&#110;t&#x65;&#x6e;&#116;\/&#x75;&#x70;&#108;o&#x61;&#x64;&#115;\/&#x32;&#48;&#50;&#x34;&#x2f;&#48;2&#x2f;&#x6b;&#109;l&#x2d;&#x62;&#105;l&#x64;&#x6c;&#97;g&#x65;&#x72;&#45;h&#x69;&#115;&#116;o&#x72;&#105;s&#x63;&#x68;&#45;3&#x30;&#x30;&#120;3&#x31;&#x37;&#64;2&#x78;&#x2e;&#106;p&#x67; 600w, https:&#47;&#x2f;&#119;&#x77;&#119;&#x2e;&#107;&#x75;&#110;&#x73;&#116;&#x6d;&#117;&#x73;&#101;&#x75;&#109;&#x6c;&#117;&#x7a;&#101;&#x72;&#110;&#x2e;&#99;&#x68;&#47;&#x77;&#112;&#x2d;&#99;&#x6f;&#110;&#x74;&#101;&#x6e;&#116;&#x2f;&#117;&#x70;&#108;&#x6f;&#97;&#x64;&#115;&#x2f;&#50;&#x30;&#50;&#x34;&#47;&#x30;&#50;&#x2f;&#107;&#x6d;&#108;&#x2d;&#98;&#x69;&#108;&#x64;&#108;&#x61;&#103;&#x65;&#114;&#x2d;&#104;&#x69;&#115;&#x74;&#111;&#x72;&#105;&#x73;&#99;&#x68;&#45;&#x34;&#50;&#x30;&#120;&#x34;&#52;&#x33;&#64;&#x32;&#120;&#x2e;&#106;&#x70;&#103; 840w\" sizes=\"(max-width: 1327px) 100vw, 1327px\" \/>        <\/div>        \n        \n              <\/div>\n                    <div class=\"swiper-slide\" data-index=\"2\">\n                <div data-caption=\"Kunstmuseum Luzern\">          <img decoding=\"async\" width=\"1329\" height=\"1400\" src=\"https:\/\/www.kunstmuseumluzern.ch\/wp-content\/uploads\/2024\/02\/kgl-historisch-2.jpg\" class=\"attachment-gallery_image size-gallery_image\" alt=\"\" srcset=\"https:\/\/www.kunstmuseumluzern.ch\/wp-content\/uploads\/2024\/02\/kgl-historisch-2.jpg 1329w, https:&#x2f;\/&#x77;&#119;&#x77;&#46;&#x6b;&#x75;n&#x73;&#116;&#x6d;&#117;&#x73;&#101;u&#x6d;&#108;&#x75;&#122;&#x65;&#114;n&#x2e;&#99;&#x68;&#47;&#x77;&#112;-&#x63;o&#x6e;&#116;&#x65;&#110;t&#x2f;u&#x70;&#108;&#x6f;&#97;d&#x73;\/&#x32;&#48;&#x32;&#52;\/&#x30;2&#x2f;&#107;&#x67;&#108;-&#x68;i&#x73;&#116;&#x6f;&#114;i&#x73;c&#x68;&#45;&#x32;&#45;1&#x35;0&#x78;&#49;&#x35;&#56;&#64;&#x32;x&#x2e;&#106;&#x70;&#103; 300w, https:\/\/www.kunstmuseumluzern.ch\/wp-content\/uploads\/2024\/02\/kgl-historisch-2-1024x1079.jpg 1024w, https:\/\/www.kunstmuseumluzern.ch\/wp-content\/uploads\/2024\/02\/kgl-historisch-2-150x158.jpg 150w, https:\/\/www.kunstmuseumluzern.ch\/wp-content\/uploads\/2024\/02\/kgl-historisch-2-420x442.jpg 420w, https:&#x2f;&#47;w&#x77;&#x77;&#46;k&#x75;&#x6e;&#115;t&#x6d;&#x75;&#115;e&#x75;&#x6d;&#108;u&#x7a;&#101;&#114;n&#x2e;&#99;h&#x2f;&#x77;&#112;-&#x63;&#x6f;&#110;t&#x65;&#x6e;&#116;\/&#x75;&#x70;&#108;o&#x61;&#x64;&#115;\/&#x32;&#48;&#50;&#x34;&#x2f;&#48;2&#x2f;&#x6b;&#103;l&#x2d;&#x68;&#105;s&#x74;&#x6f;&#114;i&#x73;&#x63;&#104;-&#x32;&#45;&#51;0&#x30;&#120;3&#x31;&#x36;&#64;2&#x78;&#x2e;&#106;p&#x67; 600w, https:&#x2f;&#x2f;&#x77;&#119;&#119;&#46;ku&#x6e;&#x73;&#x74;&#x6d;&#117;&#115;eu&#x6d;&#x6c;&#x75;&#x7a;&#101;&#114;n&#46;&#x63;&#x68;&#x2f;&#x77;&#112;&#45;&#99;on&#x74;&#x65;&#x6e;&#x74;&#47;&#117;pl&#x6f;&#x61;&#x64;&#x73;&#47;&#50;02&#x34;&#x2f;&#x30;&#x32;&#47;&#107;&#103;l-&#x68;&#x69;&#x73;&#x74;&#111;&#114;is&#x63;&#x68;&#x2d;&#x32;&#45;&#52;20&#x78;&#x34;&#x34;&#x32;&#64;&#50;&#120;&#46;j&#x70;&#x67; 840w\" sizes=\"(max-width: 1329px) 100vw, 1329px\" \/>        <\/div>        \n        \n              <\/div>\n                    <div class=\"swiper-slide\" data-index=\"3\">\n                <div data-caption=\"Kultur- und Kongresshaus KKL mit Kunstmuseum Luzern, Foto: Franca Pedrazzetti\">          <img decoding=\"async\" width=\"2100\" height=\"1400\" src=\"https:\/\/www.kunstmuseumluzern.ch\/wp-content\/uploads\/2024\/02\/kml-fassade-see.jpg\" class=\"attachment-gallery_image size-gallery_image\" alt=\"\" srcset=\"https:\/\/www.kunstmuseumluzern.ch\/wp-content\/uploads\/2024\/02\/kml-fassade-see.jpg 2100w, https:&#x2f;&#47;&#119;w&#x77;&#x2e;&#107;u&#x6e;&#x73;&#116;mu&#x73;&#101;&#117;m&#x6c;&#x75;&#122;e&#x72;&#x6e;&#46;&#99;h&#x2f;&#x77;&#112;-&#x63;&#x6f;&#110;t&#x65;&#x6e;&#116;&#47;u&#x70;&#x6c;&#111;a&#x64;&#x73;&#47;2&#x30;&#x32;&#52;&#47;0&#x32;&#x2f;&#107;m&#x6c;&#x2d;&#102;a&#x73;&#x73;&#97;&#100;e&#x2d;&#x73;&#101;e&#x2d;&#x31;&#53;0&#x78;&#x31;&#48;&#48;&#64;&#x32;&#x78;&#46;j&#x70;&#x67; 300w, https:\/\/www.kunstmuseumluzern.ch\/wp-content\/uploads\/2024\/02\/kml-fassade-see-1024x683.jpg 1024w, https:\/\/www.kunstmuseumluzern.ch\/wp-content\/uploads\/2024\/02\/kml-fassade-see-150x100.jpg 150w, https:\/\/www.kunstmuseumluzern.ch\/wp-content\/uploads\/2024\/02\/kml-fassade-see-420x280.jpg 420w, https:&#x2f;\/&#x77;w&#x77;&#46;&#x6b;&#117;n&#x73;t&#x6d;&#117;&#x73;&#101;&#x75;&#109;l&#x75;z&#x65;&#114;&#x6e;&#46;&#x63;&#x68;\/&#x77;p&#x2d;&#99;&#x6f;&#110;t&#x65;n&#x74;&#47;&#x75;&#112;&#x6c;&#111;a&#x64;s&#x2f;&#50;&#x30;&#50;&#x34;&#x2f;0&#x32;\/&#x6b;&#109;&#x6c;&#45;f&#x61;s&#x73;&#97;&#x64;&#101;&#x2d;&#115;e&#x65;-&#x33;&#48;&#x30;&#120;&#x32;&#x30;0&#x40;2&#x78;&#46;&#x6a;&#112;g 600w, https:\/&#47;&#119;&#x77;&#x77;&#x2e;k&#117;&#110;&#x73;&#x74;&#x6d;us&#101;&#x75;&#x6d;&#x6c;uz&#101;&#114;&#x6e;&#x2e;&#x63;h&#47;&#119;&#x70;&#x2d;&#x63;o&#110;&#116;&#x65;&#x6e;&#x74;\/u&#112;&#x6c;&#x6f;&#x61;ds&#47;&#50;&#x30;&#x32;&#x34;\/&#48;&#50;&#x2f;&#x6b;&#x6d;l&#45;&#102;&#x61;&#x73;&#x73;ad&#101;&#x2d;&#x73;&#x65;e-&#49;&#48;&#x32;&#x34;&#x78;6&#56;&#51;&#x40;&#x32;&#x78;&#46;&#106;&#112;&#x67; 2048w, https:&#47;\/&#x77;w&#x77;&#46;&#x6b;u&#x6e;s&#x74;m&#x75;&#115;&#x65;&#117;&#x6d;&#108;&#x75;&#122;&#x65;&#114;&#x6e;&#46;&#x63;&#104;\/&#x77;p&#x2d;c&#x6f;n&#x74;e&#x6e;t&#x2f;&#117;&#x70;&#108;&#x6f;&#97;&#x64;&#115;&#x2f;&#50;&#x30;&#50;&#x34;&#47;0&#x32;\/&#x6b;m&#x6c;-&#x66;a&#x73;s&#x61;&#100;&#x65;&#45;&#x73;&#101;&#x65;&#45;&#x34;&#50;&#x30;&#120;&#x32;&#56;0&#x40;2&#x78;&#46;&#x6a;p&#x67; 840w\" sizes=\"(max-width: 2100px) 100vw, 2100px\" \/>        <\/div>        \n        \n              <\/div>\n                    <div class=\"swiper-slide\" data-index=\"4\">\n                <div data-caption=\"\">          <img decoding=\"async\" width=\"2100\" height=\"1400\" src=\"https:\/\/www.kunstmuseumluzern.ch\/wp-content\/uploads\/2024\/02\/2022-hockney.jpg\" class=\"attachment-gallery_image size-gallery_image\" alt=\"\" srcset=\"https:\/\/www.kunstmuseumluzern.ch\/wp-content\/uploads\/2024\/02\/2022-hockney.jpg 2100w, https:\/&#47;&#x77;&#x77;&#x77;&#46;&#107;&#117;&#x6e;&#x73;t&#109;&#117;&#x73;&#x65;um&#108;&#x75;&#x7a;&#x65;r&#110;&#x2e;&#x63;&#x68;\/&#119;&#112;&#x2d;&#x63;o&#110;&#116;&#x65;&#x6e;t\/&#117;&#x70;&#x6c;&#x6f;a&#100;&#115;&#x2f;&#x32;0&#50;&#52;&#x2f;&#x30;2&#47;&#50;&#x30;&#x32;2-&#104;&#x6f;&#x63;&#x6b;n&#101;&#121;&#x2d;&#x31;5&#48;&#120;&#x31;&#x30;0&#64;&#50;&#x78;&#x2e;jp&#103; 300w, https:\/\/www.kunstmuseumluzern.ch\/wp-content\/uploads\/2024\/02\/2022-hockney-1024x683.jpg 1024w, https:\/\/www.kunstmuseumluzern.ch\/wp-content\/uploads\/2024\/02\/2022-hockney-150x100.jpg 150w, https:\/\/www.kunstmuseumluzern.ch\/wp-content\/uploads\/2024\/02\/2022-hockney-420x280.jpg 420w, https:&#x2f;&#x2f;&#x77;&#x77;&#x77;&#x2e;&#x6b;&#x75;&#x6e;&#x73;&#x74;&#x6d;&#x75;&#x73;&#x65;&#x75;&#x6d;&#x6c;&#x75;&#x7a;&#x65;&#x72;&#x6e;&#x2e;&#x63;&#x68;&#x2f;&#x77;&#x70;&#x2d;&#x63;&#x6f;&#x6e;&#x74;&#x65;&#x6e;&#x74;&#x2f;&#x75;&#x70;&#x6c;&#x6f;&#x61;&#x64;&#x73;&#x2f;&#x32;&#x30;&#x32;&#x34;&#x2f;&#x30;&#x32;&#x2f;&#x32;&#x30;&#x32;&#x32;&#x2d;&#x68;&#x6f;&#x63;&#x6b;&#x6e;&#x65;&#x79;&#x2d;&#x33;&#x30;&#x30;&#x78;&#x32;&#x30;&#x30;&#x40;&#x32;&#x78;&#x2e;&#x6a;&#x70;&#x67; 600w, https:&#x2f;\/&#x77;&#119;w&#x2e;&#107;&#x75;&#110;s&#x74;&#109;&#x75;&#115;e&#x75;&#109;&#x6c;&#x75;z&#x65;&#114;n&#x2e;&#99;&#x68;&#47;w&#x70;&#45;&#x63;&#111;n&#x74;&#101;&#x6e;&#x74;\/&#x75;&#112;l&#x6f;a&#x64;&#115;\/&#x32;&#48;&#x32;&#52;\/&#x30;&#50;&#x2f;&#50;0&#x32;&#50;&#x2d;&#x68;o&#x63;&#107;n&#x65;&#121;&#x2d;&#49;0&#x32;&#52;&#x78;&#54;8&#x33;&#64;&#x32;&#x78;&#46;&#x6a;&#112;g 2048w, https:&#47;\/&#x77;w&#x77;&#46;&#x6b;&#117;&#x6e;&#115;&#x74;&#109;u&#x73;e&#x75;m&#x6c;&#117;&#x7a;&#101;&#x72;&#110;&#x2e;&#99;h&#x2f;w&#x70;-&#x63;&#111;&#x6e;&#116;&#x65;&#110;&#x74;&#47;u&#x70;l&#x6f;a&#x64;&#115;&#x2f;&#50;&#x30;&#50;&#x34;&#47;0&#x32;\/&#x32;0&#x32;&#50;&#x2d;&#104;&#x6f;&#99;k&#x6e;e&#x79;-&#x34;&#50;&#x30;&#120;&#x32;&#56;&#x30;&#64;2&#x78;&#46;&#x6a;p&#x67; 840w\" sizes=\"(max-width: 2100px) 100vw, 2100px\" \/>        <\/div>        \n        \n              <\/div>\n              \n    <\/div>\n\n    <div class=\"swiper-button-prev\"><\/div>\n    <div class=\"swiper-button-next\"><\/div>\n    <div class=\"swiper-pagination\"><\/div>\n    <div class=\"swiper-caption\"><\/div>\n  <\/div>\n\n<\/div>\n\n\n\n<div style=\"height:60px\" aria-hidden=\"true\" class=\"wp-block-spacer\"><\/div>\n\n\n\n<p>La Soci\u00e9t\u00e9 des beaux-arts de Lucerne (Kunstgesellschaft Luzern) est l\u2019organisme gestionnaire du Kunstmuseum Luzern. Fond\u00e9e en 1819 dans le but d\u2019offrir un forum pour les artistes et les amateur.trice.s d\u2019art et, \u00e0 moyen terme, de mettre \u00e0 disposition des locaux pouvant accueillir des expositions, la Soci\u00e9t\u00e9 des beaux-arts inaugure son propre mus\u00e9e en 1933 au sein du Palais des arts et des congr\u00e8s dessin\u00e9 par Armin Meili.<\/p>\n\n\n\n<p>Le Kunstmuseum Luzern a pour mission de collectionner, de conserver, de diss\u00e9miner et d\u2019exposer l\u2019art de son temps. Pour mener \u00e0 bien ces missions, il peut compter sur le soutien de la Soci\u00e9t\u00e9 des beaux-arts de Lucerne et de ses quelque 2&nbsp;500 membres, sans qui le mus\u00e9e ne serait pas en mesure de r\u00e9aliser son ambitieuse programmation artistique et culturelle, de d\u00e9velopper sa collection et de documenter ses activit\u00e9s au moyen de publications exigeantes.<\/p>\n\n\n\n<p>Le Kunstmuseum Luzerne est un lieu ouvert sur la soci\u00e9t\u00e9 de son temps et sur les d\u00e9bats, les id\u00e9es et les projets qui l\u2019irriguent. Les membres de la Soci\u00e9t\u00e9 des beaux-arts de Lucerne, qui constituent le vivier du mus\u00e9e, contribuent de mani\u00e8re active \u00e0 ces \u00e9changes.<\/p>\n\n\n\n<p>Les membres de la Soci\u00e9t\u00e9 des beaux-arts de Lucerne jouissent de l\u2019acc\u00e8s gratuit au Kunstmuseum Luzerne ainsi qu\u2019\u00e0 de nombreuses autres institutions artistiques dans toute la Suisse. Ils b\u00e9n\u00e9ficient en outre de r\u00e9ductions sur les publications et les \u00e9ditions du mus\u00e9e. L\u2019adh\u00e9sion familiale inclut l\u2019adh\u00e9sion au club pour enfants du Kunstmuseum Luzern. Les entreprises membres re\u00e7oivent 4 cartes d\u2019adh\u00e9rent. L\u2019adh\u00e9sion vaut pour une ann\u00e9e civile. Les nouvelles demandes d\u2019adh\u00e9sion soumises \u00e0 partir du 1<sup>er<\/sup> octobre de l\u2019ann\u00e9e civile en cours ne sont factur\u00e9es qu\u2019\u00e0 partir du 1<sup>er<\/sup> janvier de l\u2019ann\u00e9e suivante.<\/p>\n\n\n\n<div style=\"height:120px\" aria-hidden=\"true\" class=\"wp-block-spacer\"><\/div>\n\n\n\n<div class=\"wp-block-columns alignwide is-layout-flex wp-container-core-columns-is-layout-28f84493 wp-block-columns-is-layout-flex\">\n<div class=\"wp-block-column is-layout-flow wp-block-column-is-layout-flow\">\n<h2 class=\"wp-block-heading has-text-align-center\" id=\"information\" id=\"information\">Information<\/h2>\n\n\n\n<div class=\"wp-block-pb-accordion-item c-accordion__item js-accordion-item no-js is-bottom\" data-initially-open=\"false\" data-click-to-close=\"true\" data-auto-close=\"false\" data-scroll=\"false\" data-scroll-offset=\"0\"><h3 id=\"at-1017270\" class=\"c-accordion__title js-accordion-controller\" role=\"button\" id=\"comite-directeur\">Comit\u00e9 directeur<\/h3><div id=\"ac-1017270\" class=\"c-accordion__content\">\n<p><strong><strong>Pr\u00e9sident<\/strong><\/strong><br>Andi Scheitlin<br><br><strong><strong>Vice-pr\u00e9sidente<\/strong><\/strong><br>Manuela M\u00fcller<br><br><strong><strong>Tr\u00e9sori\u00e8re<\/strong><\/strong><br>Manuela M\u00fcller<br><br><strong><strong>Membres<\/strong><\/strong><br>Judith Albert<br>Manuel Berger<br>Hubert Hofmann<br>Thomas Lussi<br>Beat L\u00fctolf<\/p>\n<\/div><\/div>\n\n\n\n<div style=\"height:40px\" aria-hidden=\"true\" class=\"wp-block-spacer\"><\/div>\n\n\n\n<div class=\"wp-block-buttons is-content-justification-center is-layout-flex wp-container-core-buttons-is-layout-a89b3969 wp-block-buttons-is-layout-flex\">\n<div class=\"wp-block-button is-style-download\"><a class=\"wp-block-button__link wp-element-button\" href=\"https:\/\/www.kunstmuseumluzern.ch\/wp-content\/uploads\/2023\/04\/kunstgesellschaft-luzern-statuten.pdf\" target=\"_blank\" rel=\"noreferrer noopener\">Statuts (Allemand)<\/a><\/div>\n\n\n\n<div class=\"wp-block-button is-style-download\"><a class=\"wp-block-button__link wp-element-button\" href=\"https:\/\/www.kunstmuseumluzern.ch\/wp-content\/uploads\/2018\/06\/kgl-strategie.pdf\" target=\"_blank\" rel=\"noreferrer noopener\">Strat\u00e9gie (Allemand)&nbsp;<\/a><\/div>\n<\/div>\n<\/div>\n\n\n\n<div class=\"wp-block-column is-layout-flow wp-block-column-is-layout-flow\">\n<h2 class=\"wp-block-heading has-text-align-center\" id=\"membre\" id=\"membre\">Membre<\/h2>\n\n\n\n<div class=\"wp-block-pb-accordion-item c-accordion__item js-accordion-item no-js\" data-initially-open=\"false\" data-click-to-close=\"true\" data-auto-close=\"false\" data-scroll=\"false\" data-scroll-offset=\"0\"><h2 id=\"at-1017271\" class=\"c-accordion__title js-accordion-controller\" role=\"button\" id=\"avantages-des-membres\">Avantages des membres<\/h2><div id=\"ac-1017271\" class=\"c-accordion__content\">\n<ul class=\"wp-block-list\">\n<li>entr\u00e9e gratuite dans les expositions<\/li>\n\n\n\n<li>Invitations aux vernissages et \u00e9v\u00e9nements<\/li>\n\n\n\n<li>Informations sur le programme d&rsquo;exposition<\/li>\n\n\n\n<li>R\u00e9duction \u00e0 l&rsquo;achat de nos catalogues et \u00e9ditions<\/li>\n\n\n\n<li>en tant que membre de famille inscription gratuite de vos enfants au club pour enfants ou au club pour jeunes au Kunstmuseum<\/li>\n\n\n\n<li>en tant que membre d&rsquo;entreprise quatre cartes de membre<\/li>\n\n\n\n<li>R\u00e9duction sur l&rsquo;abonnement du <a href=\"https:\/\/www.kunstbulletin.ch\/fr\/product\/155093\" target=\"_blank\" rel=\"noreferrer noopener\">Kunstbulletin<\/a><\/li>\n<\/ul>\n<\/div><\/div>\n\n\n\n<div class=\"wp-block-pb-accordion-item c-accordion__item js-accordion-item no-js\" data-initially-open=\"false\" data-click-to-close=\"true\" data-auto-close=\"false\" data-scroll=\"false\" data-scroll-offset=\"0\"><h2 id=\"at-1017272\" class=\"c-accordion__title js-accordion-controller\" role=\"button\" id=\"entree-gratuite-dans-les-musees-dart-suivants\">entr\u00e9e gratuite dans les mus\u00e9es d&rsquo;art suivants<\/h2><div id=\"ac-1017272\" class=\"c-accordion__content\">\n<p>Aargauer Kunsthaus, Aarau, Haus f\u00fcr Kunst Uri, Altdorf, Kunstraum Baden, Kunsthalle Basel, MACT\/CACT Museo e Centro d\u2019Arte Contemporanea Ticino, Bellinzona, Kunsthalle Bern, Kunsthaus Biel Centre d\u2019art Bienne, B\u00fcndner Kunstmuseum, Chur, Kunsthalle Friart Fribourg, Centre d\u2019Art Contemporain Gen\u00e8ve, Centre d\u2019\u00e9dition contemporaine, Gen\u00e8ve, Kunsthaus Glarus, Kunsthaus Grenchen, Kunstmuseum Thurgau\/Ittinger Museum, Kartause Ittingen, Warth, Kunsthaus Langenthal, Mus\u00e9e des beaux-arts, Le Locle, Kunsthalle Palazzo, Liestal, MASI Lugano, Mus\u00e9e jurassien des arts, Moutier, Kunsthaus Baselland, Muttenz, CAN Centre d\u2019Art Neuch\u00e2tel, Kunstmuseum Olten, Mus\u00e9e d\u2019art de Pully, Kunst(Zeug)Haus, Rapperswil-Jona, Museum Allerheiligen Schaffhausen, Fundaziun Nairs, Scuol, Centre artistique et culturel de la Ferme-Asile, Sion, Kunst Halle Sankt Gallen, Kunstmuseum St. Gallen, Kunstmuseum Thun\/Thun Panorama, Kunsthalle Winterthur, Kunst Museum Winterthur (Beim Stadthaus, Reinhart am Stadtgarten, Villa Flora), Centre d\u2019Art Contemporain, Yverdon-les-Bains, Zug \u2013 Kunsthaus und Schaudepot, Kunsthalle Z\u00fcrich, Shedhalle, Z\u00fcrich, Henie Onstad Kunstsenter, H\u00f8vikodden, Norwegen<\/p>\n<\/div><\/div>\n\n\n\n<div class=\"wp-block-pb-accordion-item c-accordion__item js-accordion-item no-js\" data-initially-open=\"false\" data-click-to-close=\"true\" data-auto-close=\"true\" data-scroll=\"false\" data-scroll-offset=\"0\"><h2 id=\"at-1017273\" class=\"c-accordion__title js-accordion-controller\" role=\"button\" id=\"prix\">Prix<\/h2><div id=\"ac-1017273\" class=\"c-accordion__content\">\n<figure class=\"wp-block-table\"><table><tbody><tr><td>CHF 90.\u2013<\/td><td>Membre individuel<\/td><\/tr><tr><td>CHF 50.\u2013 <\/td><td>Artiste<\/td><\/tr><tr><td>CHF 30.\u2013 <\/td><td>Enfants, jeunes, \u00e9tudiant\u00b7e\u00b7s (jusqu&rsquo;\u00e0 25 ans)<\/td><\/tr><tr><td>CHF 120.\u2013<\/td><td>Couples (m\u00eame adresse)<\/td><\/tr><tr><td>CHF 80.\u2013 <\/td><td>Couples d&rsquo;artistes<\/td><\/tr><tr><td>CHF 150.\u2013<\/td><td>Familles<\/td><\/tr><tr><td>CHF 110.\u2013<\/td><td>Familles d&rsquo;artistes<\/td><\/tr><tr><td>CHF 500.\u2013<\/td><td>Membre d&rsquo;entreprise<\/td><\/tr><tr><td>CHF 300.\u2013 <\/td><td>Membre donateur ( seulement pour les particuliers)<\/td><\/tr><\/tbody><\/table><\/figure>\n<\/div><\/div>\n\n\n\n<div style=\"height:40px\" aria-hidden=\"true\" class=\"wp-block-spacer\"><\/div>\n\n\n\n<div class=\"wp-block-buttons is-content-justification-center is-layout-flex wp-container-core-buttons-is-layout-a89b3969 wp-block-buttons-is-layout-flex\">\n<div class=\"wp-block-button is-style-default\"><a class=\"wp-block-button__link has-text-align-center wp-element-button\" href=\"https:\/\/www.kunstmuseumluzern.ch\/fr\/musee\/devenir-membre\/\">Devenir membre<\/a><\/div>\n<\/div>\n<\/div>\n<\/div>\n\n\n\n<div style=\"height:120px\" aria-hidden=\"true\" class=\"wp-block-spacer\"><\/div>\n\n\n\n<div class=\"wp-block-focus-card alignwide\">\n\n    <a class=\"wp-block-focus-card__link  focus-block\" href=\"https:\/\/www.kunstmuseumluzern.ch\/fr\/musee\/societe-des-beaux-arts-de-lucerne\/histoire-societe-des-beaux-arts-de-lucerne\/\" target=\"_self\">\n  \n    <figure class=\"wp-block-focus-card__image\">\n      <img decoding=\"async\" width=\"784\" height=\"784\" src=\"https:\/\/www.kunstmuseumluzern.ch\/wp-content\/uploads\/2024\/02\/kml-meili-historisch-q-784x784.jpg\" class=\"attachment-focus-card size-focus-card\" alt=\"\" srcset=\"https:\/\/www.kunstmuseumluzern.ch\/wp-content\/uploads\/2024\/02\/kml-meili-historisch-q-784x784.jpg 784w, https:&#47;&#x2f;w&#119;&#x77;&#46;&#107;&#x75;n&#x73;&#x74;&#109;&#x75;s&#101;&#x75;m&#108;&#x75;z&#x65;&#x72;&#110;&#x2e;&#x63;&#104;&#x2f;w&#112;&#x2d;c&#111;&#x6e;t&#x65;&#x6e;&#116;&#x2f;u&#112;&#x6c;o&#97;&#x64;s&#x2f;&#x32;&#48;&#x32;&#x34;&#47;&#x30;2&#47;&#x6b;m&#108;&#x2d;m&#x65;&#x69;&#108;&#x69;-&#104;&#x69;s&#116;&#x6f;r&#x69;&#x73;&#99;&#x68;&#x2d;&#113;&#x2d;1&#53;&#x30;x&#49;&#x35;0&#x40;&#x32;&#120;&#x2e;j&#112;&#x67; 300w, https:\/\/www.kunstmuseumluzern.ch\/wp-content\/uploads\/2024\/02\/kml-meili-historisch-q-1024x1024.jpg 1024w, https:\/\/www.kunstmuseumluzern.ch\/wp-content\/uploads\/2024\/02\/kml-meili-historisch-q-150x150.jpg 150w, https:\/\/www.kunstmuseumluzern.ch\/wp-content\/uploads\/2024\/02\/kml-meili-historisch-q-470x470.jpg 470w, https:\/\/www.kunstmuseumluzern.ch\/wp-content\/uploads\/2024\/02\/kml-meili-historisch-q-420x420.jpg 420w, https:\/\/www.kunstmuseumluzern.ch\/wp-content\/uploads\/2024\/02\/kml-meili-historisch-q.jpg 1600w, https:&#47;&#x2f;&#119;&#x77;&#119;&#x2e;k&#x75;n&#115;&#x74;&#109;&#x75;&#115;&#x65;u&#x6d;l&#117;&#x7a;&#101;&#x72;&#110;&#x2e;&#99;&#x68;\/&#x77;p&#45;&#x63;&#111;&#x6e;&#116;&#x65;n&#x74;\/&#117;&#x70;&#108;&#x6f;&#97;&#x64;&#115;&#x2f;2&#x30;2&#52;&#x2f;&#48;&#x32;&#47;&#x6b;m&#x6c;-&#109;&#x65;&#105;&#x6c;&#105;&#x2d;&#104;&#x69;s&#x74;o&#114;&#x69;&#115;&#x63;&#104;&#x2d;q&#x2d;7&#56;&#x34;&#120;&#x37;&#56;&#x34;&#64;&#x32;x&#x2e;j&#112;&#x67; 1568w, https:&#47;&#x2f;&#x77;w&#119;&#x2e;k&#117;&#x6e;&#x73;t&#109;&#x75;s&#101;&#x75;&#x6d;l&#117;&#x7a;e&#114;&#x6e;&#x2e;&#99;&#104;&#x2f;w&#112;&#x2d;&#x63;&#111;&#x6e;&#x74;e&#110;&#x74;\/&#117;&#x70;&#x6c;o&#97;&#x64;s&#47;&#x32;&#x30;2&#52;&#x2f;0&#50;&#x2f;&#x6b;m&#108;&#x2d;m&#101;&#x69;&#x6c;&#105;&#x2d;&#x68;i&#115;&#x74;o&#114;&#x69;&#x73;c&#104;&#x2d;q&#45;&#x33;&#x30;0&#120;&#x33;0&#48;&#x40;&#x32;x&#46;&#x6a;p&#103; 600w, https:&#x2f;&#x2f;&#119;&#119;w&#x2e;&#x6b;&#x75;&#110;&#115;t&#x6d;&#x75;&#x73;&#101;&#117;m&#x6c;&#x75;&#x7a;&#101;&#114;n&#x2e;&#x63;&#x68;&#47;wp&#x2d;&#x63;&#x6f;&#110;te&#x6e;&#x74;&#47;&#117;pl&#x6f;&#x61;&#100;&#115;\/2&#x30;&#x32;&#52;&#47;0&#x32;&#x2f;&#x6b;&#109;&#108;-&#x6d;&#x65;&#x69;&#108;&#105;-&#x68;&#x69;&#x73;&#116;&#111;r&#x69;&#x73;&#x63;&#104;&#45;q&#x2d;&#x34;&#x37;&#48;x4&#x37;&#x30;&#64;&#50;x&#46;&#x6a;&#x70;&#103; 940w, https:&#x2f;&#x2f;&#x77;&#x77;&#x77;&#x2e;&#x6b;&#x75;&#110;&#115;&#116;&#109;&#117;&#115;&#101;umlu&#x7a;&#x65;&#x72;&#x6e;&#x2e;&#x63;&#x68;&#x2f;&#x77;&#112;&#45;&#99;&#111;&#110;&#116;&#101;nt\/u&#x70;&#x6c;&#x6f;&#x61;&#x64;&#x73;&#x2f;&#x32;&#x30;&#50;&#52;&#47;&#48;&#50;&#47;&#107;ml-m&#x65;&#x69;&#x6c;&#x69;&#x2d;&#x68;&#x69;&#x73;&#x74;&#111;&#114;&#105;&#115;&#99;&#104;&#45;q-42&#x30;&#x78;&#x34;&#x32;&#x30;&#x40;&#x32;&#x78;&#x2e;&#106;&#112;&#103; 840w\" sizes=\"(max-width: 784px) 100vw, 784px\" \/>    <\/figure>\n\n    <div class=\"wp-block-focus-card__title\">Histoire de la Soci\u00e9t\u00e9 des beaux-arts de Lucerne<\/div>\n\n    <\/a>\n  \n<\/div>\n\n\n\n<div style=\"height:120px\" aria-hidden=\"true\" class=\"wp-block-spacer\"><\/div>\n\n\n\n<div class=\"wp-block-nav-links alignwide\">\n\n    <div class=\"wp-block-nav-links__link-wrapper\">\n  \n        <a class=\"wp-block-nav-links__link\" href=\"https:\/\/www.kunstmuseumluzern.ch\/fr\/mediathek\/collection-en-ligne\/\" target=\"_self\">Collection en ligne<\/a>\n    \n  \n        <a class=\"wp-block-nav-links__link\" href=\"https:\/\/www.kunstmuseumluzern.ch\/fr\/musee\/institution\/\" target=\"_self\">Institution<\/a>\n    \n  \n        <a class=\"wp-block-nav-links__link\" href=\"https:\/\/www.kunstmuseumluzern.ch\/fr\/musee\/partenariats\/\" target=\"_self\">Partenariats<\/a>\n    \n    <\/div>\n  \n<\/div>","protected":false},"excerpt":{"rendered":"<p>La Soci\u00e9t\u00e9 des beaux-arts de Lucerne (Kunstgesellschaft Luzern) est l\u2019organisme gestionnaire du Kunstmuseum Luzern. Fond\u00e9e en 1819 dans le but d\u2019offrir un forum pour les artistes et les amateur.trice.s d\u2019art et, \u00e0 moyen terme, de mettre \u00e0 disposition des locaux pouvant accueillir des expositions, la Soci\u00e9t\u00e9 des beaux-arts inaugure son propre mus\u00e9e en 1933 au [&hellip;]<\/p>\n","protected":false},"author":14,"featured_media":0,"parent":101459,"menu_order":2,"comment_status":"closed","ping_status":"closed","template":"","meta":{"_acf_changed":false,"_seopress_robots_primary_cat":"","_seopress_titles_title":"","_seopress_titles_desc":"","_seopress_robots_index":"","inline_featured_image":false,"ghostkit_customizer_options":"","ghostkit_custom_css":"","ghostkit_custom_js_head":"","ghostkit_custom_js_foot":"","ghostkit_typography":"","footnotes":""},"tags":[],"class_list":["post-101727","page","type-page","status-publish","hentry"],"acf":[],"_links":{"self":[{"href":"https:\/\/www.kunstmuseumluzern.ch\/fr\/wp-json\/wp\/v2\/pages\/101727","targetHints":{"allow":["GET"]}}],"collection":[{"href":"https:\/\/www.kunstmuseumluzern.ch\/fr\/wp-json\/wp\/v2\/pages"}],"about":[{"href":"https:\/\/www.kunstmuseumluzern.ch\/fr\/wp-json\/wp\/v2\/types\/page"}],"author":[{"embeddable":true,"href":"https:\/\/www.kunstmuseumluzern.ch\/fr\/wp-json\/wp\/v2\/users\/14"}],"replies":[{"embeddable":true,"href":"https:\/\/www.kunstmuseumluzern.ch\/fr\/wp-json\/wp\/v2\/comments?post=101727"}],"version-history":[{"count":26,"href":"https:\/\/www.kunstmuseumluzern.ch\/fr\/wp-json\/wp\/v2\/pages\/101727\/revisions"}],"predecessor-version":[{"id":180177,"href":"https:\/\/www.kunstmuseumluzern.ch\/fr\/wp-json\/wp\/v2\/pages\/101727\/revisions\/180177"}],"up":[{"embeddable":true,"href":"https:\/\/www.kunstmuseumluzern.ch\/fr\/wp-json\/wp\/v2\/pages\/101459"}],"wp:attachment":[{"href":"https:\/\/www.kunstmuseumluzern.ch\/fr\/wp-json\/wp\/v2\/media?parent=101727"}],"wp:term":[{"taxonomy":"post_tag","embeddable":true,"href":"https:\/\/www.kunstmuseumluzern.ch\/fr\/wp-json\/wp\/v2\/tags?post=101727"}],"curies":[{"name":"wp","href":"https:\/\/api.w.org\/{rel}","templated":true}]}}