{"id":101752,"date":"2024-01-15T15:13:55","date_gmt":"2024-01-15T14:13:55","guid":{"rendered":"https:\/\/www.kunstmuseumluzern.ch\/musee\/kunstgesellschaft-luzern\/geschichte-kunstgesellschaft-luzern\/"},"modified":"2024-08-07T17:49:46","modified_gmt":"2024-08-07T15:49:46","slug":"histoire-societe-des-beaux-arts-de-lucerne","status":"publish","type":"page","link":"https:\/\/www.kunstmuseumluzern.ch\/fr\/musee\/societe-des-beaux-arts-de-lucerne\/histoire-societe-des-beaux-arts-de-lucerne\/","title":{"rendered":"Histoire de la Soci\u00e9t\u00e9 des beaux-arts de Lucerne\u00a0"},"content":{"rendered":"\n<figure class=\"wp-block-image alignwide size-large\"><img decoding=\"async\" width=\"1024\" height=\"393\" src=\"https:\/\/www.kunstmuseumluzern.ch\/wp-content\/uploads\/2024\/02\/kml-meili-historisch-oben-1024x393.jpg\" alt=\"\" class=\"wp-image-21051\" srcset=\"https:\/\/www.kunstmuseumluzern.ch\/wp-content\/uploads\/2024\/02\/kml-meili-historisch-oben-1024x393.jpg 1024w, https:\/\/ww&#119;&#46;&#107;&#117;&#110;&#x73;&#x74;&#x6d;&#x75;&#x73;&#x65;&#x75;mluz&#101;&#114;&#110;&#46;&#99;&#x68;&#x2f;&#x77;&#x70;&#x2d;&#x63;&#x6f;&#x6e;tent&#47;&#117;&#112;&#108;&#111;&#x61;&#x64;&#x73;&#x2f;&#x32;&#x30;&#x32;&#x34;\/02\/&#107;&#109;&#108;&#45;&#109;&#x65;&#x69;&#x6c;&#x69;&#x2d;&#x68;&#x69;stor&#105;&#115;&#99;&#104;&#45;&#x6f;&#x62;&#x65;&#x6e;&#x2d;&#x31;&#x35;&#x30;x58&#64;&#50;&#120;&#46;&#106;&#112;&#x67; 300w, https:\/\/www.kunstmuseumluzern.ch\/wp-content\/uploads\/2024\/02\/kml-meili-historisch-oben-150x58.jpg 150w, https:\/\/www.kunstmuseumluzern.ch\/wp-content\/uploads\/2024\/02\/kml-meili-historisch-oben-420x161.jpg 420w, https:&#47;&#x2f;&#x77;&#119;&#x77;&#x2e;&#107;&#x75;&#x6e;&#115;&#x74;&#x6d;&#117;&#x73;&#x65;&#117;&#x6d;&#x6c;&#117;&#x7a;&#x65;&#114;&#x6e;&#x2e;&#99;&#x68;&#x2f;w&#x70;&#x2d;c&#x6f;&#x6e;t&#101;&#x6e;t&#47;&#x75;p&#108;&#x6f;a&#100;&#x73;\/&#50;&#x30;2&#52;&#x2f;0&#50;&#x2f;k&#109;&#x6c;-&#109;&#x65;i&#108;&#x69;-&#104;&#x69;s&#116;&#x6f;r&#105;&#x73;c&#104;&#x2d;o&#98;&#x65;n&#45;&#x31;0&#50;&#x34;x&#51;&#x39;3&#64;&#x32;x&#46;&#x6a;p&#103; 2048w, https:&#x2f;\/&#x77;&#119;&#x77;&#46;&#x6b;&#x75;n&#x73;&#116;&#x6d;&#117;&#x73;&#101;u&#x6d;&#108;&#x75;&#122;&#x65;&#114;n&#x2e;&#99;&#x68;&#47;&#x77;&#112;-&#x63;o&#x6e;&#116;&#x65;&#110;t&#x2f;u&#x70;&#108;&#x6f;&#97;d&#x73;\/&#x32;&#48;&#x32;&#52;\/&#x30;2&#x2f;&#107;&#x6d;&#108;-&#x6d;e&#x69;&#108;&#x69;&#45;h&#x69;s&#x74;&#111;&#x72;&#105;s&#x63;h&#x2d;&#111;&#x62;&#101;n&#x2d;3&#x30;&#48;&#x78;&#49;1&#x35;&#64;&#x32;&#120;&#x2e;&#106;p&#x67; 600w, https:&#x2f;&#x2f;&#x77;&#x77;&#119;&#46;&#107;&#117;nst&#x6d;&#x75;&#x73;&#x65;&#x75;&#109;&#108;&#117;zer&#x6e;&#x2e;&#x63;&#x68;&#x2f;&#119;&#112;&#45;con&#x74;&#x65;&#x6e;&#x74;&#x2f;&#117;&#112;&#108;oad&#x73;&#x2f;&#x32;&#x30;&#x32;&#52;&#47;&#48;2\/k&#x6d;&#x6c;&#x2d;&#x6d;&#x65;&#105;&#108;&#105;-hi&#x73;&#x74;&#x6f;&#x72;&#x69;&#115;&#99;&#104;&#45;ob&#x65;&#x6e;&#x2d;&#x34;&#x32;&#48;&#120;&#49;&#54;1&#64;&#x32;&#x78;&#x2e;&#x6a;&#x70;&#103; 840w\" sizes=\"(max-width: 1024px) 100vw, 1024px\" \/><\/figure>\n\n\n\n<h1 class=\"wp-block-heading alignwide is-style-alt-font\" id=\"histoire-de-la-societe-des-beaux-arts-de-lucerne\" id=\"histoire-de-la-societe-des-beaux-arts-de-lucerne\">Histoire de la Soci\u00e9t\u00e9 des beaux-arts de Lucerne<strong>\u00a0<\/strong><\/h1>\n\n\n\n<div style=\"height:150px\" aria-hidden=\"true\" class=\"wp-block-spacer\"><\/div>\n\n\n\n<p>Fond\u00e9e le 11 mai 1819, la Soci\u00e9t\u00e9 des beaux-arts de Lucerne est une \u00e9manation de la section Arts plastiques de la Grande soci\u00e9t\u00e9 des sciences et des arts. D\u00e8s la cr\u00e9ation de la section en 1817, son pr\u00e9sident, Karl Pfyffer von Altishofen, projette de cr\u00e9er un monument \u00e0 la m\u00e9moire des Gardes suisses tomb\u00e9s lors de la prise des Tuileries. \u00c0 cet effet, il lance une souscription pour le \u00ab&nbsp;Monument au Lion&nbsp;\u00bb, soutenue par des personnalit\u00e9s conservatrices de premier plan en Suisse et \u00e0 l\u2019\u00e9tranger. Gr\u00e2ce \u00e0 ses contacts, Pfyffer parvient \u00e0 convaincre le prestigieux sculpteur danois Bertel Thorvaldsen d\u2019en assurer la conception. Symbole de la restauration, le monument est pourtant critiqu\u00e9 de toutes parts lors de son inauguration en 1821. Avec la Soci\u00e9t\u00e9 des beaux-arts, Pfyffer s\u2019est en effet appuy\u00e9 sur une institution progressiste de la jeune soci\u00e9t\u00e9 civile pour r\u00e9aliser un monument \u00e0 la gloire de l\u2019Ancien R\u00e9gime.<\/p>\n\n\n\n<p>Une fois qu\u2019il a atteint son objectif \u2013 non d\u00e9nu\u00e9 de motivations personnelles, puisqu\u2019il est lui-m\u00eame Garde suisse et son oncle est tomb\u00e9 \u00e0 Paris \u2013 Pfyffer se met en retrait de la Soci\u00e9t\u00e9 des beaux-arts. Son adjoint, August Schmid, assure la gestion des affaires courantes avant d\u2019\u00eatre \u00e9lu \u00e0 son tour pr\u00e9sident. D\u00e9sormais, les activit\u00e9s de la Soci\u00e9t\u00e9 se concentrent sur son objectif premier, qui est d\u2019offrir au public bourgeois un lieu d\u2019exposition et de rencontre et constituer des archives iconographiques. La vie associative est une expression de la nouvelle soci\u00e9t\u00e9 civile, dont elle r\u00e9pond \u00e0 la volont\u00e9 de participation et d\u2019engagement. Le d\u00e9but du XIX<sup>e<\/sup> si\u00e8cle voit par ailleurs l\u2019apparition du tourisme&nbsp;: la Suisse centrale et ses nombreuses attractions naturelles attirent les voyageurs, faisant de Lucerne un important centre urbain.<br><br>Pr\u00e9sident de la soci\u00e9t\u00e9 artistique de Lucerne \u00e0 partir de 1924, Paul Hilber est conservateur en chef du Kunstmuseum Luzern de 1925 \u00e0 1949. Il fait rayonner l\u2019institution au-del\u00e0 de la r\u00e9gion en pr\u00e9sentant le travail d\u2019artistes suisses d\u2019envergure internationale tel\u00b7le\u00b7s que Robert Z\u00fcnd, Anna Babberger-Tobler, Giovanni Giacometti, Ferdinand Hodler et Paul Klee, mais aussi des expositions sur la peinture de la Renaissance v\u00e9nitienne ou l\u2019avant-garde parisienne. En 1935, l\u2019exposition <a href=\"https:\/\/www.kunstmuseumluzern.ch\/en\/exhibitions\/these-antithese-und-synthese\/\"><em>These, Antithese, Synthese<\/em> <\/a>r\u00e9unit 22 des plus grand.e.s artistes de l\u2019\u00e9poque, et dans les ann\u00e9es 1970, Jean-Christophe Ammann met \u00e0 l\u2019honneur la jeune sc\u00e8ne internationale en invitant des artistes tels que Giovanni Anselmo, Michael Buthe, Hanne Darboven, Gilbert &amp; George, Gerhard Richter ou Paul Thek \u00e0 exposer \u00e0 Lucerne. Son successeur, Martin Kunz, valorise les fonds acquis au cours des ann\u00e9es 1970 et 1980 en ouvrant la collection \u00e0 l\u2019art vid\u00e9o, tandis que Martin Schwander pr\u00e9sente pour la premi\u00e8re fois en Suisse des \u00ab&nbsp;superstars&nbsp;\u00bb de l\u2019art international comme Andy Warhol, Jeff Wall ou Cindy Sherman. Le Kunstmuseum Luzern perp\u00e9tue aujourd\u2019hui encore cette tradition d\u2019avant-garde.<br><br>En 2019, la Soci\u00e9t\u00e9 des beaux-arts de Lucerne a f\u00eat\u00e9 son 200<sup>e<\/sup> anniversaire. \u00c0 cette occasion, le Kunstmuseum Luzern a notamment organis\u00e9 la grande exposition <em><a href=\"https:\/\/www.kunstmuseumluzern.ch\/en\/exhibitions\/turner-meer-alpen\/\">Turner. La mer et les Alpes<\/a><\/em>.<\/p>\n\n\n\n<h2 class=\"wp-block-heading is-style-alt-font\" id=\"du-meilibau-au-kkl\" id=\"du-meilibau-au-kkl\">Du \u00abMeilibau\u00bb au KKL<\/h2>\n\n\n\n<p>D\u00e8s sa fondation, la Soci\u00e9t\u00e9 des beaux-arts de Lucerne cherche des locaux appropri\u00e9s dans la ville. \u00c0 partir de 1873, le Kunstmuseum Luzern organise ses premi\u00e8res expositions dans l\u2019ancienne halle du march\u00e9 de grains \u00e0 l\u2019H\u00f4tel de ville. En 1925, le Musegg-Museum ouvre ses portes dans l\u2019ancien Mus\u00e9e de la guerre et de la paix (qui abrite aujourd\u2019hui l\u2019\u00e9cole Fluhmatt). Comme le Kunstmuseum Luzern et le Mus\u00e9e des arts et m\u00e9tiers se partagent le b\u00e2timent, celui-ci s\u2019av\u00e8re bient\u00f4t trop petit. Au milieu des ann\u00e9es 1920, l\u2019id\u00e9e d\u2019une nouvelle structure \u00e0 l\u2019est de la gare est lanc\u00e9e. En 1929, \u00e0 l\u2019instigation de Paul Hilber, le m\u00e9c\u00e8ne Charles Kiefer Hablitzel fait don de deux millions de francs au conseil municipal de Lucerne pour la construction d\u2019une salle d\u2019art et de concert. Inaugur\u00e9 en 1933, le b\u00e2timent moderne con\u00e7u par Armin Meili offre au Kunstmuseum Luzern de vastes espaces d\u2019exposition. Dans les ann\u00e9es 1990, le \u00ab&nbsp;Meilibau&nbsp;\u00bb est remplac\u00e9 par le Centre de culture et de congr\u00e8s de Lucerne KKL, dessin\u00e9 par Jean Nouvel. En 2000, le Kunstmuseum Luzern s\u2019installe au 4<sup>e<\/sup> \u00e9tage du KKL.<\/p>\n\n\n\n<div style=\"height:100px\" aria-hidden=\"true\" class=\"wp-block-spacer\"><\/div>\n\n\n\n<div class=\"wp-block-slider alignfull\">\n\n  <div class=\"swiper-container\">\n    <div class=\"swiper-wrapper\">\n\n      \n            <div class=\"swiper-slide\" data-index=\"0\">\n                <div data-caption=\"Vernissage Transformer.Aspekte der Travestie, 1974\">          <img decoding=\"async\" width=\"2120\" height=\"1400\" src=\"https:\/\/www.kunstmuseumluzern.ch\/wp-content\/uploads\/2024\/02\/1974-vernissage-transformer-1.jpg\" class=\"attachment-gallery_image size-gallery_image\" alt=\"\" srcset=\"https:\/\/www.kunstmuseumluzern.ch\/wp-content\/uploads\/2024\/02\/1974-vernissage-transformer-1.jpg 2120w, https:&#47;&#x2f;&#x77;&#119;&#x77;&#x2e;k&#x75;&#x6e;s&#116;&#x6d;u&#115;&#x65;u&#109;&#x6c;u&#122;&#x65;r&#110;&#x2e;&#x63;&#104;&#x2f;&#x77;&#112;&#x2d;&#x63;o&#x6e;&#x74;e&#110;&#x74;\/&#117;&#x70;l&#111;&#x61;d&#115;&#x2f;2&#48;&#x32;&#x34;&#47;&#x30;&#x32;&#47;&#x31;&#x39;7&#x34;&#x2d;v&#101;&#x72;n&#105;&#x73;s&#97;&#x67;e&#45;&#x74;r&#97;&#x6e;&#x73;&#102;&#x6f;&#x72;&#109;&#x65;&#x72;-&#x31;&#x2d;1&#53;&#x30;x&#57;&#x39;&#64;&#50;&#x78;&#46;&#106;&#x70;g 300w, https:\/\/www.kunstmuseumluzern.ch\/wp-content\/uploads\/2024\/02\/1974-vernissage-transformer-1-1024x676.jpg 1024w, https:\/\/www.kunstmuseumluzern.ch\/wp-content\/uploads\/2024\/02\/1974-vernissage-transformer-1-150x99.jpg 150w, https:\/\/www.kunstmuseumluzern.ch\/wp-content\/uploads\/2024\/02\/1974-vernissage-transformer-1-420x277.jpg 420w, https:\/\/ww&#119;&#46;&#107;&#117;&#110;&#115;&#116;&#x6d;&#x75;&#x73;&#x65;&#x75;&#x6d;&#x6c;&#x75;&#x7a;ern&#46;&#99;&#104;&#47;&#119;&#112;&#45;&#99;&#x6f;&#x6e;&#x74;&#x65;&#x6e;&#x74;&#x2f;&#x75;&#x70;load&#115;&#47;&#50;&#48;&#50;&#52;&#47;&#x30;&#x32;&#x2f;&#x31;&#x39;&#x37;&#x34;&#x2d;&#x76;erni&#115;&#115;&#97;&#103;&#101;&#45;&#116;&#x72;&#x61;&#x6e;&#x73;&#x66;&#x6f;&#x72;&#x6d;&#x65;r-1-&#51;&#48;&#48;&#120;&#49;&#57;&#56;&#x40;&#x32;&#x78;&#x2e;&#x6a;&#x70;&#x67; 600w, https:&#x2f;&#x2f;&#x77;&#119;&#119;&#46;k&#x75;&#x6e;&#x73;&#x74;&#109;&#117;se&#x75;&#x6d;&#x6c;&#117;&#122;&#101;rn&#x2e;&#x63;&#x68;&#47;&#119;p-&#x63;&#x6f;&#x6e;&#x74;&#101;&#110;t\/&#x75;&#x70;&#x6c;&#111;&#97;&#100;s\/&#x32;&#x30;&#x32;&#52;&#47;02&#x2f;&#x31;&#x39;&#x37;&#52;&#45;ve&#x72;&#x6e;&#x69;&#115;&#115;&#97;ge&#x2d;&#x74;&#x72;&#97;&#110;&#115;f&#x6f;&#x72;&#x6d;&#x65;&#114;&#45;1-&#x31;&#x30;&#x32;&#x34;&#120;&#54;76&#x40;&#x32;&#x78;&#46;&#106;&#112;g 2048w, https:&#x2f;\/&#x77;&#119;w&#x2e;&#107;&#x75;&#x6e;s&#x74;&#109;u&#x73;&#101;&#x75;&#109;l&#x75;&#122;e&#x72;&#110;&#x2e;&#99;h&#x2f;&#119;&#x70;&#x2d;c&#x6f;&#110;t&#x65;&#110;&#x74;&#x2f;u&#x70;&#108;o&#x61;&#100;&#x73;&#47;2&#x30;&#50;&#x34;&#x2f;0&#x32;&#47;1&#x39;&#55;&#x34;&#x2d;v&#x65;&#114;n&#x69;&#115;&#x73;&#97;g&#x65;&#45;t&#x72;&#97;&#x6e;&#115;f&#x6f;&#114;&#x6d;&#x65;r&#x2d;&#49;-&#x34;&#50;&#x30;&#x78;2&#x37;&#55;&#64;&#x32;&#120;&#x2e;&#106;p&#x67; 840w\" sizes=\"(max-width: 2120px) 100vw, 2120px\" \/>        <\/div>        \n        \n              <\/div>\n                    <div class=\"swiper-slide\" data-index=\"1\">\n                <div data-caption=\"Vernissage Transformer. Aspekte der Travestie, 1974\">          <img decoding=\"async\" width=\"2111\" height=\"1400\" src=\"https:\/\/www.kunstmuseumluzern.ch\/wp-content\/uploads\/2024\/02\/1974-vernissage-transformer-2.jpg\" class=\"attachment-gallery_image size-gallery_image\" alt=\"\" srcset=\"https:\/\/www.kunstmuseumluzern.ch\/wp-content\/uploads\/2024\/02\/1974-vernissage-transformer-2.jpg 2111w, https:&#x2f;&#47;&#x77;&#x77;&#119;&#x2e;&#x6b;&#117;&#x6e;&#x73;&#116;&#x6d;&#x75;s&#x65;&#x75;m&#x6c;&#117;z&#x65;&#114;n&#x2e;&#99;h&#x2f;&#119;p&#x2d;&#99;o&#x6e;&#116;e&#x6e;&#116;\/&#x75;&#112;l&#x6f;&#97;d&#x73;&#47;2&#x30;&#50;&#x34;&#x2f;&#48;&#x32;&#x2f;&#49;&#x39;&#x37;&#52;&#x2d;&#x76;&#101;&#x72;&#x6e;i&#x73;&#x73;a&#x67;&#101;-&#x74;&#114;a&#x6e;&#115;f&#x6f;&#114;m&#x65;&#114;-&#x32;&#45;1&#x35;&#48;x&#x39;&#57;&#64;&#x32;&#120;&#46;&#x6a;&#112;g 300w, https:\/\/www.kunstmuseumluzern.ch\/wp-content\/uploads\/2024\/02\/1974-vernissage-transformer-2-1024x679.jpg 1024w, https:\/\/www.kunstmuseumluzern.ch\/wp-content\/uploads\/2024\/02\/1974-vernissage-transformer-2-150x99.jpg 150w, https:\/\/www.kunstmuseumluzern.ch\/wp-content\/uploads\/2024\/02\/1974-vernissage-transformer-2-420x279.jpg 420w, https:&#47;&#x2f;w&#119;&#x77;&#46;&#107;&#x75;n&#115;&#x74;m&#117;&#x73;e&#117;&#x6d;l&#117;&#x7a;e&#114;&#x6e;&#46;&#99;&#x68;\/&#119;&#x70;-&#99;&#x6f;n&#x74;&#x65;n&#x74;&#x2f;&#117;&#x70;&#x6c;&#111;&#x61;&#x64;&#115;&#x2f;&#x32;&#48;&#x32;&#x34;&#47;&#x30;2&#47;&#x31;9&#55;&#x34;-&#118;&#x65;r&#110;&#x69;s&#115;&#x61;g&#101;&#x2d;t&#114;&#x61;n&#115;&#x66;o&#114;&#x6d;e&#114;&#x2d;2&#x2d;&#x33;0&#x30;&#x78;&#49;&#x39;&#x39;&#64;&#x32;&#x78;&#46;&#x6a;&#x70;&#103; 600w, https:&#x2f;&#x2f;&#x77;&#x77;&#x77;&#x2e;&#x6b;&#x75;&#x6e;&#x73;&#x74;&#x6d;&#x75;&#x73;&#101;&#117;&#109;&#108;&#117;&#122;&#101;&#114;&#110;&#46;&#99;h\/wp-con&#x74;&#x65;&#x6e;&#x74;&#x2f;&#x75;&#x70;&#x6c;&#x6f;&#x61;&#x64;&#x73;&#x2f;&#x32;&#x30;&#50;&#52;&#47;&#48;&#50;&#47;&#49;&#57;&#55;&#52;-verniss&#x61;&#x67;&#x65;&#x2d;&#x74;&#x72;&#x61;&#x6e;&#x73;&#x66;&#x6f;&#x72;&#x6d;&#x65;&#x72;&#45;&#50;&#45;&#49;&#48;&#50;&#52;&#120;&#54;&#55;9&#64;2x&#46;jpg 2048w, https:\/&#47;&#x77;&#x77;w&#46;&#x6b;&#x75;n&#115;&#116;&#x6d;&#x75;s&#101;&#x75;&#x6d;l&#117;&#x7a;&#x65;r&#110;&#46;&#x63;&#x68;\/&#119;&#x70;&#x2d;c&#111;&#x6e;&#x74;e&#110;&#116;&#x2f;&#x75;p&#108;&#x6f;&#x61;d&#115;&#x2f;&#x32;0&#50;&#52;&#x2f;&#x30;2&#47;&#x31;&#x39;7&#52;&#x2d;&#x76;e&#114;&#110;&#x69;&#x73;s&#97;&#x67;&#x65;-&#116;&#x72;&#x61;n&#115;&#102;&#x6f;&#x72;m&#101;&#x72;&#x2d;2&#45;&#52;&#x32;0x&#50;&#x37;&#x39;&#64;&#50;&#x78;&#x2e;j&#112;&#103; 840w\" sizes=\"(max-width: 2111px) 100vw, 2111px\" \/>        <\/div>        \n        \n              <\/div>\n                    <div class=\"swiper-slide\" data-index=\"2\">\n                <div data-caption=\"Kunstmuseum Luzern\">          <img decoding=\"async\" width=\"1315\" height=\"1400\" src=\"https:\/\/www.kunstmuseumluzern.ch\/wp-content\/uploads\/2024\/02\/kgl-historisch-5.jpg\" class=\"attachment-gallery_image size-gallery_image\" alt=\"\" srcset=\"https:\/\/www.kunstmuseumluzern.ch\/wp-content\/uploads\/2024\/02\/kgl-historisch-5.jpg 1315w, https:\/&#47;&#119;&#119;&#x77;&#x2e;&#x6b;un&#115;&#116;&#x6d;&#x75;&#x73;&#x65;um&#108;&#117;&#x7a;&#x65;&#x72;&#x6e;&#46;&#99;&#104;&#47;&#x77;&#x70;&#x2d;co&#110;&#116;&#101;&#x6e;&#x74;&#x2f;up&#108;&#111;&#x61;&#x64;&#x73;&#x2f;20&#50;&#52;&#x2f;&#x30;&#x32;\/k&#103;&#108;&#45;&#x68;&#x69;&#x73;to&#114;&#105;&#x73;&#x63;&#x68;&#x2d;5-&#49;&#53;&#x30;&#x78;&#x31;60&#64;&#50;&#120;&#x2e;&#x6a;&#x70;g 300w, https:\/\/www.kunstmuseumluzern.ch\/wp-content\/uploads\/2024\/02\/kgl-historisch-5-1024x1090.jpg 1024w, https:\/\/www.kunstmuseumluzern.ch\/wp-content\/uploads\/2024\/02\/kgl-historisch-5-150x160.jpg 150w, https:\/\/www.kunstmuseumluzern.ch\/wp-content\/uploads\/2024\/02\/kgl-historisch-5-420x447.jpg 420w, https:\/\/&#119;&#119;&#119;&#x2e;&#x6b;&#x75;&#x6e;&#x73;tm&#117;&#115;&#101;&#x75;&#x6d;&#x6c;&#x75;&#x7a;er&#110;&#46;&#99;&#x68;&#x2f;&#x77;&#x70;&#x2d;co&#110;&#116;&#101;&#x6e;&#x74;&#x2f;&#x75;&#x70;lo&#97;&#100;&#115;&#x2f;&#x32;&#x30;&#x32;&#x34;\/0&#50;&#47;&#107;&#x67;&#x6c;&#x2d;&#x68;&#x69;st&#111;&#114;&#105;&#x73;&#x63;&#x68;&#x2d;&#x35;-3&#48;&#48;&#120;&#x33;&#x31;&#x39;&#x40;&#x32;x&#46;&#106;&#112;&#103; 600w, https:\/\/&#119;&#119;&#119;&#46;&#x6b;&#x75;&#x6e;&#x73;&#x74;mu&#115;&#101;&#117;&#109;&#x6c;&#x75;&#x7a;&#x65;&#x72;n&#46;&#99;&#104;&#47;&#119;&#x70;&#x2d;&#x63;&#x6f;&#x6e;ten&#116;&#47;&#117;&#x70;&#x6c;&#x6f;&#x61;&#x64;s\/2&#48;&#50;&#52;&#x2f;&#x30;&#x32;&#x2f;&#x6b;gl-&#104;&#105;&#115;&#x74;&#x6f;&#x72;&#x69;&#x73;ch-&#53;&#45;&#52;&#x32;&#x30;&#x78;&#x34;&#x34;7&#64;2&#120;&#46;&#106;&#x70;&#x67; 840w\" sizes=\"(max-width: 1315px) 100vw, 1315px\" \/>        <\/div>        \n        \n              <\/div>\n                    <div class=\"swiper-slide\" data-index=\"3\">\n                <div data-caption=\"Kunstmuseum Luzern\">          <img decoding=\"async\" width=\"1326\" height=\"1400\" src=\"https:\/\/www.kunstmuseumluzern.ch\/wp-content\/uploads\/2024\/02\/kgl-historisch-6.jpg\" class=\"attachment-gallery_image size-gallery_image\" alt=\"\" srcset=\"https:\/\/www.kunstmuseumluzern.ch\/wp-content\/uploads\/2024\/02\/kgl-historisch-6.jpg 1326w, https:&#47;&#47;&#x77;w&#119;&#x2e;&#x6b;u&#110;&#x73;&#x74;m&#117;&#x73;&#x65;u&#109;&#x6c;&#x75;z&#101;&#x72;&#x6e;&#46;&#99;&#x68;\/&#119;&#112;&#x2d;c&#111;&#x6e;&#x74;e&#110;&#x74;&#x2f;u&#112;&#x6c;&#x6f;a&#100;&#x73;&#x2f;2&#48;&#x32;&#x34;&#47;&#48;&#x32;\/&#107;&#x67;&#x6c;-&#104;&#x69;&#x73;t&#111;&#x72;&#x69;s&#99;&#x68;&#x2d;6&#45;&#x31;&#x35;0&#120;&#x31;5&#56;&#64;&#x32;x&#46;&#x6a;&#x70;g 300w, https:\/\/www.kunstmuseumluzern.ch\/wp-content\/uploads\/2024\/02\/kgl-historisch-6-1024x1081.jpg 1024w, https:\/\/www.kunstmuseumluzern.ch\/wp-content\/uploads\/2024\/02\/kgl-historisch-6-150x158.jpg 150w, https:\/\/www.kunstmuseumluzern.ch\/wp-content\/uploads\/2024\/02\/kgl-historisch-6-420x443.jpg 420w, https:&#x2f;&#47;w&#x77;&#119;&#46;&#x6b;&#117;n&#x73;&#x74;&#109;&#x75;&#x73;&#101;u&#x6d;&#108;u&#x7a;&#101;r&#x6e;&#x2e;&#99;&#x68;&#x2f;&#119;p&#x2d;&#99;o&#x6e;&#116;e&#x6e;&#116;\/&#x75;&#x70;&#108;&#x6f;&#x61;&#100;s&#x2f;&#50;0&#x32;&#52;\/&#x30;&#x32;&#47;&#x6b;&#x67;&#108;-&#x68;&#105;s&#x74;&#111;r&#x69;&#115;c&#x68;&#x2d;&#54;&#x2d;&#x33;&#48;0&#x78;&#51;1&#x37;&#64;2&#x78;&#x2e;&#106;&#x70;&#x67; 600w, https:&#x2f;&#47;w&#x77;&#x77;&#46;k&#x75;&#x6e;&#115;t&#x6d;&#117;s&#x65;&#x75;&#109;l&#x75;&#x7a;&#101;r&#x6e;&#46;&#99;&#x68;&#x2f;&#119;p&#x2d;&#x63;&#111;n&#x74;&#101;&#110;t&#x2f;&#117;p&#x6c;&#x6f;&#97;d&#x73;&#x2f;&#50;0&#x32;&#52;\/&#x30;&#x32;&#47;k&#x67;&#x6c;&#45;h&#x69;&#115;&#116;&#x6f;&#x72;&#105;s&#x63;&#x68;&#45;6&#x2d;&#x34;&#50;0&#x78;&#52;4&#x33;&#x40;&#50;x&#x2e;&#x6a;&#112;g 840w\" sizes=\"(max-width: 1326px) 100vw, 1326px\" \/>        <\/div>        \n        \n              <\/div>\n                    <div class=\"swiper-slide\" data-index=\"4\">\n                <div data-caption=\"Kunstmuseum Luzern\">          <img decoding=\"async\" width=\"1319\" height=\"1400\" src=\"https:\/\/www.kunstmuseumluzern.ch\/wp-content\/uploads\/2024\/02\/kgl-historisch-3.jpg\" class=\"attachment-gallery_image size-gallery_image\" alt=\"\" srcset=\"https:\/\/www.kunstmuseumluzern.ch\/wp-content\/uploads\/2024\/02\/kgl-historisch-3.jpg 1319w, https:&#x2f;&#x2f;&#x77;&#x77;&#x77;&#x2e;&#x6b;&#x75;&#x6e;&#x73;&#x74;&#x6d;&#x75;&#x73;&#x65;&#x75;&#x6d;&#x6c;&#x75;&#x7a;&#x65;&#x72;&#110;&#46;&#99;&#104;&#47;&#119;&#112;&#45;&#99;&#111;&#110;&#116;&#101;&#110;&#116;\/uploads\/202&#x34;&#x2f;&#x30;&#x32;&#x2f;&#x6b;&#x67;&#x6c;&#x2d;&#x68;&#x69;&#x73;&#x74;&#x6f;&#x72;&#x69;&#x73;&#x63;&#x68;&#x2d;&#x33;&#x2d;&#x31;&#53;&#48;&#120;&#49;&#53;&#57;&#64;&#50;&#120;&#46;&#106;&#112;&#103; 300w, https:\/\/www.kunstmuseumluzern.ch\/wp-content\/uploads\/2024\/02\/kgl-historisch-3-1024x1087.jpg 1024w, https:\/\/www.kunstmuseumluzern.ch\/wp-content\/uploads\/2024\/02\/kgl-historisch-3-150x159.jpg 150w, https:\/\/www.kunstmuseumluzern.ch\/wp-content\/uploads\/2024\/02\/kgl-historisch-3-420x446.jpg 420w, https:&#x2f;&#47;w&#x77;&#119;&#46;&#x6b;&#117;n&#x73;&#x74;&#109;&#x75;&#x73;&#101;u&#x6d;&#108;u&#x7a;&#101;r&#x6e;&#x2e;&#99;&#x68;&#x2f;&#119;p&#x2d;&#99;o&#x6e;&#116;e&#x6e;&#116;\/&#x75;&#x70;&#108;&#x6f;&#x61;&#100;s&#x2f;&#50;0&#x32;&#52;\/&#x30;&#x32;&#47;&#x6b;&#x67;&#108;-&#x68;&#105;s&#x74;&#111;r&#x69;&#115;c&#x68;&#x2d;&#51;&#x2d;&#x33;&#48;0&#x78;&#51;1&#x38;&#64;2&#x78;&#x2e;&#106;&#x70;&#x67; 600w, https:&#x2f;\/&#x77;w&#x77;&#46;&#x6b;&#117;n&#x73;t&#x6d;&#117;&#x73;&#101;&#x75;&#109;l&#x75;z&#x65;&#114;&#x6e;&#46;&#x63;&#x68;\/&#x77;p&#x2d;&#99;&#x6f;&#110;t&#x65;n&#x74;&#47;&#x75;&#112;&#x6c;&#111;a&#x64;s&#x2f;&#50;&#x30;&#50;&#x34;&#x2f;0&#x32;\/&#x6b;&#103;&#x6c;&#45;h&#x69;s&#x74;&#111;&#x72;&#105;&#x73;&#99;h&#x2d;3&#x2d;&#52;&#x32;&#48;&#x78;&#x34;4&#x36;&#64;&#x32;&#120;&#x2e;&#106;p&#x67; 840w\" sizes=\"(max-width: 1319px) 100vw, 1319px\" \/>        <\/div>        \n        \n              <\/div>\n                    <div class=\"swiper-slide\" data-index=\"5\">\n                <div data-caption=\"Kunstmuseum Luzern\">          <img decoding=\"async\" width=\"1329\" height=\"1400\" src=\"https:\/\/www.kunstmuseumluzern.ch\/wp-content\/uploads\/2024\/02\/kgl-historisch-2.jpg\" class=\"attachment-gallery_image size-gallery_image\" alt=\"\" srcset=\"https:\/\/www.kunstmuseumluzern.ch\/wp-content\/uploads\/2024\/02\/kgl-historisch-2.jpg 1329w, https:\/&#47;&#x77;&#x77;w&#46;&#x6b;&#x75;n&#115;&#116;&#x6d;&#x75;s&#101;&#x75;&#x6d;l&#117;&#x7a;&#x65;r&#110;&#46;&#x63;&#x68;\/&#119;&#x70;&#x2d;c&#111;&#x6e;&#x74;e&#110;&#116;&#x2f;&#x75;p&#108;&#x6f;&#x61;d&#115;&#x2f;&#x32;0&#50;&#52;&#x2f;&#x30;2&#47;&#x6b;&#x67;l&#45;&#x68;&#x69;s&#116;&#111;&#x72;&#x69;s&#99;&#x68;&#x2d;2&#45;&#x31;&#x35;0&#120;&#49;&#x35;&#x38;&#64;&#50;&#x78;&#x2e;j&#112;&#103; 300w, https:\/\/www.kunstmuseumluzern.ch\/wp-content\/uploads\/2024\/02\/kgl-historisch-2-1024x1079.jpg 1024w, https:\/\/www.kunstmuseumluzern.ch\/wp-content\/uploads\/2024\/02\/kgl-historisch-2-150x158.jpg 150w, https:\/\/www.kunstmuseumluzern.ch\/wp-content\/uploads\/2024\/02\/kgl-historisch-2-420x442.jpg 420w, https:\/&#47;&#x77;&#x77;w&#46;&#x6b;&#x75;n&#115;&#x74;&#x6d;u&#115;&#x65;&#x75;m&#108;&#x75;&#x7a;e&#114;&#110;&#x2e;&#x63;h&#47;&#x77;&#x70;-&#99;&#x6f;&#x6e;t&#101;&#x6e;&#x74;\/&#117;&#x70;&#x6c;o&#97;&#x64;&#x73;\/&#50;&#48;&#x32;&#x34;\/&#48;&#x32;&#x2f;k&#103;&#x6c;&#x2d;h&#105;&#x73;&#x74;o&#114;&#x69;&#x73;c&#104;&#x2d;&#x32;-&#51;&#48;&#x30;&#x78;3&#49;&#x36;&#x40;2&#120;&#x2e;&#x6a;p&#103; 600w, https:&#x2f;&#47;w&#x77;&#119;&#46;&#x6b;&#x75;&#110;&#x73;&#x74;&#109;u&#x73;&#101;u&#x6d;&#x6c;&#117;&#x7a;&#x65;&#114;n&#x2e;&#99;h&#x2f;&#x77;&#112;&#x2d;&#x63;&#111;n&#x74;&#101;n&#x74;&#x2f;&#117;&#x70;&#x6c;&#111;a&#x64;&#115;\/&#x32;&#x30;&#50;&#x34;&#x2f;&#48;2&#x2f;&#107;g&#x6c;&#x2d;&#104;&#x69;&#x73;&#116;o&#x72;&#105;s&#x63;&#x68;&#45;&#x32;&#x2d;&#52;2&#x30;&#120;4&#x34;&#x32;&#64;&#x32;&#x78;&#46;j&#x70;&#103; 840w\" sizes=\"(max-width: 1329px) 100vw, 1329px\" \/>        <\/div>        \n        \n              <\/div>\n                    <div class=\"swiper-slide\" data-index=\"6\">\n                <div data-caption=\"Kunstmuseum Luzern, Herstellung von Reprorafien\">          <img decoding=\"async\" width=\"1311\" height=\"1400\" src=\"https:\/\/www.kunstmuseumluzern.ch\/wp-content\/uploads\/2024\/02\/kml-historisch-repros.jpg\" class=\"attachment-gallery_image size-gallery_image\" alt=\"\" srcset=\"https:\/\/www.kunstmuseumluzern.ch\/wp-content\/uploads\/2024\/02\/kml-historisch-repros.jpg 1311w, https:&#x2f;&#x2f;&#x77;&#x77;&#x77;&#x2e;&#x6b;&#x75;&#x6e;&#x73;&#x74;&#x6d;&#x75;&#x73;&#x65;&#x75;&#x6d;&#x6c;&#x75;&#x7a;&#x65;&#x72;&#x6e;&#x2e;&#x63;&#x68;&#x2f;&#x77;&#x70;&#x2d;&#x63;&#x6f;&#x6e;&#x74;&#x65;&#x6e;&#x74;&#x2f;&#x75;&#x70;&#x6c;&#x6f;&#x61;&#x64;&#115;&#47;&#50;&#48;&#50;&#52;&#47;&#48;&#50;&#47;&#107;&#109;&#108;&#45;&#104;&#105;&#115;&#116;&#111;&#114;&#105;&#115;&#99;&#104;&#45;&#114;&#101;&#112;&#114;&#111;&#115;-150x160&#64;2x&#46;jpg 300w, https:\/\/www.kunstmuseumluzern.ch\/wp-content\/uploads\/2024\/02\/kml-historisch-repros-1024x1094.jpg 1024w, https:\/\/www.kunstmuseumluzern.ch\/wp-content\/uploads\/2024\/02\/kml-historisch-repros-150x160.jpg 150w, https:\/\/www.kunstmuseumluzern.ch\/wp-content\/uploads\/2024\/02\/kml-historisch-repros-420x449.jpg 420w, https:&#x2f;&#x2f;&#x77;&#x77;&#x77;&#x2e;&#x6b;&#x75;&#x6e;&#x73;&#x74;&#x6d;&#x75;&#x73;&#101;&#117;&#109;&#108;&#117;&#122;&#101;&#114;&#110;&#46;&#99;h\/wp-con&#x74;&#x65;&#x6e;&#x74;&#x2f;&#x75;&#x70;&#x6c;&#x6f;&#x61;&#x64;&#x73;&#x2f;&#x32;&#x30;&#50;&#52;&#47;&#48;&#50;&#47;&#107;&#109;&#108;&#45;historis&#x63;&#x68;&#x2d;&#x72;&#x65;&#x70;&#x72;&#x6f;&#x73;&#x2d;&#x33;&#x30;&#x30;&#x78;&#x33;&#50;&#48;&#64;&#50;&#120;&#46;&#106;&#112;&#103; 600w, https:\/\/www&#46;&#107;&#117;&#110;&#115;&#116;&#109;&#117;&#x73;&#x65;&#x75;&#x6d;&#x6c;&#x75;&#x7a;&#x65;&#x72;&#x6e;&#x2e;&#x63;h\/wp-c&#111;&#110;&#116;&#101;&#110;&#116;&#47;&#x75;&#x70;&#x6c;&#x6f;&#x61;&#x64;&#x73;&#x2f;&#x32;&#x30;&#x32;&#x34;\/02\/km&#108;&#45;&#104;&#105;&#115;&#116;&#111;&#x72;&#x69;&#x73;&#x63;&#x68;&#x2d;&#x72;&#x65;&#x70;&#x72;&#x6f;&#x73;-420x4&#52;&#57;&#64;&#50;&#120;&#46;&#106;&#x70;&#x67; 840w\" sizes=\"(max-width: 1311px) 100vw, 1311px\" \/>        <\/div>        \n        \n              <\/div>\n              \n    <\/div>\n\n    <div class=\"swiper-button-prev\"><\/div>\n    <div class=\"swiper-button-next\"><\/div>\n    <div class=\"swiper-pagination\"><\/div>\n    <div class=\"swiper-caption\"><\/div>\n  <\/div>\n\n<\/div>\n\n\n\n<div style=\"height:40px\" aria-hidden=\"true\" class=\"wp-block-spacer\"><\/div>\n","protected":false},"excerpt":{"rendered":"<p>Histoire de la Soci\u00e9t\u00e9 des beaux-arts de Lucerne\u00a0 Fond\u00e9e le 11 mai 1819, la Soci\u00e9t\u00e9 des beaux-arts de Lucerne est une \u00e9manation de la section Arts plastiques de la Grande soci\u00e9t\u00e9 des sciences et des arts. D\u00e8s la cr\u00e9ation de la section en 1817, son pr\u00e9sident, Karl Pfyffer von Altishofen, projette de cr\u00e9er un monument [&hellip;]<\/p>\n","protected":false},"author":14,"featured_media":0,"parent":101727,"menu_order":0,"comment_status":"closed","ping_status":"closed","template":"","meta":{"_acf_changed":false,"_seopress_robots_primary_cat":"","_seopress_titles_title":"","_seopress_titles_desc":"","_seopress_robots_index":"","inline_featured_image":false,"ghostkit_customizer_options":"","ghostkit_custom_css":"","ghostkit_custom_js_head":"","ghostkit_custom_js_foot":"","ghostkit_typography":"","footnotes":""},"tags":[],"class_list":["post-101752","page","type-page","status-publish","hentry"],"acf":[],"_links":{"self":[{"href":"https:\/\/www.kunstmuseumluzern.ch\/fr\/wp-json\/wp\/v2\/pages\/101752","targetHints":{"allow":["GET"]}}],"collection":[{"href":"https:\/\/www.kunstmuseumluzern.ch\/fr\/wp-json\/wp\/v2\/pages"}],"about":[{"href":"https:\/\/www.kunstmuseumluzern.ch\/fr\/wp-json\/wp\/v2\/types\/page"}],"author":[{"embeddable":true,"href":"https:\/\/www.kunstmuseumluzern.ch\/fr\/wp-json\/wp\/v2\/users\/14"}],"replies":[{"embeddable":true,"href":"https:\/\/www.kunstmuseumluzern.ch\/fr\/wp-json\/wp\/v2\/comments?post=101752"}],"version-history":[{"count":10,"href":"https:\/\/www.kunstmuseumluzern.ch\/fr\/wp-json\/wp\/v2\/pages\/101752\/revisions"}],"predecessor-version":[{"id":119986,"href":"https:\/\/www.kunstmuseumluzern.ch\/fr\/wp-json\/wp\/v2\/pages\/101752\/revisions\/119986"}],"up":[{"embeddable":true,"href":"https:\/\/www.kunstmuseumluzern.ch\/fr\/wp-json\/wp\/v2\/pages\/101727"}],"wp:attachment":[{"href":"https:\/\/www.kunstmuseumluzern.ch\/fr\/wp-json\/wp\/v2\/media?parent=101752"}],"wp:term":[{"taxonomy":"post_tag","embeddable":true,"href":"https:\/\/www.kunstmuseumluzern.ch\/fr\/wp-json\/wp\/v2\/tags?post=101752"}],"curies":[{"name":"wp","href":"https:\/\/api.w.org\/{rel}","templated":true}]}}