{"id":102396,"date":"2024-02-07T19:38:15","date_gmt":"2024-02-07T18:38:15","guid":{"rendered":"https:\/\/www.kunstmuseumluzern.ch\/musee\/partenariats\/best-art-collection-luzern\/"},"modified":"2026-01-23T09:52:21","modified_gmt":"2026-01-23T08:52:21","slug":"best-art-collection-luzern","status":"publish","type":"page","link":"https:\/\/www.kunstmuseumluzern.ch\/fr\/musee\/partenariats\/best-art-collection-luzern\/","title":{"rendered":"Fondation Best Art Collection Luzern"},"content":{"rendered":"\n<figure class=\"wp-block-image alignwide size-full\"><img decoding=\"async\" width=\"2759\" height=\"1060\" src=\"https:\/\/www.kunstmuseumluzern.ch\/wp-content\/uploads\/2024\/09\/best-rondinone-6mai2024-banner.jpg\" alt=\"Ugo Rondinone, sechstermaizweitausendundvierundzwanzig, 2024, Acryl auf Leinwand, 400 \u00d7 600 cm, Kunstmuseum Luzern, Depositum der Stiftung BEST Art Collection Luzern, vormals Bernhard Eglin-Stiftung, Foto: Studio Rondinone\" class=\"wp-image-122584\" srcset=\"https:\/\/www.kunstmuseumluzern.ch\/wp-content\/uploads\/2024\/09\/best-rondinone-6mai2024-banner.jpg 2759w, https:&#x2f;&#x2f;&#119;w&#x77;&#x2e;&#x6b;&#117;n&#x73;&#x74;&#x6d;&#117;s&#x65;&#x75;&#x6d;&#108;u&#x7a;&#x65;&#x72;&#110;&#46;&#x63;&#x68;&#x2f;&#119;p&#x2d;&#x63;&#x6f;&#110;t&#x65;&#x6e;&#x74;&#47;u&#x70;&#x6c;&#x6f;&#97;d&#x73;&#x2f;&#x32;&#48;2&#x34;&#x2f;&#x30;&#57;\/&#x62;&#x65;&#x73;&#116;-&#x72;&#x6f;&#x6e;&#100;i&#x6e;&#x6f;&#x6e;&#101;-&#x36;&#x6d;&#x61;&#105;2&#x30;&#x32;&#x34;&#45;b&#x61;&#x6e;&#x6e;&#101;r&#x2d;&#x31;&#x35;&#48;x&#x35;&#x38;&#x40;&#50;x&#x2e;&#x6a;&#x70;&#103; 300w, https:\/\/www.kunstmuseumluzern.ch\/wp-content\/uploads\/2024\/09\/best-rondinone-6mai2024-banner-1024x393.jpg 1024w, https:\/\/www.kunstmuseumluzern.ch\/wp-content\/uploads\/2024\/09\/best-rondinone-6mai2024-banner-150x58.jpg 150w, https:\/\/www.kunstmuseumluzern.ch\/wp-content\/uploads\/2024\/09\/best-rondinone-6mai2024-banner-420x161.jpg 420w, https:&#x2f;\/&#x77;w&#x77;&#46;&#x6b;&#117;n&#x73;t&#x6d;&#117;&#x73;&#101;&#x75;&#109;l&#x75;z&#x65;&#114;&#x6e;&#46;&#x63;&#x68;\/&#x77;p&#x2d;&#99;&#x6f;&#110;t&#x65;n&#x74;&#47;&#x75;&#112;&#x6c;&#111;a&#x64;s&#x2f;&#50;&#x30;&#50;&#x34;&#x2f;0&#x39;\/&#x62;&#101;&#x73;&#116;-&#x72;o&#x6e;&#100;&#x69;&#110;&#x6f;&#110;e&#x2d;6&#x6d;&#97;&#x69;&#50;&#x30;&#x32;4&#x2d;b&#x61;&#110;&#x6e;&#101;r&#x2d;3&#x30;&#48;&#x78;&#49;&#x31;&#53;&#64;&#x32;x&#x2e;&#106;&#x70;&#103; 600w, https:\/&#47;&#119;&#x77;&#x77;&#x2e;ku&#110;&#115;&#x74;&#x6d;&#x75;s&#101;&#117;&#109;&#x6c;&#x75;&#x7a;e&#114;&#110;&#x2e;&#x63;&#x68;\/w&#112;&#45;&#x63;&#x6f;&#x6e;t&#101;&#110;&#116;&#x2f;&#x75;&#x70;l&#111;&#97;&#x64;&#x73;&#x2f;20&#50;&#52;&#x2f;&#x30;&#x39;\/&#98;&#101;&#115;&#x74;&#x2d;&#x72;o&#110;&#100;&#x69;&#x6e;&#x6f;ne&#45;&#54;&#x6d;&#x61;&#x69;2&#48;&#50;&#52;&#x2d;&#x62;&#x61;n&#110;&#101;&#x72;&#x2d;&#x31;02&#52;&#120;&#x33;&#x39;&#x33;&#64;&#50;&#120;&#46;&#x6a;&#x70;&#x67; 2048w, https:\/\/www&#46;kunstm&#117;&#115;&#101;&#117;&#109;&#108;&#117;&#122;&#101;&#114;&#110;&#46;&#99;&#104;&#47;&#x77;&#x70;&#x2d;&#x63;&#x6f;&#x6e;&#x74;&#x65;&#x6e;&#x74;&#x2f;&#x75;&#x70;&#x6c;&#x6f;&#x61;&#x64;&#x73;&#x2f;&#x32;&#x30;&#x32;&#x34;\/09\/best-ron&#100;&#105;&#110;&#111;&#110;&#101;&#45;&#54;&#109;&#97;&#105;&#50;&#48;&#50;&#52;&#x2d;&#x62;&#x61;&#x6e;&#x6e;&#x65;&#x72;&#x2d;&#x34;&#x32;&#x30;&#x78;&#x31;&#x36;&#x31;&#x40;&#x32;&#x78;&#x2e;&#x6a;&#x70;&#x67; 840w\" sizes=\"(max-width: 2759px) 100vw, 2759px\" \/><figcaption class=\"wp-element-caption\">Ugo Rondinone, sechstermaizweitausendundvierundzwanzig, 2024, Acryl auf Leinwand, 400 \u00d7 600 cm, Kunstmuseum Luzern, Depositum der Stiftung BEST Art Collection Luzern, vormals Bernhard Eglin-Stiftung, Foto: Studio Rondinone<\/figcaption><\/figure>\n\n\n\n<div style=\"height:60px\" aria-hidden=\"true\" class=\"wp-block-spacer\"><\/div>\n\n\n\n<h2 class=\"wp-block-heading\" id=\"fondation-best-art-collection-luzern\" id=\"fondation-best-art-collection-luzern\">Fondation Best Art Collection Luzern<\/h2>\n\n\n\n<div style=\"height:30px\" aria-hidden=\"true\" class=\"wp-block-spacer\"><\/div>\n\n\n\n<p>La fondation BEST Art Collection Luzern ach\u00e8te r\u00e9guli\u00e8rement des \u0153uvres importantes dont elle fait don au Kunstmuseum sous forme de pr\u00eats permanents. Les acquisitions r\u00e9pondent aux axes de collection d\u00e9finis par le Kunstmuseum Luzern. Chaque membre du conseil de fondation s\u2019engage \u00e0 mettre \u00e0 disposition de la fondation un minimum de 2&nbsp;000 francs par an pour les acquisitions. Par ailleurs, les membres du conseil de fondation de la BEST Art Collection Luzern se donnent pour objectif d\u2019\u0153uvrer aupr\u00e8s d\u2019institutions, d\u2019entreprises et de particuliers dans leur entourage personnel pour les inciter \u00e0 l\u00e9guer ou donner des \u0153uvres \u00e0 la collection du Kunstmuseum Luzern. Gr\u00e2ce \u00e0 cet engagement, le Kunstmuseum a re\u00e7u ces derni\u00e8res ann\u00e9es de nombreuses \u0153uvres importantes d\u2019artistes tel\u00b7le\u00b7s que Laure Prouvost, laur\u00e9ate du prix Turner, la peintre Christine Streuli, qui a repr\u00e9sent\u00e9 la Suisse \u00e0 la Biennale de Venise en 2007, l\u2019artiste multim\u00e9dia Clemens von Wedemeyer ou encore Vivian Suter, gagnante du Grand Prix Suisse de l\u2019Art en 2021. La fondation poss\u00e8de actuellement environ 200 \u0153uvres d\u2019une valeur totale de 25 millions de francs.<\/p>\n\n\n\n<p>Le conseil de fondation est compos\u00e9 de personnalit\u00e9s de Suisse centrale. Les projets d\u2019acquisition sont soumis et discut\u00e9s lors de la r\u00e9union annuelle du conseil de fondation. Tout au long de l\u2019ann\u00e9e, les membres du conseil de fondation se r\u00e9unissent pour des \u00e9v\u00e9nements conjuguant art et convivialit\u00e9. Le programme comprend par ailleurs des visites d\u2019institutions ayant emprunt\u00e9 des \u0153uvres de la collection BEST ainsi que des visites d\u2019ateliers ou d\u2019autres lieux de production artistique.<a id=\"_msocom_1\"><\/a><\/p>\n\n\n\n<div style=\"height:60px\" aria-hidden=\"true\" class=\"wp-block-spacer\"><\/div>\n\n\n\n<div class=\"wp-block-columns alignwide no-gap is-layout-flex wp-container-core-columns-is-layout-28f84493 wp-block-columns-is-layout-flex\">\n<div class=\"wp-block-column is-layout-flow wp-block-column-is-layout-flow\">\n<div class=\"wp-block-pb-accordion-item c-accordion__item js-accordion-item no-js\" data-initially-open=\"false\" data-click-to-close=\"true\" data-auto-close=\"true\" data-scroll=\"false\" data-scroll-offset=\"0\"><h2 id=\"at-1023960\" class=\"c-accordion__title js-accordion-controller\" role=\"button\" id=\"contact\">Contact<\/h2><div id=\"ac-1023960\" class=\"c-accordion__content\">\n<p><strong>Conservatrice de la collection<br><\/strong><a href=\"mailto: &#x61;&#x6c;&#x65;&#x78;&#x61;&#x6e;&#x64;&#x72;&#x61;&#x2e;&#x62;&#x6c;&#x61;&#x65;&#x74;&#x74;&#x6c;&#x65;&#x72;&#x40;&#x6b;&#x75;&#x6e;&#x73;&#x74;&#x6d;&#x75;&#x73;&#x65;&#x75;&#x6d;&#x6c;&#x75;&#x7a;&#x65;&#x72;&#x6e;&#x2e;&#x63;&#x68;\">Alexandra Bl\u00e4ttler<\/a>, +41 41 226 78 93 (Di-Do)<\/p>\n\n\n\n<p><strong>\u00c9v\u00e9nements et partenariats <br><\/strong><a href=\"mailto: son&#106;&#97;&#46;&#x66;&#x75;&#x63;&#x68;&#x73;&#x40;kun&#115;&#116;&#109;&#117;&#x73;&#x65;&#x75;&#x6d;&#x6c;&#x75;zer&#110;&#46;&#99;&#x68;\">Sonja Fuchs<\/a>, +41 41 226 78 12 (Di\/Fr)<\/p>\n<\/div><\/div>\n\n\n\n<div class=\"wp-block-pb-accordion-item c-accordion__item js-accordion-item no-js\" data-initially-open=\"false\" data-click-to-close=\"true\" data-auto-close=\"true\" data-scroll=\"false\" data-scroll-offset=\"0\"><h2 id=\"at-1023961\" class=\"c-accordion__title js-accordion-controller\" role=\"button\" id=\"coordonnees-bancaires\">Coordonn\u00e9es bancaires<\/h2><div id=\"ac-1023961\" class=\"c-accordion__content\">\n<p>Credit Suisse <br>IBAN CH68 0483 5030 5900 8100 0<\/p>\n\n\n\n<p>En faveur de: Stiftung BEST Art Collection Luzern<\/p>\n<\/div><\/div>\n<\/div>\n\n\n\n<div class=\"wp-block-column is-layout-flow wp-block-column-is-layout-flow\">\n<div class=\"wp-block-pb-accordion-item c-accordion__item js-accordion-item no-js\" data-initially-open=\"false\" data-click-to-close=\"true\" data-auto-close=\"true\" data-scroll=\"false\" data-scroll-offset=\"0\"><h2 id=\"at-1023962\" class=\"c-accordion__title js-accordion-controller\" role=\"button\" id=\"conseil-de-fondation\">Conseil de fondation<\/h2><div id=\"ac-1023962\" class=\"c-accordion__content\">\n<p><strong><strong>Pr\u00e9sident<\/strong><\/strong><br>Martin Ege<\/p>\n\n\n\n<p><strong><strong>Vice-pr\u00e9sidente<\/strong><\/strong><br>Andreas Schoch<\/p>\n\n\n\n<p><strong><strong>Membres du conseil de fondation<\/strong><\/strong><br>Christine Anliker, Laura Breitschmid, Janet Briner-L\u00fcthy, Ursula Burger, Andrea Cometti, Sonja da Silva dos Santos, J\u00f6rg Denzler, Patrick D\u00f6\u00f6s, Martin Ege, Simone Eggstein, Marc Emanuel Eggstein, Thomas Filzer, Gina Furrer, Jo\u00ebl Gessler, Philipp Gm\u00fcr, Walter Graf, Marianne Hess-Odoni, Hubert Hofmann, Nicolai Kalinowsky, Christine Luckhardt, Benedikt Marbet, Armando Meletta, Andrea Meule, Marcel Neuenschwander, Dino Pavic, Thomas Peter, J\u00fcrg Purtschert-Kuhn, Birgit Roller, Hubert R\u00fcedi, Susanne Ruoss, Andreas Schoch, Anne Schw\u00f6bel, Hanspeter Steiger, Edwin Steiner, Verena Theiler, Peter T\u00fcfer, Oskar Vonmoos, Nicole Ziltener<\/p>\n\n\n\n<p><strong>ex officio<\/strong><br>Andi Scheitlin, Kunstgesellschaft Luzern<br>Fanni Fetzer, Direktorin Kunstmuseum Luzern<br>Alexandra Bl\u00e4ttler, Kunstmuseum Luzern<\/p>\n<\/div><\/div>\n<\/div>\n<\/div>\n\n\n\n<div style=\"height:40px\" aria-hidden=\"true\" class=\"wp-block-spacer\"><\/div>\n\n\n\n<div class=\"wp-block-buttons is-content-justification-center is-layout-flex wp-container-core-buttons-is-layout-a89b3969 wp-block-buttons-is-layout-flex\">\n<div class=\"wp-block-button is-style-download\"><a class=\"wp-block-button__link wp-element-button\" href=\"https:\/\/www.kunstmuseumluzern.ch\/wp-content\/uploads\/2024\/02\/best-broschuere.pdf\" target=\"_blank\" rel=\"noreferrer noopener\">BEST Brochure (Allemand)<\/a><\/div>\n<\/div>\n\n\n\n<div style=\"height:60px\" aria-hidden=\"true\" class=\"wp-block-spacer\"><\/div>\n\n\n\n<h3 class=\"wp-block-heading\" id=\"projet-d-acquisition-en-cours\" id=\"projet-dacquisition-2024-2025\">Projet d\u2019acquisition 2024\/2025<\/h3>\n\n\n\n<p>Ugo Rondinone (n\u00e9 en 1964) est l\u2019un des artistes suisses contemporains les plus importants de sa g\u00e9n\u00e9ration. Titulaire de nombreux prix, il a repr\u00e9sent\u00e9 la Suisse \u00e0 la 52<sup>e<\/sup> Biennale de Venise en 2007. Au cours de sa carri\u00e8re, l\u2019artiste, qui a grandi \u00e0 Brunnen, s\u2019est install\u00e9 \u00e0 New York, mais il reste tr\u00e8s attach\u00e9 \u00e0 la Suisse centrale. Les liens qui le lient au Kunstmuseum Luzern remontent \u00e0 1989, ann\u00e9e o\u00f9 il participe \u00e0 l\u2019exposition <em>Weihnachtsausstellung Innerschweizer K\u00fcnstler<\/em> et remporte le prix de la Kunstgesellschaft. Celui-ci lui permettra d\u2019organiser une exposition individuelle l\u2019ann\u00e9e suivante, lors de laquelle il pr\u00e9sente des dessins de paysages \u00e0 l\u2019encre de Chine qui font aujourd\u2019hui partie de la collection du Kunstmuseum. En 2024, il revient dans sa r\u00e9gion natale avec la r\u00e9trospective <em>Cry Me a River<\/em>, pour laquelle il r\u00e9alise deux nouvelles toiles qui repr\u00e9sentent la vue sur le lac des Quatre-Cantons depuis Brunnen de jour et de nuit. Compos\u00e9s de surfaces alternant cinq nuances de bleu, ces paysages invitent \u00e0 une contemplation proche du recueillement. Avec ce travail, l\u2019artiste s\u2019inscrit dans la tradition de ses compatriotes F\u00e9lix Vallotton et Ferdinand Hodler, qui ont tous deux immortalis\u00e9 la beaut\u00e9 in\u00e9gal\u00e9e du paysage suisse. Tandis que l\u2019artiste a fait don au Kunstmuseum de la version nocturne (<em>siebtermaizweitausendundvierundzwanzig<\/em>, 2024), la fondation BEST Art Collection Luzern a r\u00e9uni les fonds n\u00e9cessaires \u00e0 l\u2019acquisition de la version diurne (<em>sechstermaizweitausendundvierundzwanzig<\/em>, 2024), qui sera financ\u00e9e par les dons g\u00e9n\u00e9reux des membres du Conseil de fondation.<\/p>\n\n\n\n<p class=\"has-simplon-bp-font-family has-small-font-size\"><strong>Ugo Rondinone<br><em>sechstermaizweitausendundvierundzwanzig<\/em>, 2024<\/strong><br>Acrylique sur toile, 400 \u00d7 600 cm<br>Montant de: CHF 360.000 (tarif incluant la r\u00e9duction accord\u00e9e aux mus\u00e9es)<\/p>\n\n\n\n<div style=\"height:60px\" aria-hidden=\"true\" class=\"wp-block-spacer\"><\/div>\n\n\n\n<div class=\"wp-block-slider alignfull\">\n\n  <div class=\"swiper-container\">\n    <div class=\"swiper-wrapper\">\n\n      \n            <div class=\"swiper-slide\" data-index=\"0\">\n                <div data-caption=\"Ugo Rondinone, sechstermaizweitausendundvierundzwanzig, 2024, Acryl auf Leinwand, 400 \u00d7 600 cm, Kunstmuseum Luzern, Depositum der Stiftung BEST Art Collection Luzern, vormals Bernhard Eglin-Stiftung, Foto: Studio Rondinone\">          <img decoding=\"async\" width=\"2116\" height=\"1400\" src=\"https:\/\/www.kunstmuseumluzern.ch\/wp-content\/uploads\/2023\/04\/2024-rondinone-6mai2024.jpg\" class=\"attachment-gallery_image size-gallery_image\" alt=\"Ugo Rondinone, sechstermaizweitausendundvierundzwanzig, 2024, Acryl auf Leinwand, 400 \u00d7 600 cm, Kunstmuseum Luzern, Depositum der Stiftung BEST Art Collection Luzern, vormals Bernhard Eglin-Stiftung, Foto: Studio Rondinone\" srcset=\"https:\/\/www.kunstmuseumluzern.ch\/wp-content\/uploads\/2023\/04\/2024-rondinone-6mai2024.jpg 2116w, https:&#47;&#x2f;w&#119;&#x77;&#46;&#107;&#x75;n&#115;&#x74;m&#117;&#x73;e&#117;&#x6d;l&#117;&#x7a;e&#114;&#x6e;&#46;&#99;&#x68;\/&#119;&#x70;-&#99;&#x6f;n&#x74;&#x65;n&#x74;&#x2f;&#117;&#x70;&#x6c;&#111;&#x61;&#x64;&#115;&#x2f;&#x32;&#48;&#x32;&#x33;&#47;&#x30;4&#47;&#x32;0&#50;&#x34;-&#114;&#x6f;n&#100;&#x69;n&#111;&#x6e;e&#45;&#x36;m&#97;&#x69;2&#48;&#x32;4&#45;&#x31;5&#48;&#x78;9&#x39;&#x40;2&#x78;&#x2e;&#106;&#x70;&#x67; 300w, https:\/\/www.kunstmuseumluzern.ch\/wp-content\/uploads\/2023\/04\/2024-rondinone-6mai2024-1024x678.jpg 1024w, https:\/\/www.kunstmuseumluzern.ch\/wp-content\/uploads\/2023\/04\/2024-rondinone-6mai2024-150x99.jpg 150w, https:\/\/www.kunstmuseumluzern.ch\/wp-content\/uploads\/2023\/04\/2024-rondinone-6mai2024-420x278.jpg 420w, https:\/\/w&#119;&#119;&#46;&#107;&#x75;&#x6e;&#x73;&#x74;&#x6d;&#x75;&#x73;eum&#108;&#117;&#122;&#101;&#114;&#x6e;&#x2e;&#x63;&#x68;&#x2f;&#x77;p-co&#110;&#116;&#101;&#110;&#x74;&#x2f;&#x75;&#x70;&#x6c;&#x6f;ads\/&#50;&#48;&#50;&#51;&#x2f;&#x30;&#x34;&#x2f;&#x32;&#x30;&#x32;4-r&#111;&#110;&#100;&#105;&#110;&#x6f;&#x6e;&#x65;&#x2d;&#x36;&#x6d;ai2&#48;&#50;&#52;&#45;&#51;&#x30;&#x30;&#x78;&#x31;&#x39;&#x38;&#64;2x&#46;&#106;&#112;&#103; 600w, https:&#47;&#x2f;&#119;&#x77;w&#x2e;k&#117;&#x6e;&#115;&#x74;&#109;&#x75;s&#x65;u&#109;&#x6c;&#117;&#x7a;e&#x72;n&#x2e;&#x63;&#104;&#x2f;&#119;&#x70;-&#x63;o&#110;&#x74;&#101;&#x6e;&#116;&#x2f;u&#x70;l&#111;&#x61;&#100;&#x73;\/&#x32;0&#x32;&#x33;&#47;&#x30;&#52;&#x2f;2&#x30;2&#52;&#x2d;&#114;&#x6f;&#110;&#x64;i&#x6e;o&#110;&#x65;&#45;&#x36;m&#x61;i&#x32;&#x30;&#50;&#x34;&#45;&#x31;0&#x32;4&#120;&#x36;&#55;&#x38;&#64;&#x32;x&#x2e;j&#112;&#x67; 2048w, https:&#x2f;&#x2f;&#x77;&#x77;&#119;&#46;kun&#x73;&#x74;&#x6d;&#x75;&#115;&#101;uml&#x75;&#x7a;&#x65;&#x72;&#110;&#46;&#99;h\/&#x77;&#x70;&#x2d;&#x63;&#111;&#110;&#116;en&#x74;&#x2f;&#x75;&#x70;&#108;&#111;&#97;ds&#x2f;&#x32;&#x30;&#x32;&#51;&#47;&#48;4\/&#x32;&#x30;&#x32;&#x34;&#45;&#114;&#111;nd&#x69;&#x6e;&#x6f;&#x6e;&#101;&#45;&#54;ma&#x69;&#x32;&#x30;&#x32;&#52;&#45;&#52;20&#x78;&#x32;&#x37;&#x38;&#64;&#50;&#120;&#46;j&#x70;&#x67; 840w\" sizes=\"(max-width: 2116px) 100vw, 2116px\" \/>        <\/div>        \n        \n              <\/div>\n                    <div class=\"swiper-slide\" data-index=\"1\">\n                <div data-caption=\"Sonja Sekula, Chinatree, 1960, Ankauf 2008\">          <img decoding=\"async\" width=\"994\" height=\"1400\" src=\"https:\/\/www.kunstmuseumluzern.ch\/wp-content\/uploads\/2023\/04\/sekula-sonja-chinatree.jpg\" class=\"attachment-gallery_image size-gallery_image\" alt=\"\" srcset=\"https:\/\/www.kunstmuseumluzern.ch\/wp-content\/uploads\/2023\/04\/sekula-sonja-chinatree.jpg 994w, https:\/\/ww&#119;&#46;&#107;&#117;&#110;&#x73;&#x74;&#x6d;&#x75;&#x73;&#x65;&#x75;mluz&#101;&#114;&#110;&#46;&#99;&#x68;&#x2f;&#x77;&#x70;&#x2d;&#x63;&#x6f;&#x6e;tent&#47;&#117;&#112;&#108;&#111;&#x61;&#x64;&#x73;&#x2f;&#x32;&#x30;&#x32;&#x33;\/04\/&#115;&#101;&#107;&#117;&#108;&#x61;&#x2d;&#x73;&#x6f;&#x6e;&#x6a;&#x61;-chi&#110;&#97;&#116;&#114;&#101;&#x65;&#x2d;&#x31;&#x35;&#x30;&#x78;&#x32;&#x31;1&#64;2x&#46;&#106;&#112;&#103; 300w, https:\/\/www.kunstmuseumluzern.ch\/wp-content\/uploads\/2023\/04\/sekula-sonja-chinatree-150x211.jpg 150w, https:\/\/www.kunstmuseumluzern.ch\/wp-content\/uploads\/2023\/04\/sekula-sonja-chinatree-420x592.jpg 420w, https:&#47;&#x2f;&#x77;w&#119;&#x2e;k&#117;&#x6e;s&#116;&#x6d;u&#115;&#x65;&#x75;&#109;&#x6c;&#x75;z&#101;&#x72;n&#46;&#x63;h&#47;&#x77;&#x70;&#45;&#x63;&#x6f;n&#116;&#x65;n&#116;&#x2f;u&#112;&#x6c;o&#97;&#x64;&#x73;&#47;&#x32;&#x30;2&#51;&#x2f;0&#52;&#x2f;s&#101;&#x6b;&#x75;&#108;&#x61;&#x2d;s&#111;&#x6e;j&#97;&#x2d;c&#104;&#x69;n&#97;&#x74;&#x72;&#101;&#x65;&#x2d;3&#48;&#x30;x&#52;&#x32;3&#64;&#x32;&#x78;&#46;&#x6a;&#x70;g 600w, https:&#x2f;&#x2f;&#x77;&#119;&#119;&#46;k&#x75;&#x6e;&#x73;&#x74;&#109;&#117;se&#x75;&#x6d;&#x6c;&#117;&#122;&#101;rn&#x2e;&#x63;&#x68;&#47;&#119;p-&#x63;&#x6f;&#x6e;&#x74;&#101;&#110;t\/&#x75;&#x70;&#x6c;&#111;&#97;&#100;s\/&#x32;&#x30;&#x32;&#51;&#47;04&#x2f;&#x73;&#x65;&#x6b;&#117;&#108;a-&#x73;&#x6f;&#x6e;&#106;&#97;&#45;ch&#x69;&#x6e;&#x61;&#116;&#114;&#101;e&#x2d;&#x34;&#x32;&#x30;&#120;&#53;92&#x40;&#x32;&#x78;&#x2e;&#106;&#112;g 840w\" sizes=\"(max-width: 994px) 100vw, 994px\" \/>        <\/div>        \n        \n              <\/div>\n                    <div class=\"swiper-slide\" data-index=\"2\">\n                <div data-caption=\"Robert Z\u00fcnd, Eichwald, 1859, Ankauf 1942\">          <img decoding=\"async\" width=\"1874\" height=\"1400\" src=\"https:\/\/www.kunstmuseumluzern.ch\/wp-content\/uploads\/2023\/04\/zuend-robert-eichwald.jpg\" class=\"attachment-gallery_image size-gallery_image\" alt=\"\" srcset=\"https:\/\/www.kunstmuseumluzern.ch\/wp-content\/uploads\/2023\/04\/zuend-robert-eichwald.jpg 1874w, https:&#x2f;&#x2f;&#x77;&#x77;&#119;&#46;&#107;&#117;nst&#x6d;&#x75;&#x73;&#x65;&#x75;&#109;&#108;&#117;zer&#x6e;&#x2e;&#x63;&#x68;&#x2f;&#119;&#112;&#45;con&#x74;&#x65;&#x6e;&#x74;&#x2f;&#117;&#112;&#108;oad&#x73;&#x2f;&#x32;&#x30;&#x32;&#51;&#47;&#48;4\/z&#x75;&#x65;&#x6e;&#x64;&#x2d;&#114;&#111;&#98;ert&#x2d;&#x65;&#x69;&#x63;&#x68;&#119;&#97;&#108;&#100;-1&#x35;&#x30;&#x78;&#x31;&#x31;&#50;&#64;&#50;&#120;&#46;j&#x70;&#x67; 300w, https:\/\/www.kunstmuseumluzern.ch\/wp-content\/uploads\/2023\/04\/zuend-robert-eichwald-1024x765.jpg 1024w, https:\/\/www.kunstmuseumluzern.ch\/wp-content\/uploads\/2023\/04\/zuend-robert-eichwald-150x112.jpg 150w, https:\/\/www.kunstmuseumluzern.ch\/wp-content\/uploads\/2023\/04\/zuend-robert-eichwald-420x314.jpg 420w, https:&#x2f;&#47;&#119;&#x77;&#x77;&#46;&#107;&#x75;&#x6e;&#115;&#116;&#x6d;&#x75;&#115;&#101;&#x75;&#x6d;&#108;&#117;&#x7a;&#x65;&#114;&#110;&#x2e;&#x63;&#104;&#47;&#x77;&#x70;&#45;&#99;&#x6f;&#x6e;&#116;&#101;&#x6e;&#x74;&#47;&#117;&#x70;&#x6c;&#111;&#97;&#x64;&#x73;&#47;&#50;&#x30;&#x32;&#51;&#47;&#x30;&#x34;&#47;&#122;&#x75;&#x65;&#110;&#100;&#x2d;&#x72;&#111;&#98;&#x65;&#x72;&#116;&#45;&#x65;&#x69;&#99;&#104;&#x77;&#x61;&#108;&#100;&#x2d;&#x33;&#48;&#48;&#x78;&#x32;&#50;&#52;&#x40;&#x32;&#120;&#46;&#x6a;&#x70;&#103; 600w, https:&#x2f;&#x2f;&#119;ww&#x2e;&#x6b;&#117;&#110;s&#x74;&#x6d;&#117;&#115;e&#x75;&#x6d;&#x6c;&#117;ze&#x72;&#x6e;&#46;&#99;h&#x2f;&#x77;&#112;&#45;c&#x6f;&#x6e;&#116;&#101;n&#x74;&#x2f;&#x75;&#112;lo&#x61;&#x64;&#115;&#47;2&#x30;&#x32;&#51;&#47;0&#x34;&#x2f;&#122;&#117;e&#x6e;&#x64;&#x2d;&#114;ob&#x65;&#x72;&#116;&#45;e&#x69;&#x63;&#104;&#119;a&#x6c;&#x64;&#x2d;&#52;2&#x30;&#x78;&#x33;&#49;4&#64;&#x32;&#x78;&#46;&#106;p&#x67; 840w\" sizes=\"(max-width: 1874px) 100vw, 1874px\" \/>        <\/div>        \n        \n              <\/div>\n                    <div class=\"swiper-slide\" data-index=\"3\">\n                <div data-caption=\"Johann Heinrich F\u00fcssli, Beatrice belauscht Hero und Ursula, um 1789, Ankauf 1933\">          <img decoding=\"async\" width=\"1272\" height=\"1400\" src=\"https:\/\/www.kunstmuseumluzern.ch\/wp-content\/uploads\/2023\/04\/fuessli-Johann-heinrich-beatrice-hero-ursula.jpg\" class=\"attachment-gallery_image size-gallery_image\" alt=\"\" srcset=\"https:\/\/www.kunstmuseumluzern.ch\/wp-content\/uploads\/2023\/04\/fuessli-Johann-heinrich-beatrice-hero-ursula.jpg 1272w, https:&#47;&#x2f;&#119;&#x77;&#119;&#x2e;&#107;&#x75;&#110;&#x73;&#116;&#x6d;u&#x73;e&#x75;m&#x6c;u&#x7a;e&#x72;n&#46;&#x63;&#104;&#x2f;&#119;&#x70;&#45;&#x63;&#111;&#x6e;&#116;&#x65;&#110;&#x74;\/&#x75;p&#x6c;o&#x61;d&#x73;\/&#x32;0&#50;&#x33;&#47;&#x30;&#52;&#x2f;&#102;&#x75;&#101;&#x73;&#115;&#x6c;&#105;&#x2d;J&#x6f;h&#x61;n&#x6e;-&#x68;e&#x69;n&#114;&#x69;&#99;&#x68;&#45;&#x62;&#101;&#x61;&#116;&#x72;&#105;&#x63;&#101;&#x2d;h&#x65;r&#x6f;-&#x75;r&#x73;u&#x6c;a&#45;&#x31;&#53;&#x30;&#120;&#x31;&#54;&#x35;&#64;&#x32;&#120;&#x2e;&#106;&#x70;g 300w, https:\/\/www.kunstmuseumluzern.ch\/wp-content\/uploads\/2023\/04\/fuessli-Johann-heinrich-beatrice-hero-ursula-1024x1127.jpg 1024w, https:\/\/www.kunstmuseumluzern.ch\/wp-content\/uploads\/2023\/04\/fuessli-Johann-heinrich-beatrice-hero-ursula-150x165.jpg 150w, https:\/\/www.kunstmuseumluzern.ch\/wp-content\/uploads\/2023\/04\/fuessli-Johann-heinrich-beatrice-hero-ursula-420x462.jpg 420w, https:&#x2f;&#x2f;&#x77;&#x77;&#x77;&#x2e;&#x6b;&#x75;&#x6e;&#x73;&#x74;&#x6d;&#x75;&#x73;&#101;&#117;&#109;&#108;&#117;&#122;&#101;&#114;&#110;&#46;&#99;h\/wp-con&#x74;&#x65;&#x6e;&#x74;&#x2f;&#x75;&#x70;&#x6c;&#x6f;&#x61;&#x64;&#x73;&#x2f;&#x32;&#x30;&#50;&#51;&#47;&#48;&#52;&#47;&#102;&#117;&#101;&#115;sli-Joha&#x6e;&#x6e;&#x2d;&#x68;&#x65;&#x69;&#x6e;&#x72;&#x69;&#x63;&#x68;&#x2d;&#x62;&#x65;&#x61;&#116;&#114;&#105;&#99;&#101;&#45;&#104;&#101;&#114;&#111;-ursula-&#x33;&#x30;&#x30;&#x78;&#x33;&#x33;&#x30;&#x40;&#x32;&#x78;&#x2e;&#x6a;&#x70;&#x67; 600w, https:&#x2f;&#x2f;&#x77;&#x77;&#119;&#46;kun&#x73;&#x74;&#x6d;&#x75;&#115;&#101;uml&#x75;&#x7a;&#x65;&#x72;&#110;&#46;&#99;h\/&#x77;&#x70;&#x2d;&#x63;&#111;&#110;&#116;en&#x74;&#x2f;&#x75;&#x70;&#108;&#111;&#97;ds&#x2f;&#x32;&#x30;&#x32;&#51;&#47;&#48;4\/&#x66;&#x75;&#x65;&#x73;&#115;&#108;&#105;-J&#x6f;&#x68;&#x61;&#x6e;&#110;&#45;&#104;ei&#x6e;&#x72;&#x69;&#x63;&#104;&#45;&#98;ea&#x74;&#x72;&#x69;&#x63;&#101;&#45;&#104;er&#x6f;&#x2d;&#x75;&#x72;&#115;&#117;&#108;a-&#x34;&#x32;&#x30;&#x78;&#x34;&#54;&#50;&#64;2x&#x2e;&#x6a;&#x70;&#x67; 840w\" sizes=\"(max-width: 1272px) 100vw, 1272px\" \/>        <\/div>        \n        \n              <\/div>\n                    <div class=\"swiper-slide\" data-index=\"4\">\n                <div data-caption=\"Clemens von Wedemeyer, Faux Terrain, 2019, Ankauf 2020\">          <img decoding=\"async\" width=\"2489\" height=\"1400\" src=\"https:\/\/www.kunstmuseumluzern.ch\/wp-content\/uploads\/2023\/04\/von-wedemeyer-faux-terrain.jpg\" class=\"attachment-gallery_image size-gallery_image\" alt=\"\" srcset=\"https:\/\/www.kunstmuseumluzern.ch\/wp-content\/uploads\/2023\/04\/von-wedemeyer-faux-terrain.jpg 2489w, https:&#x2f;&#x2f;&#x77;&#x77;&#x77;&#x2e;&#107;&#117;&#110;&#115;tmus&#x65;&#x75;&#x6d;&#x6c;&#x75;&#x7a;&#101;&#114;&#110;&#46;&#99;h\/w&#x70;&#x2d;&#x63;&#x6f;&#x6e;&#x74;&#101;&#110;&#116;&#47;&#117;plo&#x61;&#x64;&#x73;&#x2f;&#x32;&#x30;&#x32;&#51;&#47;&#48;&#52;\/von&#x2d;&#x77;&#x65;&#x64;&#x65;&#x6d;&#101;&#121;&#101;&#114;-fau&#x78;&#x2d;&#x74;&#x65;&#x72;&#x72;&#97;&#105;&#110;&#45;&#49;50x&#x38;&#x34;&#x40;&#x32;&#x78;&#x2e;&#x6a;&#112;&#103; 300w, https:\/\/www.kunstmuseumluzern.ch\/wp-content\/uploads\/2023\/04\/von-wedemeyer-faux-terrain-1024x576.jpg 1024w, https:\/\/www.kunstmuseumluzern.ch\/wp-content\/uploads\/2023\/04\/von-wedemeyer-faux-terrain-150x84.jpg 150w, https:\/\/www.kunstmuseumluzern.ch\/wp-content\/uploads\/2023\/04\/von-wedemeyer-faux-terrain-420x236.jpg 420w, https:&#x2f;&#47;&#119;w&#x77;&#x2e;&#107;u&#x6e;&#x73;&#116;mu&#x73;&#101;&#117;m&#x6c;&#x75;&#122;e&#x72;&#x6e;&#46;&#99;h&#x2f;&#x77;&#112;-&#x63;&#x6f;&#110;t&#x65;&#x6e;&#116;&#47;u&#x70;&#x6c;&#111;a&#x64;&#x73;&#47;2&#x30;&#x32;&#51;&#47;0&#x34;&#x2f;&#118;o&#x6e;&#x2d;&#119;e&#x64;&#x65;&#109;&#101;y&#x65;&#x72;&#45;f&#x61;&#x75;&#120;-&#x74;&#x65;&#114;&#114;a&#x69;&#x6e;&#45;3&#x30;&#x30;&#120;1&#x36;&#x39;&#64;&#50;x&#x2e;&#x6a;&#112;g 600w, https:&#x2f;&#47;&#x77;&#x77;w&#x2e;&#107;u&#x6e;&#115;t&#x6d;&#117;&#x73;&#x65;u&#x6d;&#108;u&#x7a;&#101;r&#x6e;&#46;&#x63;&#x68;&#47;&#x77;&#x70;-&#x63;&#111;n&#x74;&#101;n&#x74;&#47;&#x75;&#x70;l&#x6f;&#97;d&#x73;&#47;2&#x30;&#50;&#x33;&#x2f;&#48;&#x34;&#x2f;v&#x6f;&#110;-&#x77;&#101;d&#x65;&#109;&#x65;&#x79;e&#x72;&#45;f&#x61;&#117;x&#x2d;&#116;&#x65;&#x72;&#114;&#x61;&#x69;n&#x2d;&#49;0&#x32;&#52;x&#x35;&#55;&#x36;&#x40;2&#x78;&#46;j&#x70;&#103; 2048w, https:\/&#47;&#119;&#x77;&#x77;&#x2e;ku&#110;&#115;&#x74;&#x6d;&#x75;s&#101;&#117;&#109;&#x6c;&#x75;&#x7a;e&#114;&#110;&#x2e;&#x63;&#x68;\/w&#112;&#45;&#x63;&#x6f;&#x6e;t&#101;&#110;&#116;&#x2f;&#x75;&#x70;l&#111;&#97;&#x64;&#x73;&#x2f;20&#50;&#51;&#x2f;&#x30;&#x34;\/&#118;&#111;&#110;&#x2d;&#x77;&#x65;d&#101;&#109;&#x65;&#x79;&#x65;r-&#102;&#97;&#x75;&#x78;&#x2d;t&#101;&#114;&#114;&#x61;&#x69;&#x6e;-&#52;&#50;&#x30;&#x78;&#x32;36&#64;&#50;&#x78;&#x2e;&#x6a;p&#103; 840w\" sizes=\"(max-width: 2489px) 100vw, 2489px\" \/>        <\/div>        \n        \n              <\/div>\n                    <div class=\"swiper-slide\" data-index=\"5\">\n                <div data-caption=\"Hans Emmenegger, Spiegelung auf dem Wasser, 1908\u20131909, Ankauf 2014\">          <img decoding=\"async\" width=\"2471\" height=\"1400\" src=\"https:\/\/www.kunstmuseumluzern.ch\/wp-content\/uploads\/2023\/04\/emmenegger-hans-spiegelung.jpg\" class=\"attachment-gallery_image size-gallery_image\" alt=\"\" srcset=\"https:\/\/www.kunstmuseumluzern.ch\/wp-content\/uploads\/2023\/04\/emmenegger-hans-spiegelung.jpg 2471w, https:&#47;&#x2f;&#x77;w&#119;&#x2e;k&#117;&#x6e;s&#116;&#x6d;u&#115;&#x65;&#x75;&#109;&#x6c;&#x75;z&#101;&#x72;n&#46;&#x63;h&#47;&#x77;&#x70;&#45;&#x63;&#x6f;n&#116;&#x65;n&#116;&#x2f;u&#112;&#x6c;o&#97;&#x64;&#x73;&#47;&#x32;&#x30;2&#51;&#x2f;0&#52;&#x2f;e&#109;&#x6d;&#x65;&#110;&#x65;&#x67;g&#101;&#x72;-&#104;&#x61;n&#115;&#x2d;s&#112;&#x69;&#x65;&#103;&#x65;&#x6c;u&#110;&#x67;-&#49;&#x35;0&#120;&#x38;&#x35;&#64;&#x32;&#x78;&#46;&#106;&#x70;g 300w, https:\/\/www.kunstmuseumluzern.ch\/wp-content\/uploads\/2023\/04\/emmenegger-hans-spiegelung-1024x580.jpg 1024w, https:\/\/www.kunstmuseumluzern.ch\/wp-content\/uploads\/2023\/04\/emmenegger-hans-spiegelung-150x85.jpg 150w, https:\/\/www.kunstmuseumluzern.ch\/wp-content\/uploads\/2023\/04\/emmenegger-hans-spiegelung-420x238.jpg 420w, https:\/&#47;&#x77;&#x77;&#x77;&#46;&#107;&#x75;&#x6e;&#x73;t&#109;&#x75;&#x73;&#x65;u&#109;&#x6c;&#x75;&#x7a;e&#114;&#x6e;&#x2e;&#x63;h&#47;&#x77;&#x70;&#x2d;c&#111;&#x6e;&#x74;&#x65;n&#116;&#x2f;&#x75;&#x70;l&#111;&#x61;&#x64;&#x73;\/&#50;&#x30;&#x32;&#x33;\/&#48;&#x34;&#x2f;&#x65;m&#109;&#x65;&#x6e;&#x65;g&#103;&#x65;&#x72;&#x2d;h&#97;&#x6e;&#x73;&#x2d;s&#112;&#x69;&#x65;&#x67;e&#108;&#x75;&#x6e;&#x67;-&#51;&#x30;&#x30;&#x78;1&#55;&#x30;&#x40;&#x32;x&#46;&#x6a;&#x70;&#x67; 600w, https:&#47;&#x2f;w&#x77;w&#46;&#x6b;&#117;&#x6e;s&#116;&#x6d;&#117;&#x73;e&#x75;&#x6d;&#108;&#x75;z&#x65;r&#110;&#x2e;&#99;&#x68;\/&#119;&#x70;&#45;&#x63;o&#110;&#x74;&#101;&#x6e;t&#x2f;&#x75;&#112;&#x6c;o&#x61;d&#115;&#x2f;&#50;&#x30;2&#51;&#x2f;&#48;&#x34;\/&#101;&#x6d;&#109;&#x65;n&#x65;g&#103;&#x65;r&#x2d;h&#97;&#x6e;&#115;&#x2d;s&#112;&#x69;&#101;&#x67;e&#x6c;&#x75;&#110;&#x67;-&#x31;0&#50;&#x34;&#120;&#x35;8&#48;&#x40;&#50;&#x78;&#46;&#106;&#x70;&#103; 2048w, https:&#x2f;&#47;&#119;w&#x77;&#x2e;&#107;u&#x6e;&#x73;&#116;mu&#x73;&#101;&#117;m&#x6c;&#x75;&#122;e&#x72;&#x6e;&#46;&#99;h&#x2f;&#x77;&#112;-&#x63;&#x6f;&#110;t&#x65;&#x6e;&#116;&#47;u&#x70;&#x6c;&#111;a&#x64;&#x73;&#47;2&#x30;&#x32;&#51;&#47;0&#x34;&#x2f;&#101;m&#x6d;&#x65;&#110;e&#x67;&#x67;&#101;&#114;-&#x68;&#x61;&#110;s&#x2d;&#x73;&#112;i&#x65;&#x67;&#101;&#108;u&#x6e;&#x67;&#45;4&#x32;&#x30;&#120;2&#x33;&#x38;&#64;&#50;x&#x2e;&#x6a;&#112;g 840w\" sizes=\"(max-width: 2471px) 100vw, 2471px\" \/>        <\/div>        \n        \n              <\/div>\n                    <div class=\"swiper-slide\" data-index=\"6\">\n                <div data-caption=\"Christine Streuli, Crash, 2013, Ankauf 2013\">          <img decoding=\"async\" width=\"3419\" height=\"1400\" src=\"https:\/\/www.kunstmuseumluzern.ch\/wp-content\/uploads\/2023\/04\/streuli-christine-crash.jpg\" class=\"attachment-gallery_image size-gallery_image\" alt=\"Christine Streuli, Crash, Acryl und Lack auf Leinwand, 350 x 850 cm, Kunstmuseum Luzern, Depositum der Stiftung BEST Art Collection Luzern\" srcset=\"https:\/\/www.kunstmuseumluzern.ch\/wp-content\/uploads\/2023\/04\/streuli-christine-crash.jpg 3419w, https:&#47;&#x2f;w&#119;&#x77;&#46;&#107;&#x75;n&#x73;&#x74;&#109;&#x75;s&#101;&#x75;m&#108;&#x75;z&#x65;&#x72;&#110;&#x2e;&#x63;&#104;&#x2f;w&#112;&#x2d;c&#111;&#x6e;t&#x65;&#x6e;&#116;&#x2f;u&#112;&#x6c;o&#97;&#x64;s&#x2f;&#x32;&#48;&#x32;&#x33;&#47;&#x30;4&#47;&#x73;t&#114;&#x65;u&#x6c;&#x69;&#45;&#x63;h&#114;&#x69;s&#116;&#x69;n&#x65;&#x2d;&#99;&#x72;&#x61;&#115;&#x68;-&#49;&#x35;0&#120;&#x36;1&#x40;&#x32;&#120;&#x2e;j&#112;&#x67; 300w, https:\/\/www.kunstmuseumluzern.ch\/wp-content\/uploads\/2023\/04\/streuli-christine-crash-1024x419.jpg 1024w, https:\/\/www.kunstmuseumluzern.ch\/wp-content\/uploads\/2023\/04\/streuli-christine-crash-150x61.jpg 150w, https:\/\/www.kunstmuseumluzern.ch\/wp-content\/uploads\/2023\/04\/streuli-christine-crash-420x172.jpg 420w, https:&#x2f;&#47;&#119;w&#x77;&#x2e;&#107;u&#x6e;&#x73;&#116;m&#x75;&#x73;&#101;u&#x6d;&#x6c;&#117;z&#x65;&#x72;&#110;&#46;&#x63;&#x68;&#47;&#119;p&#x2d;&#x63;&#111;n&#x74;&#x65;&#110;t&#x2f;&#x75;&#112;l&#x6f;&#x61;&#100;s&#x2f;&#x32;&#48;2&#x33;&#x2f;&#48;&#52;\/&#x73;&#x74;&#114;e&#x75;&#x6c;&#105;-&#x63;&#x68;&#114;i&#x73;&#x74;&#105;n&#x65;&#x2d;&#99;r&#x61;&#x73;&#104;&#45;3&#x30;&#x30;&#120;1&#x32;&#x33;&#64;2&#x78;&#x2e;&#106;p&#x67; 600w, https:\/&#47;&#119;&#x77;&#x77;&#x2e;k&#117;&#110;&#x73;&#x74;&#x6d;us&#101;&#x75;&#x6d;&#x6c;uz&#101;&#114;&#x6e;&#x2e;&#x63;h&#47;&#119;&#x70;&#x2d;&#x63;o&#110;&#116;&#x65;&#x6e;&#x74;\/u&#112;&#x6c;&#x6f;&#x61;ds&#47;&#50;&#x30;&#x32;&#x33;\/&#48;&#52;&#x2f;&#x73;&#x74;r&#101;&#117;&#x6c;&#x69;&#x2d;ch&#114;&#x69;&#x73;&#x74;in&#101;&#45;&#x63;&#x72;&#x61;s&#104;&#45;&#x31;&#x30;&#x32;4&#120;&#52;&#x31;&#x39;&#x40;2x&#46;&#x6a;&#x70;&#x67; 2048w, https:&#x2f;&#47;w&#x77;&#119;&#46;&#x6b;&#117;n&#x73;&#x74;&#109;&#x75;&#x73;&#101;u&#x6d;&#108;u&#x7a;&#101;r&#x6e;&#x2e;&#99;&#x68;&#x2f;&#119;p&#x2d;&#99;o&#x6e;&#116;e&#x6e;&#116;\/&#x75;&#x70;&#108;&#x6f;&#x61;&#100;s&#x2f;&#50;0&#x32;&#51;\/&#x30;&#x34;&#47;&#x73;&#x74;&#114;e&#x75;&#108;i&#x2d;&#99;h&#x72;&#105;s&#x74;&#x69;&#110;&#x65;&#x2d;&#99;r&#x61;&#115;h&#x2d;&#52;2&#x30;&#x78;&#49;&#x37;&#x32;&#64;2&#x78;&#46;j&#x70;&#103; 840w\" sizes=\"(max-width: 3419px) 100vw, 3419px\" \/>        <\/div>        \n        \n              <\/div>\n              \n    <\/div>\n\n    <div class=\"swiper-button-prev\"><\/div>\n    <div class=\"swiper-button-next\"><\/div>\n    <div class=\"swiper-pagination\"><\/div>\n    <div class=\"swiper-caption\"><\/div>\n  <\/div>\n\n<\/div>\n\n\n\n<div style=\"height:30px\" aria-hidden=\"true\" class=\"wp-block-spacer\"><\/div>\n","protected":false},"excerpt":{"rendered":"<p>Fondation Best Art Collection Luzern La fondation BEST Art Collection Luzern ach\u00e8te r\u00e9guli\u00e8rement des \u0153uvres importantes dont elle fait don au Kunstmuseum sous forme de pr\u00eats permanents. Les acquisitions r\u00e9pondent aux axes de collection d\u00e9finis par le Kunstmuseum Luzern. Chaque membre du conseil de fondation s\u2019engage \u00e0 mettre \u00e0 disposition de la fondation un minimum [&hellip;]<\/p>\n","protected":false},"author":2,"featured_media":0,"parent":101769,"menu_order":2,"comment_status":"closed","ping_status":"closed","template":"","meta":{"_acf_changed":false,"_seopress_robots_primary_cat":"","_seopress_titles_title":"Fondation Best Art Collection Luzern | KUNSTMUSEUM LUZERN","_seopress_titles_desc":"La fondation BEST Art Collection Luzern ach\u00e8te des \u0153uvres importantes dont elle fait don au Kunstmuseum sous forme de pr\u00eats permanents.","_seopress_robots_index":"","inline_featured_image":false,"ghostkit_customizer_options":"","ghostkit_custom_css":"","ghostkit_custom_js_head":"","ghostkit_custom_js_foot":"","ghostkit_typography":"","footnotes":""},"tags":[],"class_list":["post-102396","page","type-page","status-publish","hentry"],"acf":[],"_links":{"self":[{"href":"https:\/\/www.kunstmuseumluzern.ch\/fr\/wp-json\/wp\/v2\/pages\/102396","targetHints":{"allow":["GET"]}}],"collection":[{"href":"https:\/\/www.kunstmuseumluzern.ch\/fr\/wp-json\/wp\/v2\/pages"}],"about":[{"href":"https:\/\/www.kunstmuseumluzern.ch\/fr\/wp-json\/wp\/v2\/types\/page"}],"author":[{"embeddable":true,"href":"https:\/\/www.kunstmuseumluzern.ch\/fr\/wp-json\/wp\/v2\/users\/2"}],"replies":[{"embeddable":true,"href":"https:\/\/www.kunstmuseumluzern.ch\/fr\/wp-json\/wp\/v2\/comments?post=102396"}],"version-history":[{"count":29,"href":"https:\/\/www.kunstmuseumluzern.ch\/fr\/wp-json\/wp\/v2\/pages\/102396\/revisions"}],"predecessor-version":[{"id":195454,"href":"https:\/\/www.kunstmuseumluzern.ch\/fr\/wp-json\/wp\/v2\/pages\/102396\/revisions\/195454"}],"up":[{"embeddable":true,"href":"https:\/\/www.kunstmuseumluzern.ch\/fr\/wp-json\/wp\/v2\/pages\/101769"}],"wp:attachment":[{"href":"https:\/\/www.kunstmuseumluzern.ch\/fr\/wp-json\/wp\/v2\/media?parent=102396"}],"wp:term":[{"taxonomy":"post_tag","embeddable":true,"href":"https:\/\/www.kunstmuseumluzern.ch\/fr\/wp-json\/wp\/v2\/tags?post=102396"}],"curies":[{"name":"wp","href":"https:\/\/api.w.org\/{rel}","templated":true}]}}