{"id":102449,"date":"2023-11-09T10:22:50","date_gmt":"2023-11-09T09:22:50","guid":{"rendered":"https:\/\/www.kunstmuseumluzern.ch\/art-education\/schools\/"},"modified":"2024-05-02T10:50:15","modified_gmt":"2024-05-02T08:50:15","slug":"ecoles","status":"publish","type":"page","link":"https:\/\/www.kunstmuseumluzern.ch\/fr\/mediation\/ecoles\/","title":{"rendered":"\u00c9coles"},"content":{"rendered":"\n<div class=\"wp-block-slider alignfull\">\n\n  <div class=\"swiper-container\">\n    <div class=\"swiper-wrapper\">\n\n      \n            <div class=\"swiper-slide\" data-index=\"0\">\n                <div data-caption=\"\">          <img decoding=\"async\" width=\"1867\" height=\"1400\" src=\"https:\/\/www.kunstmuseumluzern.ch\/wp-content\/uploads\/2024\/02\/kv-schulen-1400px-01.jpg\" class=\"attachment-gallery_image size-gallery_image\" alt=\"\" srcset=\"https:\/\/www.kunstmuseumluzern.ch\/wp-content\/uploads\/2024\/02\/kv-schulen-1400px-01.jpg 1867w, https:\/&#47;&#x77;&#x77;w&#46;&#107;&#x75;&#x6e;s&#116;&#x6d;&#x75;s&#101;&#117;&#x6d;&#x6c;u&#122;&#x65;&#x72;n&#46;&#99;&#x68;&#x2f;w&#112;&#x2d;&#x63;o&#110;&#116;&#x65;&#x6e;t&#47;&#x75;&#x70;lo&#97;&#x64;&#x73;\/&#50;&#x30;&#x32;&#x34;\/&#48;&#x32;&#x2f;k&#118;&#45;&#x73;&#x63;h&#117;&#x6c;&#x65;n&#45;&#49;&#x34;&#x30;0&#112;&#x78;&#x2d;0&#49;&#45;&#x31;&#x35;0&#120;&#x31;&#x31;2&#64;&#50;&#x78;&#x2e;j&#112;&#x67; 300w, https:\/\/www.kunstmuseumluzern.ch\/wp-content\/uploads\/2024\/02\/kv-schulen-1400px-01-1024x768.jpg 1024w, https:\/\/www.kunstmuseumluzern.ch\/wp-content\/uploads\/2024\/02\/kv-schulen-1400px-01-150x112.jpg 150w, https:\/\/www.kunstmuseumluzern.ch\/wp-content\/uploads\/2024\/02\/kv-schulen-1400px-01-420x315.jpg 420w, https:&#x2f;&#x2f;&#119;ww&#x2e;&#x6b;&#117;&#110;s&#x74;&#x6d;&#117;&#115;e&#x75;&#x6d;&#x6c;&#117;ze&#x72;&#x6e;&#46;&#99;h&#x2f;&#x77;&#112;&#45;c&#x6f;&#x6e;&#116;&#101;n&#x74;&#x2f;&#x75;&#112;lo&#x61;&#x64;&#115;&#47;2&#x30;&#x32;&#52;&#47;0&#x32;&#x2f;&#107;&#118;-&#x73;&#x63;&#x68;&#117;le&#x6e;&#x2d;&#49;&#52;0&#x30;&#x70;&#120;&#45;0&#x31;&#x2d;&#x33;&#48;0&#x78;&#x32;&#x32;&#53;&#64;2&#x78;&#x2e;&#106;&#112;g 600w, https:&#47;&#x2f;&#119;&#x77;w&#46;&#x6b;&#117;&#x6e;s&#x74;m&#117;&#x73;&#101;&#x75;m&#x6c;&#x75;&#122;&#x65;r&#x6e;&#46;&#99;&#x68;&#47;&#x77;p&#x2d;c&#111;&#x6e;&#116;&#x65;n&#116;&#x2f;&#117;&#x70;l&#x6f;a&#100;&#x73;&#47;&#x32;0&#x32;&#x34;&#47;&#x30;&#50;&#x2f;k&#118;&#x2d;&#115;&#x63;h&#x75;l&#101;&#x6e;&#45;&#x31;4&#x30;&#x30;&#112;&#x78;-&#x30;1&#45;&#x34;&#50;&#x30;x&#x33;1&#53;&#x40;&#50;&#x78;&#46;&#106;&#x70;&#103; 840w\" sizes=\"(max-width: 1867px) 100vw, 1867px\" \/>        <\/div>        \n        \n              <\/div>\n                    <div class=\"swiper-slide\" data-index=\"1\">\n                <div data-caption=\"\">          <img decoding=\"async\" width=\"2100\" height=\"1400\" src=\"https:\/\/www.kunstmuseumluzern.ch\/wp-content\/uploads\/2024\/02\/kv-schulen-1400px-02.jpg\" class=\"attachment-gallery_image size-gallery_image\" alt=\"\" srcset=\"https:\/\/www.kunstmuseumluzern.ch\/wp-content\/uploads\/2024\/02\/kv-schulen-1400px-02.jpg 2100w, https:&#47;&#x2f;w&#119;&#x77;&#46;&#107;&#x75;n&#115;&#x74;m&#117;&#x73;e&#117;&#x6d;l&#117;&#x7a;e&#114;&#x6e;&#46;&#99;&#x68;\/&#119;&#x70;-&#99;&#x6f;n&#x74;&#x65;n&#x74;&#x2f;&#117;&#x70;&#x6c;&#111;&#x61;&#x64;&#115;&#x2f;&#x32;&#48;&#x32;&#x34;&#47;&#x30;2&#47;&#x6b;v&#45;&#x73;c&#104;&#x75;l&#101;&#x6e;-&#49;&#x34;0&#48;&#x70;x&#45;&#x30;2&#45;&#x31;5&#48;&#x78;1&#48;&#x30;&#64;&#x32;&#x78;&#46;&#x6a;&#x70;&#103; 300w, https:\/\/www.kunstmuseumluzern.ch\/wp-content\/uploads\/2024\/02\/kv-schulen-1400px-02-1024x683.jpg 1024w, https:\/\/www.kunstmuseumluzern.ch\/wp-content\/uploads\/2024\/02\/kv-schulen-1400px-02-150x100.jpg 150w, https:\/\/www.kunstmuseumluzern.ch\/wp-content\/uploads\/2024\/02\/kv-schulen-1400px-02-420x280.jpg 420w, https:&#47;&#x2f;w&#119;&#x77;&#46;&#x6b;&#x75;&#110;&#x73;t&#109;&#x75;s&#101;&#x75;&#109;&#x6c;u&#122;&#x65;r&#110;&#x2e;&#99;&#x68;&#x2f;&#119;&#x70;-&#99;&#x6f;n&#x74;&#x65;&#110;&#x74;\/&#117;&#x70;l&#111;&#x61;&#100;&#x73;\/&#50;&#x30;2&#52;&#x2f;0&#x32;&#x2f;&#107;&#x76;-&#115;&#x63;h&#x75;&#x6c;&#101;&#x6e;-&#49;&#x34;0&#48;&#x70;&#120;&#x2d;0&#50;&#x2d;3&#48;&#x30;x&#x32;&#x30;&#48;&#x40;2&#120;&#x2e;j&#x70;&#x67; 600w, https:&#x2f;&#x2f;&#x77;&#x77;&#x77;&#x2e;&#x6b;&#x75;&#110;&#115;&#116;&#109;&#117;&#115;&#101;umlu&#x7a;&#x65;&#x72;&#x6e;&#x2e;&#x63;&#x68;&#x2f;&#x77;&#112;&#45;&#99;&#111;&#110;&#116;&#101;nt\/u&#x70;&#x6c;&#x6f;&#x61;&#x64;&#x73;&#x2f;&#x32;&#x30;&#50;&#52;&#47;&#48;&#50;&#47;&#107;v-sc&#x68;&#x75;&#x6c;&#x65;&#x6e;&#x2d;&#x31;&#x34;&#x30;&#48;&#112;&#120;&#45;&#48;&#50;&#45;1024&#x78;&#x36;&#x38;&#x33;&#x40;&#x32;&#x78;&#x2e;&#x6a;&#112;&#103; 2048w, https:&#x2f;&#x2f;&#119;&#119;&#119;&#46;&#x6b;&#x75;&#x6e;&#115;&#116;mu&#x73;&#x65;&#x75;&#109;&#108;u&#x7a;&#x65;&#x72;&#110;&#46;&#99;h&#x2f;&#x77;&#x70;&#45;&#99;on&#x74;&#x65;&#x6e;&#116;&#47;u&#x70;&#x6c;&#x6f;&#97;&#100;&#115;\/&#x32;&#x30;&#x32;&#52;&#47;02&#x2f;&#x6b;&#x76;&#45;&#115;c&#x68;&#x75;&#x6c;&#101;&#110;&#45;1&#x34;&#x30;&#x30;&#112;&#120;-0&#x32;&#x2d;&#x34;&#50;&#48;x&#x32;&#x38;&#x30;&#64;&#50;&#120;&#46;&#x6a;&#x70;&#x67; 840w\" sizes=\"(max-width: 2100px) 100vw, 2100px\" \/>        <\/div>        \n        \n              <\/div>\n                    <div class=\"swiper-slide\" data-index=\"2\">\n                <div data-caption=\"\">          <img decoding=\"async\" width=\"2100\" height=\"1400\" src=\"https:\/\/www.kunstmuseumluzern.ch\/wp-content\/uploads\/2024\/02\/kv-schulen-1400px-04.jpg\" class=\"attachment-gallery_image size-gallery_image\" alt=\"\" srcset=\"https:\/\/www.kunstmuseumluzern.ch\/wp-content\/uploads\/2024\/02\/kv-schulen-1400px-04.jpg 2100w, https:&#x2f;\/&#x77;&#119;w&#x2e;&#107;&#x75;&#110;s&#x74;&#109;&#x75;&#115;e&#x75;&#109;&#x6c;&#x75;z&#x65;&#114;n&#x2e;&#99;&#x68;&#47;w&#x70;&#45;&#x63;&#111;n&#x74;&#101;&#x6e;&#x74;\/&#x75;&#112;l&#x6f;a&#x64;&#115;\/&#x32;&#48;&#x32;&#52;\/&#x30;&#50;&#x2f;&#107;v&#x2d;&#115;&#x63;&#x68;u&#x6c;&#101;n&#x2d;&#49;&#x34;&#48;0&#x70;&#120;&#x2d;&#48;4&#x2d;&#49;&#x35;&#x30;x&#x31;&#48;0&#x40;2&#x78;&#46;j&#x70;&#103; 300w, https:\/\/www.kunstmuseumluzern.ch\/wp-content\/uploads\/2024\/02\/kv-schulen-1400px-04-1024x683.jpg 1024w, https:\/\/www.kunstmuseumluzern.ch\/wp-content\/uploads\/2024\/02\/kv-schulen-1400px-04-150x100.jpg 150w, https:\/\/www.kunstmuseumluzern.ch\/wp-content\/uploads\/2024\/02\/kv-schulen-1400px-04-420x280.jpg 420w, https:&#x2f;&#x2f;&#x77;&#x77;&#x77;&#x2e;&#x6b;&#x75;&#110;&#115;&#116;&#109;&#117;&#115;&#101;umlu&#x7a;&#x65;&#x72;&#x6e;&#x2e;&#x63;&#x68;&#x2f;&#x77;&#112;&#45;&#99;&#111;&#110;&#116;&#101;nt\/u&#x70;&#x6c;&#x6f;&#x61;&#x64;&#x73;&#x2f;&#x32;&#x30;&#50;&#52;&#47;&#48;&#50;&#47;&#107;v-sc&#x68;&#x75;&#x6c;&#x65;&#x6e;&#x2d;&#x31;&#x34;&#x30;&#48;&#112;&#120;&#45;&#48;&#52;&#45;300x&#x32;&#x30;&#x30;&#x40;&#x32;&#x78;&#x2e;&#x6a;&#x70;&#103; 600w, https:&#47;&#x2f;&#x77;w&#119;&#x2e;&#x6b;u&#110;&#x73;t&#109;&#x75;&#x73;e&#117;&#x6d;l&#117;&#x7a;&#x65;r&#110;&#x2e;&#x63;&#104;&#x2f;&#x77;p&#45;&#x63;&#x6f;n&#116;&#x65;n&#116;&#x2f;&#x75;p&#108;&#x6f;a&#100;&#x73;&#x2f;2&#48;&#x32;&#x34;&#47;&#x30;&#x32;\/&#107;&#x76;&#x2d;s&#99;&#x68;u&#108;&#x65;&#x6e;-&#49;&#x34;0&#48;&#x70;&#x78;-&#48;&#x34;&#x2d;&#49;&#x30;&#x32;4&#120;&#x36;&#x38;3&#64;&#x32;x&#46;&#x6a;&#x70;g 2048w, https:&#47;&#47;&#x77;&#x77;&#119;&#46;&#x6b;&#x75;&#110;&#115;&#x74;&#x6d;&#117;&#115;&#x65;&#x75;&#109;&#108;&#x75;&#x7a;&#101;&#114;&#x6e;&#x2e;&#99;&#104;&#x2f;&#x77;&#112;&#45;&#x63;&#x6f;&#110;&#116;&#x65;&#x6e;&#116;&#47;&#x75;&#x70;&#108;&#111;&#x61;&#x64;&#115;&#47;&#x32;&#x30;&#50;&#52;&#x2f;&#x30;&#50;&#47;&#x6b;&#x76;&#45;&#115;&#x63;&#x68;&#117;&#108;&#x65;&#x6e;&#45;&#49;&#x34;&#x30;&#48;&#112;&#x78;&#x2d;&#48;&#52;&#x2d;&#x34;&#50;&#48;&#x78;&#x32;&#56;&#48;&#x40;&#x32;&#120;&#46;&#x6a;&#x70;&#103; 840w\" sizes=\"(max-width: 2100px) 100vw, 2100px\" \/>        <\/div>        \n        \n              <\/div>\n                    <div class=\"swiper-slide\" data-index=\"3\">\n                <div data-caption=\"\">          <img decoding=\"async\" width=\"1867\" height=\"1400\" src=\"https:\/\/www.kunstmuseumluzern.ch\/wp-content\/uploads\/2024\/02\/kv-schulen-1400px-05.jpg\" class=\"attachment-gallery_image size-gallery_image\" alt=\"\" srcset=\"https:\/\/www.kunstmuseumluzern.ch\/wp-content\/uploads\/2024\/02\/kv-schulen-1400px-05.jpg 1867w, https:&#x2f;&#47;&#x77;&#x77;w&#x2e;&#107;u&#x6e;&#115;t&#x6d;&#117;&#x73;&#x65;u&#x6d;&#108;u&#x7a;&#101;r&#x6e;&#46;&#x63;&#x68;&#47;&#x77;&#x70;-&#x63;&#111;n&#x74;&#101;n&#x74;&#47;&#x75;&#x70;l&#x6f;&#97;d&#x73;&#47;2&#x30;&#50;&#x34;&#x2f;&#48;&#x32;&#x2f;k&#x76;&#45;s&#x63;&#104;u&#x6c;&#101;&#x6e;&#x2d;1&#x34;&#48;0&#x70;&#120;-&#x30;&#53;&#x2d;&#x31;&#53;&#x30;&#x78;1&#x31;&#50;&#64;&#x32;&#120;&#46;&#x6a;&#112;&#x67; 300w, https:\/\/www.kunstmuseumluzern.ch\/wp-content\/uploads\/2024\/02\/kv-schulen-1400px-05-1024x768.jpg 1024w, https:\/\/www.kunstmuseumluzern.ch\/wp-content\/uploads\/2024\/02\/kv-schulen-1400px-05-150x112.jpg 150w, https:\/\/www.kunstmuseumluzern.ch\/wp-content\/uploads\/2024\/02\/kv-schulen-1400px-05-420x315.jpg 420w, https:\/&#47;&#119;&#x77;&#x77;&#46;k&#117;&#110;&#x73;&#x74;mu&#115;&#101;&#x75;&#x6d;lu&#122;&#x65;&#x72;&#x6e;&#46;&#99;&#104;&#x2f;&#x77;&#x70;-&#99;&#111;&#x6e;&#x74;&#x65;n&#116;&#47;&#x75;&#x70;&#x6c;o&#97;&#100;&#x73;&#x2f;&#x32;0&#50;&#52;&#x2f;&#x30;2\/&#107;&#118;&#x2d;&#x73;ch&#117;&#108;&#x65;&#x6e;-1&#52;&#x30;&#x30;&#x70;x-&#48;&#x35;&#x2d;&#x33;0&#48;&#120;&#x32;&#x32;&#x35;&#64;&#50;&#120;&#x2e;&#x6a;&#x70;g 600w, https:&#x2f;&#47;&#x77;&#119;w&#x2e;&#107;u&#x6e;&#115;&#x74;&#x6d;u&#x73;&#101;u&#x6d;&#108;&#x75;&#x7a;e&#x72;&#110;&#46;&#x63;&#104;\/&#x77;&#112;&#x2d;&#99;o&#x6e;&#116;e&#x6e;&#116;&#x2f;&#x75;p&#x6c;&#111;a&#x64;&#115;&#x2f;&#x32;0&#x32;&#52;\/&#x30;&#50;\/&#x6b;&#118;&#x2d;&#115;c&#x68;&#117;l&#x65;&#110;&#x2d;&#x31;4&#x30;&#48;p&#x78;&#45;&#x30;&#x35;&#45;&#x34;&#50;0&#x78;&#51;1&#x35;&#64;&#x32;&#120;&#46;&#x6a;&#112;g 840w\" sizes=\"(max-width: 1867px) 100vw, 1867px\" \/>        <\/div>        \n        \n              <\/div>\n                    <div class=\"swiper-slide\" data-index=\"4\">\n                <div data-caption=\"\">          <img decoding=\"async\" width=\"1945\" height=\"1400\" src=\"https:\/\/www.kunstmuseumluzern.ch\/wp-content\/uploads\/2024\/02\/kv-hochschulen-1400px-01.jpg\" class=\"attachment-gallery_image size-gallery_image\" alt=\"\" srcset=\"https:\/\/www.kunstmuseumluzern.ch\/wp-content\/uploads\/2024\/02\/kv-hochschulen-1400px-01.jpg 1945w, https:\/\/www&#46;&#107;&#117;&#110;&#115;&#116;&#109;&#117;&#x73;&#x65;&#x75;&#x6d;&#x6c;&#x75;&#x7a;&#x65;&#x72;&#x6e;&#x2e;&#x63;h\/wp-c&#111;&#110;&#116;&#101;&#110;&#116;&#47;&#x75;&#x70;&#x6c;&#x6f;&#x61;&#x64;&#x73;&#x2f;&#x32;&#x30;&#x32;&#x34;\/02\/kv&#45;&#104;&#111;&#99;&#104;&#115;&#99;&#x68;&#x75;&#x6c;&#x65;&#x6e;&#x2d;&#x31;&#x34;&#x30;&#x30;&#x70;&#x78;-01-15&#48;&#120;&#49;&#48;&#56;&#64;&#50;&#x78;&#x2e;&#x6a;&#x70;&#x67; 300w, https:\/\/www.kunstmuseumluzern.ch\/wp-content\/uploads\/2024\/02\/kv-hochschulen-1400px-01-1024x737.jpg 1024w, https:\/\/www.kunstmuseumluzern.ch\/wp-content\/uploads\/2024\/02\/kv-hochschulen-1400px-01-150x108.jpg 150w, https:\/\/www.kunstmuseumluzern.ch\/wp-content\/uploads\/2024\/02\/kv-hochschulen-1400px-01-420x302.jpg 420w, https:\/&#47;&#119;&#x77;&#x77;&#x2e;k&#117;&#110;&#x73;&#x74;&#x6d;us&#101;&#x75;&#x6d;&#x6c;uz&#101;&#114;&#x6e;&#x2e;&#x63;h&#47;&#119;&#x70;&#x2d;&#x63;o&#110;&#116;&#x65;&#x6e;&#x74;\/u&#112;&#x6c;&#x6f;&#x61;ds&#47;&#50;&#x30;&#x32;&#x34;\/&#48;&#50;&#x2f;&#x6b;&#x76;-&#104;&#111;&#x63;&#x68;&#x73;ch&#117;&#x6c;&#x65;&#x6e;-1&#52;&#48;&#x30;&#x70;&#x78;-&#48;&#49;&#x2d;&#x33;&#x30;0&#120;&#50;&#x31;&#x36;&#x40;2x&#46;&#x6a;&#x70;&#x67; 600w, https:&#x2f;&#x2f;&#x77;&#x77;&#x77;&#x2e;&#x6b;&#x75;&#x6e;&#x73;&#x74;&#x6d;&#x75;&#x73;&#101;&#117;&#109;&#108;&#117;&#122;&#101;&#114;&#110;&#46;&#99;h\/wp-con&#x74;&#x65;&#x6e;&#x74;&#x2f;&#x75;&#x70;&#x6c;&#x6f;&#x61;&#x64;&#x73;&#x2f;&#x32;&#x30;&#50;&#52;&#47;&#48;&#50;&#47;&#107;&#118;&#45;&#104;ochschul&#x65;&#x6e;&#x2d;&#x31;&#x34;&#x30;&#x30;&#x70;&#x78;&#x2d;&#x30;&#x31;&#x2d;&#x34;&#x32;&#48;&#120;&#51;&#48;&#50;&#64;&#50;&#120;&#46;&#106;pg 840w\" sizes=\"(max-width: 1945px) 100vw, 1945px\" \/>        <\/div>        \n        \n              <\/div>\n                    <div class=\"swiper-slide\" data-index=\"5\">\n                <div data-caption=\"\">          <img decoding=\"async\" width=\"1867\" height=\"1400\" src=\"https:\/\/www.kunstmuseumluzern.ch\/wp-content\/uploads\/2024\/02\/kv-schulen-1400px-06.jpg\" class=\"attachment-gallery_image size-gallery_image\" alt=\"\" srcset=\"https:\/\/www.kunstmuseumluzern.ch\/wp-content\/uploads\/2024\/02\/kv-schulen-1400px-06.jpg 1867w, https:&#47;&#x2f;&#119;&#x77;&#119;&#x2e;&#107;&#x75;&#110;&#x73;&#116;&#x6d;u&#x73;e&#x75;m&#x6c;u&#x7a;e&#x72;n&#46;&#x63;&#104;&#x2f;&#119;&#x70;&#45;&#x63;&#111;&#x6e;&#116;&#x65;&#110;&#x74;\/&#x75;p&#x6c;o&#x61;d&#x73;\/&#x32;0&#50;&#x34;&#47;&#x30;&#50;&#x2f;&#107;&#x76;&#45;&#x73;&#99;&#x68;&#117;&#x6c;e&#x6e;-&#x31;4&#x30;0&#x70;x&#x2d;0&#54;&#x2d;&#49;&#x35;&#48;&#x78;&#49;&#x31;&#50;&#x40;&#50;&#x78;&#46;&#x6a;p&#x67; 300w, https:\/\/www.kunstmuseumluzern.ch\/wp-content\/uploads\/2024\/02\/kv-schulen-1400px-06-1024x768.jpg 1024w, https:\/\/www.kunstmuseumluzern.ch\/wp-content\/uploads\/2024\/02\/kv-schulen-1400px-06-150x112.jpg 150w, https:\/\/www.kunstmuseumluzern.ch\/wp-content\/uploads\/2024\/02\/kv-schulen-1400px-06-420x315.jpg 420w, https:&#x2f;&#47;w&#x77;&#x77;&#46;k&#x75;&#x6e;&#115;t&#x6d;&#117;s&#x65;&#x75;&#109;l&#x75;&#x7a;&#101;r&#x6e;&#46;&#99;&#x68;&#x2f;&#119;p&#x2d;&#x63;&#111;n&#x74;&#101;&#110;t&#x2f;&#117;p&#x6c;&#x6f;&#97;d&#x73;&#x2f;&#50;0&#x32;&#52;\/&#x30;&#x32;&#47;k&#x76;&#x2d;&#115;c&#x68;&#117;&#108;&#x65;&#x6e;&#45;1&#x34;&#x30;&#48;p&#x78;&#x2d;&#48;6&#x2d;&#51;0&#x30;&#x78;&#50;2&#x35;&#x40;&#50;x&#x2e;&#106;p&#x67; 600w, https:&#47;&#x2f;&#119;&#x77;&#119;&#x2e;k&#x75;n&#115;&#x74;&#109;&#x75;&#115;&#x65;u&#x6d;l&#117;&#x7a;&#101;&#x72;&#110;&#x2e;&#99;&#x68;\/&#x77;p&#45;&#x63;&#111;&#x6e;&#116;&#x65;n&#x74;\/&#117;&#x70;&#108;&#x6f;&#97;&#x64;&#115;&#x2f;2&#x30;2&#52;&#x2f;&#48;&#x32;&#47;&#x6b;v&#x2d;s&#99;&#x68;&#117;&#x6c;&#101;&#x6e;&#45;&#x31;4&#x30;0&#112;&#x78;&#45;&#x30;&#54;&#x2d;4&#x32;0&#120;&#x33;&#49;&#x35;&#64;&#x32;&#120;&#x2e;j&#x70;g 840w\" sizes=\"(max-width: 1867px) 100vw, 1867px\" \/>        <\/div>        \n        \n              <\/div>\n              \n    <\/div>\n\n    <div class=\"swiper-button-prev\"><\/div>\n    <div class=\"swiper-button-next\"><\/div>\n    <div class=\"swiper-pagination\"><\/div>\n    <div class=\"swiper-caption\"><\/div>\n  <\/div>\n\n<\/div>\n\n\n\n<div style=\"height:60px\" aria-hidden=\"true\" class=\"wp-block-spacer\"><\/div>\n\n\n\n<p>Toutes les \u00e9coles et classes sont les bienvenues au Kunstmuseum Luzern&nbsp;! Notre offre de m\u00e9diation s\u2019adresse \u00e0 tous les niveaux d\u2019enseignement, de la maternelle au lyc\u00e9e et \u00e0 l\u2019\u00e9cole professionnelle en passant par le primaire. Les formats con\u00e7us par nos \u00e9quipes tiennent compte des besoins de diff\u00e9rents groupes d\u2019\u00e2ge et sont con\u00e7us pour \u00eatre au plus pr\u00e8s de la r\u00e9alit\u00e9 quotidienne des \u00e9l\u00e8ves. Partant du principe que la m\u00e9diation est un dialogue et que la cr\u00e9ation est un processus, nous encourageons l\u2019autonomie des participant.e.s tout en \u00e9tant \u00e0 l\u2019\u00e9coute de leurs besoins. Les groupes de personnes ayant des besoins particuliers sont \u00e9galement les bienvenus.<\/p>\n\n\n\n<p>Les classes sont pri\u00e9es de s\u2019inscrire par e-mail, m\u00eame si elles ne souhaitent pas de visite guid\u00e9e. L\u2019inscription donne droit \u00e0 l\u2019utilisation de l\u2019espace de m\u00e9diation et du mat\u00e9riel p\u00e9dagogique. Pour les pauses pique-nique, rendez-vous au bord du lac ou sous le grand auvent du KKL&nbsp;!<\/p>\n\n\n\n<p>Veuillez noter que toutes nos actions de m\u00e9diation ont lieu en allemand. Si vous souhaitez un accompagnement en anglais ou en fran\u00e7ais, merci de nous contacter.<\/p>\n\n\n\n<div class=\"wp-block-columns is-layout-flex wp-container-core-columns-is-layout-28f84493 wp-block-columns-is-layout-flex\">\n<div class=\"wp-block-column is-layout-flow wp-block-column-is-layout-flow\">\n<div class=\"wp-block-columns is-layout-flex wp-container-core-columns-is-layout-28f84493 wp-block-columns-is-layout-flex\">\n<div class=\"wp-block-column is-layout-flow wp-block-column-is-layout-flow\">\n<p class=\"has-simplon-bp-font-family has-small-font-size\">Les projets de m\u00e9diation sont soutenus par <strong>Albert Koechlin Stiftung, B. Braun Medical AG, Josef M\u00fcller Stiftung<\/strong>.<\/p>\n<\/div>\n\n\n\n<div class=\"wp-block-column is-layout-flow wp-block-column-is-layout-flow\"><\/div>\n<\/div>\n<\/div>\n<\/div>\n\n\n\n<div style=\"height:120px\" aria-hidden=\"true\" class=\"wp-block-spacer\"><\/div>\n\n\n\n<h2 class=\"wp-block-heading has-text-align-center\" id=\"h-more-information\" id=\"plus-dinformation\">Plus d&rsquo;information<\/h2>\n\n\n\n<div class=\"wp-block-columns alignwide no-gap is-layout-flex wp-container-core-columns-is-layout-28f84493 wp-block-columns-is-layout-flex\">\n<div class=\"wp-block-column is-layout-flow wp-block-column-is-layout-flow\">\n<div class=\"wp-block-pb-accordion-item c-accordion__item js-accordion-item no-js is-open\" data-initially-open=\"true\" data-click-to-close=\"true\" data-auto-close=\"true\" data-scroll=\"false\" data-scroll-offset=\"0\"><h2 id=\"at-1024490\" class=\"c-accordion__title js-accordion-controller\" role=\"button\" id=\"contact\">Contact<\/h2><div id=\"ac-1024490\" class=\"c-accordion__content\">\n<p>+41 41 226 78 18<br><a href=\"&#109;&#x61;i&#x6c;&#x74;&#111;&#x3a;k&#117;&#x6e;&#115;&#x74;v&#101;&#x72;m&#x69;t&#116;&#x6c;u&#x6e;&#x67;&#64;&#x6b;u&#110;&#x73;&#116;&#x6d;u&#115;&#x65;&#117;&#x6d;l&#117;&#x7a;e&#x72;&#x6e;&#46;&#x63;h\" target=\"_blank\" rel=\"noreferrer noopener\">k&#117;&#110;&#x73;&#x74;v&#101;&#114;&#x6d;&#x69;&#x74;t&#108;&#117;&#x6e;&#x67;&#64;k&#117;&#x6e;&#x73;&#x74;m&#117;&#115;&#x65;&#x75;ml&#117;&#x7a;&#x65;&#x72;n&#46;&#99;&#x68;<\/a><\/p>\n<\/div><\/div>\n<\/div>\n\n\n\n<div class=\"wp-block-column is-layout-flow wp-block-column-is-layout-flow\">\n<div class=\"wp-block-pb-accordion-item c-accordion__item js-accordion-item no-js\" data-initially-open=\"false\" data-click-to-close=\"true\" data-auto-close=\"true\" data-scroll=\"false\" data-scroll-offset=\"0\"><h2 id=\"at-1024491\" class=\"c-accordion__title js-accordion-controller\" role=\"button\" id=\"dates\">Dates<\/h2><div id=\"ac-1024491\" class=\"c-accordion__content\">\n<p>Sur rendez-vous, du mardi au vendredi de 9h \u00e0 18h<\/p>\n<\/div><\/div>\n<\/div>\n<\/div>\n\n\n\n<div style=\"height:40px\" aria-hidden=\"true\" class=\"wp-block-spacer\"><\/div>\n\n\n\n<div class=\"wp-block-buttons is-content-justification-center is-layout-flex wp-container-core-buttons-is-layout-a89b3969 wp-block-buttons-is-layout-flex\">\n<div class=\"wp-block-button ghostkit-custom-2wD0Rs\"><a class=\"wp-block-button__link wp-element-button\" href=\"mailto&#58;&#107;&#117;&#110;&#115;&#116;&#118;&#x65;&#x72;&#x6d;&#x69;&#x74;&#x74;&#x6c;&#x75;&#x6e;&#x67;&#x40;&#x6b;unstmu&#115;&#101;&#117;&#109;&#108;&#117;&#122;&#x65;&#x72;&#x6e;&#x2e;&#x63;&#x68;\">Newsletter \u00e9coles (Allemand)<\/a><\/div>\n<\/div>\n\n\n\n<div style=\"height:40px\" aria-hidden=\"true\" class=\"wp-block-spacer\"><\/div>\n\n\n\n<div class=\"wp-block-buttons is-content-justification-center is-layout-flex wp-container-core-buttons-is-layout-a89b3969 wp-block-buttons-is-layout-flex\">\n<div class=\"wp-block-button is-style-download\"><a class=\"wp-block-button__link wp-element-button\" href=\"https:\/\/www.kunstmuseumluzern.ch\/wp-content\/uploads\/2023\/04\/schulen-im-kunstmuseum-luzern-2025_f.pdf\" target=\"_blank\" rel=\"noreferrer noopener\">Instructions pour les visites d&rsquo;\u00e9coles<\/a><\/div>\n<\/div>\n\n\n\n<div style=\"height:120px\" aria-hidden=\"true\" class=\"wp-block-spacer\"><\/div>\n\n\n\n<div class=\"wp-block-nav-links alignwide\">\n\n    <div class=\"wp-block-nav-links__link-wrapper\">\n  \n        <a class=\"wp-block-nav-links__link\" href=\"https:\/\/www.kunstmuseumluzern.ch\/fr\/mediation\/universites\/\" target=\"_self\">Universit\u00e9s<\/a>\n    \n  \n        <a class=\"wp-block-nav-links__link\" href=\"https:\/\/www.kunstmuseumluzern.ch\/fr\/mediation\/enfants-familles\/\" target=\"_self\">Enfants &amp; Familles<\/a>\n    \n  \n        <a class=\"wp-block-nav-links__link\" href=\"https:\/\/www.kunstmuseumluzern.ch\/fr\/mediathek\/digital\/\" target=\"_self\">Digital<\/a>\n    \n    <\/div>\n  \n<\/div>\n\n\n<div style=\"height:40px\" aria-hidden=\"true\" class=\"wp-block-spacer\"><\/div>\n\n\n\n<div class=\"wp-block-nav-links alignwide\">\n\n      <div class=\"wp-block-nav-links__title\">Expositions en cours<\/div>\n\n  <div class=\"wp-block-nav-links__link-wrapper\">\n  \n        <a class=\"wp-block-nav-links__link\" href=\"https:\/\/www.kunstmuseumluzern.ch\/fr\/exhibitions\/maria-pininska-beres\/\">Maria Pininska-Beres<\/a>\n    \n  \n        <a class=\"wp-block-nav-links__link\" href=\"https:\/\/www.kunstmuseumluzern.ch\/fr\/exhibitions\/1-raum-1-werk\/\">1 Raum, 1 Werk<\/a>\n    \n  \n        <a class=\"wp-block-nav-links__link\" href=\"https:\/\/www.kunstmuseumluzern.ch\/fr\/exhibitions\/brian-dawn-chalkley\/\">Brian Dawn Chalkley<\/a>\n    \n    <\/div>\n  \n<\/div>","protected":false},"excerpt":{"rendered":"<p>Toutes les \u00e9coles et classes sont les bienvenues au Kunstmuseum Luzern&nbsp;! Notre offre de m\u00e9diation s\u2019adresse \u00e0 tous les niveaux d\u2019enseignement, de la maternelle au lyc\u00e9e et \u00e0 l\u2019\u00e9cole professionnelle en passant par le primaire. Les formats con\u00e7us par nos \u00e9quipes tiennent compte des besoins de diff\u00e9rents groupes d\u2019\u00e2ge et sont con\u00e7us pour \u00eatre au [&hellip;]<\/p>\n","protected":false},"author":14,"featured_media":0,"parent":102446,"menu_order":0,"comment_status":"closed","ping_status":"closed","template":"","meta":{"_acf_changed":false,"_seopress_robots_primary_cat":"","_seopress_titles_title":"","_seopress_titles_desc":"","_seopress_robots_index":"","inline_featured_image":false,"ghostkit_customizer_options":"","ghostkit_custom_css":"","ghostkit_custom_js_head":"","ghostkit_custom_js_foot":"","ghostkit_typography":"","footnotes":""},"tags":[],"class_list":["post-102449","page","type-page","status-publish","hentry"],"acf":[],"_links":{"self":[{"href":"https:\/\/www.kunstmuseumluzern.ch\/fr\/wp-json\/wp\/v2\/pages\/102449","targetHints":{"allow":["GET"]}}],"collection":[{"href":"https:\/\/www.kunstmuseumluzern.ch\/fr\/wp-json\/wp\/v2\/pages"}],"about":[{"href":"https:\/\/www.kunstmuseumluzern.ch\/fr\/wp-json\/wp\/v2\/types\/page"}],"author":[{"embeddable":true,"href":"https:\/\/www.kunstmuseumluzern.ch\/fr\/wp-json\/wp\/v2\/users\/14"}],"replies":[{"embeddable":true,"href":"https:\/\/www.kunstmuseumluzern.ch\/fr\/wp-json\/wp\/v2\/comments?post=102449"}],"version-history":[{"count":11,"href":"https:\/\/www.kunstmuseumluzern.ch\/fr\/wp-json\/wp\/v2\/pages\/102449\/revisions"}],"predecessor-version":[{"id":111008,"href":"https:\/\/www.kunstmuseumluzern.ch\/fr\/wp-json\/wp\/v2\/pages\/102449\/revisions\/111008"}],"up":[{"embeddable":true,"href":"https:\/\/www.kunstmuseumluzern.ch\/fr\/wp-json\/wp\/v2\/pages\/102446"}],"wp:attachment":[{"href":"https:\/\/www.kunstmuseumluzern.ch\/fr\/wp-json\/wp\/v2\/media?parent=102449"}],"wp:term":[{"taxonomy":"post_tag","embeddable":true,"href":"https:\/\/www.kunstmuseumluzern.ch\/fr\/wp-json\/wp\/v2\/tags?post=102449"}],"curies":[{"name":"wp","href":"https:\/\/api.w.org\/{rel}","templated":true}]}}