{"id":102458,"date":"2023-11-09T10:23:44","date_gmt":"2023-11-09T09:23:44","guid":{"rendered":"https:\/\/www.kunstmuseumluzern.ch\/mediation\/universities\/"},"modified":"2024-05-02T10:50:31","modified_gmt":"2024-05-02T08:50:31","slug":"universites","status":"publish","type":"page","link":"https:\/\/www.kunstmuseumluzern.ch\/fr\/mediation\/universites\/","title":{"rendered":"Universit\u00e9s"},"content":{"rendered":"\n\n\n\n\n\n\n<div class=\"wp-block-slider alignfull\">\n\n  <div class=\"swiper-container\">\n    <div class=\"swiper-wrapper\">\n\n      \n            <div class=\"swiper-slide\" data-index=\"0\">\n                <div data-caption=\"\">          <img decoding=\"async\" width=\"1861\" height=\"1400\" src=\"https:\/\/www.kunstmuseumluzern.ch\/wp-content\/uploads\/2024\/02\/kunstvermittlung-hochschulen-06.jpg\" class=\"attachment-gallery_image size-gallery_image\" alt=\"\" srcset=\"https:\/\/www.kunstmuseumluzern.ch\/wp-content\/uploads\/2024\/02\/kunstvermittlung-hochschulen-06.jpg 1861w, https:\/&#47;&#119;&#x77;&#x77;&#x2e;k&#117;&#110;&#x73;&#x74;&#x6d;us&#101;&#x75;&#x6d;&#x6c;uz&#101;&#114;&#x6e;&#x2e;&#x63;h&#47;&#119;&#x70;&#x2d;&#x63;o&#110;&#116;&#x65;&#x6e;&#x74;\/u&#112;&#x6c;&#x6f;&#x61;ds&#47;&#50;&#x30;&#x32;&#x34;\/&#48;&#50;&#x2f;&#x6b;&#x75;n&#115;&#116;&#x76;&#x65;&#x72;mi&#116;&#x74;&#x6c;&#x75;ng&#45;&#104;&#x6f;&#x63;&#x68;s&#99;&#104;&#x75;&#x6c;&#x65;n&#45;&#48;&#x36;&#x2d;&#x31;50&#120;&#x31;&#x31;&#x33;&#64;2&#120;&#46;&#x6a;&#x70;&#x67; 300w, https:\/\/www.kunstmuseumluzern.ch\/wp-content\/uploads\/2024\/02\/kunstvermittlung-hochschulen-06-1024x770.jpg 1024w, https:\/\/www.kunstmuseumluzern.ch\/wp-content\/uploads\/2024\/02\/kunstvermittlung-hochschulen-06-150x113.jpg 150w, https:\/\/www.kunstmuseumluzern.ch\/wp-content\/uploads\/2024\/02\/kunstvermittlung-hochschulen-06-420x316.jpg 420w, https:&#x2f;&#x2f;&#119;w&#x77;&#x2e;&#107;un&#x73;&#x74;&#109;u&#x73;&#x65;&#117;&#109;l&#x75;&#x7a;&#101;r&#x6e;&#x2e;&#99;&#104;\/&#x77;&#x70;&#45;c&#x6f;&#x6e;&#116;&#101;n&#x74;&#x2f;&#117;p&#x6c;&#x6f;&#97;&#100;s&#x2f;&#x32;&#48;2&#x34;&#x2f;&#x30;&#50;\/&#x6b;&#x75;&#110;st&#x76;&#x65;&#114;m&#x69;&#x74;&#116;&#108;u&#x6e;&#x67;&#45;h&#x6f;&#x63;&#104;&#115;c&#x68;&#x75;&#108;e&#x6e;&#x2d;&#48;&#54;-&#x33;&#x30;&#48;x&#x32;&#x32;&#54;&#64;2&#x78;&#x2e;&#106;p&#x67; 600w, https:&#x2f;&#47;&#x77;&#119;w&#x2e;&#107;u&#x6e;&#115;&#x74;&#x6d;u&#x73;&#101;u&#x6d;&#108;&#x75;&#x7a;e&#x72;&#110;&#46;&#x63;&#104;\/&#x77;&#112;&#x2d;&#99;o&#x6e;&#116;e&#x6e;&#116;&#x2f;&#x75;p&#x6c;&#111;a&#x64;&#115;&#x2f;&#x32;0&#x32;&#52;\/&#x30;&#50;\/&#x6b;&#117;&#x6e;&#115;t&#x76;&#101;r&#x6d;&#105;&#x74;&#x74;l&#x75;&#110;g&#x2d;&#104;&#x6f;&#x63;&#104;&#x73;&#99;h&#x75;&#108;e&#x6e;&#45;&#x30;&#54;-&#x34;&#50;0&#x78;&#51;&#x31;&#x36;&#64;&#x32;&#120;&#46;&#x6a;&#112;&#x67; 840w\" sizes=\"(max-width: 1861px) 100vw, 1861px\" \/>        <\/div>        \n        \n              <\/div>\n                    <div class=\"swiper-slide\" data-index=\"1\">\n                <div data-caption=\"\">          <img decoding=\"async\" width=\"2100\" height=\"1400\" src=\"https:\/\/www.kunstmuseumluzern.ch\/wp-content\/uploads\/2023\/04\/kunstvermittlung-hochschulen-01.jpg\" class=\"attachment-gallery_image size-gallery_image\" alt=\"\" srcset=\"https:\/\/www.kunstmuseumluzern.ch\/wp-content\/uploads\/2023\/04\/kunstvermittlung-hochschulen-01.jpg 2100w, https:&#x2f;\/&#x77;&#119;&#x77;&#46;k&#x75;&#110;&#x73;&#116;m&#x75;&#115;&#x65;&#117;m&#x6c;u&#x7a;&#101;&#x72;&#x6e;&#46;&#x63;&#104;&#x2f;&#119;p&#x2d;&#99;&#x6f;&#110;t&#x65;n&#x74;&#47;u&#x70;l&#x6f;&#97;&#x64;&#115;\/&#x32;&#48;&#x32;&#51;\/&#x30;&#52;&#x2f;&#107;u&#x6e;s&#x74;&#118;&#x65;&#x72;m&#x69;&#116;&#x74;&#108;u&#x6e;&#103;&#x2d;&#104;o&#x63;&#104;&#x73;&#99;h&#x75;l&#x65;&#110;&#x2d;&#x30;1&#x2d;&#49;&#x35;&#48;x&#x31;&#48;&#x30;&#64;2&#x78;&#46;&#x6a;&#112;&#x67; 300w, https:\/\/www.kunstmuseumluzern.ch\/wp-content\/uploads\/2023\/04\/kunstvermittlung-hochschulen-01-1024x683.jpg 1024w, https:\/\/www.kunstmuseumluzern.ch\/wp-content\/uploads\/2023\/04\/kunstvermittlung-hochschulen-01-150x100.jpg 150w, https:\/\/www.kunstmuseumluzern.ch\/wp-content\/uploads\/2023\/04\/kunstvermittlung-hochschulen-01-420x280.jpg 420w, https:&#x2f;&#47;w&#x77;&#x77;&#46;k&#x75;&#x6e;&#115;t&#x6d;&#117;s&#x65;&#x75;&#109;l&#x75;&#x7a;&#101;r&#x6e;&#46;&#99;&#x68;&#x2f;&#119;p&#x2d;&#x63;&#111;n&#x74;&#101;&#110;t&#x2f;&#117;p&#x6c;&#x6f;&#97;d&#x73;&#x2f;&#50;0&#x32;&#51;\/&#x30;&#x34;&#47;k&#x75;&#x6e;&#115;t&#x76;&#101;&#114;&#x6d;&#x69;&#116;t&#x6c;&#x75;&#110;g&#x2d;&#x68;&#111;c&#x68;&#115;c&#x68;&#x75;&#108;e&#x6e;&#x2d;&#48;1&#x2d;&#51;0&#x30;&#x78;&#50;0&#x30;&#x40;&#50;x&#x2e;&#106;&#112;&#x67; 600w, https:&#x2f;&#x2f;&#x77;&#x77;&#x77;&#x2e;&#107;&#117;&#110;&#115;tmus&#x65;&#x75;&#x6d;&#x6c;&#x75;&#x7a;&#101;&#114;&#110;&#46;&#99;h\/w&#x70;&#x2d;&#x63;&#x6f;&#x6e;&#x74;&#101;&#110;&#116;&#47;&#117;plo&#x61;&#x64;&#x73;&#x2f;&#x32;&#x30;&#x32;&#51;&#47;&#48;&#52;\/kun&#x73;&#x74;&#x76;&#x65;&#x72;&#x6d;&#105;&#116;&#116;&#108;ung-&#x68;&#x6f;&#x63;&#x68;&#x73;&#x63;&#104;&#117;&#108;&#101;&#110;-01&#x2d;&#x31;&#x30;&#x32;&#x34;&#x78;&#x36;&#56;&#51;&#64;&#50;x&#46;j&#x70;&#x67; 2048w, https:\/\/www&#46;ku&#110;&#115;&#116;&#109;&#117;&#115;&#101;&#117;&#109;&#108;&#x75;&#x7a;&#x65;&#x72;&#x6e;&#x2e;&#x63;&#x68;&#x2f;&#x77;&#x70;&#x2d;&#x63;&#x6f;&#x6e;tent\/upl&#111;&#97;&#100;&#115;&#47;&#50;&#48;&#50;&#51;&#47;&#x30;&#x34;&#x2f;&#x6b;&#x75;&#x6e;&#x73;&#x74;&#x76;&#x65;&#x72;&#x6d;&#x69;&#x74;&#x74;lung-hoc&#104;&#115;&#99;&#104;&#117;&#108;&#101;&#110;&#45;&#48;&#49;&#x2d;&#x34;&#x32;&#x30;&#x78;&#x32;&#x38;&#x30;&#x40;&#x32;&#x78;&#x2e;&#x6a;&#x70;&#x67; 840w\" sizes=\"(max-width: 2100px) 100vw, 2100px\" \/>        <\/div>        \n        \n              <\/div>\n                    <div class=\"swiper-slide\" data-index=\"2\">\n                <div data-caption=\"\">          <img decoding=\"async\" width=\"1867\" height=\"1400\" src=\"https:\/\/www.kunstmuseumluzern.ch\/wp-content\/uploads\/2024\/02\/kunstvermittlung-hochschulen-07.jpg\" class=\"attachment-gallery_image size-gallery_image\" alt=\"\" srcset=\"https:\/\/www.kunstmuseumluzern.ch\/wp-content\/uploads\/2024\/02\/kunstvermittlung-hochschulen-07.jpg 1867w, https:&#x2f;&#47;&#x77;&#x77;&#119;&#x2e;&#x6b;&#117;&#x6e;&#x73;&#116;&#x6d;&#x75;s&#x65;&#x75;m&#x6c;&#117;z&#x65;&#114;n&#x2e;&#99;h&#x2f;&#119;p&#x2d;&#99;o&#x6e;&#116;e&#x6e;&#116;\/&#x75;&#112;l&#x6f;&#97;d&#x73;&#47;2&#x30;&#50;&#x34;&#x2f;&#48;&#x32;&#x2f;&#107;&#x75;&#x6e;&#115;&#x74;&#x76;&#101;&#x72;&#x6d;i&#x74;&#x74;l&#x75;&#110;g&#x2d;&#104;o&#x63;&#104;s&#x63;&#104;u&#x6c;&#101;n&#x2d;&#48;7&#x2d;&#49;5&#x30;&#120;1&#x31;&#50;&#64;&#x32;&#120;&#46;&#x6a;&#112;&#x67; 300w, https:\/\/www.kunstmuseumluzern.ch\/wp-content\/uploads\/2024\/02\/kunstvermittlung-hochschulen-07-1024x768.jpg 1024w, https:\/\/www.kunstmuseumluzern.ch\/wp-content\/uploads\/2024\/02\/kunstvermittlung-hochschulen-07-150x112.jpg 150w, https:\/\/www.kunstmuseumluzern.ch\/wp-content\/uploads\/2024\/02\/kunstvermittlung-hochschulen-07-420x315.jpg 420w, https:\/\/&#119;&#119;&#x77;&#x2e;&#x6b;&#x75;ns&#116;&#109;&#x75;&#x73;&#x65;&#x75;ml&#117;&#122;&#101;&#x72;&#x6e;&#x2e;&#x63;h\/&#119;&#112;&#x2d;&#x63;&#x6f;&#x6e;te&#110;&#116;&#x2f;&#x75;&#x70;&#x6c;oa&#100;&#115;&#47;&#x32;&#x30;&#x32;&#x34;\/0&#50;&#47;&#x6b;&#x75;&#x6e;&#x73;tv&#101;&#114;&#x6d;&#x69;&#x74;&#x74;lu&#110;&#103;&#45;&#x68;&#x6f;&#x63;&#x68;sc&#104;&#117;&#x6c;&#x65;&#x6e;&#x2d;07&#45;&#51;&#x30;&#x30;&#x78;&#x32;25&#64;&#50;&#120;&#x2e;&#x6a;&#x70;&#x67; 600w, https:&#x2f;&#47;w&#x77;&#x77;&#46;k&#x75;&#x6e;&#115;t&#x6d;&#117;s&#x65;&#x75;&#109;l&#x75;&#x7a;&#101;r&#x6e;&#46;&#99;&#x68;&#x2f;&#119;p&#x2d;&#x63;&#111;n&#x74;&#101;&#110;t&#x2f;&#117;p&#x6c;&#x6f;&#97;d&#x73;&#x2f;&#50;0&#x32;&#52;\/&#x30;&#x32;&#47;k&#x75;&#x6e;&#115;t&#x76;&#101;&#114;&#x6d;&#x69;&#116;t&#x6c;&#x75;&#110;g&#x2d;&#x68;&#111;c&#x68;&#115;c&#x68;&#x75;&#108;e&#x6e;&#x2d;&#48;7&#x2d;&#52;2&#x30;&#x78;&#51;1&#x35;&#x40;&#50;x&#x2e;&#106;&#112;&#x67; 840w\" sizes=\"(max-width: 1867px) 100vw, 1867px\" \/>        <\/div>        \n        \n              <\/div>\n                    <div class=\"swiper-slide\" data-index=\"3\">\n                <div data-caption=\"\">          <img decoding=\"async\" width=\"2921\" height=\"2087\" src=\"https:\/\/www.kunstmuseumluzern.ch\/wp-content\/uploads\/2024\/02\/kunstvermittlung-hochschulen-05.jpg\" class=\"attachment-gallery_image size-gallery_image\" alt=\"\" srcset=\"https:\/\/www.kunstmuseumluzern.ch\/wp-content\/uploads\/2024\/02\/kunstvermittlung-hochschulen-05.jpg 2921w, https:&#x2f;&#47;w&#x77;&#x77;&#46;k&#x75;&#110;s&#x74;&#x6d;&#117;s&#x65;&#117;m&#x6c;&#x75;&#122;e&#x72;&#x6e;&#46;&#x63;&#x68;&#47;w&#x70;&#x2d;&#99;o&#x6e;&#116;e&#x6e;&#x74;&#47;u&#x70;&#108;o&#x61;&#x64;&#115;\/&#x32;&#x30;&#50;&#x34;&#x2f;&#48;2&#x2f;&#x6b;&#117;n&#x73;&#116;v&#x65;&#x72;&#109;i&#x74;&#116;l&#x75;&#x6e;&#103;-&#x68;&#x6f;&#99;&#x68;&#x73;&#99;h&#x75;&#x6c;&#101;n&#x2d;&#48;5&#x2d;&#x31;&#53;0&#x78;&#49;0&#x37;&#x40;&#50;x&#x2e;&#x6a;&#112;&#x67; 300w, https:\/\/www.kunstmuseumluzern.ch\/wp-content\/uploads\/2024\/02\/kunstvermittlung-hochschulen-05-1024x732.jpg 1024w, https:\/\/www.kunstmuseumluzern.ch\/wp-content\/uploads\/2024\/02\/kunstvermittlung-hochschulen-05-150x107.jpg 150w, https:\/\/www.kunstmuseumluzern.ch\/wp-content\/uploads\/2024\/02\/kunstvermittlung-hochschulen-05-420x300.jpg 420w, https:\/&#47;&#119;&#x77;&#x77;&#46;k&#117;&#110;&#x73;&#x74;mu&#115;&#101;&#x75;&#x6d;lu&#122;&#x65;&#x72;&#x6e;&#46;&#99;&#104;&#x2f;&#x77;&#x70;-&#99;&#111;&#x6e;&#x74;&#x65;n&#116;&#47;&#x75;&#x70;&#x6c;o&#97;&#100;&#x73;&#x2f;&#x32;0&#50;&#52;&#x2f;&#x30;2\/&#107;&#117;&#x6e;&#x73;tv&#101;&#114;&#x6d;&#x69;tt&#108;&#x75;&#x6e;&#x67;-h&#111;&#x63;&#x68;&#x73;c&#104;&#117;&#x6c;&#x65;&#x6e;-&#48;&#53;&#x2d;&#x33;&#x30;0&#120;&#50;&#x31;&#x34;&#x40;2&#120;&#46;&#x6a;&#x70;&#x67; 600w, https:\/\/&#119;&#119;&#119;&#x2e;&#x6b;&#x75;&#x6e;&#x73;tm&#117;&#115;&#101;&#x75;&#x6d;&#x6c;&#x75;&#x7a;er&#110;&#46;&#99;&#x68;&#x2f;&#x77;&#x70;&#x2d;co&#110;&#116;&#101;&#x6e;&#x74;&#x2f;&#x75;&#x70;lo&#97;&#100;&#115;&#x2f;&#x32;&#x30;&#x32;&#x34;\/0&#50;&#47;&#107;&#x75;&#x6e;&#x73;&#x74;&#x76;er&#109;&#105;&#116;&#x74;&#x6c;&#x75;&#x6e;&#x67;-h&#111;&#99;&#104;&#x73;&#x63;&#x68;&#x75;&#x6c;en&#45;&#48;&#53;&#x2d;&#x31;&#x30;&#x32;&#x34;x7&#51;&#50;&#64;&#x32;&#x78;&#x2e;&#x6a;&#x70;g 2048w, https:&#x2f;&#x2f;&#x77;&#x77;&#x77;&#46;&#107;&#117;&#110;stm&#x75;&#x73;&#x65;&#x75;&#x6d;&#x6c;&#117;&#122;&#101;rn&#46;&#x63;&#x68;&#x2f;&#x77;&#x70;&#x2d;&#99;&#111;&#110;&#116;ent&#x2f;&#x75;&#x70;&#x6c;&#x6f;&#x61;&#100;&#115;&#47;202&#x34;&#x2f;&#x30;&#x32;&#x2f;&#x6b;&#117;&#110;&#115;&#116;ver&#x6d;&#x69;&#x74;&#x74;&#x6c;&#x75;&#110;&#103;&#45;hoc&#x68;&#x73;&#x63;&#x68;&#x75;&#x6c;&#101;&#110;&#45;&#48;5-4&#x32;&#x30;&#x78;&#x33;&#x30;&#x30;&#64;&#50;&#120;&#46;jp&#x67; 840w\" sizes=\"(max-width: 2921px) 100vw, 2921px\" \/>        <\/div>        \n        \n              <\/div>\n                    <div class=\"swiper-slide\" data-index=\"4\">\n                <div data-caption=\"\">          <img decoding=\"async\" width=\"2100\" height=\"1400\" src=\"https:\/\/www.kunstmuseumluzern.ch\/wp-content\/uploads\/2023\/04\/kunstvermittlung-hochschulen-02.jpg\" class=\"attachment-gallery_image size-gallery_image\" alt=\"\" srcset=\"https:\/\/www.kunstmuseumluzern.ch\/wp-content\/uploads\/2023\/04\/kunstvermittlung-hochschulen-02.jpg 2100w, https:&#x2f;\/&#x77;&#119;&#x77;&#46;k&#x75;n&#x73;&#116;&#x6d;&#117;s&#x65;&#117;&#x6d;&#108;u&#x7a;e&#x72;&#110;&#x2e;&#99;h&#x2f;w&#x70;&#45;&#x63;&#x6f;n&#x74;&#101;&#x6e;&#116;\/&#x75;p&#x6c;&#111;&#x61;&#100;s&#x2f;&#50;&#x30;&#50;&#x33;&#x2f;0&#x34;&#47;&#x6b;&#117;n&#x73;t&#x76;&#101;&#x72;&#109;i&#x74;&#116;&#x6c;&#117;n&#x67;-&#x68;&#111;&#x63;&#104;s&#x63;h&#x75;&#108;&#x65;&#x6e;-&#x30;&#50;&#x2d;&#49;5&#x30;x&#x31;&#48;&#x30;&#64;2&#x78;&#46;&#x6a;&#112;&#x67; 300w, https:\/\/www.kunstmuseumluzern.ch\/wp-content\/uploads\/2023\/04\/kunstvermittlung-hochschulen-02-1024x683.jpg 1024w, https:\/\/www.kunstmuseumluzern.ch\/wp-content\/uploads\/2023\/04\/kunstvermittlung-hochschulen-02-150x100.jpg 150w, https:\/\/www.kunstmuseumluzern.ch\/wp-content\/uploads\/2023\/04\/kunstvermittlung-hochschulen-02-420x280.jpg 420w, https:&#x2f;&#47;w&#x77;&#119;&#46;&#x6b;&#117;n&#x73;&#x74;&#109;&#x75;&#x73;&#101;u&#x6d;&#108;u&#x7a;&#101;r&#x6e;&#x2e;&#99;&#x68;&#x2f;&#119;p&#x2d;&#99;o&#x6e;&#116;e&#x6e;&#116;\/&#x75;&#x70;&#108;&#x6f;&#x61;&#100;s&#x2f;&#50;0&#x32;&#51;\/&#x30;&#x34;&#47;&#x6b;&#x75;&#110;s&#x74;&#118;e&#x72;&#109;i&#x74;&#116;l&#x75;&#x6e;&#103;&#x2d;&#x68;&#111;c&#x68;&#115;c&#x68;&#117;l&#x65;&#x6e;&#45;&#x30;&#x32;&#45;3&#x30;&#48;x&#x32;&#48;0&#x40;&#50;x&#x2e;&#x6a;&#112;&#x67; 600w, https:&#x2f;\/&#x77;&#119;&#x77;&#46;&#x6b;&#x75;n&#x73;&#116;&#x6d;&#117;&#x73;&#101;u&#x6d;&#108;&#x75;&#122;&#x65;&#114;n&#x2e;&#99;&#x68;&#47;&#x77;&#112;-&#x63;o&#x6e;&#116;&#x65;&#110;t&#x2f;u&#x70;&#108;&#x6f;&#97;d&#x73;\/&#x32;&#48;&#x32;&#51;\/&#x30;4&#x2f;&#107;&#x75;&#110;s&#x74;v&#x65;&#114;&#x6d;&#105;t&#x74;l&#x75;&#110;&#x67;&#45;h&#x6f;c&#x68;&#115;&#x63;&#104;u&#x6c;e&#x6e;&#45;&#x30;&#50;-&#x31;0&#x32;&#52;&#x78;&#54;8&#x33;&#64;&#x32;&#120;&#x2e;&#106;&#x70;&#x67; 2048w, https:\/&#47;&#119;&#119;&#x77;&#x2e;&#x6b;un&#115;&#116;&#x6d;&#x75;&#x73;&#x65;um&#108;&#117;&#x7a;&#x65;&#x72;&#x6e;&#46;&#99;&#104;&#47;&#x77;&#x70;&#x2d;co&#110;&#116;&#101;&#x6e;&#x74;&#x2f;up&#108;&#111;&#x61;&#x64;&#x73;&#x2f;20&#50;&#51;&#x2f;&#x30;&#x34;\/k&#117;&#110;&#115;&#x74;&#x76;&#x65;rm&#105;&#116;&#x74;&#x6c;&#x75;&#x6e;g-&#104;&#111;&#x63;&#x68;&#x73;ch&#117;&#108;&#101;&#x6e;&#x2d;&#x30;2-&#52;&#50;&#x30;&#x78;&#x32;&#x38;0&#64;&#50;&#120;&#x2e;&#x6a;&#x70;&#x67; 840w\" sizes=\"(max-width: 2100px) 100vw, 2100px\" \/>        <\/div>        \n        \n              <\/div>\n                    <div class=\"swiper-slide\" data-index=\"5\">\n                <div data-caption=\"\">          <img decoding=\"async\" width=\"2101\" height=\"1400\" src=\"https:\/\/www.kunstmuseumluzern.ch\/wp-content\/uploads\/2024\/02\/kunstvermittlung-hochschulen-03.jpg\" class=\"attachment-gallery_image size-gallery_image\" alt=\"\" srcset=\"https:\/\/www.kunstmuseumluzern.ch\/wp-content\/uploads\/2024\/02\/kunstvermittlung-hochschulen-03.jpg 2101w, https:\/&#47;&#x77;&#x77;w&#46;&#x6b;&#x75;n&#115;&#116;&#x6d;&#x75;s&#101;&#x75;&#x6d;l&#117;&#x7a;&#x65;r&#110;&#46;&#x63;&#x68;\/&#119;&#x70;&#x2d;c&#111;&#x6e;&#x74;e&#110;&#116;&#x2f;&#x75;p&#108;&#x6f;&#x61;d&#115;&#x2f;&#x32;0&#50;&#52;&#x2f;&#x30;2&#47;&#x6b;&#x75;n&#115;&#x74;&#x76;e&#114;&#109;&#x69;&#x74;t&#108;&#x75;&#x6e;g&#45;&#x68;&#x6f;c&#104;&#115;&#x63;&#x68;u&#108;&#x65;&#x6e;-&#48;&#51;&#x2d;15&#48;&#x78;&#x31;0&#48;&#x40;&#x32;x&#46;&#106;&#x70;&#x67; 300w, https:\/\/www.kunstmuseumluzern.ch\/wp-content\/uploads\/2024\/02\/kunstvermittlung-hochschulen-03-1024x682.jpg 1024w, https:\/\/www.kunstmuseumluzern.ch\/wp-content\/uploads\/2024\/02\/kunstvermittlung-hochschulen-03-150x100.jpg 150w, https:\/\/www.kunstmuseumluzern.ch\/wp-content\/uploads\/2024\/02\/kunstvermittlung-hochschulen-03-420x280.jpg 420w, https:&#x2f;\/&#x77;w&#x77;&#46;&#x6b;&#117;n&#x73;t&#x6d;&#117;&#x73;&#101;&#x75;&#109;l&#x75;z&#x65;&#114;&#x6e;&#46;&#x63;&#x68;\/&#x77;p&#x2d;&#99;&#x6f;&#110;t&#x65;n&#x74;&#47;&#x75;&#112;&#x6c;&#111;a&#x64;s&#x2f;&#50;&#x30;&#50;&#x34;&#x2f;0&#x32;\/&#x6b;&#117;&#x6e;&#115;t&#x76;e&#x72;&#109;&#x69;&#116;&#x74;&#108;u&#x6e;g&#x2d;&#104;&#x6f;&#99;&#x68;&#x73;c&#x68;u&#x6c;&#101;&#x6e;&#45;0&#x33;-&#x33;&#48;&#x30;&#120;&#x32;&#48;0&#x40;2&#x78;&#46;&#x6a;&#112;&#x67; 600w, https:&#x2f;&#x2f;&#119;&#119;w&#x2e;&#x6b;&#x75;&#110;st&#x6d;&#x75;&#115;&#101;u&#x6d;&#x6c;&#x75;&#122;er&#x6e;&#x2e;&#99;&#104;\/&#x77;&#x70;&#x2d;&#99;on&#x74;&#x65;&#110;&#116;\/&#x75;&#x70;&#x6c;&#111;&#97;d&#x73;&#x2f;&#50;&#48;2&#x34;&#x2f;&#x30;&#50;&#47;k&#x75;&#x6e;&#x73;&#116;ve&#x72;&#x6d;&#105;&#116;t&#x6c;&#x75;&#x6e;&#103;-h&#x6f;&#x63;&#104;&#115;c&#x68;&#x75;&#x6c;&#101;n-&#x30;&#x33;&#45;&#49;0&#x32;&#x34;&#x78;&#54;&#56;2&#x40;&#x32;&#120;&#46;j&#x70;&#x67; 2048w, https:&#x2f;&#47;w&#x77;&#119;&#46;&#x6b;&#x75;&#110;s&#x74;&#109;u&#x73;&#x65;&#117;m&#x6c;&#117;z&#x65;&#x72;&#110;&#46;&#x63;&#104;\/&#x77;&#x70;&#45;c&#x6f;&#110;t&#x65;&#x6e;&#116;&#x2f;&#x75;&#112;l&#x6f;&#97;d&#x73;&#x2f;&#50;0&#x32;&#52;\/&#x30;&#x32;&#47;k&#x75;&#110;s&#x74;&#x76;&#101;r&#x6d;&#105;t&#x74;&#x6c;&#117;&#x6e;&#x67;&#45;h&#x6f;&#99;&#104;&#x73;&#x63;&#104;u&#x6c;&#101;n&#x2d;&#x30;&#51;-&#x34;&#50;0&#x78;&#x32;&#56;0&#x40;&#50;x&#x2e;&#x6a;&#112;&#x67; 840w\" sizes=\"(max-width: 2101px) 100vw, 2101px\" \/>        <\/div>        \n        \n              <\/div>\n                    <div class=\"swiper-slide\" data-index=\"6\">\n                <div data-caption=\"\">          <img decoding=\"async\" width=\"933\" height=\"1400\" src=\"https:\/\/www.kunstmuseumluzern.ch\/wp-content\/uploads\/2024\/02\/kunstvermittlung-hochschulen-04.jpg\" class=\"attachment-gallery_image size-gallery_image\" alt=\"\" srcset=\"https:\/\/www.kunstmuseumluzern.ch\/wp-content\/uploads\/2024\/02\/kunstvermittlung-hochschulen-04.jpg 933w, https:\/\/ww&#119;&#46;&#107;&#117;&#110;&#115;&#116;&#x6d;&#x75;&#x73;&#x65;&#x75;&#x6d;&#x6c;&#x75;&#x7a;ern&#46;&#99;&#104;&#47;&#119;&#112;&#45;&#99;&#x6f;&#x6e;&#x74;&#x65;&#x6e;&#x74;&#x2f;&#x75;&#x70;load&#115;&#47;&#50;&#48;&#50;&#52;&#47;&#x30;&#x32;&#x2f;&#x6b;&#x75;&#x6e;&#x73;&#x74;&#x76;ermi&#116;&#116;&#108;&#117;&#110;&#103;&#45;&#x68;&#x6f;&#x63;&#x68;&#x73;&#x63;&#x68;&#x75;&#x6c;en-0&#52;&#45;&#49;&#53;&#48;&#120;&#50;&#x32;&#x35;&#x40;&#x32;&#x78;&#x2e;&#x6a;&#x70;&#x67; 300w, https:\/\/www.kunstmuseumluzern.ch\/wp-content\/uploads\/2024\/02\/kunstvermittlung-hochschulen-04-150x225.jpg 150w, https:\/\/www.kunstmuseumluzern.ch\/wp-content\/uploads\/2024\/02\/kunstvermittlung-hochschulen-04-420x630.jpg 420w, https:&#x2f;&#x2f;&#x77;&#x77;&#x77;&#x2e;&#x6b;&#117;&#110;&#115;&#116;&#109;useu&#x6d;&#x6c;&#x75;&#x7a;&#x65;&#x72;&#x6e;&#x2e;&#99;&#104;&#47;&#119;&#112;-con&#x74;&#x65;&#x6e;&#x74;&#x2f;&#x75;&#x70;&#108;&#111;&#97;&#100;&#115;\/202&#x34;&#x2f;&#x30;&#x32;&#x2f;&#x6b;&#x75;&#x6e;&#115;&#116;&#118;&#101;&#114;mitt&#x6c;&#x75;&#x6e;&#x67;&#x2d;&#x68;&#x6f;&#x63;&#104;&#115;&#99;&#104;&#117;len-&#x30;&#x34;&#x2d;&#x33;&#x30;&#x30;&#x78;&#52;&#53;&#48;&#64;&#50;x&#46;jp&#x67; 600w, https:\/\/www&#46;kunstm&#117;&#115;&#101;&#117;&#109;&#108;&#117;&#122;&#101;&#114;&#110;&#46;&#99;&#104;&#47;&#x77;&#x70;&#x2d;&#x63;&#x6f;&#x6e;&#x74;&#x65;&#x6e;&#x74;&#x2f;&#x75;&#x70;&#x6c;&#x6f;&#x61;&#x64;&#x73;&#x2f;&#x32;&#x30;&#x32;&#x34;\/02\/kunstver&#109;&#105;&#116;&#116;&#108;&#117;&#110;&#103;&#45;&#104;&#111;&#99;&#104;&#115;&#99;&#x68;&#x75;&#x6c;&#x65;&#x6e;&#x2d;&#x30;&#x34;&#x2d;&#x34;&#x32;&#x30;&#x78;&#x36;&#x33;&#x30;&#x40;&#x32;&#x78;&#x2e;&#x6a;&#x70;&#x67; 840w\" sizes=\"(max-width: 933px) 100vw, 933px\" \/>        <\/div>        \n        \n              <\/div>\n              \n    <\/div>\n\n    <div class=\"swiper-button-prev\"><\/div>\n    <div class=\"swiper-button-next\"><\/div>\n    <div class=\"swiper-pagination\"><\/div>\n    <div class=\"swiper-caption\"><\/div>\n  <\/div>\n\n<\/div>\n\n\n\n<div style=\"height:60px\" aria-hidden=\"true\" class=\"wp-block-spacer\"><\/div>\n\n\n\n<p>Le Kunstmuseum Luzern accueille des classes de tous les niveaux de l\u2019enseignement tertiaire. L\u2019exposition, la collection et la m\u00e9diation d\u2019\u0153uvres d\u2019art constituent un champ de recherche \u00e0 part enti\u00e8re dans les universit\u00e9s et les hautes \u00e9coles. En collaboration avec les \u00e9tudiant.e.s, nous associons recherche et pratique en r\u00e9alisant des projets \u00e9troitement li\u00e9s \u00e0 l\u2019actualit\u00e9 de nos expositions. Par son action de m\u00e9diation critique, le Kunstmuseum Luzern entend participer activement aux d\u00e9bats qui animent le monde de l\u2019art. Dans le cadre d\u2019\u00e9changes th\u00e9oriques ou d\u2019ateliers pratiques, les participant.e.s ont la possibilit\u00e9 de mener une r\u00e9flexion collective autour des pratiques de m\u00e9diation.<\/p>\n\n\n\n<p>Veuillez noter que toutes nos actions de m\u00e9diation ont lieu en allemand. Si vous souhaitez un accompagnement en anglais ou en fran\u00e7ais, merci de nous contacter.<\/p>\n\n\n\n<div class=\"wp-block-group alignwide is-layout-constrained wp-block-group-is-layout-constrained\">\n<div style=\"height:120px\" aria-hidden=\"true\" class=\"wp-block-spacer\"><\/div>\n<\/div>\n\n\n\n<h2 class=\"wp-block-heading has-text-align-center\" id=\"plus-d-information\" id=\"plus-dinformation\">PLUS D\u2019INFORMATION<\/h2>\n\n\n\n<div class=\"wp-block-columns alignwide no-gap is-layout-flex wp-container-core-columns-is-layout-28f84493 wp-block-columns-is-layout-flex\">\n<div class=\"wp-block-column is-layout-flow wp-block-column-is-layout-flow\">\n<div class=\"wp-block-pb-accordion-item c-accordion__item js-accordion-item no-js is-open\" data-initially-open=\"true\" data-click-to-close=\"true\" data-auto-close=\"true\" data-scroll=\"false\" data-scroll-offset=\"0\"><h2 id=\"at-1024580\" class=\"c-accordion__title js-accordion-controller\" role=\"button\" id=\"contact\">Contact<\/h2><div id=\"ac-1024580\" class=\"c-accordion__content\">\n<p>+41 41 226 78 18<br><a href=\"ma&#105;&#108;&#x74;&#x6f;&#x3a;&#x6b;un&#115;&#116;&#x76;&#x65;&#x72;&#x6d;it&#116;&#108;&#117;&#x6e;&#x67;&#x40;&#x6b;un&#115;&#116;&#x6d;&#x75;&#x73;&#x65;um&#108;&#117;&#x7a;&#x65;&#x72;&#x6e;&#46;c&#104;\">&#x6b;&#x75;&#110;s&#x74;&#x76;&#101;rm&#x69;&#x74;&#116;l&#x75;&#x6e;&#103;&#64;k&#x75;&#x6e;&#115;t&#x6d;&#x75;&#115;&#101;u&#x6d;&#x6c;&#117;z&#x65;&#x72;&#110;&#46;c&#x68;<\/a><\/p>\n<\/div><\/div>\n<\/div>\n\n\n\n<div class=\"wp-block-column is-layout-flow wp-block-column-is-layout-flow\">\n<div class=\"wp-block-pb-accordion-item c-accordion__item js-accordion-item no-js\" data-initially-open=\"false\" data-click-to-close=\"true\" data-auto-close=\"true\" data-scroll=\"false\" data-scroll-offset=\"0\"><h2 id=\"at-1024581\" class=\"c-accordion__title js-accordion-controller\" role=\"button\" id=\"dates\">Dates<\/h2><div id=\"ac-1024581\" class=\"c-accordion__content\">\n<p>Sur rendez-vous, du mardi au vendredi de 9h \u00e0 18h<\/p>\n<\/div><\/div>\n<\/div>\n<\/div>\n\n\n\n<div style=\"height:120px\" aria-hidden=\"true\" class=\"wp-block-spacer\"><\/div>\n\n\n\n<div class=\"wp-block-nav-links alignwide\">\n\n    <div class=\"wp-block-nav-links__link-wrapper\">\n  \n        <a class=\"wp-block-nav-links__link\" href=\"https:\/\/www.kunstmuseumluzern.ch\/fr\/mediation\/ecoles\/\" target=\"_self\">\u00c9coles<\/a>\n    \n  \n        <a class=\"wp-block-nav-links__link\" href=\"https:\/\/www.kunstmuseumluzern.ch\/fr\/mediation\/adultes\/\" target=\"_self\">Adultes<\/a>\n    \n  \n        <a class=\"wp-block-nav-links__link\" href=\"https:\/\/www.kunstmuseumluzern.ch\/fr\/mediathek\/digital\/\" target=\"_self\">Digital<\/a>\n    \n    <\/div>\n  \n<\/div>\n\n\n<div style=\"height:40px\" aria-hidden=\"true\" class=\"wp-block-spacer\"><\/div>\n\n\n\n<div class=\"wp-block-nav-links alignwide\">\n\n      <div class=\"wp-block-nav-links__title\">Expositions en cours<\/div>\n\n  <div class=\"wp-block-nav-links__link-wrapper\">\n  \n        <a class=\"wp-block-nav-links__link\" href=\"https:\/\/www.kunstmuseumluzern.ch\/fr\/exhibitions\/maria-pininska-beres\/\">Maria Pininska-Beres<\/a>\n    \n  \n        <a class=\"wp-block-nav-links__link\" href=\"https:\/\/www.kunstmuseumluzern.ch\/fr\/exhibitions\/1-raum-1-werk\/\">1 Raum, 1 Werk<\/a>\n    \n  \n        <a class=\"wp-block-nav-links__link\" href=\"https:\/\/www.kunstmuseumluzern.ch\/fr\/exhibitions\/brian-dawn-chalkley\/\">Brian Dawn Chalkley<\/a>\n    \n    <\/div>\n  \n<\/div>","protected":false},"excerpt":{"rendered":"<p>Le Kunstmuseum Luzern accueille des classes de tous les niveaux de l\u2019enseignement tertiaire. L\u2019exposition, la collection et la m\u00e9diation d\u2019\u0153uvres d\u2019art constituent un champ de recherche \u00e0 part enti\u00e8re dans les universit\u00e9s et les hautes \u00e9coles. En collaboration avec les \u00e9tudiant.e.s, nous associons recherche et pratique en r\u00e9alisant des projets \u00e9troitement li\u00e9s \u00e0 l\u2019actualit\u00e9 de [&hellip;]<\/p>\n","protected":false},"author":14,"featured_media":0,"parent":102446,"menu_order":1,"comment_status":"closed","ping_status":"closed","template":"","meta":{"_acf_changed":false,"_seopress_robots_primary_cat":"","_seopress_titles_title":"","_seopress_titles_desc":"","_seopress_robots_index":"","inline_featured_image":false,"ghostkit_customizer_options":"","ghostkit_custom_css":"","ghostkit_custom_js_head":"","ghostkit_custom_js_foot":"","ghostkit_typography":"","footnotes":""},"tags":[],"class_list":["post-102458","page","type-page","status-publish","hentry"],"acf":[],"_links":{"self":[{"href":"https:\/\/www.kunstmuseumluzern.ch\/fr\/wp-json\/wp\/v2\/pages\/102458","targetHints":{"allow":["GET"]}}],"collection":[{"href":"https:\/\/www.kunstmuseumluzern.ch\/fr\/wp-json\/wp\/v2\/pages"}],"about":[{"href":"https:\/\/www.kunstmuseumluzern.ch\/fr\/wp-json\/wp\/v2\/types\/page"}],"author":[{"embeddable":true,"href":"https:\/\/www.kunstmuseumluzern.ch\/fr\/wp-json\/wp\/v2\/users\/14"}],"replies":[{"embeddable":true,"href":"https:\/\/www.kunstmuseumluzern.ch\/fr\/wp-json\/wp\/v2\/comments?post=102458"}],"version-history":[{"count":9,"href":"https:\/\/www.kunstmuseumluzern.ch\/fr\/wp-json\/wp\/v2\/pages\/102458\/revisions"}],"predecessor-version":[{"id":111012,"href":"https:\/\/www.kunstmuseumluzern.ch\/fr\/wp-json\/wp\/v2\/pages\/102458\/revisions\/111012"}],"up":[{"embeddable":true,"href":"https:\/\/www.kunstmuseumluzern.ch\/fr\/wp-json\/wp\/v2\/pages\/102446"}],"wp:attachment":[{"href":"https:\/\/www.kunstmuseumluzern.ch\/fr\/wp-json\/wp\/v2\/media?parent=102458"}],"wp:term":[{"taxonomy":"post_tag","embeddable":true,"href":"https:\/\/www.kunstmuseumluzern.ch\/fr\/wp-json\/wp\/v2\/tags?post=102458"}],"curies":[{"name":"wp","href":"https:\/\/api.w.org\/{rel}","templated":true}]}}