{"id":102476,"date":"2023-11-09T10:23:59","date_gmt":"2023-11-09T09:23:59","guid":{"rendered":"https:\/\/www.kunstmuseumluzern.ch\/mediation\/adults\/"},"modified":"2024-06-26T13:29:28","modified_gmt":"2024-06-26T11:29:28","slug":"adultes","status":"publish","type":"page","link":"https:\/\/www.kunstmuseumluzern.ch\/fr\/mediation\/adultes\/","title":{"rendered":"Adultes"},"content":{"rendered":"\n<div class=\"wp-block-slider alignfull\">\n\n  <div class=\"swiper-container\">\n    <div class=\"swiper-wrapper\">\n\n      \n            <div class=\"swiper-slide\" data-index=\"0\">\n                <div data-caption=\"\">          <img decoding=\"async\" width=\"2101\" height=\"1400\" src=\"https:\/\/www.kunstmuseumluzern.ch\/wp-content\/uploads\/2024\/02\/kv-erwachsene-1400px-01-1.jpg\" class=\"attachment-gallery_image size-gallery_image\" alt=\"\" srcset=\"https:\/\/www.kunstmuseumluzern.ch\/wp-content\/uploads\/2024\/02\/kv-erwachsene-1400px-01-1.jpg 2101w, https:&#x2f;&#x2f;&#119;ww&#x2e;&#x6b;&#117;&#110;s&#x74;&#x6d;&#117;&#115;e&#x75;&#x6d;&#x6c;&#117;ze&#x72;&#x6e;&#46;&#99;h&#x2f;&#x77;&#112;&#45;c&#x6f;&#x6e;&#116;&#101;n&#x74;&#x2f;&#x75;&#112;lo&#x61;&#x64;&#115;&#47;2&#x30;&#x32;&#52;&#47;0&#x32;&#x2f;&#107;&#118;-&#x65;&#x72;&#x77;&#97;ch&#x73;&#x65;&#110;&#101;-&#x31;&#x34;&#48;&#48;p&#x78;&#x2d;&#x30;&#49;-&#x31;&#x2d;&#x31;&#53;0x&#x31;&#x30;&#48;&#64;2&#x78;&#x2e;&#106;&#112;g 300w, https:\/\/www.kunstmuseumluzern.ch\/wp-content\/uploads\/2024\/02\/kv-erwachsene-1400px-01-1-1024x682.jpg 1024w, https:\/\/www.kunstmuseumluzern.ch\/wp-content\/uploads\/2024\/02\/kv-erwachsene-1400px-01-1-150x100.jpg 150w, https:\/\/www.kunstmuseumluzern.ch\/wp-content\/uploads\/2024\/02\/kv-erwachsene-1400px-01-1-420x280.jpg 420w, https:\/\/www&#46;ku&#110;&#115;&#116;&#109;&#117;&#115;&#101;&#117;&#109;&#108;&#x75;&#x7a;&#x65;&#x72;&#x6e;&#x2e;&#x63;&#x68;&#x2f;&#x77;&#x70;&#x2d;&#x63;&#x6f;&#x6e;tent\/upl&#111;&#97;&#100;&#115;&#47;&#50;&#48;&#50;&#52;&#47;&#x30;&#x32;&#x2f;&#x6b;&#x76;&#x2d;&#x65;&#x72;&#x77;&#x61;&#x63;&#x68;&#x73;&#x65;&#x6e;e-1400px&#45;&#48;&#49;&#45;&#49;&#45;&#51;&#48;&#48;&#120;&#50;&#x30;&#x30;&#x40;&#x32;&#x78;&#x2e;&#x6a;&#x70;&#x67; 600w, https:&#x2f;&#x2f;&#x77;&#x77;&#x77;&#x2e;&#107;&#117;&#110;&#115;tmus&#x65;&#x75;&#x6d;&#x6c;&#x75;&#x7a;&#101;&#114;&#110;&#46;&#99;h\/w&#x70;&#x2d;&#x63;&#x6f;&#x6e;&#x74;&#101;&#110;&#116;&#47;&#117;plo&#x61;&#x64;&#x73;&#x2f;&#x32;&#x30;&#x32;&#52;&#47;&#48;&#50;\/kv-&#x65;&#x72;&#x77;&#x61;&#x63;&#x68;&#115;&#101;&#110;&#101;-140&#x30;&#x70;&#x78;&#x2d;&#x30;&#x31;&#45;&#49;&#45;&#49;&#48;24x&#x36;&#x38;&#x32;&#x40;&#x32;&#x78;&#x2e;&#106;&#112;&#103; 2048w, https:\/&#47;&#x77;&#x77;w&#46;&#x6b;&#x75;n&#115;&#x74;&#x6d;u&#115;&#x65;&#x75;m&#108;&#x75;&#x7a;e&#114;&#110;&#x2e;&#x63;h&#47;&#x77;&#x70;-&#99;&#x6f;&#x6e;t&#101;&#x6e;&#x74;\/&#117;&#x70;&#x6c;o&#97;&#x64;&#x73;\/&#50;&#48;&#x32;&#x34;\/&#48;&#x32;&#x2f;k&#118;&#x2d;&#x65;r&#119;&#x61;&#x63;h&#115;&#x65;&#x6e;e&#45;&#x31;&#x34;0&#48;&#112;&#x78;&#x2d;0&#49;&#x2d;&#x31;-&#52;&#x32;&#x30;x&#50;&#x38;&#x30;&#64;&#50;&#x78;&#x2e;j&#112;&#x67; 840w\" sizes=\"(max-width: 2101px) 100vw, 2101px\" \/>        <\/div>        \n        \n              <\/div>\n                    <div class=\"swiper-slide\" data-index=\"1\">\n                <div data-caption=\"\">          <img decoding=\"async\" width=\"2100\" height=\"1400\" src=\"https:\/\/www.kunstmuseumluzern.ch\/wp-content\/uploads\/2024\/02\/kv-erwachsene-1400px-02-1.jpg\" class=\"attachment-gallery_image size-gallery_image\" alt=\"\" srcset=\"https:\/\/www.kunstmuseumluzern.ch\/wp-content\/uploads\/2024\/02\/kv-erwachsene-1400px-02-1.jpg 2100w, https:&#47;&#x2f;&#x77;w&#119;&#x2e;k&#117;&#x6e;&#x73;&#116;&#x6d;&#x75;s&#101;&#x75;m&#108;&#x75;&#x7a;&#101;&#x72;&#x6e;&#46;&#99;&#x68;\/&#119;&#x70;&#x2d;&#99;&#x6f;&#x6e;t&#101;&#x6e;t&#47;&#x75;&#x70;&#108;&#x6f;&#x61;d&#115;&#x2f;2&#48;&#x32;&#x34;&#47;&#x30;&#x32;\/&#107;&#x76;-&#101;&#x72;&#x77;&#97;&#x63;&#x68;s&#101;&#x6e;e&#45;&#x31;&#x34;&#48;&#x30;&#x70;x&#45;&#x30;2&#45;&#x31;&#x2d;&#49;&#x35;&#x30;x&#49;&#x30;0&#64;&#x32;&#x78;&#46;&#x6a;&#x70;g 300w, https:\/\/www.kunstmuseumluzern.ch\/wp-content\/uploads\/2024\/02\/kv-erwachsene-1400px-02-1-1024x683.jpg 1024w, https:\/\/www.kunstmuseumluzern.ch\/wp-content\/uploads\/2024\/02\/kv-erwachsene-1400px-02-1-150x100.jpg 150w, https:\/\/www.kunstmuseumluzern.ch\/wp-content\/uploads\/2024\/02\/kv-erwachsene-1400px-02-1-420x280.jpg 420w, https:&#x2f;&#x2f;&#x77;&#x77;&#x77;&#x2e;&#x6b;&#x75;&#x6e;&#x73;&#x74;&#x6d;&#x75;&#x73;&#101;&#117;&#109;&#108;&#117;&#122;&#101;&#114;&#110;&#46;&#99;h\/wp-con&#x74;&#x65;&#x6e;&#x74;&#x2f;&#x75;&#x70;&#x6c;&#x6f;&#x61;&#x64;&#x73;&#x2f;&#x32;&#x30;&#50;&#52;&#47;&#48;&#50;&#47;&#107;&#118;&#45;&#101;rwachsen&#x65;&#x2d;&#x31;&#x34;&#x30;&#x30;&#x70;&#x78;&#x2d;&#x30;&#x32;&#x2d;&#x31;&#x2d;&#x33;&#48;&#48;&#120;&#50;&#48;&#48;&#64;&#50;&#120;&#46;jpg 600w, https:&#47;&#x2f;w&#119;&#x77;&#46;&#x6b;&#x75;&#110;&#x73;t&#109;&#x75;s&#101;&#x75;&#109;&#x6c;u&#122;&#x65;r&#110;&#x2e;&#99;&#x68;&#x2f;&#119;&#x70;-&#99;&#x6f;n&#x74;&#x65;&#110;&#x74;\/&#117;&#x70;l&#111;&#x61;&#100;&#x73;\/&#50;&#x30;2&#52;&#x2f;0&#x32;&#x2f;&#107;&#x76;-&#101;&#x72;w&#x61;&#x63;&#104;&#x73;e&#110;&#x65;-&#49;&#x34;&#48;&#x30;p&#120;&#x2d;0&#50;&#x2d;1&#x2d;&#x31;&#48;&#x32;4&#120;&#x36;8&#x33;&#x40;&#50;&#x78;&#46;&#106;&#x70;g 2048w, https:&#47;&#x2f;&#119;&#x77;&#119;&#x2e;k&#x75;n&#115;&#x74;&#109;&#x75;&#115;&#x65;u&#x6d;l&#117;&#x7a;&#101;&#x72;&#110;&#x2e;&#99;&#x68;\/&#x77;p&#45;&#x63;&#111;&#x6e;&#116;&#x65;n&#x74;\/&#117;&#x70;&#108;&#x6f;&#97;&#x64;&#115;&#x2f;2&#x30;2&#52;&#x2f;&#48;&#x32;&#47;&#x6b;v&#x2d;e&#114;&#x77;&#97;&#x63;&#104;&#x73;&#101;&#x6e;e&#x2d;1&#52;&#x30;&#48;&#x70;&#120;&#x2d;0&#x32;-&#49;&#x2d;&#52;&#x32;&#48;&#x78;&#50;&#x38;0&#x40;2&#120;&#x2e;&#106;&#x70;&#103; 840w\" sizes=\"(max-width: 2100px) 100vw, 2100px\" \/>        <\/div>        \n        \n              <\/div>\n                    <div class=\"swiper-slide\" data-index=\"2\">\n                <div data-caption=\"\">          <img decoding=\"async\" width=\"1050\" height=\"1400\" src=\"https:\/\/www.kunstmuseumluzern.ch\/wp-content\/uploads\/2024\/02\/kv-erwachsene-1400px-03-1.jpg\" class=\"attachment-gallery_image size-gallery_image\" alt=\"\" srcset=\"https:\/\/www.kunstmuseumluzern.ch\/wp-content\/uploads\/2024\/02\/kv-erwachsene-1400px-03-1.jpg 1050w, https:&#47;&#x2f;&#x77;w&#119;&#x2e;k&#117;&#x6e;&#x73;t&#109;&#x75;s&#101;&#x75;&#x6d;l&#117;&#x7a;e&#114;&#x6e;&#x2e;&#99;&#104;&#x2f;w&#112;&#x2d;&#x63;&#111;&#x6e;&#x74;e&#110;&#x74;\/&#117;&#x70;&#x6c;o&#97;&#x64;s&#47;&#x32;&#x30;2&#52;&#x2f;0&#50;&#x2f;&#x6b;v&#45;&#x65;r&#119;&#x61;&#x63;&#104;&#x73;&#x65;n&#101;&#x2d;1&#52;&#x30;&#x30;p&#120;&#x2d;0&#51;&#x2d;&#x31;-&#49;&#x35;0&#120;&#x32;&#x30;0&#64;&#x32;x&#46;&#x6a;&#x70;&#103; 300w, https:\/\/www.kunstmuseumluzern.ch\/wp-content\/uploads\/2024\/02\/kv-erwachsene-1400px-03-1-1024x1365.jpg 1024w, https:\/\/www.kunstmuseumluzern.ch\/wp-content\/uploads\/2024\/02\/kv-erwachsene-1400px-03-1-150x200.jpg 150w, https:\/\/www.kunstmuseumluzern.ch\/wp-content\/uploads\/2024\/02\/kv-erwachsene-1400px-03-1-420x560.jpg 420w, https:&#x2f;&#x2f;&#x77;&#x77;&#x77;&#x2e;&#x6b;&#x75;&#x6e;&#x73;&#x74;&#x6d;&#x75;&#x73;&#101;&#117;&#109;&#108;&#117;&#122;&#101;&#114;&#110;&#46;&#99;h\/wp-con&#x74;&#x65;&#x6e;&#x74;&#x2f;&#x75;&#x70;&#x6c;&#x6f;&#x61;&#x64;&#x73;&#x2f;&#x32;&#x30;&#50;&#52;&#47;&#48;&#50;&#47;&#107;&#118;&#45;&#101;rwachsen&#x65;&#x2d;&#x31;&#x34;&#x30;&#x30;&#x70;&#x78;&#x2d;&#x30;&#x33;&#x2d;&#x31;&#x2d;&#x33;&#48;&#48;&#120;&#52;&#48;&#48;&#64;&#50;&#120;&#46;jpg 600w, https:&#x2f;&#x2f;&#119;&#119;&#119;&#46;&#x6b;&#x75;&#x6e;&#115;&#116;mu&#x73;&#x65;&#x75;&#109;&#108;u&#x7a;&#x65;&#x72;&#110;&#46;&#99;h&#x2f;&#x77;&#x70;&#45;&#99;on&#x74;&#x65;&#x6e;&#116;&#47;u&#x70;&#x6c;&#x6f;&#97;&#100;&#115;\/&#x32;&#x30;&#x32;&#52;&#47;02&#x2f;&#x6b;&#x76;&#45;&#101;r&#x77;&#x61;&#x63;&#104;&#115;&#101;n&#x65;&#x2d;&#x31;&#52;&#48;0p&#x78;&#x2d;&#x30;&#51;&#45;1&#x2d;&#x34;&#x32;&#48;&#120;&#53;6&#x30;&#x40;&#x32;&#120;&#46;jp&#x67; 840w\" sizes=\"(max-width: 1050px) 100vw, 1050px\" \/>        <\/div>        \n        \n              <\/div>\n                    <div class=\"swiper-slide\" data-index=\"3\">\n                <div data-caption=\"\">          <img decoding=\"async\" width=\"2100\" height=\"1400\" src=\"https:\/\/www.kunstmuseumluzern.ch\/wp-content\/uploads\/2024\/02\/kv-erwachsene-1400px-07-1.jpg\" class=\"attachment-gallery_image size-gallery_image\" alt=\"\" srcset=\"https:\/\/www.kunstmuseumluzern.ch\/wp-content\/uploads\/2024\/02\/kv-erwachsene-1400px-07-1.jpg 2100w, https:&#47;&#x2f;&#119;&#x77;&#119;&#x2e;&#107;&#x75;&#110;&#x73;&#116;&#x6d;&#117;&#x73;&#101;&#x75;&#109;&#x6c;&#117;&#x7a;&#101;&#x72;&#110;&#x2e;&#99;&#x68;&#47;&#x77;&#112;&#x2d;&#99;&#x6f;&#110;&#x74;&#101;&#x6e;&#116;&#x2f;&#117;&#x70;&#108;&#x6f;&#97;&#x64;&#115;&#x2f;&#50;&#x30;&#50;&#x34;&#47;&#x30;&#50;&#x2f;&#107;&#x76;&#45;&#x65;&#114;&#x77;&#97;&#x63;&#104;&#x73;&#101;&#x6e;&#101;&#x2d;&#49;&#x34;&#48;&#x30;&#112;&#x78;&#45;&#x30;&#55;&#x2d;&#49;&#x2d;&#49;&#x35;&#48;&#x78;&#49;&#x30;&#48;&#x40;&#50;&#x78;&#46;&#x6a;&#112;&#x67; 300w, https:\/\/www.kunstmuseumluzern.ch\/wp-content\/uploads\/2024\/02\/kv-erwachsene-1400px-07-1-1024x683.jpg 1024w, https:\/\/www.kunstmuseumluzern.ch\/wp-content\/uploads\/2024\/02\/kv-erwachsene-1400px-07-1-150x100.jpg 150w, https:\/\/www.kunstmuseumluzern.ch\/wp-content\/uploads\/2024\/02\/kv-erwachsene-1400px-07-1-420x280.jpg 420w, https:\/\/&#119;&#119;&#x77;&#x2e;&#x6b;&#x75;ns&#116;&#109;&#x75;&#x73;&#x65;&#x75;ml&#117;&#122;&#101;&#x72;&#x6e;&#x2e;&#x63;h\/&#119;&#112;&#x2d;&#x63;&#x6f;&#x6e;te&#110;&#116;&#x2f;&#x75;&#x70;&#x6c;oa&#100;&#115;&#47;&#x32;&#x30;&#x32;&#x34;\/0&#50;&#47;&#x6b;&#x76;&#x2d;&#x65;rw&#97;&#99;&#x68;&#x73;&#x65;&#x6e;e-&#49;&#52;&#48;&#x30;&#x70;&#x78;&#x2d;07&#45;&#49;&#x2d;&#x33;&#x30;&#x30;x2&#48;&#48;&#x40;&#x32;&#x78;&#x2e;jp&#103; 600w, https:&#x2f;&#47;w&#x77;&#119;&#46;&#x6b;&#117;n&#x73;&#x74;&#109;&#x75;&#x73;&#101;u&#x6d;&#108;u&#x7a;&#101;r&#x6e;&#x2e;&#99;&#x68;&#x2f;&#119;p&#x2d;&#99;o&#x6e;&#116;e&#x6e;&#116;\/&#x75;&#x70;&#108;&#x6f;&#x61;&#100;s&#x2f;&#50;0&#x32;&#52;\/&#x30;&#x32;&#47;&#x6b;&#x76;&#45;e&#x72;&#119;a&#x63;&#104;s&#x65;&#110;e&#x2d;&#x31;&#52;&#x30;&#x30;&#112;x&#x2d;&#48;7&#x2d;&#49;-&#x31;&#x30;&#50;&#x34;&#x78;&#54;8&#x33;&#64;2&#x78;&#46;j&#x70;&#103; 2048w, https:&#x2f;\/&#x77;w&#x77;&#46;&#x6b;&#117;n&#x73;t&#x6d;&#117;&#x73;&#101;&#x75;&#109;l&#x75;z&#x65;&#114;&#x6e;&#46;&#x63;&#x68;\/&#x77;p&#x2d;&#99;&#x6f;&#110;t&#x65;n&#x74;&#47;&#x75;&#112;&#x6c;&#111;a&#x64;s&#x2f;&#50;&#x30;&#50;&#x34;&#x2f;0&#x32;\/&#x6b;&#118;&#x2d;&#101;r&#x77;a&#x63;&#104;&#x73;&#101;&#x6e;&#101;-&#x31;4&#x30;&#48;&#x70;&#120;&#x2d;&#x30;7&#x2d;1&#x2d;&#52;&#x32;&#48;x&#x32;8&#x30;&#64;&#x32;&#120;&#x2e;&#106;p&#x67; 840w\" sizes=\"(max-width: 2100px) 100vw, 2100px\" \/>        <\/div>        \n        \n              <\/div>\n                    <div class=\"swiper-slide\" data-index=\"4\">\n                <div data-caption=\"\">          <img decoding=\"async\" width=\"1050\" height=\"1400\" src=\"https:\/\/www.kunstmuseumluzern.ch\/wp-content\/uploads\/2024\/02\/kv-erwachsene-1400px-05-1.jpg\" class=\"attachment-gallery_image size-gallery_image\" alt=\"\" srcset=\"https:\/\/www.kunstmuseumluzern.ch\/wp-content\/uploads\/2024\/02\/kv-erwachsene-1400px-05-1.jpg 1050w, https:\/&#47;&#x77;&#x77;w&#46;&#107;&#x75;&#x6e;s&#116;&#x6d;&#x75;s&#101;&#117;&#x6d;&#x6c;u&#122;&#x65;&#x72;n&#46;&#99;&#x68;&#x2f;w&#112;&#x2d;&#x63;o&#110;&#116;&#x65;&#x6e;t&#47;&#x75;&#x70;lo&#97;&#x64;&#x73;\/&#50;&#x30;&#x32;&#x34;\/&#48;&#x32;&#x2f;k&#118;&#45;&#x65;&#x72;w&#97;&#x63;&#x68;s&#101;&#110;&#x65;&#x2d;1&#52;&#x30;&#x30;p&#120;&#45;&#x30;&#x35;-&#49;&#x2d;&#x31;5&#48;&#120;&#x32;&#x30;0&#64;&#x32;&#x78;&#46;j&#112;&#x67; 300w, https:\/\/www.kunstmuseumluzern.ch\/wp-content\/uploads\/2024\/02\/kv-erwachsene-1400px-05-1-1024x1365.jpg 1024w, https:\/\/www.kunstmuseumluzern.ch\/wp-content\/uploads\/2024\/02\/kv-erwachsene-1400px-05-1-150x200.jpg 150w, https:\/\/www.kunstmuseumluzern.ch\/wp-content\/uploads\/2024\/02\/kv-erwachsene-1400px-05-1-420x560.jpg 420w, https:&#x2f;&#x2f;&#x77;&#x77;&#119;&#46;&#107;&#117;nst&#x6d;&#x75;&#x73;&#x65;&#x75;&#109;&#108;&#117;zer&#x6e;&#x2e;&#x63;&#x68;&#x2f;&#119;&#112;&#45;con&#x74;&#x65;&#x6e;&#x74;&#x2f;&#117;&#112;&#108;oad&#x73;&#x2f;&#x32;&#x30;&#x32;&#52;&#47;&#48;2\/k&#x76;&#x2d;&#x65;&#x72;&#x77;&#97;&#99;&#104;sen&#x65;&#x2d;&#x31;&#x34;&#x30;&#48;&#112;&#120;&#45;05&#x2d;&#x31;&#x2d;&#x33;&#x30;&#48;&#120;&#52;&#48;0&#64;&#x32;&#x78;&#x2e;&#x6a;&#x70;&#103; 600w, https:&#47;&#x2f;w&#119;&#x77;&#46;&#107;&#x75;n&#115;&#x74;m&#117;&#x73;e&#117;&#x6d;l&#117;&#x7a;e&#114;&#x6e;&#46;&#99;&#x68;\/&#119;&#x70;-&#99;&#x6f;n&#x74;&#x65;n&#x74;&#x2f;&#117;&#x70;&#x6c;&#111;&#x61;&#x64;&#115;&#x2f;&#x32;&#48;&#x32;&#x34;&#47;&#x30;2&#47;&#x6b;v&#45;&#x65;r&#119;&#x61;c&#104;&#x73;e&#110;&#x65;-&#49;&#x34;0&#48;&#x70;x&#45;&#x30;5&#45;&#x31;-&#52;&#x32;0&#x78;&#x35;6&#x30;&#x40;&#50;&#x78;&#x2e;&#106;&#x70;&#x67; 840w\" sizes=\"(max-width: 1050px) 100vw, 1050px\" \/>        <\/div>        \n        \n              <\/div>\n              \n    <\/div>\n\n    <div class=\"swiper-button-prev\"><\/div>\n    <div class=\"swiper-button-next\"><\/div>\n    <div class=\"swiper-pagination\"><\/div>\n    <div class=\"swiper-caption\"><\/div>\n  <\/div>\n\n<\/div>\n\n\n\n<div style=\"height:60px\" aria-hidden=\"true\" class=\"wp-block-spacer\"><\/div>\n\n\n\n<p>Chaque mercredi \u00e0 18h et chaque dimanche \u00e0 11h, le Kunstmuseum Luzern organise un \u00e9v\u00e9nement public&nbsp;: rencontre avec l\u2019original, s\u00e9ance de dessin au sein de la collection, visite guid\u00e9e publique, entretien avec des sp\u00e9cialistes, concert, performance\u2026 Passez nous voir, participez aux \u00e9changes et profitez de nos nombreuses formules. Les visites guid\u00e9es sont comprises dans le billet d\u2019entr\u00e9e.<\/p>\n\n\n\n<p>Veuillez noter que toutes nos actions de m\u00e9diation ont lieu en allemand. Si vous souhaitez un accompagnement en anglais ou en fran\u00e7ais, merci de nous contacter au moins cinq jours ouvrables \u00e0 l&rsquo;avance.<\/p>\n\n\n\n<div style=\"height:120px\" aria-hidden=\"true\" class=\"wp-block-spacer\"><\/div>\n\n\n\n<h2 class=\"wp-block-heading has-text-align-center\" id=\"more-information\" id=\"more-information\">More information<\/h2>\n\n\n\n<div class=\"wp-block-columns is-layout-flex wp-container-core-columns-is-layout-28f84493 wp-block-columns-is-layout-flex\">\n<div class=\"wp-block-column is-layout-flow wp-block-column-is-layout-flow\">\n<div class=\"wp-block-pb-accordion-item c-accordion__item js-accordion-item no-js is-open\" data-initially-open=\"true\" data-click-to-close=\"true\" data-auto-close=\"true\" data-scroll=\"false\" data-scroll-offset=\"0\"><h2 id=\"at-1024760\" class=\"c-accordion__title js-accordion-controller\" role=\"button\" id=\"contact\">Contact<\/h2><div id=\"ac-1024760\" class=\"c-accordion__content\">\n<p>+41 41 226 78 18<br><a href=\"&#x6d;&#97;i&#x6c;&#116;o&#x3a;&#107;u&#x6e;&#115;t&#x76;&#101;r&#x6d;&#105;t&#x74;&#108;u&#x6e;&#103;&#64;&#x6b;&#117;n&#x73;&#116;m&#x75;&#115;e&#x75;&#109;l&#x75;&#122;e&#x72;&#110;&#46;&#x63;&#104;\" target=\"_blank\" rel=\"noreferrer noopener\">&#107;&#x75;&#110;&#x73;t&#x76;e&#114;&#x6d;&#105;&#x74;&#116;&#x6c;u&#x6e;g&#64;&#x6b;&#117;&#x6e;s&#x74;m&#x75;&#x73;&#101;&#x75;&#109;&#x6c;u&#x7a;e&#114;&#x6e;&#46;&#x63;&#104;<\/a><\/p>\n<\/div><\/div>\n<\/div>\n<\/div>\n\n\n\n<div style=\"height:120px\" aria-hidden=\"true\" class=\"wp-block-spacer\"><\/div>\n\n\n\n<div class=\"wp-block-nav-links alignwide\">\n\n    <div class=\"wp-block-nav-links__link-wrapper\">\n  \n        <a class=\"wp-block-nav-links__link\" href=\"https:\/\/www.kunstmuseumluzern.ch\/fr\/mediation\/60plus\/\" target=\"_self\">60Plus<\/a>\n    \n  \n        <a class=\"wp-block-nav-links__link\" href=\"https:\/\/www.kunstmuseumluzern.ch\/fr\/mediation\/enfants-familles\/\" target=\"_self\">Enfants &amp; Familles<\/a>\n    \n  \n        <a class=\"wp-block-nav-links__link\" href=\"https:\/\/www.kunstmuseumluzern.ch\/fr\/mediathek\/digital\/\" target=\"_self\">Digital<\/a>\n    \n    <\/div>\n  \n<\/div>\n\n\n<div style=\"height:40px\" aria-hidden=\"true\" class=\"wp-block-spacer\"><\/div>\n\n\n\n<div class=\"wp-block-nav-links alignwide\">\n\n      <div class=\"wp-block-nav-links__title\">Expositions en cours<\/div>\n\n  <div class=\"wp-block-nav-links__link-wrapper\">\n  \n        <a class=\"wp-block-nav-links__link\" href=\"https:\/\/www.kunstmuseumluzern.ch\/fr\/exhibitions\/maria-pininska-beres\/\">Maria Pininska-Beres<\/a>\n    \n  \n        <a class=\"wp-block-nav-links__link\" href=\"https:\/\/www.kunstmuseumluzern.ch\/fr\/exhibitions\/1-raum-1-werk\/\">1 Raum, 1 Werk<\/a>\n    \n  \n        <a class=\"wp-block-nav-links__link\" href=\"https:\/\/www.kunstmuseumluzern.ch\/fr\/exhibitions\/brian-dawn-chalkley\/\">Brian Dawn Chalkley<\/a>\n    \n    <\/div>\n  \n<\/div>","protected":false},"excerpt":{"rendered":"<p>Chaque mercredi \u00e0 18h et chaque dimanche \u00e0 11h, le Kunstmuseum Luzern organise un \u00e9v\u00e9nement public&nbsp;: rencontre avec l\u2019original, s\u00e9ance de dessin au sein de la collection, visite guid\u00e9e publique, entretien avec des sp\u00e9cialistes, concert, performance\u2026 Passez nous voir, participez aux \u00e9changes et profitez de nos nombreuses formules. Les visites guid\u00e9es sont comprises dans le [&hellip;]<\/p>\n","protected":false},"author":14,"featured_media":0,"parent":102446,"menu_order":3,"comment_status":"closed","ping_status":"closed","template":"","meta":{"_acf_changed":false,"_seopress_robots_primary_cat":"","_seopress_titles_title":"","_seopress_titles_desc":"","_seopress_robots_index":"","inline_featured_image":false,"ghostkit_customizer_options":"","ghostkit_custom_css":"","ghostkit_custom_js_head":"","ghostkit_custom_js_foot":"","ghostkit_typography":"","footnotes":""},"tags":[],"class_list":["post-102476","page","type-page","status-publish","hentry"],"acf":[],"_links":{"self":[{"href":"https:\/\/www.kunstmuseumluzern.ch\/fr\/wp-json\/wp\/v2\/pages\/102476","targetHints":{"allow":["GET"]}}],"collection":[{"href":"https:\/\/www.kunstmuseumluzern.ch\/fr\/wp-json\/wp\/v2\/pages"}],"about":[{"href":"https:\/\/www.kunstmuseumluzern.ch\/fr\/wp-json\/wp\/v2\/types\/page"}],"author":[{"embeddable":true,"href":"https:\/\/www.kunstmuseumluzern.ch\/fr\/wp-json\/wp\/v2\/users\/14"}],"replies":[{"embeddable":true,"href":"https:\/\/www.kunstmuseumluzern.ch\/fr\/wp-json\/wp\/v2\/comments?post=102476"}],"version-history":[{"count":4,"href":"https:\/\/www.kunstmuseumluzern.ch\/fr\/wp-json\/wp\/v2\/pages\/102476\/revisions"}],"predecessor-version":[{"id":115682,"href":"https:\/\/www.kunstmuseumluzern.ch\/fr\/wp-json\/wp\/v2\/pages\/102476\/revisions\/115682"}],"up":[{"embeddable":true,"href":"https:\/\/www.kunstmuseumluzern.ch\/fr\/wp-json\/wp\/v2\/pages\/102446"}],"wp:attachment":[{"href":"https:\/\/www.kunstmuseumluzern.ch\/fr\/wp-json\/wp\/v2\/media?parent=102476"}],"wp:term":[{"taxonomy":"post_tag","embeddable":true,"href":"https:\/\/www.kunstmuseumluzern.ch\/fr\/wp-json\/wp\/v2\/tags?post=102476"}],"curies":[{"name":"wp","href":"https:\/\/api.w.org\/{rel}","templated":true}]}}