{"id":102791,"date":"2023-11-09T10:30:01","date_gmt":"2023-11-09T09:30:01","guid":{"rendered":"https:\/\/www.kunstmuseumluzern.ch\/mediathek\/digital\/"},"modified":"2025-09-24T13:31:22","modified_gmt":"2025-09-24T11:31:22","slug":"digital","status":"publish","type":"page","link":"https:\/\/www.kunstmuseumluzern.ch\/fr\/mediathek\/digital\/","title":{"rendered":"Format digital"},"content":{"rendered":"\n<div style=\"height:60px\" aria-hidden=\"true\" class=\"wp-block-spacer\"><\/div>\n\n\n\n<p>Le format de m\u00e9diation num\u00e9rique relie texte, image et film. D\u00e9velopp\u00e9 sp\u00e9cialement pour chaque exposition, il donne un aper\u00e7u approfondi des biographies, des images, des histoires de cr\u00e9ation et des th\u00e8mes de soci\u00e9t\u00e9. De cette fa\u00e7on, les sujets complexes sont abord\u00e9s de mani\u00e8re accessible et ludique.<\/p>\n\n\n\n<div style=\"height:120px\" aria-hidden=\"true\" class=\"wp-block-spacer\"><\/div>\n\n\n\n<div class=\"wp-block-focus-card alignwide\">\n\n    <a class=\"wp-block-focus-card__link \" href=\"http:\/\/www.divers2023.ch\" target=\"_blank\">\n  \n    <figure class=\"wp-block-focus-card__image\">\n      <img decoding=\"async\" width=\"784\" height=\"784\" src=\"https:\/\/www.kunstmuseumluzern.ch\/wp-content\/uploads\/2024\/02\/divers-2023-digital-784x784.jpg\" class=\"attachment-focus-card size-focus-card\" alt=\"\" srcset=\"https:\/\/www.kunstmuseumluzern.ch\/wp-content\/uploads\/2024\/02\/divers-2023-digital-784x784.jpg 784w, https:&#47;&#x2f;w&#119;&#x77;&#46;&#107;&#x75;n&#115;&#x74;m&#117;&#x73;e&#117;&#x6d;l&#117;&#x7a;e&#114;&#x6e;&#46;&#99;&#x68;\/&#119;&#x70;-&#99;&#x6f;n&#x74;&#x65;n&#x74;&#x2f;&#117;&#x70;&#x6c;&#111;&#x61;&#x64;&#115;&#x2f;&#x32;&#48;&#x32;&#x34;&#47;&#x30;2&#47;&#x64;i&#118;&#x65;r&#115;&#x2d;2&#48;&#x32;3&#45;&#x64;i&#103;&#x69;t&#97;&#x6c;-&#49;&#x35;0&#120;&#x31;5&#48;&#x40;2&#x78;&#x2e;j&#x70;&#x67; 300w, https:\/\/www.kunstmuseumluzern.ch\/wp-content\/uploads\/2024\/02\/divers-2023-digital-1024x1024.jpg 1024w, https:\/\/www.kunstmuseumluzern.ch\/wp-content\/uploads\/2024\/02\/divers-2023-digital-150x150.jpg 150w, https:\/\/www.kunstmuseumluzern.ch\/wp-content\/uploads\/2024\/02\/divers-2023-digital-470x470.jpg 470w, https:\/\/www.kunstmuseumluzern.ch\/wp-content\/uploads\/2024\/02\/divers-2023-digital-420x420.jpg 420w, https:\/\/www.kunstmuseumluzern.ch\/wp-content\/uploads\/2024\/02\/divers-2023-digital.jpg 1600w, https:&#x2f;&#x2f;&#x77;&#119;&#119;&#46;ku&#x6e;&#x73;&#x74;&#x6d;&#117;&#115;eu&#x6d;&#x6c;&#x75;&#x7a;&#101;&#114;n&#46;&#x63;&#x68;&#x2f;&#x77;&#112;&#45;&#99;on&#x74;&#x65;&#x6e;&#x74;&#47;&#117;pl&#x6f;&#x61;&#x64;&#x73;&#47;&#50;02&#x34;&#x2f;&#x30;&#x32;&#47;&#100;&#105;ve&#x72;&#x73;&#x2d;&#x32;&#48;&#50;3-&#x64;&#x69;&#x67;&#x69;&#116;&#97;l-&#x37;&#x38;&#x34;&#x78;&#55;&#56;&#52;&#64;2&#x78;&#x2e;&#x6a;&#x70;&#103; 1568w, https:&#x2f;&#x2f;&#119;&#119;&#119;&#46;&#x6b;&#x75;&#x6e;&#115;&#116;mu&#x73;&#x65;&#x75;&#109;&#108;u&#x7a;&#x65;&#x72;&#110;&#46;&#99;h&#x2f;&#x77;&#x70;&#45;&#99;on&#x74;&#x65;&#x6e;&#116;&#47;u&#x70;&#x6c;&#x6f;&#97;&#100;&#115;\/&#x32;&#x30;&#x32;&#52;&#47;02&#x2f;&#x64;&#x69;&#118;&#101;r&#x73;&#x2d;&#x32;&#48;&#50;&#51;-&#x64;&#x69;&#x67;&#105;&#116;al&#x2d;&#x33;&#x30;&#48;&#120;3&#x30;&#x30;&#x40;&#50;&#120;&#46;j&#x70;&#x67; 600w, https:\/\/w&#119;&#119;&#46;&#x6b;&#x75;&#x6e;&#x73;&#x74;&#x6d;use&#117;&#109;&#108;&#117;&#x7a;&#x65;&#x72;&#x6e;&#x2e;&#x63;h\/w&#112;&#45;&#99;&#x6f;&#x6e;&#x74;&#x65;&#x6e;&#x74;\/up&#108;&#111;&#97;&#100;&#x73;&#x2f;&#x32;&#x30;&#x32;&#x34;\/02&#47;&#100;&#105;&#x76;&#x65;&#x72;&#x73;&#x2d;&#x32;023&#45;&#100;&#105;&#103;&#x69;&#x74;&#x61;&#x6c;&#x2d;&#x34;70x&#52;&#55;&#48;&#x40;&#x32;&#x78;&#x2e;&#x6a;&#x70;g 940w, https:&#x2f;&#47;w&#x77;&#119;&#46;&#x6b;&#x75;&#110;&#x73;&#x74;&#109;u&#x73;&#101;u&#x6d;&#x6c;&#117;&#x7a;&#x65;&#114;n&#x2e;&#99;h&#x2f;&#x77;&#112;&#x2d;&#x63;&#111;n&#x74;&#101;n&#x74;&#x2f;&#117;&#x70;&#x6c;&#111;a&#x64;&#115;\/&#x32;&#x30;&#50;&#x34;&#x2f;&#48;2&#x2f;&#100;i&#x76;&#x65;&#114;&#x73;&#x2d;&#50;0&#x32;&#51;-&#x64;&#x69;&#103;&#x69;&#x74;&#97;l&#x2d;&#52;2&#x30;&#x78;&#52;&#x32;&#x30;&#64;2&#x78;&#46;j&#x70;&#x67; 840w\" sizes=\"(max-width: 784px) 100vw, 784px\" \/>    <\/figure>\n\n    <div class=\"wp-block-focus-card__title\">www.divers2023.ch<\/div>\n\n    <\/a>\n    <a class=\"wp-block-focus-card__link \" href=\"http:\/\/www.hockney2022.ch\" target=\"_blank\">\n  \n    <figure class=\"wp-block-focus-card__image\">\n      <img decoding=\"async\" width=\"784\" height=\"784\" src=\"https:\/\/www.kunstmuseumluzern.ch\/wp-content\/uploads\/2024\/02\/hockney-2022-digital-784x784.jpg\" class=\"attachment-focus-card size-focus-card\" alt=\"\" srcset=\"https:\/\/www.kunstmuseumluzern.ch\/wp-content\/uploads\/2024\/02\/hockney-2022-digital-784x784.jpg 784w, https:&#47;&#x2f;w&#119;&#x77;&#46;&#x6b;&#x75;&#110;&#x73;t&#109;&#x75;s&#101;&#x75;&#109;&#x6c;u&#122;&#x65;r&#110;&#x2e;&#99;&#x68;&#x2f;&#119;&#x70;-&#99;&#x6f;n&#x74;&#x65;&#110;&#x74;\/&#117;&#x70;l&#111;&#x61;&#100;&#x73;\/&#50;&#x30;2&#52;&#x2f;0&#x32;&#x2f;&#104;&#x6f;c&#107;&#x6e;e&#x79;&#x2d;&#50;&#x30;2&#50;&#x2d;d&#105;&#x67;&#105;&#x74;a&#108;&#x2d;1&#53;&#x30;x&#x31;&#x35;&#48;&#x40;2&#120;&#x2e;j&#x70;&#x67; 300w, https:\/\/www.kunstmuseumluzern.ch\/wp-content\/uploads\/2024\/02\/hockney-2022-digital-1024x1024.jpg 1024w, https:\/\/www.kunstmuseumluzern.ch\/wp-content\/uploads\/2024\/02\/hockney-2022-digital-150x150.jpg 150w, https:\/\/www.kunstmuseumluzern.ch\/wp-content\/uploads\/2024\/02\/hockney-2022-digital-470x470.jpg 470w, https:\/\/www.kunstmuseumluzern.ch\/wp-content\/uploads\/2024\/02\/hockney-2022-digital-420x420.jpg 420w, https:\/\/www.kunstmuseumluzern.ch\/wp-content\/uploads\/2024\/02\/hockney-2022-digital.jpg 1600w, https:&#x2f;&#x2f;&#119;&#119;w&#x2e;&#x6b;&#x75;&#110;st&#x6d;&#x75;&#115;&#101;u&#x6d;&#x6c;&#x75;&#122;er&#x6e;&#x2e;&#99;&#104;\/&#x77;&#x70;&#x2d;&#99;on&#x74;&#x65;&#110;&#116;\/&#x75;&#x70;&#x6c;&#111;&#97;d&#x73;&#x2f;&#50;&#48;2&#x34;&#x2f;&#x30;&#50;&#47;h&#x6f;&#x63;&#x6b;&#110;ey&#x2d;&#x32;&#48;&#50;2&#x2d;&#x64;&#x69;&#103;it&#x61;&#x6c;&#45;&#55;8&#x34;&#x78;&#x37;&#56;4&#64;&#x32;&#x78;&#46;&#106;p&#x67; 1568w, https:&#x2f;&#x2f;&#x77;&#x77;&#x77;&#x2e;&#x6b;&#117;&#110;&#115;&#116;&#109;useu&#x6d;&#x6c;&#x75;&#x7a;&#x65;&#x72;&#x6e;&#x2e;&#99;&#104;&#47;&#119;&#112;-con&#x74;&#x65;&#x6e;&#x74;&#x2f;&#x75;&#x70;&#108;&#111;&#97;&#100;&#115;\/202&#x34;&#x2f;&#x30;&#x32;&#x2f;&#x68;&#x6f;&#x63;&#107;&#110;&#101;&#121;&#45;2022&#x2d;&#x64;&#x69;&#x67;&#x69;&#x74;&#x61;&#x6c;&#45;&#51;&#48;&#48;&#120;300&#64;&#x32;&#x78;&#x2e;&#x6a;&#x70;&#x67; 600w, https:&#47;&#x2f;&#119;&#x77;&#119;&#x2e;k&#x75;n&#x73;t&#109;&#x75;&#115;&#x65;&#117;&#x6d;&#108;&#x75;z&#x65;r&#x6e;&#46;&#99;&#x68;&#47;&#x77;&#112;&#x2d;&#99;&#x6f;n&#x74;e&#x6e;t&#47;&#x75;&#112;&#x6c;&#111;&#x61;d&#x73;\/&#x32;0&#50;&#x34;&#47;&#x30;&#50;&#x2f;&#104;&#x6f;c&#x6b;n&#x65;y&#45;&#x32;&#48;&#x32;&#50;&#x2d;&#100;&#x69;g&#x69;t&#x61;l&#45;&#x34;&#55;&#x30;&#120;&#x34;&#55;&#x30;&#64;&#x32;x&#x2e;j&#112;&#x67; 940w, https:\/\/&#119;&#119;&#119;&#46;&#x6b;&#x75;&#x6e;&#x73;&#x74;mu&#115;&#101;&#117;&#109;&#x6c;&#x75;&#x7a;&#x65;&#x72;n&#46;&#99;&#104;&#47;&#119;&#x70;&#x2d;&#x63;&#x6f;&#x6e;ten&#116;&#47;&#117;&#x70;&#x6c;&#x6f;&#x61;&#x64;s\/2&#48;&#50;&#52;&#x2f;&#x30;&#x32;&#x2f;&#x68;ock&#110;&#101;&#121;&#x2d;&#x32;&#x30;&#x32;&#x32;-di&#103;&#105;&#116;&#x61;&#x6c;&#x2d;&#x34;&#x32;0x4&#50;&#48;&#64;&#x32;&#x78;&#x2e;&#x6a;&#x70;g 840w\" sizes=\"(max-width: 784px) 100vw, 784px\" \/>    <\/figure>\n\n    <div class=\"wp-block-focus-card__title\">www.hockney2022.ch<\/div>\n\n    <\/a>\n    <a class=\"wp-block-focus-card__link \" href=\"http:\/\/www.hodler2021.ch\" target=\"_blank\">\n  \n    <figure class=\"wp-block-focus-card__image\">\n      <img decoding=\"async\" width=\"784\" height=\"784\" src=\"https:\/\/www.kunstmuseumluzern.ch\/wp-content\/uploads\/2024\/02\/hodler-holzfaeller-digital-784x784.jpg\" class=\"attachment-focus-card size-focus-card\" alt=\"\" srcset=\"https:\/\/www.kunstmuseumluzern.ch\/wp-content\/uploads\/2024\/02\/hodler-holzfaeller-digital-784x784.jpg 784w, https:&#x2f;\/&#x77;&#119;&#x77;&#46;&#x6b;&#x75;n&#x73;&#116;&#x6d;&#117;&#x73;&#101;u&#x6d;&#108;&#x75;&#122;&#x65;&#114;n&#x2e;&#99;&#x68;&#47;&#x77;&#112;-&#x63;o&#x6e;&#116;&#x65;&#110;t&#x2f;u&#x70;&#108;&#x6f;&#97;d&#x73;\/&#x32;&#48;&#x32;&#52;\/&#x30;2&#x2f;&#104;&#x6f;&#100;l&#x65;r&#x2d;&#104;&#x6f;&#108;z&#x66;a&#x65;&#108;&#x6c;&#101;r&#x2d;d&#x69;&#103;&#x69;&#116;a&#x6c;-&#x31;&#53;&#x30;&#120;1&#x35;0&#x40;&#50;&#x78;&#46;j&#x70;g 300w, https:\/\/www.kunstmuseumluzern.ch\/wp-content\/uploads\/2024\/02\/hodler-holzfaeller-digital-1024x1024.jpg 1024w, https:\/\/www.kunstmuseumluzern.ch\/wp-content\/uploads\/2024\/02\/hodler-holzfaeller-digital-150x150.jpg 150w, https:\/\/www.kunstmuseumluzern.ch\/wp-content\/uploads\/2024\/02\/hodler-holzfaeller-digital-470x470.jpg 470w, https:\/\/www.kunstmuseumluzern.ch\/wp-content\/uploads\/2024\/02\/hodler-holzfaeller-digital-420x420.jpg 420w, https:\/\/www.kunstmuseumluzern.ch\/wp-content\/uploads\/2024\/02\/hodler-holzfaeller-digital.jpg 1600w, https:&#47;\/&#119;w&#119;&#46;&#x6b;u&#x6e;s&#x74;m&#x75;s&#x65;u&#x6d;l&#x75;z&#x65;r&#x6e;&#46;&#x63;&#104;&#x2f;&#119;&#x70;&#45;&#x63;&#111;&#x6e;&#116;&#x65;&#110;&#x74;&#47;&#x75;&#112;&#x6c;&#111;&#x61;&#100;&#x73;&#47;&#x32;&#48;&#x32;&#52;\/&#48;2&#47;h&#x6f;d&#x6c;e&#x72;-&#x68;o&#x6c;z&#x66;a&#x65;l&#x6c;e&#x72;-&#x64;&#105;&#x67;&#105;&#x74;&#97;&#x6c;&#45;&#x37;&#56;&#x34;&#120;&#x37;&#56;&#x34;&#64;&#x32;&#120;&#x2e;&#106;&#x70;&#103; 1568w, https:&#x2f;&#47;&#x77;&#x77;&#119;&#x2e;&#x6b;&#117;&#x6e;&#x73;&#116;&#x6d;&#x75;s&#x65;&#x75;m&#x6c;&#117;z&#x65;&#114;n&#x2e;&#99;h&#x2f;&#119;p&#x2d;&#99;o&#x6e;&#116;e&#x6e;&#116;\/&#x75;&#112;l&#x6f;&#97;d&#x73;&#47;2&#x30;&#50;&#x34;&#x2f;&#48;&#x32;&#x2f;&#104;&#x6f;&#x64;&#108;&#x65;&#x72;&#45;&#x68;&#x6f;l&#x7a;&#x66;a&#x65;&#108;l&#x65;&#114;-&#x64;&#105;g&#x69;&#116;a&#x6c;&#45;3&#x30;&#48;x&#x33;&#48;0&#x40;&#50;x&#x2e;&#106;p&#x67; 600w, https:&#x2f;&#x2f;&#x77;&#119;&#119;&#46;k&#x75;&#x6e;&#x73;&#x74;&#109;&#117;se&#x75;&#x6d;&#x6c;&#117;&#122;&#101;rn&#x2e;&#x63;&#x68;&#47;&#119;p-&#x63;&#x6f;&#x6e;&#x74;&#101;&#110;t\/&#x75;&#x70;&#x6c;&#111;&#97;&#100;s\/&#x32;&#x30;&#x32;&#52;&#47;02&#x2f;&#x68;&#x6f;&#x64;&#108;&#101;r-&#x68;&#x6f;&#x6c;&#122;&#102;&#97;el&#x6c;&#x65;&#x72;&#45;&#100;&#105;g&#x69;&#x74;&#x61;&#x6c;&#45;&#52;70&#x78;&#x34;&#x37;&#x30;&#64;&#50;x&#46;&#x6a;&#x70;&#x67; 940w, https:&#x2f;&#47;&#119;w&#x77;&#x2e;&#107;u&#x6e;&#x73;&#116;mu&#x73;&#101;&#117;m&#x6c;&#x75;&#122;e&#x72;&#x6e;&#46;&#99;h&#x2f;&#x77;&#112;-&#x63;&#x6f;&#110;t&#x65;&#x6e;&#116;&#47;u&#x70;&#x6c;&#111;a&#x64;&#x73;&#47;2&#x30;&#x32;&#52;&#47;0&#x32;&#x2f;&#104;o&#x64;&#x6c;&#101;r&#x2d;&#x68;&#111;&#108;z&#x66;&#x61;&#101;l&#x6c;&#x65;&#114;-&#x64;&#x69;&#103;&#105;t&#x61;&#x6c;&#45;4&#x32;&#x30;&#120;4&#x32;&#x30;&#64;&#50;x&#x2e;&#x6a;&#112;g 840w\" sizes=\"(max-width: 784px) 100vw, 784px\" \/>    <\/figure>\n\n    <div class=\"wp-block-focus-card__title\">www.hodler2021.ch<\/div>\n\n    <\/a>\n    <a class=\"wp-block-focus-card__link \" href=\"http:\/\/www.turner2019.ch\" target=\"_blank\">\n  \n    <figure class=\"wp-block-focus-card__image\">\n      <img decoding=\"async\" width=\"784\" height=\"784\" src=\"https:\/\/www.kunstmuseumluzern.ch\/wp-content\/uploads\/2024\/02\/turner-2019.digital-784x784.jpg\" class=\"attachment-focus-card size-focus-card\" alt=\"\" srcset=\"https:\/\/www.kunstmuseumluzern.ch\/wp-content\/uploads\/2024\/02\/turner-2019.digital-784x784.jpg 784w, https:&#x2f;&#x2f;&#119;ww&#x2e;&#x6b;&#117;&#110;s&#x74;&#x6d;&#117;&#115;e&#x75;&#x6d;&#x6c;&#117;ze&#x72;&#x6e;&#46;&#99;h&#x2f;&#x77;&#112;&#45;c&#x6f;&#x6e;&#116;&#101;n&#x74;&#x2f;&#x75;&#112;lo&#x61;&#x64;&#115;&#47;2&#x30;&#x32;&#52;&#47;0&#x32;&#x2f;&#116;&#117;r&#x6e;&#x65;&#x72;&#45;20&#x31;&#x39;&#46;&#100;i&#x67;&#x69;&#116;&#97;l&#x2d;&#x31;&#x35;&#48;x&#x31;&#x35;&#x30;&#64;2x&#x2e;&#x6a;&#112;&#103; 300w, https:\/\/www.kunstmuseumluzern.ch\/wp-content\/uploads\/2024\/02\/turner-2019.digital-1024x1024.jpg 1024w, https:\/\/www.kunstmuseumluzern.ch\/wp-content\/uploads\/2024\/02\/turner-2019.digital-150x150.jpg 150w, https:\/\/www.kunstmuseumluzern.ch\/wp-content\/uploads\/2024\/02\/turner-2019.digital-470x470.jpg 470w, https:\/\/www.kunstmuseumluzern.ch\/wp-content\/uploads\/2024\/02\/turner-2019.digital-420x420.jpg 420w, https:\/\/www.kunstmuseumluzern.ch\/wp-content\/uploads\/2024\/02\/turner-2019.digital.jpg 1600w, https:&#x2f;&#x2f;&#x77;&#x77;&#119;&#46;kun&#x73;&#x74;&#x6d;&#x75;&#115;&#101;uml&#x75;&#x7a;&#x65;&#x72;&#110;&#46;&#99;h\/&#x77;&#x70;&#x2d;&#x63;&#111;&#110;&#116;en&#x74;&#x2f;&#x75;&#x70;&#108;&#111;&#97;ds&#x2f;&#x32;&#x30;&#x32;&#52;&#47;&#48;2\/&#x74;&#x75;&#x72;&#x6e;&#101;&#114;&#45;20&#x31;&#x39;&#x2e;&#x64;&#105;&#103;&#105;ta&#x6c;&#x2d;&#x37;&#x38;&#52;&#120;&#55;84&#x40;&#x32;&#x78;&#x2e;&#106;&#112;&#103; 1568w, https:&#x2f;&#47;&#x77;&#119;w&#x2e;&#107;u&#x6e;&#115;&#x74;&#x6d;u&#x73;&#101;u&#x6d;&#108;&#x75;&#x7a;e&#x72;&#110;&#46;&#x63;&#104;\/&#x77;&#112;&#x2d;&#99;o&#x6e;&#116;e&#x6e;&#116;&#x2f;&#x75;p&#x6c;&#111;a&#x64;&#115;&#x2f;&#x32;0&#x32;&#52;\/&#x30;&#50;\/&#x74;&#117;&#x72;&#110;e&#x72;&#45;2&#x30;&#49;&#x39;&#x2e;d&#x69;&#103;i&#x74;&#97;&#x6c;&#x2d;&#51;&#x30;&#48;x&#x33;&#48;0&#x40;&#50;&#x78;&#46;j&#x70;&#103; 600w, https:\/\/w&#119;&#119;&#46;&#x6b;&#x75;&#x6e;&#x73;&#x74;&#x6d;use&#117;&#109;&#108;&#117;&#x7a;&#x65;&#x72;&#x6e;&#x2e;&#x63;h\/w&#112;&#45;&#99;&#x6f;&#x6e;&#x74;&#x65;&#x6e;&#x74;\/up&#108;&#111;&#97;&#100;&#x73;&#x2f;&#x32;&#x30;&#x32;&#x34;\/02&#47;&#116;&#117;&#x72;&#x6e;&#x65;&#x72;&#x2d;&#x32;019&#46;&#100;&#105;&#103;&#x69;&#x74;&#x61;&#x6c;&#x2d;&#x34;70x&#52;&#55;&#48;&#x40;&#x32;&#x78;&#x2e;&#x6a;&#x70;g 940w, https:\/\/www&#46;kunstm&#117;&#115;&#101;&#117;&#109;&#108;&#117;&#122;&#101;&#114;&#110;&#46;&#99;&#104;&#47;&#x77;&#x70;&#x2d;&#x63;&#x6f;&#x6e;&#x74;&#x65;&#x6e;&#x74;&#x2f;&#x75;&#x70;&#x6c;&#x6f;&#x61;&#x64;&#x73;&#x2f;&#x32;&#x30;&#x32;&#x34;\/02\/turner-2&#48;&#49;&#57;&#46;&#100;&#105;&#103;&#105;&#116;&#97;&#108;&#45;&#52;&#50;&#48;&#x78;&#x34;&#x32;&#x30;&#x40;&#x32;&#x78;&#x2e;&#x6a;&#x70;&#x67; 840w\" sizes=\"(max-width: 784px) 100vw, 784px\" \/>    <\/figure>\n\n    <div class=\"wp-block-focus-card__title\">www.turner2019.ch<\/div>\n\n    <\/a>\n  \n<\/div>\n\n\n\n<div style=\"height:120px\" aria-hidden=\"true\" class=\"wp-block-spacer\"><\/div>\n\n\n\n<div class=\"wp-block-nav-links alignwide\">\n\n    <div class=\"wp-block-nav-links__link-wrapper\">\n  \n        <a class=\"wp-block-nav-links__link\" href=\"https:\/\/www.kunstmuseumluzern.ch\/fr\/mediathek\/medias\/\" target=\"_self\">M\u00e9dias<\/a>\n    \n  \n        <a class=\"wp-block-nav-links__link\" href=\"https:\/\/shop.kunstmuseumluzern.ch\/fr\/\" target=\"_blank\">Shop<\/a>\n    \n  \n        <a class=\"wp-block-nav-links__link\" href=\"https:\/\/www.kunstmuseumluzern.ch\/fr\/mediathek\/collection-en-ligne\/\" target=\"_self\">Collection en ligne<\/a>\n    \n    <\/div>\n  \n<\/div>","protected":false},"excerpt":{"rendered":"<p>Le format de m\u00e9diation num\u00e9rique relie texte, image et film. D\u00e9velopp\u00e9 sp\u00e9cialement pour chaque exposition, il donne un aper\u00e7u approfondi des biographies, des images, des histoires de cr\u00e9ation et des th\u00e8mes de soci\u00e9t\u00e9. De cette fa\u00e7on, les sujets complexes sont abord\u00e9s de mani\u00e8re accessible et ludique.<\/p>\n","protected":false},"author":14,"featured_media":0,"parent":102789,"menu_order":3,"comment_status":"closed","ping_status":"closed","template":"","meta":{"_acf_changed":false,"_seopress_robots_primary_cat":"","_seopress_titles_title":"","_seopress_titles_desc":"","_seopress_robots_index":"","inline_featured_image":false,"ghostkit_customizer_options":"","ghostkit_custom_css":"","ghostkit_custom_js_head":"","ghostkit_custom_js_foot":"","ghostkit_typography":"","footnotes":""},"tags":[],"class_list":["post-102791","page","type-page","status-publish","hentry"],"acf":[],"_links":{"self":[{"href":"https:\/\/www.kunstmuseumluzern.ch\/fr\/wp-json\/wp\/v2\/pages\/102791","targetHints":{"allow":["GET"]}}],"collection":[{"href":"https:\/\/www.kunstmuseumluzern.ch\/fr\/wp-json\/wp\/v2\/pages"}],"about":[{"href":"https:\/\/www.kunstmuseumluzern.ch\/fr\/wp-json\/wp\/v2\/types\/page"}],"author":[{"embeddable":true,"href":"https:\/\/www.kunstmuseumluzern.ch\/fr\/wp-json\/wp\/v2\/users\/14"}],"replies":[{"embeddable":true,"href":"https:\/\/www.kunstmuseumluzern.ch\/fr\/wp-json\/wp\/v2\/comments?post=102791"}],"version-history":[{"count":5,"href":"https:\/\/www.kunstmuseumluzern.ch\/fr\/wp-json\/wp\/v2\/pages\/102791\/revisions"}],"predecessor-version":[{"id":112284,"href":"https:\/\/www.kunstmuseumluzern.ch\/fr\/wp-json\/wp\/v2\/pages\/102791\/revisions\/112284"}],"up":[{"embeddable":true,"href":"https:\/\/www.kunstmuseumluzern.ch\/fr\/wp-json\/wp\/v2\/pages\/102789"}],"wp:attachment":[{"href":"https:\/\/www.kunstmuseumluzern.ch\/fr\/wp-json\/wp\/v2\/media?parent=102791"}],"wp:term":[{"taxonomy":"post_tag","embeddable":true,"href":"https:\/\/www.kunstmuseumluzern.ch\/fr\/wp-json\/wp\/v2\/tags?post=102791"}],"curies":[{"name":"wp","href":"https:\/\/api.w.org\/{rel}","templated":true}]}}