{"id":102824,"date":"2023-11-09T10:25:28","date_gmt":"2023-11-09T09:25:28","guid":{"rendered":"https:\/\/www.kunstmuseumluzern.ch\/musee\/sammlung\/"},"modified":"2026-01-06T14:05:02","modified_gmt":"2026-01-06T13:05:02","slug":"sammlung","status":"publish","type":"page","link":"https:\/\/www.kunstmuseumluzern.ch\/fr\/musee\/sammlung\/","title":{"rendered":"Collection"},"content":{"rendered":"\n<div class=\"wp-block-slider alignfull\">\n\n  <div class=\"swiper-container\">\n    <div class=\"swiper-wrapper\">\n\n      \n            <div class=\"swiper-slide\" data-index=\"0\">\n                <div data-caption=\"Kunstmuseum Luzern, Bilderlager, Foto: Marc Latzel\">          <img decoding=\"async\" width=\"2106\" height=\"1400\" src=\"https:\/\/www.kunstmuseumluzern.ch\/wp-content\/uploads\/2024\/02\/kml-bilderlager.jpg\" class=\"attachment-gallery_image size-gallery_image\" alt=\"\" srcset=\"https:\/\/www.kunstmuseumluzern.ch\/wp-content\/uploads\/2024\/02\/kml-bilderlager.jpg 2106w, https:&#x2f;&#x2f;&#x77;&#119;&#119;&#46;ku&#x6e;&#x73;&#x74;&#x6d;&#117;&#115;eu&#x6d;&#x6c;&#x75;&#x7a;&#101;&#114;n&#46;&#x63;&#x68;&#x2f;&#x77;&#112;&#45;&#99;on&#x74;&#x65;&#x6e;&#x74;&#47;&#117;pl&#x6f;&#x61;&#x64;&#x73;&#47;&#50;02&#x34;&#x2f;&#x30;&#x32;&#47;&#107;&#109;l-&#x62;&#x69;&#x6c;&#x64;&#101;&#114;la&#x67;&#x65;&#x72;&#x2d;&#49;&#53;0x&#x31;&#x30;&#x30;&#x40;&#50;&#120;&#46;jp&#x67; 300w, https:\/\/www.kunstmuseumluzern.ch\/wp-content\/uploads\/2024\/02\/kml-bilderlager-1024x681.jpg 1024w, https:\/\/www.kunstmuseumluzern.ch\/wp-content\/uploads\/2024\/02\/kml-bilderlager-150x100.jpg 150w, https:\/\/www.kunstmuseumluzern.ch\/wp-content\/uploads\/2024\/02\/kml-bilderlager-420x279.jpg 420w, https:&#x2f;&#x2f;&#119;w&#x77;&#x2e;&#x6b;&#117;n&#x73;&#x74;&#x6d;&#117;s&#x65;&#x75;&#x6d;&#108;u&#x7a;&#x65;&#x72;&#110;&#46;&#x63;&#x68;&#x2f;&#119;p&#x2d;&#x63;&#x6f;&#110;t&#x65;&#x6e;&#x74;&#47;u&#x70;&#x6c;&#x6f;&#97;d&#x73;&#x2f;&#x32;&#48;2&#x34;&#x2f;&#x30;&#50;\/&#x6b;&#x6d;&#x6c;&#45;b&#x69;&#x6c;&#x64;&#101;r&#x6c;&#x61;&#x67;&#101;r&#x2d;&#x33;&#x30;&#48;x&#x31;&#x39;&#x39;&#64;2&#x78;&#x2e;&#x6a;&#112;g 600w, https:&#x2f;&#x2f;&#x77;&#x77;&#119;&#46;kun&#x73;&#x74;&#x6d;&#x75;&#115;&#101;uml&#x75;&#x7a;&#x65;&#x72;&#110;&#46;&#99;h\/&#x77;&#x70;&#x2d;&#x63;&#111;&#110;&#116;en&#x74;&#x2f;&#x75;&#x70;&#108;&#111;&#97;ds&#x2f;&#x32;&#x30;&#x32;&#52;&#47;&#48;2\/&#x6b;&#x6d;&#x6c;&#x2d;&#98;&#105;&#108;de&#x72;&#x6c;&#x61;&#x67;&#101;&#114;&#45;10&#x32;&#x34;&#x78;&#x36;&#56;&#49;&#64;2x&#x2e;&#x6a;&#x70;&#x67; 2048w, https:\/\/www&#46;ku&#110;&#115;&#116;&#109;&#117;&#115;&#101;&#117;&#109;&#108;&#x75;&#x7a;&#x65;&#x72;&#x6e;&#x2e;&#x63;&#x68;&#x2f;&#x77;&#x70;&#x2d;&#x63;&#x6f;&#x6e;tent\/upl&#111;&#97;&#100;&#115;&#47;&#50;&#48;&#50;&#52;&#47;&#x30;&#x32;&#x2f;&#x6b;&#x6d;&#x6c;&#x2d;&#x62;&#x69;&#x6c;&#x64;&#x65;&#x72;&#x6c;&#x61;ger-420x&#50;&#55;&#57;&#64;&#50;&#120;&#46;&#106;&#112;&#103; 840w\" sizes=\"(max-width: 2106px) 100vw, 2106px\" \/>        <\/div>        \n        \n              <\/div>\n                    <div class=\"swiper-slide\" data-index=\"1\">\n                <div data-caption=\"Aufbau Werden und Vergehen. Zustandsberichte aus der Sammlung, 2021, Foto: Marc Latzel\">          <img decoding=\"async\" width=\"2100\" height=\"1400\" src=\"https:\/\/www.kunstmuseumluzern.ch\/wp-content\/uploads\/2024\/02\/kml-sammlungsausstellung-2021-aufbau.jpg\" class=\"attachment-gallery_image size-gallery_image\" alt=\"\" srcset=\"https:\/\/www.kunstmuseumluzern.ch\/wp-content\/uploads\/2024\/02\/kml-sammlungsausstellung-2021-aufbau.jpg 2100w, https:&#47;&#x2f;&#119;&#x77;w&#x2e;k&#117;&#x6e;&#115;&#x74;&#109;&#x75;s&#x65;u&#109;&#x6c;&#117;&#x7a;e&#x72;n&#x2e;&#x63;&#104;&#x2f;&#119;&#x70;-&#x63;o&#110;&#x74;&#101;&#x6e;&#116;&#x2f;u&#x70;l&#111;&#x61;&#100;&#x73;\/&#x32;0&#x32;&#x34;&#47;&#x30;&#50;&#x2f;k&#x6d;l&#45;&#x73;&#97;&#x6d;&#109;&#x6c;u&#x6e;g&#115;&#x61;&#117;&#x73;s&#x74;e&#x6c;&#x6c;&#117;&#x6e;&#103;&#x2d;2&#x30;2&#49;&#x2d;&#97;&#x75;&#102;&#x62;a&#x75;-&#49;&#x35;&#48;&#x78;1&#x30;0&#x40;&#x32;&#120;&#x2e;&#106;&#x70;g 300w, https:\/\/www.kunstmuseumluzern.ch\/wp-content\/uploads\/2024\/02\/kml-sammlungsausstellung-2021-aufbau-1024x683.jpg 1024w, https:\/\/www.kunstmuseumluzern.ch\/wp-content\/uploads\/2024\/02\/kml-sammlungsausstellung-2021-aufbau-150x100.jpg 150w, https:\/\/www.kunstmuseumluzern.ch\/wp-content\/uploads\/2024\/02\/kml-sammlungsausstellung-2021-aufbau-420x280.jpg 420w, https:&#47;&#x2f;w&#119;&#x77;&#46;&#107;&#x75;n&#x73;&#x74;&#109;&#x75;s&#101;&#x75;m&#108;&#x75;z&#x65;&#x72;&#110;&#x2e;&#x63;&#104;&#x2f;w&#112;&#x2d;c&#111;&#x6e;t&#x65;&#x6e;&#116;&#x2f;u&#112;&#x6c;o&#97;&#x64;s&#x2f;&#x32;&#48;&#x32;&#x34;&#47;&#x30;2&#47;&#x6b;m&#108;&#x2d;s&#x61;&#x6d;&#109;&#x6c;u&#110;&#x67;s&#97;&#x75;s&#x73;&#x74;&#101;&#x6c;&#x6c;&#117;&#x6e;g&#45;&#x32;0&#50;&#x31;-&#x61;&#x75;&#102;&#x62;a&#117;&#x2d;3&#48;&#x30;x&#x32;&#x30;&#48;&#x40;&#x32;&#120;&#x2e;j&#112;&#x67; 600w, https:&#x2f;&#x2f;&#x77;&#x77;&#119;&#46;&#107;un&#x73;&#x74;&#x6d;&#x75;&#x73;&#101;&#117;&#109;lu&#x7a;&#x65;&#x72;&#x6e;&#x2e;&#99;&#104;&#47;wp&#x2d;&#x63;&#x6f;&#x6e;&#x74;&#101;&#110;&#116;\/u&#x70;&#x6c;&#x6f;&#x61;&#x64;&#115;&#47;&#50;02&#x34;&#x2f;&#x30;&#x32;&#x2f;&#107;&#109;&#108;-s&#x61;&#x6d;&#x6d;&#x6c;&#x75;&#110;&#103;&#115;au&#x73;&#x73;&#x74;&#x65;&#x6c;&#108;&#117;&#110;g-&#x32;&#x30;&#x32;&#x31;&#x2d;&#97;&#117;&#102;ba&#x75;&#x2d;&#x31;&#x30;&#x32;&#52;&#120;&#54;83&#x40;&#x32;&#x78;&#x2e;&#x6a;&#112;&#103; 2048w, https:&#47;&#x2f;&#119;&#x77;&#119;&#x2e;&#107;&#x75;&#110;&#x73;&#116;&#x6d;&#117;&#x73;&#101;&#x75;&#109;&#x6c;&#117;&#x7a;&#101;&#x72;&#110;&#x2e;&#99;&#x68;\/&#x77;p&#x2d;c&#x6f;n&#x74;e&#x6e;t&#x2f;u&#x70;l&#x6f;a&#x64;s&#47;2&#48;2&#52;&#x2f;&#48;&#x32;&#47;&#x6b;&#109;&#x6c;&#45;&#x73;&#97;&#x6d;&#109;&#x6c;&#117;&#x6e;&#103;&#x73;&#97;&#x75;&#115;&#x73;&#116;&#x65;&#108;&#x6c;u&#x6e;g&#x2d;2&#x30;2&#x31;-&#x61;u&#x66;b&#x61;u&#x2d;4&#x32;0&#120;2&#56;0&#64;&#x32;&#120;&#x2e;&#106;&#x70;&#103; 840w\" sizes=\"(max-width: 2100px) 100vw, 2100px\" \/>        <\/div>        \n        \n              <\/div>\n                    <div class=\"swiper-slide\" data-index=\"2\">\n                <div data-caption=\"Ausstellungsansicht ABC der Bilder. Die Sammlung lesen, 2023, Foto: Marc Latzel\">          <img decoding=\"async\" width=\"1750\" height=\"1400\" src=\"https:\/\/www.kunstmuseumluzern.ch\/wp-content\/uploads\/2024\/02\/kml-sammlungsausstellung-2023.jpg\" class=\"attachment-gallery_image size-gallery_image\" alt=\"\" srcset=\"https:\/\/www.kunstmuseumluzern.ch\/wp-content\/uploads\/2024\/02\/kml-sammlungsausstellung-2023.jpg 1750w, https:&#47;&#x2f;&#x77;w&#119;&#x2e;&#x6b;u&#110;&#x73;t&#109;&#x75;&#x73;e&#117;&#x6d;l&#117;&#x7a;&#x65;r&#110;&#x2e;&#x63;&#104;&#x2f;&#x77;p&#45;&#x63;&#x6f;n&#116;&#x65;n&#116;&#x2f;&#x75;p&#108;&#x6f;a&#100;&#x73;&#x2f;2&#48;&#x32;&#x34;&#47;&#x30;&#x32;\/&#107;&#x6d;&#x6c;-&#115;&#x61;m&#109;&#x6c;&#x75;n&#103;&#x73;a&#117;&#x73;&#x73;t&#101;&#x6c;&#x6c;&#117;&#x6e;&#x67;-&#50;&#x30;&#x32;3&#45;&#x31;5&#48;&#x78;&#x31;2&#48;&#x40;2&#120;&#x2e;&#x6a;p&#103; 300w, https:\/\/www.kunstmuseumluzern.ch\/wp-content\/uploads\/2024\/02\/kml-sammlungsausstellung-2023-1024x819.jpg 1024w, https:\/\/www.kunstmuseumluzern.ch\/wp-content\/uploads\/2024\/02\/kml-sammlungsausstellung-2023-150x120.jpg 150w, https:\/\/www.kunstmuseumluzern.ch\/wp-content\/uploads\/2024\/02\/kml-sammlungsausstellung-2023-420x336.jpg 420w, https:&#47;&#47;&#x77;&#x77;&#119;&#46;&#x6b;&#x75;&#110;&#115;&#x74;&#x6d;&#117;&#115;&#x65;&#x75;&#109;&#108;&#x75;&#x7a;&#101;&#114;&#x6e;&#x2e;&#99;&#104;&#x2f;&#x77;&#112;&#45;&#x63;&#x6f;&#110;&#116;&#x65;&#x6e;&#116;&#47;&#x75;&#x70;&#108;&#111;&#x61;&#x64;&#115;&#47;&#x32;&#x30;&#50;&#52;&#x2f;&#x30;&#50;&#47;&#x6b;&#x6d;&#108;&#45;&#x73;&#x61;&#109;&#109;&#x6c;&#x75;&#110;&#103;&#x73;&#x61;&#117;&#115;&#x73;&#x74;&#101;&#108;&#x6c;&#x75;&#110;&#103;&#x2d;&#x32;&#48;&#50;&#x33;&#x2d;&#51;&#48;&#x30;&#x78;&#50;&#52;&#x30;&#x40;&#50;&#120;&#x2e;&#x6a;&#112;&#103; 600w, https:&#x2f;\/&#x77;&#119;w&#x2e;&#107;&#x75;&#x6e;s&#x74;&#109;u&#x73;&#101;&#x75;&#109;l&#x75;&#122;e&#x72;&#110;&#x2e;&#99;h&#x2f;&#119;&#x70;&#x2d;c&#x6f;&#110;t&#x65;&#110;&#x74;&#x2f;u&#x70;&#108;o&#x61;&#100;&#x73;&#47;2&#x30;&#50;&#x34;&#x2f;0&#x32;&#47;k&#x6d;&#108;&#x2d;&#x73;a&#x6d;&#109;l&#x75;&#110;&#x67;&#115;a&#x75;&#115;s&#x74;&#101;&#x6c;&#108;u&#x6e;&#103;&#x2d;&#x32;0&#x32;&#51;-&#x34;&#50;&#x30;&#x78;3&#x33;&#54;&#64;&#x32;&#120;&#x2e;&#106;p&#x67; 840w\" sizes=\"(max-width: 1750px) 100vw, 1750px\" \/>        <\/div>        \n        \n              <\/div>\n                    <div class=\"swiper-slide\" data-index=\"3\">\n                <div data-caption=\"Ausstellungsansicht ABC der Bilder. Die Sammlung lesen, 2023, Foto: Marc Latzel\">          <img decoding=\"async\" width=\"2100\" height=\"1400\" src=\"https:\/\/www.kunstmuseumluzern.ch\/wp-content\/uploads\/2024\/02\/kml-sammlungsausstellung-2023-1.jpg\" class=\"attachment-gallery_image size-gallery_image\" alt=\"\" srcset=\"https:\/\/www.kunstmuseumluzern.ch\/wp-content\/uploads\/2024\/02\/kml-sammlungsausstellung-2023-1.jpg 2100w, https:&#47;&#x2f;w&#119;&#x77;&#46;&#107;&#x75;n&#115;&#x74;m&#117;&#x73;&#101;&#x75;&#x6d;&#108;&#x75;&#x7a;&#101;&#x72;n&#46;&#x63;h&#47;&#x77;p&#45;&#x63;o&#110;&#x74;&#101;&#x6e;&#x74;&#47;&#x75;&#x70;&#108;&#x6f;a&#100;&#x73;\/&#50;&#x30;2&#52;&#x2f;0&#50;&#x2f;&#107;&#x6d;&#x6c;&#45;&#x73;&#x61;&#109;&#x6d;l&#117;&#x6e;g&#115;&#x61;u&#115;&#x73;t&#101;&#x6c;&#108;&#x75;&#x6e;&#103;&#x2d;&#x32;&#48;&#x32;3&#45;&#x31;-&#49;&#x35;0&#120;&#x31;0&#48;&#x40;&#50;&#x78;&#x2e;&#106;&#x70;&#x67; 300w, https:\/\/www.kunstmuseumluzern.ch\/wp-content\/uploads\/2024\/02\/kml-sammlungsausstellung-2023-1-1024x683.jpg 1024w, https:\/\/www.kunstmuseumluzern.ch\/wp-content\/uploads\/2024\/02\/kml-sammlungsausstellung-2023-1-150x100.jpg 150w, https:\/\/www.kunstmuseumluzern.ch\/wp-content\/uploads\/2024\/02\/kml-sammlungsausstellung-2023-1-420x280.jpg 420w, https:\/\/www&#46;ku&#110;&#115;&#116;&#109;&#117;&#115;&#101;&#117;&#109;&#108;&#x75;&#x7a;&#x65;&#x72;&#x6e;&#x2e;&#x63;&#x68;&#x2f;&#x77;&#x70;&#x2d;&#x63;&#x6f;&#x6e;tent\/upl&#111;&#97;&#100;&#115;&#47;&#50;&#48;&#50;&#52;&#47;&#x30;&#x32;&#x2f;&#x6b;&#x6d;&#x6c;&#x2d;&#x73;&#x61;&#x6d;&#x6d;&#x6c;&#x75;&#x6e;&#x67;sausstel&#108;&#117;&#110;&#103;&#45;&#50;&#48;&#50;&#51;&#45;&#49;&#x2d;&#x33;&#x30;&#x30;&#x78;&#x32;&#x30;&#x30;&#x40;&#x32;&#x78;&#x2e;&#x6a;&#x70;&#x67; 600w, https:&#x2f;&#47;w&#x77;&#x77;&#46;k&#x75;&#110;s&#x74;&#x6d;&#117;s&#x65;&#117;m&#x6c;&#x75;&#122;e&#x72;&#x6e;&#46;&#x63;&#x68;&#47;w&#x70;&#x2d;&#99;o&#x6e;&#116;e&#x6e;&#x74;&#47;u&#x70;&#108;o&#x61;&#x64;&#115;\/&#x32;&#x30;&#50;&#x34;&#x2f;&#48;2&#x2f;&#x6b;&#109;l&#x2d;&#115;a&#x6d;&#x6d;&#108;u&#x6e;&#103;s&#x61;&#x75;&#115;s&#x74;&#x65;&#108;&#x6c;&#x75;&#110;g&#x2d;&#x32;&#48;2&#x33;&#45;1&#x2d;&#x31;&#48;2&#x34;&#120;6&#x38;&#x33;&#64;2&#x78;&#x2e;&#106;&#x70;&#x67; 2048w, https:&#x2f;&#x2f;&#x77;&#x77;&#x77;&#46;&#107;&#117;&#110;stm&#x75;&#x73;&#x65;&#x75;&#x6d;&#x6c;&#117;&#122;&#101;rn&#46;&#x63;&#x68;&#x2f;&#x77;&#x70;&#x2d;&#99;&#111;&#110;&#116;ent&#x2f;&#x75;&#x70;&#x6c;&#x6f;&#x61;&#100;&#115;&#47;202&#x34;&#x2f;&#x30;&#x32;&#x2f;&#x6b;&#109;&#108;&#45;&#115;amm&#x6c;&#x75;&#x6e;&#x67;&#x73;&#x61;&#117;&#115;&#115;tel&#x6c;&#x75;&#x6e;&#x67;&#x2d;&#x32;&#48;&#50;&#51;&#45;1-4&#x32;&#x30;&#x78;&#x32;&#x38;&#x30;&#64;&#50;&#120;&#46;jp&#x67; 840w\" sizes=\"(max-width: 2100px) 100vw, 2100px\" \/>        <\/div>        \n        \n              <\/div>\n                    <div class=\"swiper-slide\" data-index=\"4\">\n                <div data-caption=\"Joseph Kosuth, Four Adjectives Described, 1965, Ausstellungsansicht Werden und Vergehen. Zustandsberichte aus der Sammlung, 2021, Foto: Marc Latzel\">          <img decoding=\"async\" width=\"2100\" height=\"1400\" src=\"https:\/\/www.kunstmuseumluzern.ch\/wp-content\/uploads\/2024\/02\/kml-sammlung-kosuth-2021.jpg\" class=\"attachment-gallery_image size-gallery_image\" alt=\"\" srcset=\"https:\/\/www.kunstmuseumluzern.ch\/wp-content\/uploads\/2024\/02\/kml-sammlung-kosuth-2021.jpg 2100w, https:\/&#47;&#x77;&#x77;&#x77;&#46;&#107;&#117;&#x6e;&#x73;t&#109;&#117;&#x73;&#x65;um&#108;&#x75;&#x7a;&#x65;r&#110;&#x2e;&#x63;&#x68;\/&#119;&#112;&#x2d;&#x63;o&#110;&#116;&#x65;&#x6e;t\/&#117;&#x70;&#x6c;&#x6f;a&#100;&#115;&#x2f;&#x32;0&#50;&#52;&#x2f;&#x30;2&#47;&#107;&#x6d;&#x6c;-s&#97;&#x6d;&#x6d;&#x6c;u&#110;&#103;&#x2d;&#x6b;o&#115;&#117;&#x74;&#x68;-&#50;&#48;&#x32;&#x31;-1&#53;&#x30;&#x78;&#x31;0&#48;&#64;&#x32;&#x78;&#46;&#106;&#112;&#x67; 300w, https:\/\/www.kunstmuseumluzern.ch\/wp-content\/uploads\/2024\/02\/kml-sammlung-kosuth-2021-1024x683.jpg 1024w, https:\/\/www.kunstmuseumluzern.ch\/wp-content\/uploads\/2024\/02\/kml-sammlung-kosuth-2021-150x100.jpg 150w, https:\/\/www.kunstmuseumluzern.ch\/wp-content\/uploads\/2024\/02\/kml-sammlung-kosuth-2021-420x280.jpg 420w, https:\/\/www&#46;&#107;&#117;&#110;&#115;&#116;&#109;&#117;&#x73;&#x65;&#x75;&#x6d;&#x6c;&#x75;&#x7a;&#x65;&#x72;&#x6e;&#x2e;&#x63;h\/wp-c&#111;&#110;&#116;&#101;&#110;&#116;&#47;&#x75;&#x70;&#x6c;&#x6f;&#x61;&#x64;&#x73;&#x2f;&#x32;&#x30;&#x32;&#x34;\/02\/km&#108;&#45;&#115;&#97;&#109;&#109;&#108;&#x75;&#x6e;&#x67;&#x2d;&#x6b;&#x6f;&#x73;&#x75;&#x74;&#x68;&#x2d;&#x32;021-30&#48;&#120;&#50;&#48;&#48;&#64;&#50;&#x78;&#x2e;&#x6a;&#x70;&#x67; 600w, https:\/&#47;&#x77;&#x77;&#x77;&#46;&#107;&#117;&#x6e;&#x73;t&#109;&#117;&#x73;&#x65;um&#108;&#x75;&#x7a;&#x65;r&#110;&#x2e;&#x63;&#x68;\/&#119;&#112;&#x2d;&#x63;o&#110;&#116;&#x65;&#x6e;t\/&#117;&#x70;&#x6c;&#x6f;a&#100;&#115;&#x2f;&#x32;0&#50;&#52;&#x2f;&#x30;2&#47;&#107;&#x6d;&#x6c;-s&#97;&#x6d;&#x6d;&#x6c;u&#110;&#103;&#x2d;&#x6b;o&#115;&#117;&#x74;&#x68;-&#50;&#48;&#x32;&#x31;-1&#48;&#x32;&#x34;&#x78;6&#56;&#51;&#x40;&#x32;x&#46;&#106;&#x70;&#x67; 2048w, https:\/&#47;&#x77;&#x77;w&#46;&#x6b;&#x75;n&#115;&#x74;&#x6d;u&#115;&#x65;&#x75;m&#108;&#x75;&#x7a;e&#114;&#110;&#x2e;&#x63;h&#47;&#x77;&#x70;-&#99;&#x6f;&#x6e;t&#101;&#x6e;&#x74;\/&#117;&#x70;&#x6c;o&#97;&#x64;&#x73;\/&#50;&#48;&#x32;&#x34;\/&#48;&#x32;&#x2f;k&#109;&#x6c;&#x2d;s&#97;&#x6d;&#x6d;l&#117;&#x6e;&#x67;-&#107;&#x6f;&#x73;u&#116;&#104;&#x2d;&#x32;0&#50;&#x31;&#x2d;4&#50;&#x30;&#x78;2&#56;&#x30;&#x40;2&#120;&#x2e;&#x6a;p&#103; 840w\" sizes=\"(max-width: 2100px) 100vw, 2100px\" \/>        <\/div>        \n        \n              <\/div>\n                    <div class=\"swiper-slide\" data-index=\"5\">\n                <div data-caption=\"Ausstellungsansicht Durch Raum und Zeit. K\u00fcnstlerische Universen aus der Sammlung, 2022, mit Werken von Stefan Banz, Foto: Marc Latzel\">          <img decoding=\"async\" width=\"2097\" height=\"1400\" src=\"https:\/\/www.kunstmuseumluzern.ch\/wp-content\/uploads\/2024\/02\/kml-sammlung-banz-2022-2.jpg\" class=\"attachment-gallery_image size-gallery_image\" alt=\"\" srcset=\"https:\/\/www.kunstmuseumluzern.ch\/wp-content\/uploads\/2024\/02\/kml-sammlung-banz-2022-2.jpg 2097w, https:&#47;\/&#x77;w&#x77;&#46;&#x6b;&#117;&#x6e;&#115;&#x74;&#109;u&#x73;e&#x75;m&#x6c;&#117;&#x7a;&#101;&#x72;&#110;&#x2e;&#99;h&#x2f;w&#x70;-&#x63;&#111;&#x6e;&#116;&#x65;&#110;&#x74;&#47;u&#x70;l&#x6f;a&#x64;&#115;&#x2f;&#50;&#x30;&#50;&#x34;&#47;0&#x32;\/&#x6b;m&#x6c;&#45;&#x73;&#97;&#x6d;&#109;l&#x75;n&#x67;-&#x62;&#97;&#x6e;&#122;&#x2d;&#50;&#x30;&#50;2&#x2d;2&#x2d;1&#x35;&#48;&#x78;&#49;&#x30;&#48;&#x40;&#50;x&#x2e;j&#x70;g 300w, https:\/\/www.kunstmuseumluzern.ch\/wp-content\/uploads\/2024\/02\/kml-sammlung-banz-2022-2-1024x684.jpg 1024w, https:\/\/www.kunstmuseumluzern.ch\/wp-content\/uploads\/2024\/02\/kml-sammlung-banz-2022-2-150x100.jpg 150w, https:\/\/www.kunstmuseumluzern.ch\/wp-content\/uploads\/2024\/02\/kml-sammlung-banz-2022-2-420x280.jpg 420w, https:\/&#47;&#x77;&#x77;&#x77;&#46;&#107;&#x75;&#x6e;&#x73;t&#109;&#x75;&#x73;&#x65;u&#109;&#x6c;&#x75;&#x7a;e&#114;&#x6e;&#x2e;&#x63;h&#47;&#x77;&#x70;&#x2d;c&#111;&#x6e;&#x74;&#x65;n&#116;&#x2f;&#x75;&#x70;l&#111;&#x61;&#x64;&#x73;\/&#50;&#x30;&#x32;&#x34;\/&#48;&#x32;&#x2f;&#x6b;m&#108;&#x2d;&#x73;&#x61;m&#109;&#x6c;&#x75;&#x6e;g&#45;&#x62;&#x61;&#x6e;z&#45;&#x32;&#x30;&#x32;2&#45;&#x32;&#x2d;&#x33;0&#48;&#x78;&#x32;&#x30;0&#64;&#x32;&#x78;&#x2e;j&#112;&#x67; 600w, https:&#x2f;&#47;&#x77;&#x77;&#119;&#x2e;&#107;u&#x6e;&#115;t&#x6d;&#117;s&#x65;&#117;m&#x6c;&#117;&#x7a;&#x65;&#114;&#x6e;&#x2e;&#99;&#x68;&#47;w&#x70;&#45;c&#x6f;&#110;t&#x65;&#110;t&#x2f;&#117;&#x70;&#x6c;&#111;&#x61;&#x64;&#115;&#x2f;&#50;0&#x32;&#52;\/&#x30;&#50;\/&#x6b;&#109;l&#x2d;&#115;&#x61;&#x6d;&#109;&#x6c;&#x75;&#110;&#x67;&#45;b&#x61;&#110;z&#x2d;&#50;0&#x32;&#50;-&#x32;&#45;&#x31;&#x30;&#50;&#x34;&#x78;&#54;&#x38;&#52;&#64;&#x32;&#120;&#46;&#x6a;&#112;g 2048w, https:\/\/&#119;&#119;&#x77;&#x2e;&#x6b;&#x75;ns&#116;&#109;&#x75;&#x73;&#x65;&#x75;ml&#117;&#122;&#101;&#x72;&#x6e;&#x2e;&#x63;h\/&#119;&#112;&#x2d;&#x63;&#x6f;&#x6e;te&#110;&#116;&#x2f;&#x75;&#x70;&#x6c;oa&#100;&#115;&#47;&#x32;&#x30;&#x32;&#x34;\/0&#50;&#47;&#x6b;&#x6d;&#x6c;&#x2d;sa&#109;&#109;&#x6c;&#x75;&#x6e;&#x67;-b&#97;&#110;&#122;&#x2d;&#x32;&#x30;&#x32;2-&#50;&#45;&#x34;&#x32;&#x30;&#x78;28&#48;&#64;&#x32;&#x78;&#x2e;&#x6a;pg 840w\" sizes=\"(max-width: 2097px) 100vw, 2097px\" \/>        <\/div>        \n        \n              <\/div>\n              \n    <\/div>\n\n    <div class=\"swiper-button-prev\"><\/div>\n    <div class=\"swiper-button-next\"><\/div>\n    <div class=\"swiper-pagination\"><\/div>\n    <div class=\"swiper-caption\"><\/div>\n  <\/div>\n\n<\/div>\n\n\n\n<div style=\"height:60px\" aria-hidden=\"true\" class=\"wp-block-spacer\"><\/div>\n\n\n\n<p>La pr\u00e9sentation annuelle de la collection s\u2019articule autour de sujets qui pr\u00e9sentent un int\u00e9r\u00eat artistique ou social \u00e9vident&nbsp;: la litt\u00e9racie visuelle, l\u2019\u00e9ph\u00e9m\u00e8re, l\u2019imitation ou encore la provenance, qui concerne les origines et les modes d\u2019acquisition des \u0153uvres d\u2019art.<\/p>\n\n\n\n<p>La majeure partie de la collection&nbsp;est consacr\u00e9e \u00e0 l\u2019art suisse. Elle comprend des tableaux baroques de Kaspar Meglinger et Franz Ludwig Raufft et un important ensemble de portraits d\u2019artistes du XVIII<sup>e<\/sup> si\u00e8cle tels que Johann Melchior Wyrsch, Felix Maria Diogg, Anton Graff et Josef Reinhard. Elle met par ailleurs l\u2019accent sur la peinture suisse du XIX<sup>e<\/sup> si\u00e8cle, en particulier les paysages, \u00e0 l\u2019exemple des travaux d\u2019Alexandre Calame et de Robert Z\u00fcnd. Des groupes d\u2019\u0153uvres de Ferdinand Hodler, Hans Emmenegger et Felix Vallotton font partie des \u0153uvres phares du d\u00e9but du XX<sup>e<\/sup> si\u00e8cle. Avec la donation Dr Walter et Alice Minnich, d\u2019importantes peintures de Maurice de Vlaminck, Cha\u00efm Soutine et Max Pechstein sont entr\u00e9es en possession du Kunstmuseum en 1937. Les ann\u00e9es 1970 sont bien repr\u00e9sent\u00e9es dans la collection avec des artistes de Suisse centrale actifs\u00b7ves au niveau international comme Andr\u00e9 Thomkins, Urs L\u00fcthi, Aldo Walker ou R\u00e9my Markowitsch et des artistes de renomm\u00e9e mondiale comme Paul Thek, Michael Buthe, Ana Mendieta et Giuseppe Penone. La collection refl\u00e8te ainsi la programmation internationale et contemporaine du mus\u00e9e. Elle est sans cesse compl\u00e9t\u00e9e pour t\u00e9moigner des \u00e9volutions r\u00e9centes, \u00e0 l\u2019image des \u0153uvres de Jeff Wall, Sharon Lockhart ou de la laur\u00e9ate du Turner Prize Laure Prouvost.<\/p>\n\n\n\n<p>La fondation BEST Art Collection Luzern permet l&rsquo;achat d&rsquo;\u0153uvres cl\u00e9s depuis 1933. Des partenariats existent avec la Fondation Gottfried Keller, l&rsquo;Office f\u00e9d\u00e9ral de la culture ainsi que d&rsquo;autres cantons, fondations et particuliers.<\/p>\n\n\n\n<p>Le stock de la collection est prot\u00e9g\u00e9 mat\u00e9riellement et conservatoire dans le respect des normes mus\u00e9ales internationales (ICOM International Council of Museums).<\/p>\n\n\n\n<div style=\"height:48px\" aria-hidden=\"true\" class=\"wp-block-spacer\"><\/div>\n\n\n\n<h2 class=\"wp-block-heading\" id=\"les-grands-axes-de-la-collection\" id=\"les-grands-axes-de-la-collection\">Les grands axes de la collection<\/h2>\n\n\n\n<p>La collection du Kunstmuseum entend refl\u00e9ter l\u2019histoire et l\u2019actualit\u00e9 de l\u2019institution tout en t\u00e9moignant de son implantation locale. Il en r\u00e9sulte quatre grands axes de collection :<\/p>\n\n\n\n<ol class=\"wp-block-list\">\n<li class=\"has-simplon-bp-font-family has-small-font-size\">\u0153uvres historiques en rapport avec la Suisse centrale&nbsp;;<\/li>\n\n\n\n<li class=\"has-simplon-bp-font-family has-small-font-size\">art des ann\u00e9es 1970&nbsp;;<\/li>\n\n\n\n<li class=\"has-simplon-bp-font-family has-small-font-size\">\u0153uvres contemporaines d\u2019artistes de Suisse centrale d\u2019importance nationale ou internationale, par lesquelles le Kunstmuseum Luzern souhaite contribuer \u00e0 l\u2019identit\u00e9 du territoire&nbsp;;<\/li>\n\n\n\n<li class=\"has-simplon-bp-font-family has-small-font-size\">acquisitions qui documentent l\u2019actualit\u00e9 de l\u2019art et permettent au mus\u00e9e de conserver des traces de ses propres expositions.<\/li>\n<\/ol>\n\n\n\n<div style=\"height:120px\" aria-hidden=\"true\" class=\"wp-block-spacer\"><\/div>\n\n\n\n<h2 class=\"wp-block-heading has-text-align-center\" id=\"plus-d-information\" id=\"plus-dinformation\">Plus d&rsquo;information<\/h2>\n\n\n\n<div class=\"wp-block-columns alignwide no-gap is-layout-flex wp-container-core-columns-is-layout-28f84493 wp-block-columns-is-layout-flex\">\n<div class=\"wp-block-column is-layout-flow wp-block-column-is-layout-flow\">\n<div class=\"wp-block-pb-accordion-item c-accordion__item js-accordion-item no-js\" data-initially-open=\"false\" data-click-to-close=\"true\" data-auto-close=\"true\" data-scroll=\"false\" data-scroll-offset=\"0\"><h2 id=\"at-1028240\" class=\"c-accordion__title js-accordion-controller\" role=\"button\" id=\"contact\">Contact<\/h2><div id=\"ac-1028240\" class=\"c-accordion__content\">\n<p><strong><strong>Conservatrice de la collection<\/strong><br><\/strong><a href=\"mailto: &#x61;l&#x65;&#120;a&#x6e;&#100;&#x72;&#97;&#46;&#x62;&#108;&#x61;&#101;t&#x74;&#108;&#x65;&#x72;&#64;&#x6b;&#117;n&#x73;&#116;&#x6d;&#117;s&#x65;&#117;&#x6d;&#108;u&#x7a;&#101;&#x72;&#x6e;&#46;&#x63;&#104;\">Alexandra Bl\u00e4ttler<\/a>, +41 41 226 78 93 (mar-jeu)<\/p>\n<\/div><\/div>\n<\/div>\n\n\n\n<div class=\"wp-block-column is-layout-flow wp-block-column-is-layout-flow\">\n<div class=\"wp-block-pb-accordion-item c-accordion__item js-accordion-item no-js\" data-initially-open=\"false\" data-click-to-close=\"true\" data-auto-close=\"true\" data-scroll=\"false\" data-scroll-offset=\"0\"><h2 id=\"at-1028241\" class=\"c-accordion__title js-accordion-controller\" role=\"button\" id=\"comite-dacquisition\">Comit\u00e9 d\u2019acquisition<\/h2><div id=\"ac-1028241\" class=\"c-accordion__content\">\n<p>Alexandra Bl\u00e4ttler, Kunstmuseum Luzern<br>Judith Albert, Kunstgesellschaft Luzern<br>Martin Ege, Stiftung BEST Art Collection Luzern<br>Fanni Fetzer, Kunstmuseum Luzern<br>Beat L\u00fctolf, Kunstgesellschaft Luzern<\/p>\n<\/div><\/div>\n<\/div>\n<\/div>\n\n\n\n<div style=\"height:40px\" aria-hidden=\"true\" class=\"wp-block-spacer\"><\/div>\n\n\n\n<div class=\"wp-block-buttons is-content-justification-center is-layout-flex wp-container-core-buttons-is-layout-a89b3969 wp-block-buttons-is-layout-flex\">\n<div class=\"wp-block-button is-style-download\"><a class=\"wp-block-button__link wp-element-button\" href=\"https:\/\/www.kunstmuseumluzern.ch\/wp-content\/uploads\/2018\/06\/kunstmuseum-luzern-leitbild-sammlung.pdf\" target=\"_blank\" rel=\"noreferrer noopener\">Charte de la collection (Allemand)<\/a><\/div>\n<\/div>\n\n\n\n<div style=\"height:120px\" aria-hidden=\"true\" class=\"wp-block-spacer\"><\/div>\n\n\n\n<div class=\"wp-block-focus-card alignwide\">\n\n    <a class=\"wp-block-focus-card__link  focus-block\" href=\"https:\/\/www.kunstmuseumluzern.ch\/fr\/musee\/sammlung\/provenienzforschung-am-kunstmuseum-luzern\/\" target=\"_self\">\n  \n    <figure class=\"wp-block-focus-card__image\">\n      <img decoding=\"async\" width=\"784\" height=\"784\" src=\"https:\/\/www.kunstmuseumluzern.ch\/wp-content\/uploads\/2024\/08\/provenienz-sammlung-2024-57-q-784x784.jpg\" class=\"attachment-focus-card size-focus-card\" alt=\"\" srcset=\"https:\/\/www.kunstmuseumluzern.ch\/wp-content\/uploads\/2024\/08\/provenienz-sammlung-2024-57-q-784x784.jpg 784w, https:&#x2f;&#x2f;&#119;ww&#x2e;&#x6b;&#117;&#110;s&#x74;&#x6d;&#117;&#115;e&#x75;&#x6d;&#x6c;&#117;ze&#x72;&#x6e;&#46;&#99;h&#x2f;&#x77;&#112;&#45;c&#x6f;&#x6e;&#116;&#101;n&#x74;&#x2f;&#x75;&#112;lo&#x61;&#x64;&#115;&#47;2&#x30;&#x32;&#52;&#47;0&#x38;&#x2f;&#112;&#114;o&#x76;&#x65;&#x6e;&#105;en&#x7a;&#x2d;&#115;&#97;m&#x6d;&#x6c;&#117;&#110;g&#x2d;&#x32;&#x30;&#50;4&#x2d;&#x35;&#x37;&#45;q-&#x31;&#x35;&#48;&#120;1&#x35;&#x30;&#64;&#50;x&#x2e;&#x6a;&#x70;&#103; 300w, https:\/\/www.kunstmuseumluzern.ch\/wp-content\/uploads\/2024\/08\/provenienz-sammlung-2024-57-q-1024x1023.jpg 1024w, https:\/\/www.kunstmuseumluzern.ch\/wp-content\/uploads\/2024\/08\/provenienz-sammlung-2024-57-q-150x150.jpg 150w, https:\/\/www.kunstmuseumluzern.ch\/wp-content\/uploads\/2024\/08\/provenienz-sammlung-2024-57-q-470x470.jpg 470w, https:\/\/www.kunstmuseumluzern.ch\/wp-content\/uploads\/2024\/08\/provenienz-sammlung-2024-57-q-420x420.jpg 420w, https:\/\/www.kunstmuseumluzern.ch\/wp-content\/uploads\/2024\/08\/provenienz-sammlung-2024-57-q.jpg 1601w, https:\/&#47;&#x77;&#x77;&#x77;&#46;&#107;&#x75;&#x6e;&#x73;t&#109;&#x75;&#x73;&#x65;u&#109;&#x6c;&#x75;&#x7a;e&#114;&#x6e;&#x2e;&#x63;h&#47;&#x77;&#x70;&#x2d;c&#111;&#x6e;&#x74;&#x65;n&#116;&#x2f;&#x75;&#x70;l&#111;&#x61;&#x64;&#x73;\/&#50;&#x30;&#x32;&#x34;\/&#48;&#x38;&#x2f;&#x70;r&#111;&#x76;&#x65;&#x6e;i&#101;&#x6e;&#x7a;&#x2d;s&#97;&#x6d;&#x6d;&#x6c;u&#110;&#x67;&#x2d;&#x32;0&#50;&#x34;&#x2d;&#x35;7&#45;&#x71;&#x2d;&#x37;8&#52;&#x78;&#x37;&#x38;4&#64;&#x32;&#x78;&#x2e;j&#112;&#x67; 1568w, https:&#47;&#x2f;w&#119;&#x77;&#46;&#107;&#x75;n&#115;&#x74;m&#117;&#x73;&#101;&#x75;&#x6d;&#108;&#x75;&#x7a;&#101;&#x72;n&#46;&#x63;h&#47;&#x77;p&#45;&#x63;o&#110;&#x74;&#101;&#x6e;&#x74;&#47;&#x75;&#x70;&#108;&#x6f;a&#100;&#x73;\/&#50;&#x30;2&#52;&#x2f;0&#56;&#x2f;&#112;&#x72;&#x6f;&#118;&#x65;&#x6e;&#105;&#x65;n&#122;&#x2d;s&#97;&#x6d;m&#108;&#x75;n&#103;&#x2d;&#50;&#x30;&#x32;&#52;&#x2d;&#x35;&#55;&#x2d;q&#45;&#x33;0&#48;&#x78;3&#48;&#x30;&#64;&#50;&#x78;&#46;&#x6a;&#x70;&#103; 600w, https:&#x2f;&#47;&#119;w&#x77;&#x2e;&#107;u&#x6e;&#x73;&#116;m&#x75;&#x73;&#101;u&#x6d;&#x6c;&#117;z&#x65;&#x72;&#110;&#46;&#x63;&#x68;&#47;&#119;p&#x2d;&#x63;&#111;n&#x74;&#x65;&#110;t&#x2f;&#x75;&#112;l&#x6f;&#x61;&#100;s&#x2f;&#x32;&#48;2&#x34;&#x2f;&#48;&#56;\/&#x70;&#x72;&#111;v&#x65;&#x6e;&#105;e&#x6e;&#x7a;&#45;s&#x61;&#x6d;&#109;l&#x75;&#x6e;&#103;-&#x32;&#x30;&#50;&#52;-&#x35;&#x37;&#45;q&#x2d;&#x34;&#55;0&#x78;&#x34;&#55;0&#x40;&#x32;&#120;&#46;&#x6a;&#x70;&#103; 940w, https:&#x2f;&#47;w&#x77;&#x77;&#46;k&#x75;&#110;s&#x74;&#x6d;&#117;s&#x65;&#117;m&#x6c;&#x75;&#122;e&#x72;&#x6e;&#46;&#x63;&#x68;&#47;w&#x70;&#x2d;&#99;o&#x6e;&#116;e&#x6e;&#x74;&#47;u&#x70;&#108;o&#x61;&#x64;&#115;\/&#x32;&#x30;&#50;&#x34;&#x2f;&#48;8&#x2f;&#x70;&#114;o&#x76;&#101;n&#x69;&#x65;&#110;z&#x2d;&#115;a&#x6d;&#x6d;&#108;u&#x6e;&#x67;&#45;&#x32;&#x30;&#50;4&#x2d;&#x35;&#55;-&#x71;&#45;4&#x32;&#x30;&#120;4&#x32;&#48;&#64;&#x32;&#x78;&#46;j&#x70;&#x67; 840w\" sizes=\"(max-width: 784px) 100vw, 784px\" \/>    <\/figure>\n\n    <div class=\"wp-block-focus-card__title\">Recherche de provenance Kunstmuseum Luzern<\/div>\n\n    <\/a>\n    <a class=\"wp-block-focus-card__link  focus-block\" href=\"https:\/\/www.kunstmuseumluzern.ch\/fr\/musee\/sammlung\/restauration-de-laquarelle-de-turner\/\" target=\"_self\">\n  \n    <figure class=\"wp-block-focus-card__image\">\n      <img decoding=\"async\" width=\"784\" height=\"784\" src=\"https:\/\/www.kunstmuseumluzern.ch\/wp-content\/uploads\/2024\/02\/turner-rigi-sunset-784x784.jpg\" class=\"attachment-focus-card size-focus-card\" alt=\"\" srcset=\"https:\/\/www.kunstmuseumluzern.ch\/wp-content\/uploads\/2024\/02\/turner-rigi-sunset-784x784.jpg 784w, https:&#x2f;&#47;w&#x77;&#119;&#46;&#x6b;&#x75;&#110;&#x73;&#x74;&#109;u&#x73;&#101;u&#x6d;&#x6c;&#117;&#x7a;&#x65;&#114;n&#x2e;&#99;h&#x2f;&#x77;&#112;&#x2d;&#x63;&#111;n&#x74;&#101;n&#x74;&#x2f;&#117;&#x70;&#x6c;&#111;a&#x64;&#115;\/&#x32;&#x30;&#50;&#x34;&#x2f;&#48;2&#x2f;&#116;u&#x72;&#x6e;&#101;&#x72;&#x2d;&#114;i&#x67;&#105;-&#x73;&#x75;&#110;&#x73;&#x65;&#116;-&#x31;&#53;0&#x78;&#x31;&#53;&#x30;&#x40;&#50;x&#x2e;&#106;p&#x67; 300w, https:\/\/www.kunstmuseumluzern.ch\/wp-content\/uploads\/2024\/02\/turner-rigi-sunset-1024x1024.jpg 1024w, https:\/\/www.kunstmuseumluzern.ch\/wp-content\/uploads\/2024\/02\/turner-rigi-sunset-150x150.jpg 150w, https:\/\/www.kunstmuseumluzern.ch\/wp-content\/uploads\/2024\/02\/turner-rigi-sunset-470x470.jpg 470w, https:\/\/www.kunstmuseumluzern.ch\/wp-content\/uploads\/2024\/02\/turner-rigi-sunset-420x420.jpg 420w, https:\/\/www.kunstmuseumluzern.ch\/wp-content\/uploads\/2024\/02\/turner-rigi-sunset.jpg 1600w, https:&#x2f;&#x2f;&#119;w&#x77;&#x2e;&#107;&#117;n&#x73;&#x74;&#109;&#117;s&#x65;&#x75;&#109;lu&#x7a;&#x65;&#114;n&#x2e;&#x63;&#104;&#47;w&#x70;&#x2d;&#99;&#111;n&#x74;&#x65;&#110;t\/&#x75;&#x70;&#108;o&#x61;&#x64;&#115;&#47;2&#x30;&#x32;&#52;&#47;0&#x32;&#x2f;&#116;ur&#x6e;&#x65;&#114;-&#x72;&#x69;&#x67;&#105;-&#x73;&#x75;&#110;&#115;e&#x74;&#x2d;&#55;&#56;4&#x78;&#x37;&#56;4&#x40;&#x32;&#x78;&#46;j&#x70;&#x67; 1568w, https:&#47;&#x2f;&#x77;w&#119;&#x2e;k&#117;&#x6e;&#x73;&#116;&#x6d;&#x75;s&#101;&#x75;m&#108;&#x75;&#x7a;&#101;&#x72;&#x6e;&#46;&#99;&#x68;\/&#119;&#x70;&#x2d;&#99;&#x6f;&#x6e;t&#101;&#x6e;t&#47;&#x75;&#x70;&#108;&#x6f;&#x61;d&#115;&#x2f;2&#48;&#x32;&#x34;&#47;&#x30;&#x32;\/&#116;&#x75;r&#110;&#x65;&#x72;&#45;&#x72;&#x69;g&#105;&#x2d;s&#117;&#x6e;&#x73;&#101;&#x74;&#x2d;3&#48;&#x30;x&#51;&#x30;&#x30;&#64;&#x32;&#x78;&#46;&#106;&#x70;g 600w, https:&#47;&#x2f;&#119;&#x77;&#119;&#x2e;&#107;&#x75;&#110;&#x73;&#116;&#x6d;&#117;&#x73;&#101;&#x75;&#109;&#x6c;&#117;&#x7a;&#101;&#x72;&#110;&#x2e;&#99;&#x68;\/&#x77;p&#x2d;c&#x6f;n&#x74;e&#x6e;t&#x2f;u&#x70;l&#x6f;a&#x64;s&#47;2&#48;2&#52;&#x2f;&#48;&#x32;&#47;&#x74;&#117;&#x72;&#110;&#x65;&#114;&#x2d;&#114;&#x69;&#103;&#x69;&#45;&#x73;&#117;&#x6e;&#115;&#x65;&#116;&#x2d;&#52;&#x37;0&#x78;4&#x37;0&#x40;2&#x78;&#46;&#x6a;p&#x67; 940w, https:&#x2f;&#47;&#x77;&#x77;w&#x2e;&#107;u&#x6e;&#115;t&#x6d;&#117;&#x73;&#x65;u&#x6d;&#108;u&#x7a;&#101;r&#x6e;&#46;&#x63;&#x68;&#47;&#x77;&#x70;-&#x63;&#111;n&#x74;&#101;n&#x74;&#47;&#x75;&#x70;l&#x6f;&#97;d&#x73;&#47;2&#x30;&#50;&#x34;&#x2f;&#48;&#x32;&#x2f;t&#x75;&#114;n&#x65;&#114;-&#x72;&#105;&#x67;&#x69;-&#x73;&#117;n&#x73;&#101;t&#x2d;&#52;&#x32;&#x30;&#120;&#x34;&#x32;0&#x40;&#50;x&#x2e;&#106;p&#x67; 840w\" sizes=\"(max-width: 784px) 100vw, 784px\" \/>    <\/figure>\n\n    <div class=\"wp-block-focus-card__title\">Restauration de l&rsquo;aquarelle de Turner<\/div>\n\n    <\/a>\n    <a class=\"wp-block-focus-card__link  focus-block\" href=\"https:\/\/www.kunstmuseumluzern.ch\/fr\/musee\/sammlung\/numerisation-de-la-collection-de-videos\/\" target=\"_self\">\n  \n    <figure class=\"wp-block-focus-card__image\">\n      <img decoding=\"async\" width=\"784\" height=\"784\" src=\"https:\/\/www.kunstmuseumluzern.ch\/wp-content\/uploads\/2024\/02\/kml-sammlungsprojekt-video-01-784x784.jpg\" class=\"attachment-focus-card size-focus-card\" alt=\"\" srcset=\"https:\/\/www.kunstmuseumluzern.ch\/wp-content\/uploads\/2024\/02\/kml-sammlungsprojekt-video-01-784x784.jpg 784w, https:&#x2f;&#x2f;&#x77;&#x77;&#x77;&#46;&#107;&#117;&#110;stm&#x75;&#x73;&#x65;&#x75;&#x6d;&#x6c;&#117;&#122;&#101;rn&#46;&#x63;&#x68;&#x2f;&#x77;&#x70;&#x2d;&#99;&#111;&#110;&#116;ent&#x2f;&#x75;&#x70;&#x6c;&#x6f;&#x61;&#100;&#115;&#47;202&#x34;&#x2f;&#x30;&#x32;&#x2f;&#x6b;&#109;&#108;&#45;&#115;amm&#x6c;&#x75;&#x6e;&#x67;&#x73;&#x70;&#114;&#111;&#106;ekt&#x2d;&#x76;&#x69;&#x64;&#x65;&#x6f;&#45;&#48;&#49;&#45;150&#x78;&#x31;&#x35;&#x30;&#x40;&#x32;&#120;&#46;&#106;pg 300w, https:\/\/www.kunstmuseumluzern.ch\/wp-content\/uploads\/2024\/02\/kml-sammlungsprojekt-video-01-1024x1024.jpg 1024w, https:\/\/www.kunstmuseumluzern.ch\/wp-content\/uploads\/2024\/02\/kml-sammlungsprojekt-video-01-150x150.jpg 150w, https:\/\/www.kunstmuseumluzern.ch\/wp-content\/uploads\/2024\/02\/kml-sammlungsprojekt-video-01-470x470.jpg 470w, https:\/\/www.kunstmuseumluzern.ch\/wp-content\/uploads\/2024\/02\/kml-sammlungsprojekt-video-01-420x420.jpg 420w, https:\/\/www.kunstmuseumluzern.ch\/wp-content\/uploads\/2024\/02\/kml-sammlungsprojekt-video-01.jpg 1600w, https:&#x2f;&#x2f;&#119;w&#x77;&#x2e;&#107;un&#x73;&#x74;&#109;u&#x73;&#x65;&#117;&#109;l&#x75;&#x7a;&#101;r&#x6e;&#x2e;&#99;&#104;\/&#x77;&#x70;&#45;c&#x6f;&#x6e;&#116;&#101;n&#x74;&#x2f;&#117;p&#x6c;&#x6f;&#97;&#100;s&#x2f;&#x32;&#48;2&#x34;&#x2f;&#x30;&#50;\/&#x6b;&#x6d;&#108;-s&#x61;&#x6d;&#109;l&#x75;&#x6e;&#103;&#115;p&#x72;&#x6f;&#106;e&#x6b;&#x74;&#45;&#118;i&#x64;&#x65;&#111;-&#x30;&#x31;&#45;&#55;8&#x34;&#x78;&#55;8&#x34;&#x40;&#50;&#120;&#46;&#x6a;&#x70;&#103; 1568w, https:&#x2f;&#47;w&#x77;&#119;&#46;&#x6b;&#117;n&#x73;&#116;m&#x75;&#115;e&#x75;&#x6d;l&#x75;&#x7a;&#101;&#x72;&#x6e;&#46;&#x63;&#x68;&#47;w&#x70;&#45;c&#x6f;&#110;t&#x65;&#110;t&#x2f;&#117;p&#x6c;&#x6f;a&#x64;&#x73;&#47;&#x32;&#x30;&#50;&#x34;&#x2f;&#48;2&#x2f;&#107;m&#x6c;&#45;s&#x61;&#109;m&#x6c;&#117;n&#x67;&#x73;p&#x72;&#x6f;&#106;&#x65;&#x6b;&#116;&#x2d;&#x76;&#105;d&#x65;&#111;-&#x30;&#49;-&#x33;&#48;0&#x78;&#51;0&#x30;&#x40;2&#x78;&#x2e;&#106;&#x70;&#x67; 600w, https:&#x2f;\/&#x77;&#119;&#x77;&#x2e;k&#x75;&#110;&#x73;&#x74;m&#x75;&#115;&#x65;&#x75;m&#x6c;&#117;&#x7a;&#x65;r&#x6e;&#46;&#x63;&#x68;\/&#x77;&#112;&#x2d;&#x63;o&#x6e;&#116;&#x65;&#x6e;t&#x2f;&#117;&#x70;&#x6c;o&#x61;&#100;&#x73;&#x2f;2&#x30;&#50;&#x34;&#x2f;0&#x32;&#47;&#x6b;&#x6d;l&#x2d;&#115;&#x61;&#x6d;m&#x6c;&#117;&#x6e;&#x67;s&#x70;&#114;&#x6f;&#x6a;e&#x6b;&#116;&#x2d;&#x76;i&#x64;&#101;&#x6f;&#x2d;0&#x31;&#45;&#x34;&#x37;0&#x78;&#52;&#x37;&#x30;&#64;&#x32;&#120;&#x2e;&#x6a;p&#x67; 940w, https:&#x2f;&#47;w&#x77;&#119;&#46;&#x6b;&#117;n&#x73;&#x74;&#109;&#x75;&#x73;&#101;u&#x6d;&#108;u&#x7a;&#101;r&#x6e;&#x2e;&#99;&#x68;&#x2f;&#119;p&#x2d;&#99;o&#x6e;&#116;e&#x6e;&#116;\/&#x75;&#x70;&#108;&#x6f;&#x61;&#100;s&#x2f;&#50;0&#x32;&#52;\/&#x30;&#x32;&#47;&#x6b;&#x6d;&#108;-&#x73;&#97;m&#x6d;&#108;u&#x6e;&#103;s&#x70;&#x72;&#111;&#x6a;&#x65;&#107;t&#x2d;&#118;i&#x64;&#101;o&#x2d;&#x30;&#49;&#x2d;&#x34;&#50;0&#x78;&#52;2&#x30;&#64;2&#x78;&#46;j&#x70;&#x67; 840w\" sizes=\"(max-width: 784px) 100vw, 784px\" \/>    <\/figure>\n\n    <div class=\"wp-block-focus-card__title\">Num\u00e9risation de la collection de vid\u00e9os <\/div>\n\n    <\/a>\n  \n<\/div>\n\n\n\n<div style=\"height:120px\" aria-hidden=\"true\" class=\"wp-block-spacer\"><\/div>\n\n\n\n<div class=\"wp-block-nav-links alignwide\">\n\n    <div class=\"wp-block-nav-links__link-wrapper\">\n  \n        <a class=\"wp-block-nav-links__link\" href=\"https:\/\/www.kunstmuseumluzern.ch\/fr\/mediathek\/collection-en-ligne\/\" target=\"_self\">Collection en ligne<\/a>\n    \n  \n        <a class=\"wp-block-nav-links__link\" href=\"https:\/\/www.kunstmuseumluzern.ch\/fr\/musee\/institution\/\" target=\"_self\">Institution<\/a>\n    \n  \n        <a class=\"wp-block-nav-links__link\" href=\"https:\/\/www.kunstmuseumluzern.ch\/fr\/musee\/partenariats\/\" target=\"_self\">Partenariats<\/a>\n    \n    <\/div>\n  \n<\/div>","protected":false},"excerpt":{"rendered":"<p>La pr\u00e9sentation annuelle de la collection s\u2019articule autour de sujets qui pr\u00e9sentent un int\u00e9r\u00eat artistique ou social \u00e9vident&nbsp;: la litt\u00e9racie visuelle, l\u2019\u00e9ph\u00e9m\u00e8re, l\u2019imitation ou encore la provenance, qui concerne les origines et les modes d\u2019acquisition des \u0153uvres d\u2019art. La majeure partie de la collection&nbsp;est consacr\u00e9e \u00e0 l\u2019art suisse. Elle comprend des tableaux baroques de Kaspar [&hellip;]<\/p>\n","protected":false},"author":14,"featured_media":0,"parent":101459,"menu_order":1,"comment_status":"closed","ping_status":"closed","template":"","meta":{"_acf_changed":false,"_seopress_robots_primary_cat":"","_seopress_titles_title":"","_seopress_titles_desc":"","_seopress_robots_index":"","inline_featured_image":false,"ghostkit_customizer_options":"","ghostkit_custom_css":"","ghostkit_custom_js_head":"","ghostkit_custom_js_foot":"","ghostkit_typography":"","footnotes":""},"tags":[],"class_list":["post-102824","page","type-page","status-publish","hentry"],"acf":[],"_links":{"self":[{"href":"https:\/\/www.kunstmuseumluzern.ch\/fr\/wp-json\/wp\/v2\/pages\/102824","targetHints":{"allow":["GET"]}}],"collection":[{"href":"https:\/\/www.kunstmuseumluzern.ch\/fr\/wp-json\/wp\/v2\/pages"}],"about":[{"href":"https:\/\/www.kunstmuseumluzern.ch\/fr\/wp-json\/wp\/v2\/types\/page"}],"author":[{"embeddable":true,"href":"https:\/\/www.kunstmuseumluzern.ch\/fr\/wp-json\/wp\/v2\/users\/14"}],"replies":[{"embeddable":true,"href":"https:\/\/www.kunstmuseumluzern.ch\/fr\/wp-json\/wp\/v2\/comments?post=102824"}],"version-history":[{"count":20,"href":"https:\/\/www.kunstmuseumluzern.ch\/fr\/wp-json\/wp\/v2\/pages\/102824\/revisions"}],"predecessor-version":[{"id":186428,"href":"https:\/\/www.kunstmuseumluzern.ch\/fr\/wp-json\/wp\/v2\/pages\/102824\/revisions\/186428"}],"up":[{"embeddable":true,"href":"https:\/\/www.kunstmuseumluzern.ch\/fr\/wp-json\/wp\/v2\/pages\/101459"}],"wp:attachment":[{"href":"https:\/\/www.kunstmuseumluzern.ch\/fr\/wp-json\/wp\/v2\/media?parent=102824"}],"wp:term":[{"taxonomy":"post_tag","embeddable":true,"href":"https:\/\/www.kunstmuseumluzern.ch\/fr\/wp-json\/wp\/v2\/tags?post=102824"}],"curies":[{"name":"wp","href":"https:\/\/api.w.org\/{rel}","templated":true}]}}