{"id":102848,"date":"2024-02-14T13:54:44","date_gmt":"2024-02-14T12:54:44","guid":{"rendered":"https:\/\/www.kunstmuseumluzern.ch\/musee\/sammlung\/restaurierung-von-turners-rigi-aquarell\/"},"modified":"2024-08-07T17:15:06","modified_gmt":"2024-08-07T15:15:06","slug":"restauration-de-laquarelle-de-turner","status":"publish","type":"page","link":"https:\/\/www.kunstmuseumluzern.ch\/fr\/musee\/sammlung\/restauration-de-laquarelle-de-turner\/","title":{"rendered":"Restauration de l&rsquo;aquarelle de Turner"},"content":{"rendered":"\n<figure class=\"wp-block-image alignwide size-full\"><img decoding=\"async\" width=\"2760\" height=\"1060\" src=\"https:\/\/www.kunstmuseumluzern.ch\/wp-content\/uploads\/2024\/02\/turner-rigi-sunset-oben.jpg\" alt=\"\" class=\"wp-image-21778\" srcset=\"https:\/\/www.kunstmuseumluzern.ch\/wp-content\/uploads\/2024\/02\/turner-rigi-sunset-oben.jpg 2760w, https:&#47;&#x2f;w&#119;&#x77;&#46;&#107;&#x75;n&#115;&#x74;m&#117;&#x73;e&#117;&#x6d;l&#117;&#x7a;e&#114;&#x6e;&#46;&#99;&#x68;\/&#119;&#x70;-&#99;&#x6f;n&#x74;&#x65;n&#x74;&#x2f;&#117;&#x70;&#x6c;&#111;&#x61;&#x64;&#115;&#x2f;&#x32;&#48;&#x32;&#x34;&#47;&#x30;2&#47;&#x74;u&#114;&#x6e;e&#114;&#x2d;r&#105;&#x67;i&#45;&#x73;u&#110;&#x73;e&#116;&#x2d;o&#98;&#x65;n&#45;&#x31;5&#48;&#x78;5&#x38;&#x40;2&#x78;&#x2e;&#106;&#x70;&#x67; 300w, https:\/\/www.kunstmuseumluzern.ch\/wp-content\/uploads\/2024\/02\/turner-rigi-sunset-oben-1024x393.jpg 1024w, https:\/\/www.kunstmuseumluzern.ch\/wp-content\/uploads\/2024\/02\/turner-rigi-sunset-oben-150x58.jpg 150w, https:\/\/www.kunstmuseumluzern.ch\/wp-content\/uploads\/2024\/02\/turner-rigi-sunset-oben-420x161.jpg 420w, https:&#47;\/&#x77;w&#x77;&#46;&#x6b;u&#x6e;&#115;&#x74;&#109;&#x75;&#115;&#x65;&#117;m&#108;u&#x7a;e&#x72;n&#x2e;&#99;&#x68;&#47;&#x77;&#112;&#x2d;&#99;&#x6f;&#110;t&#101;n&#x74;\/&#x75;p&#x6c;&#111;&#x61;&#100;&#x73;&#47;&#x32;&#48;&#x32;&#52;\/&#x30;2&#x2f;t&#x75;r&#x6e;&#101;&#x72;&#45;&#x72;&#105;&#x67;&#105;&#x2d;&#115;u&#x6e;s&#x65;t&#x2d;o&#x62;&#101;&#x6e;&#45;&#x33;&#48;&#x30;&#120;&#x31;&#49;5&#x40;2&#x78;&#46;&#x6a;p&#x67; 600w, https:&#x2f;&#x2f;&#119;w&#x77;&#x2e;&#x6b;&#117;n&#x73;&#x74;&#x6d;&#117;s&#x65;&#x75;&#x6d;&#108;u&#x7a;&#x65;&#x72;&#110;&#46;&#x63;&#x68;&#x2f;&#119;p&#x2d;&#x63;&#x6f;&#110;t&#x65;&#x6e;&#x74;&#47;u&#x70;&#x6c;&#x6f;&#97;d&#x73;&#x2f;&#x32;&#48;2&#x34;&#x2f;&#x30;&#50;\/&#x74;&#x75;&#x72;&#110;e&#x72;&#x2d;&#x72;&#105;g&#x69;&#x2d;&#x73;&#117;n&#x73;&#x65;&#x74;&#45;o&#x62;&#x65;&#x6e;&#45;1&#x30;&#x32;&#x34;&#120;3&#x39;&#x33;&#x40;&#50;x&#x2e;&#x6a;&#x70;&#103; 2048w, https:&#47;\/&#119;w&#119;&#46;&#x6b;u&#x6e;s&#x74;m&#x75;s&#x65;u&#x6d;l&#x75;z&#x65;r&#x6e;&#46;&#x63;&#104;&#x2f;&#119;&#x70;&#45;&#x63;&#111;&#x6e;&#116;&#x65;&#110;&#x74;&#47;&#x75;&#112;&#x6c;&#111;&#x61;&#100;&#x73;&#47;&#x32;&#48;&#x32;&#52;\/&#48;2&#47;t&#x75;r&#x6e;e&#x72;-&#x72;i&#x67;i&#x2d;s&#x75;n&#x73;e&#x74;-&#x6f;&#98;&#x65;&#110;&#x2d;&#52;&#x32;&#48;&#x78;&#49;&#x36;&#49;&#x40;&#50;&#x78;&#46;&#x6a;&#112;&#x67; 840w\" sizes=\"(max-width: 2760px) 100vw, 2760px\" \/><figcaption class=\"wp-element-caption\">J.M.W. Turner, The Rigi, Lake Lucerne, Sunset 1842\/1843<\/figcaption><\/figure>\n\n\n\n<div style=\"height:60px\" aria-hidden=\"true\" class=\"wp-block-spacer\"><\/div>\n\n\n\n<h2 class=\"wp-block-heading\" id=\"restauration-de-l-aquarelle-de-turner\" id=\"restauration-de-laquarelle-de-turner\">Restauration de l&rsquo;aquarelle de Turner<\/h2>\n\n\n\n<div style=\"height:30px\" aria-hidden=\"true\" class=\"wp-block-spacer\"><\/div>\n\n\n\n<p>Dans l\u2019exposition <em><a href=\"https:\/\/www.kunstmuseumluzern.ch\/en\/exhibitions\/abc-der-bilder\/\">Ab\u00e9c\u00e9daire des images. Lire la collection<\/a><\/em>, le Kunstmusem Luzern montrait pour la premi\u00e8re fois depuis son acquisition en 2019 l\u2019aquarelle <em>The Rigi, Lake Lucerne, Sunset<\/em> de J.M.W. Turner. Cette \u0153uvre formidable est entr\u00e9e dans la collection du mus\u00e9e \u00e0 la fin de l\u2019exposition <em><a href=\"https:\/\/www.kunstmuseumluzern.ch\/en\/exhibitions\/turner-meer-alpen\/\">Turner, la mer et les Alpes<\/a><\/em>. L\u2019acquisition, la plus importante dans l\u2019histoire de l\u2019institution, a \u00e9t\u00e9 rendue possible par le soutien g\u00e9n\u00e9reux de la Gottfried-Keller-Stiftung (Conf\u00e9d\u00e9ration suisse) et de nombreuses autres fondations et personnes priv\u00e9es. Gr\u00e2ce \u00e0 la restauration effectu\u00e9e l\u2019ann\u00e9e derni\u00e8re, l\u2019\u0153uvre a d\u00e9sormais retrouv\u00e9 toute sa splendeur. La restauration a par ailleurs permis de gagner de nouvelles connaissances sur l\u2019histoire du tableau et la technique picturale employ\u00e9e.<\/p>\n\n\n\n<h3 class=\"wp-block-heading\" id=\"technique-picturale\" id=\"technique-picturale\"><strong>Technique picturale<\/strong><\/h3>\n\n\n\n<p>Pour cette repr\u00e9sentation du Rigi et du lac des Quatre-Cantons, J.M.W. Turner a choisi l\u2019aquarelle et la gouache. Pour les appliquer, il a employ\u00e9 la technique du lavis, qui suppose que les couleurs soient tr\u00e8s dilu\u00e9es, quasiment transparentes. Une \u00e9tude d\u00e9taill\u00e9e a r\u00e9v\u00e9l\u00e9 que l\u2019artiste a d\u2019abord esquiss\u00e9 la composition au crayon. Il a ensuite appliqu\u00e9 les couleurs avec diff\u00e9rents pinceaux et d\u00e9lav\u00e9 les bords avec un chiffon ou la paume de sa main. En bas \u00e0 gauche, on peut voir des empreintes de doigt qu\u2019il a d\u00fb laisser lors du s\u00e9chage.<\/p>\n\n\n\n<h3 class=\"wp-block-heading\" id=\"le-papier-comme-support-d-image\" id=\"le-papier-comme-support-dimage\"><strong>Le papier comme support d\u2019image<\/strong><\/h3>\n\n\n\n<p>L\u2019image a \u00e9t\u00e9 peinte sur papier v\u00e9lin, un papier lisse \u00e0 la structure r\u00e9guli\u00e8re qui ressemble au parchemin. Le papier est un mat\u00e9riau sensible et fragile, dont la dur\u00e9e de vie est alt\u00e9r\u00e9e par la lumi\u00e8re et les variations de temp\u00e9rature. C\u2019est pourquoi l\u2019aquarelle <em>The Rigi, Lake Lucerne, Sunset<\/em> est toujours expos\u00e9e pendant un temps limit\u00e9. Entre les moments d\u2019exposition, elle est pr\u00e9serv\u00e9e \u00e0 l\u2019abri de la lumi\u00e8re pour mieux se r\u00e9g\u00e9n\u00e9rer.<\/p>\n\n\n\n<p>La photographie, prise avec une lumi\u00e8re rasante, r\u00e9v\u00e8le les d\u00e9formations du papier et une pliure. Celle-ci court en biais du coin sup\u00e9rieur droit vers le bas sur toute l\u2019\u00e9tendue de l\u2019image. Pour r\u00e9duire ces d\u00e9formations, l\u2019aquarelle a \u00e9t\u00e9 plac\u00e9e dans une chambre climatique, humidifi\u00e9e avec pr\u00e9caution, recouverte de carton buvard et d\u2019un film plastique et lest\u00e9 avec des poids.<\/p>\n\n\n\n<div style=\"height:30px\" aria-hidden=\"true\" class=\"wp-block-spacer\"><\/div>\n\n\n\n<div class=\"wp-block-slider alignfull\">\n\n  <div class=\"swiper-container\">\n    <div class=\"swiper-wrapper\">\n\n      \n            <div class=\"swiper-slide\" data-index=\"0\">\n                <div data-caption=\"J.M.W. Turner, The Rigi, Lake Lucerne, Sunset 1842\/1843. Vor der Restaurierung mit sichtbaren Verfor\u00admungen und Knicken im Papier, im Streiflicht fotografiert, (c) Restaurierungsatelier f\u00fcr Kunst auf Papier GmbH Masson &#038; Ritter\">          <img decoding=\"async\" width=\"1356\" height=\"940\" src=\"https:\/\/www.kunstmuseumluzern.ch\/wp-content\/uploads\/2023\/02\/turner-rigi-streiflicht-940.jpg\" class=\"attachment-gallery_image size-gallery_image\" alt=\"\" srcset=\"https:\/\/www.kunstmuseumluzern.ch\/wp-content\/uploads\/2023\/02\/turner-rigi-streiflicht-940.jpg 1356w, https:&#47;&#47;&#x77;w&#119;&#x2e;&#x6b;u&#110;&#x73;&#x74;m&#117;&#x73;e&#117;&#x6d;&#x6c;u&#122;&#x65;&#x72;n&#46;&#x63;h&#47;&#x77;&#x70;-&#99;&#x6f;&#x6e;t&#101;&#x6e;&#x74;&#47;&#117;&#x70;l&#111;&#x61;&#x64;s&#47;&#x32;&#x30;2&#51;&#x2f;0&#50;&#x2f;&#x74;u&#114;&#x6e;&#x65;r&#45;&#x72;i&#103;&#105;&#x2d;s&#116;&#x72;&#x65;i&#102;&#x6c;&#x69;&#99;&#104;&#x74;-&#57;&#x34;&#x30;-&#49;&#x35;&#x30;x&#49;&#x30;4&#64;&#x32;&#x78;&#46;&#106;&#x70;&#x67; 300w, https:\/\/www.kunstmuseumluzern.ch\/wp-content\/uploads\/2023\/02\/turner-rigi-streiflicht-940-1024x710.jpg 1024w, https:\/\/www.kunstmuseumluzern.ch\/wp-content\/uploads\/2023\/02\/turner-rigi-streiflicht-940-150x104.jpg 150w, https:\/\/www.kunstmuseumluzern.ch\/wp-content\/uploads\/2023\/02\/turner-rigi-streiflicht-940-420x291.jpg 420w, https:&#x2f;&#x2f;&#119;ww&#x2e;&#x6b;&#117;&#110;s&#x74;&#x6d;&#117;&#115;e&#x75;&#x6d;&#x6c;&#117;ze&#x72;&#x6e;&#46;&#99;h&#x2f;&#x77;&#112;&#45;c&#x6f;&#x6e;&#116;&#101;n&#x74;&#x2f;&#x75;&#112;lo&#x61;&#x64;&#115;&#47;2&#x30;&#x32;&#51;&#47;0&#x32;&#x2f;&#116;&#117;r&#x6e;&#x65;&#x72;&#45;ri&#x67;&#x69;&#45;&#115;t&#x72;&#x65;&#105;&#102;l&#x69;&#x63;&#x68;&#116;-&#x39;&#x34;&#x30;&#45;30&#x30;&#x78;&#50;&#48;8&#x40;&#x32;&#120;&#46;j&#x70;&#x67; 600w, https:\/\/www&#46;kunstm&#117;&#115;&#101;&#117;&#109;&#108;&#117;&#122;&#101;&#114;&#110;&#46;&#99;&#104;&#47;&#x77;&#x70;&#x2d;&#x63;&#x6f;&#x6e;&#x74;&#x65;&#x6e;&#x74;&#x2f;&#x75;&#x70;&#x6c;&#x6f;&#x61;&#x64;&#x73;&#x2f;&#x32;&#x30;&#x32;&#x33;\/02\/turner-r&#105;&#103;&#105;&#45;&#115;&#116;&#114;&#101;&#105;&#102;&#108;&#105;&#99;&#104;&#116;&#x2d;&#x39;&#x34;&#x30;&#x2d;&#x34;&#x32;&#x30;&#x78;&#x32;&#x39;&#x31;&#x40;&#x32;&#x78;&#x2e;&#x6a;&#x70;&#x67; 840w\" sizes=\"(max-width: 1356px) 100vw, 1356px\" \/>        <\/div>        \n        \n              <\/div>\n                    <div class=\"swiper-slide\" data-index=\"1\">\n                <div data-caption=\"J.M.W. Turner, The Rigi, Lake Lucerne, Sunset 1842\/1843 (Detail), (c) Restaurierungsatelier f\u00fcr Kunst auf Papier GmbH Masson &#038; Ritter\">          <img decoding=\"async\" width=\"1265\" height=\"940\" src=\"https:\/\/www.kunstmuseumluzern.ch\/wp-content\/uploads\/2023\/02\/turner-rigit-vorzeichnung-fingerabdruecke-940.jpg\" class=\"attachment-gallery_image size-gallery_image\" alt=\"\" srcset=\"https:\/\/www.kunstmuseumluzern.ch\/wp-content\/uploads\/2023\/02\/turner-rigit-vorzeichnung-fingerabdruecke-940.jpg 1265w, https:&#47;&#x2f;&#x77;&#119;&#x77;&#x2e;&#107;&#x75;&#x6e;&#115;&#x74;&#x6d;&#117;&#x73;&#x65;&#117;&#x6d;&#x6c;&#117;&#x7a;&#x65;&#114;&#x6e;&#x2e;&#99;&#x68;&#x2f;w&#x70;&#x2d;c&#x6f;&#x6e;t&#101;&#x6e;t&#47;&#x75;p&#108;&#x6f;a&#100;&#x73;\/&#50;&#x30;2&#51;&#x2f;0&#50;&#x2f;t&#117;&#x72;n&#101;&#x72;-&#114;&#x69;g&#105;&#x74;-&#118;&#x6f;r&#122;&#x65;i&#99;&#x68;n&#117;&#x6e;g&#45;&#x66;i&#110;&#x67;e&#114;&#x61;b&#100;&#x72;u&#101;&#x63;k&#101;&#x2d;9&#52;&#x30;&#x2d;&#49;&#x35;&#x30;&#120;&#x31;&#x31;&#49;&#x40;&#x32;&#120;&#x2e;&#x6a;&#112;&#x67; 300w, https:\/\/www.kunstmuseumluzern.ch\/wp-content\/uploads\/2023\/02\/turner-rigit-vorzeichnung-fingerabdruecke-940-1024x761.jpg 1024w, https:\/\/www.kunstmuseumluzern.ch\/wp-content\/uploads\/2023\/02\/turner-rigit-vorzeichnung-fingerabdruecke-940-150x111.jpg 150w, https:\/\/www.kunstmuseumluzern.ch\/wp-content\/uploads\/2023\/02\/turner-rigit-vorzeichnung-fingerabdruecke-940-420x312.jpg 420w, https:&#x2f;&#47;&#119;&#x77;&#x77;&#46;&#107;&#x75;&#x6e;&#115;&#116;&#x6d;&#x75;&#115;&#101;&#x75;&#x6d;&#108;&#117;&#x7a;&#x65;&#114;&#110;&#x2e;&#x63;&#104;&#47;&#x77;&#x70;&#45;&#99;&#x6f;&#x6e;&#116;&#101;&#x6e;&#x74;&#47;&#117;&#x70;&#x6c;&#111;&#97;&#x64;&#x73;&#47;&#50;&#x30;&#x32;&#51;&#47;&#x30;&#x32;&#47;&#116;&#x75;&#x72;&#110;&#101;&#x72;&#x2d;&#114;&#105;&#x67;&#x69;&#116;&#45;&#x76;&#x6f;&#114;&#122;&#x65;&#x69;&#99;&#104;&#x6e;&#x75;&#110;&#103;&#x2d;&#x66;&#105;&#110;&#x67;&#x65;&#114;&#97;&#x62;&#x64;&#114;&#117;&#x65;&#x63;&#107;&#101;&#x2d;&#x39;&#52;&#48;&#x2d;&#x33;&#48;&#48;&#x78;&#x32;&#50;&#51;&#x40;&#x32;&#120;&#46;&#x6a;&#x70;&#103; 600w, https:\/\/&#119;&#119;&#119;&#x2e;&#x6b;&#x75;&#x6e;&#x73;tm&#117;&#115;&#101;&#x75;&#x6d;&#x6c;&#x75;&#x7a;er&#110;&#46;&#99;&#x68;&#x2f;&#x77;&#x70;&#x2d;co&#110;&#116;&#101;&#x6e;&#x74;&#x2f;&#x75;&#x70;lo&#97;&#100;&#115;&#x2f;&#x32;&#x30;&#x32;&#x33;\/0&#50;&#47;&#116;&#x75;&#x72;&#x6e;&#x65;&#x72;-r&#105;&#103;&#105;&#x74;&#x2d;&#x76;&#x6f;&#x72;ze&#105;&#99;&#104;&#x6e;&#x75;&#x6e;&#x67;&#x2d;fi&#110;&#103;&#101;&#x72;&#x61;&#x62;&#x64;&#x72;ue&#99;&#107;&#101;&#x2d;&#x39;&#x34;&#x30;&#x2d;42&#48;&#120;&#51;&#x31;&#x32;&#x40;&#x32;&#x78;&#46;j&#112;&#103; 840w\" sizes=\"(max-width: 1265px) 100vw, 1265px\" \/>        <\/div>        \n        \n              <\/div>\n                    <div class=\"swiper-slide\" data-index=\"2\">\n                <div data-caption=\"J.M.W. Turner, The Rigi, Lake Lucerne, Sunset 1842\/1843 (R\u00fcckseite), (c) Restaurierungsatelier f\u00fcr Kunst auf Papier GmbH Masson &#038; Ritter. Die Kleisterr\u00fcckst\u00e4nde (gelb markiert) sind als hellere Stellen auf der R\u00fcckseite zu erkennen.\">          <img decoding=\"async\" width=\"1352\" height=\"940\" src=\"https:\/\/www.kunstmuseumluzern.ch\/wp-content\/uploads\/2023\/02\/turner-rigi-rueckseite-kleister-9940.jpg\" class=\"attachment-gallery_image size-gallery_image\" alt=\"\" srcset=\"https:\/\/www.kunstmuseumluzern.ch\/wp-content\/uploads\/2023\/02\/turner-rigi-rueckseite-kleister-9940.jpg 1352w, https:&#x2f;&#x2f;&#x77;&#x77;&#x77;&#46;&#107;&#117;&#110;stm&#x75;&#x73;&#x65;&#x75;&#x6d;&#x6c;&#117;&#122;&#101;rn&#46;&#x63;&#x68;&#x2f;&#x77;&#x70;&#x2d;&#99;&#111;&#110;&#116;ent&#x2f;&#x75;&#x70;&#x6c;&#x6f;&#x61;&#100;&#115;&#47;202&#x33;&#x2f;&#x30;&#x32;&#x2f;&#x74;&#117;&#114;&#110;&#101;r-r&#x69;&#x67;&#x69;&#x2d;&#x72;&#x75;&#101;&#99;&#107;sei&#x74;&#x65;&#x2d;&#x6b;&#x6c;&#x65;&#105;&#115;&#116;&#101;r-9&#x39;&#x34;&#x30;&#x2d;&#x31;&#x35;&#48;&#120;&#49;04&#64;&#x32;&#x78;&#x2e;&#x6a;&#x70;&#x67; 300w, https:\/\/www.kunstmuseumluzern.ch\/wp-content\/uploads\/2023\/02\/turner-rigi-rueckseite-kleister-9940-1024x712.jpg 1024w, https:\/\/www.kunstmuseumluzern.ch\/wp-content\/uploads\/2023\/02\/turner-rigi-rueckseite-kleister-9940-150x104.jpg 150w, https:\/\/www.kunstmuseumluzern.ch\/wp-content\/uploads\/2023\/02\/turner-rigi-rueckseite-kleister-9940-420x292.jpg 420w, https:\/&#47;&#119;&#x77;&#x77;&#x2e;&#x6b;u&#110;&#115;&#116;&#x6d;&#x75;&#x73;eu&#109;&#108;&#x75;&#x7a;&#x65;rn&#46;&#99;&#x68;&#x2f;&#x77;p-&#99;&#111;&#x6e;&#x74;&#x65;nt&#47;&#117;&#x70;&#x6c;&#x6f;ad&#115;&#47;&#x32;&#x30;&#x32;&#x33;\/&#48;&#50;&#x2f;&#x74;&#x75;&#x72;n&#101;&#114;&#45;&#x72;&#x69;&#x67;i-&#114;&#117;&#x65;&#x63;&#x6b;se&#105;&#116;&#x65;&#x2d;&#x6b;le&#105;&#115;&#x74;&#x65;&#x72;-9&#57;&#52;&#x30;&#x2d;&#x33;00&#120;&#50;&#x30;&#x39;&#x40;&#x32;x&#46;&#106;&#x70;&#x67; 600w, https:&#47;&#x2f;w&#119;&#x77;&#46;&#107;&#x75;n&#x73;&#x74;&#109;&#x75;s&#101;&#x75;m&#108;&#x75;z&#x65;&#x72;&#110;&#x2e;&#x63;&#104;&#x2f;w&#112;&#x2d;c&#111;&#x6e;t&#x65;&#x6e;&#116;&#x2f;u&#112;&#x6c;o&#97;&#x64;s&#x2f;&#x32;&#48;&#x32;&#x33;&#47;&#x30;2&#47;&#x74;u&#114;&#x6e;e&#x72;&#x2d;&#114;&#x69;g&#105;&#x2d;r&#117;&#x65;c&#x6b;&#x73;&#101;&#x69;&#x74;&#101;&#x2d;k&#108;&#x65;i&#115;&#x74;e&#x72;&#x2d;&#57;&#x39;4&#48;&#x2d;4&#50;&#x30;x&#x32;&#x39;&#50;&#x40;&#x32;&#120;&#x2e;j&#112;&#x67; 840w\" sizes=\"(max-width: 1352px) 100vw, 1352px\" \/>        <\/div>        \n        \n              <\/div>\n                    <div class=\"swiper-slide\" data-index=\"3\">\n                <div data-caption=\"J.M.W. Turner, The Rigi, Lake Lucerne, Sunset 1842\/1843 (R\u00fcckseite), (c) Restaurierungsatelier f\u00fcr Kunst auf Papier GmbH Masson &#038; Ritter. Alte Risse am Papierrand wurden wieder neu geschlossen.\">          <img decoding=\"async\" width=\"1297\" height=\"940\" src=\"https:\/\/www.kunstmuseumluzern.ch\/wp-content\/uploads\/2023\/02\/turner-rigi-durchlicht-risse-940.jpg\" class=\"attachment-gallery_image size-gallery_image\" alt=\"\" srcset=\"https:\/\/www.kunstmuseumluzern.ch\/wp-content\/uploads\/2023\/02\/turner-rigi-durchlicht-risse-940.jpg 1297w, https:&#47;&#x2f;w&#119;&#x77;&#46;&#107;&#x75;n&#115;&#x74;m&#117;&#x73;e&#117;&#x6d;l&#117;&#x7a;e&#114;&#x6e;&#46;&#99;&#x68;\/&#119;&#x70;-&#99;&#x6f;n&#x74;&#x65;n&#x74;&#x2f;&#117;&#x70;&#x6c;&#111;&#x61;&#x64;&#115;&#x2f;&#x32;&#48;&#x32;&#x33;&#47;&#x30;2&#47;&#x74;u&#114;&#x6e;e&#114;&#x2d;r&#105;&#x67;i&#45;&#x64;u&#114;&#x63;h&#108;&#x69;c&#104;&#x74;-&#114;&#x69;s&#115;&#x65;-&#x39;&#x34;0&#x2d;&#x31;&#53;&#x30;&#x78;&#49;&#x30;&#x39;&#64;&#x32;&#x78;&#46;&#x6a;&#x70;&#103; 300w, https:\/\/www.kunstmuseumluzern.ch\/wp-content\/uploads\/2023\/02\/turner-rigi-durchlicht-risse-940-1024x742.jpg 1024w, https:\/\/www.kunstmuseumluzern.ch\/wp-content\/uploads\/2023\/02\/turner-rigi-durchlicht-risse-940-150x109.jpg 150w, https:\/\/www.kunstmuseumluzern.ch\/wp-content\/uploads\/2023\/02\/turner-rigi-durchlicht-risse-940-420x304.jpg 420w, https:\/\/&#119;&#119;&#119;&#x2e;&#x6b;&#x75;&#x6e;&#x73;tm&#117;&#115;&#101;&#x75;&#x6d;&#x6c;&#x75;&#x7a;er&#110;&#46;&#99;&#x68;&#x2f;&#x77;&#x70;&#x2d;co&#110;&#116;&#101;&#x6e;&#x74;&#x2f;&#x75;&#x70;lo&#97;&#100;&#115;&#x2f;&#x32;&#x30;&#x32;&#x33;\/0&#50;&#47;&#116;&#x75;&#x72;&#x6e;&#x65;&#x72;-r&#105;&#103;&#105;&#x2d;&#x64;&#x75;&#x72;&#x63;hl&#105;&#99;&#104;&#x74;&#x2d;&#x72;&#x69;&#x73;se&#45;&#57;&#52;&#x30;&#x2d;&#x33;&#x30;&#x30;x2&#49;&#55;&#64;&#x32;&#x78;&#x2e;&#x6a;&#x70;g 600w, https:&#x2f;\/&#x77;&#119;w&#x2e;&#107;&#x75;&#x6e;s&#x74;&#109;u&#x73;&#101;&#x75;&#109;l&#x75;&#122;e&#x72;&#110;&#x2e;&#99;h&#x2f;&#119;&#x70;&#x2d;c&#x6f;&#110;t&#x65;&#110;&#x74;&#x2f;u&#x70;&#108;o&#x61;&#100;&#x73;&#47;2&#x30;&#50;&#x33;&#x2f;0&#x32;&#47;t&#x75;&#114;&#x6e;&#x65;r&#x2d;&#114;i&#x67;&#105;&#x2d;&#100;u&#x72;&#99;h&#x6c;&#105;&#x63;&#104;t&#x2d;&#114;&#x69;&#x73;s&#x65;&#45;9&#x34;&#48;&#x2d;&#x34;2&#x30;&#120;3&#x30;&#52;&#x40;&#50;x&#x2e;&#106;&#x70;&#x67; 840w\" sizes=\"(max-width: 1297px) 100vw, 1297px\" \/>        <\/div>        \n        \n              <\/div>\n              \n    <\/div>\n\n    <div class=\"swiper-button-prev\"><\/div>\n    <div class=\"swiper-button-next\"><\/div>\n    <div class=\"swiper-pagination\"><\/div>\n    <div class=\"swiper-caption\"><\/div>\n  <\/div>\n\n<\/div>\n","protected":false},"excerpt":{"rendered":"<p>Restauration de l&rsquo;aquarelle de Turner Dans l\u2019exposition Ab\u00e9c\u00e9daire des images. Lire la collection, le Kunstmusem Luzern montrait pour la premi\u00e8re fois depuis son acquisition en 2019 l\u2019aquarelle The Rigi, Lake Lucerne, Sunset de J.M.W. Turner. Cette \u0153uvre formidable est entr\u00e9e dans la collection du mus\u00e9e \u00e0 la fin de l\u2019exposition Turner, la mer et les [&hellip;]<\/p>\n","protected":false},"author":7,"featured_media":0,"parent":102824,"menu_order":0,"comment_status":"closed","ping_status":"closed","template":"","meta":{"_acf_changed":false,"_seopress_robots_primary_cat":"","_seopress_titles_title":"","_seopress_titles_desc":"","_seopress_robots_index":"","inline_featured_image":false,"ghostkit_customizer_options":"","ghostkit_custom_css":"","ghostkit_custom_js_head":"","ghostkit_custom_js_foot":"","ghostkit_typography":"","footnotes":""},"tags":[],"class_list":["post-102848","page","type-page","status-publish","hentry"],"acf":[],"_links":{"self":[{"href":"https:\/\/www.kunstmuseumluzern.ch\/fr\/wp-json\/wp\/v2\/pages\/102848","targetHints":{"allow":["GET"]}}],"collection":[{"href":"https:\/\/www.kunstmuseumluzern.ch\/fr\/wp-json\/wp\/v2\/pages"}],"about":[{"href":"https:\/\/www.kunstmuseumluzern.ch\/fr\/wp-json\/wp\/v2\/types\/page"}],"author":[{"embeddable":true,"href":"https:\/\/www.kunstmuseumluzern.ch\/fr\/wp-json\/wp\/v2\/users\/7"}],"replies":[{"embeddable":true,"href":"https:\/\/www.kunstmuseumluzern.ch\/fr\/wp-json\/wp\/v2\/comments?post=102848"}],"version-history":[{"count":10,"href":"https:\/\/www.kunstmuseumluzern.ch\/fr\/wp-json\/wp\/v2\/pages\/102848\/revisions"}],"predecessor-version":[{"id":119978,"href":"https:\/\/www.kunstmuseumluzern.ch\/fr\/wp-json\/wp\/v2\/pages\/102848\/revisions\/119978"}],"up":[{"embeddable":true,"href":"https:\/\/www.kunstmuseumluzern.ch\/fr\/wp-json\/wp\/v2\/pages\/102824"}],"wp:attachment":[{"href":"https:\/\/www.kunstmuseumluzern.ch\/fr\/wp-json\/wp\/v2\/media?parent=102848"}],"wp:term":[{"taxonomy":"post_tag","embeddable":true,"href":"https:\/\/www.kunstmuseumluzern.ch\/fr\/wp-json\/wp\/v2\/tags?post=102848"}],"curies":[{"name":"wp","href":"https:\/\/api.w.org\/{rel}","templated":true}]}}