{"id":102864,"date":"2024-02-16T12:06:02","date_gmt":"2024-02-16T11:06:02","guid":{"rendered":"https:\/\/www.kunstmuseumluzern.ch\/musee\/sammlung\/digitalisierung-der-videosammlung\/"},"modified":"2024-05-02T10:52:57","modified_gmt":"2024-05-02T08:52:57","slug":"numerisation-de-la-collection-de-videos","status":"publish","type":"page","link":"https:\/\/www.kunstmuseumluzern.ch\/fr\/musee\/sammlung\/numerisation-de-la-collection-de-videos\/","title":{"rendered":"Num\u00e9risation de la collection de vid\u00e9os"},"content":{"rendered":"\n<figure class=\"wp-block-image alignwide size-full\"><img decoding=\"async\" width=\"2760\" height=\"1060\" src=\"https:\/\/www.kunstmuseumluzern.ch\/wp-content\/uploads\/2024\/02\/kml-sammlungsprojekt-header.jpg\" alt=\"\" class=\"wp-image-21447\" srcset=\"https:\/\/www.kunstmuseumluzern.ch\/wp-content\/uploads\/2024\/02\/kml-sammlungsprojekt-header.jpg 2760w, https:&#47;&#x2f;&#119;&#x77;w&#x2e;k&#117;&#x6e;&#115;&#x74;m&#x75;s&#101;&#x75;&#109;&#x6c;u&#x7a;e&#114;&#x6e;&#46;&#x63;h&#x2f;w&#112;&#x2d;&#99;&#x6f;n&#x74;e&#110;&#x74;&#47;&#x75;p&#x6c;o&#97;&#x64;&#115;&#x2f;2&#x30;2&#52;&#x2f;&#48;&#x32;\/&#x6b;m&#108;&#x2d;&#115;&#x61;m&#x6d;l&#117;&#x6e;&#103;&#x73;p&#x72;o&#106;&#x65;&#107;&#x74;&#45;&#x68;e&#97;&#x64;&#101;&#x72;&#45;&#x31;5&#48;&#x78;&#53;&#x38;&#64;&#x32;x&#x2e;&#x6a;&#112;&#x67; 300w, https:\/\/www.kunstmuseumluzern.ch\/wp-content\/uploads\/2024\/02\/kml-sammlungsprojekt-header-1024x393.jpg 1024w, https:\/\/www.kunstmuseumluzern.ch\/wp-content\/uploads\/2024\/02\/kml-sammlungsprojekt-header-150x58.jpg 150w, https:\/\/www.kunstmuseumluzern.ch\/wp-content\/uploads\/2024\/02\/kml-sammlungsprojekt-header-420x161.jpg 420w, https:&#x2f;&#47;w&#x77;&#x77;&#46;k&#x75;&#110;s&#x74;&#x6d;&#117;s&#x65;&#117;m&#x6c;&#x75;&#122;e&#x72;&#x6e;&#46;&#x63;&#x68;&#47;w&#x70;&#x2d;&#99;o&#x6e;&#116;e&#x6e;&#x74;&#47;u&#x70;&#108;o&#x61;&#x64;&#115;\/&#x32;&#x30;&#50;&#x34;&#x2f;&#48;2&#x2f;&#x6b;&#109;l&#x2d;&#115;a&#x6d;&#x6d;&#108;u&#x6e;&#103;s&#x70;&#x72;&#111;j&#x65;&#x6b;&#116;&#x2d;&#x68;&#101;a&#x64;&#x65;&#114;-&#x33;&#48;0&#x78;&#x31;&#49;5&#x40;&#50;x&#x2e;&#x6a;&#112;g 600w, https:&#47;&#x2f;&#119;&#x77;w&#46;&#x6b;&#117;&#x6e;s&#x74;m&#117;&#x73;&#101;&#x75;m&#x6c;&#x75;&#122;&#x65;r&#x6e;&#46;&#99;&#x68;&#47;&#x77;p&#x2d;c&#111;&#x6e;&#116;&#x65;n&#116;&#x2f;&#117;&#x70;l&#x6f;a&#100;&#x73;&#47;&#x32;0&#x32;&#x34;&#47;&#x30;&#50;&#x2f;k&#109;&#x6c;&#45;&#x73;a&#x6d;m&#108;&#x75;&#110;&#x67;s&#x70;&#x72;&#111;&#x6a;e&#x6b;t&#45;&#x68;&#101;&#x61;d&#x65;r&#45;&#x31;&#48;&#x32;4&#120;&#x33;&#57;&#x33;&#64;&#x32;x&#46;&#x6a;&#112;&#x67; 2048w, https:\/\/ww&#119;&#46;&#107;&#117;&#110;&#115;&#116;&#x6d;&#x75;&#x73;&#x65;&#x75;&#x6d;&#x6c;&#x75;&#x7a;ern&#46;&#99;&#104;&#47;&#119;&#112;&#45;&#99;&#x6f;&#x6e;&#x74;&#x65;&#x6e;&#x74;&#x2f;&#x75;&#x70;load&#115;&#47;&#50;&#48;&#50;&#52;&#47;&#x30;&#x32;&#x2f;&#x6b;&#x6d;&#x6c;&#x2d;&#x73;&#x61;mmlu&#110;&#103;&#115;&#112;&#114;&#111;&#106;&#x65;&#x6b;&#x74;&#x2d;&#x68;&#x65;&#x61;&#x64;&#x65;r-42&#48;&#120;&#49;&#54;&#49;&#64;&#50;&#x78;&#x2e;&#x6a;&#x70;&#x67; 840w\" sizes=\"(max-width: 2760px) 100vw, 2760px\" \/><figcaption class=\"wp-element-caption\">Ren\u00e9 Bauermeister, Hommage \u00e0 Duchamp, 1976, U-Matic, schwarzweiss, Ton, Kunstmuseum Luzern<\/figcaption><\/figure>\n\n\n\n<div style=\"height:60px\" aria-hidden=\"true\" class=\"wp-block-spacer\"><\/div>\n\n\n\n<h2 class=\"wp-block-heading\" id=\"numerisation-de-la-collection-de-videos\" id=\"numerisation-de-la-collection-de-videos\">Num\u00e9risation de la collection de vid\u00e9os<\/h2>\n\n\n\n<div style=\"height:30px\" aria-hidden=\"true\" class=\"wp-block-spacer\"><\/div>\n\n\n\n<p>En termes de conservation, les nouveaux m\u00e9dias posent d\u2019autres d\u00e9fis, auxquels les mus\u00e9es doivent apporter des solutions rapides, s\u00fbres et durables. Le Kunstmuseum Luzern collectionne des vid\u00e9os depuis l\u2019apparition de ce m\u00e9dia. Aujourd\u2019hui, ces \u0153uvres ne sont pratiquement plus lisibles, faute d\u2019appareils de lecture appropri\u00e9s ou parce que des d\u00e9fauts mat\u00e9riels sont apparus au fil du temps.<\/p>\n\n\n\n<p>Gr\u00e2ce au soutien d\u2019Helvetia, ce sont surtout les toutes premi\u00e8res \u0153uvres de ce genre dans notre collection qui font l\u2019objet d\u2019un traitement de conservation mat\u00e9rielle et d\u2019un transfert des contenus sur des supports adapt\u00e9s. Le Kunstmuseum Luzern a ainsi pu num\u00e9riser une grande partie de sa collection de vid\u00e9os. Cette t\u00e2che a \u00e9t\u00e9 confi\u00e9e \u00e0 Agathe Jarcyk, sp\u00e9cialiste de renomm\u00e9e internationale dans le domaine de la conservation de l\u2019art m\u00e9diatique. Cette op\u00e9ration g\u00e9n\u00e8re de grandes quantit\u00e9s de donn\u00e9es, ce qui pose la question de leur stockage et de leur sauvegarde \u00e0 long terme.<\/p>\n\n\n\n<p>Parall\u00e8lement, des recherches sont effectu\u00e9es sur la cr\u00e9ation et la pr\u00e9sentation des \u0153uvres. L\u2019action men\u00e9e par Helvetia et le Kunstmuseum Luzern est en ce sens novatrice.<\/p>\n\n\n\n<div style=\"height:30px\" aria-hidden=\"true\" class=\"wp-block-spacer\"><\/div>\n\n\n\n<div class=\"wp-block-buttons is-content-justification-center is-layout-flex wp-container-core-buttons-is-layout-a89b3969 wp-block-buttons-is-layout-flex\">\n<div class=\"wp-block-button\"><a class=\"wp-block-button__link wp-element-button\" href=\"https:\/\/www.kunstmuseumluzern.ch\/en\/exhibitions\/digitalisierung-videokunst\/\">Exposition sur le projet<\/a><\/div>\n<\/div>\n\n\n\n<div style=\"height:60px\" aria-hidden=\"true\" class=\"wp-block-spacer\"><\/div>\n\n\n\n<div class=\"wp-block-slider alignfull\">\n\n  <div class=\"swiper-container\">\n    <div class=\"swiper-wrapper\">\n\n      \n            <div class=\"swiper-slide\" data-index=\"0\">\n                <div data-caption=\"Ausstellungsansicht Vom Band zum Byte. Digitalisierung der Videosammlung, Kunstmuseum Luzern 2019, Foto: Marc Latzel\">          <img decoding=\"async\" width=\"933\" height=\"1400\" src=\"https:\/\/www.kunstmuseumluzern.ch\/wp-content\/uploads\/2024\/02\/kml-sammlungsprojekt-video-03.jpg\" class=\"attachment-gallery_image size-gallery_image\" alt=\"\" srcset=\"https:\/\/www.kunstmuseumluzern.ch\/wp-content\/uploads\/2024\/02\/kml-sammlungsprojekt-video-03.jpg 933w, https:&#47;&#47;&#x77;w&#119;&#x2e;&#x6b;u&#110;&#x73;&#x74;m&#117;&#x73;e&#117;&#x6d;&#x6c;u&#122;&#x65;&#x72;n&#46;&#x63;h&#47;&#x77;&#x70;-&#99;&#x6f;&#x6e;t&#101;&#x6e;&#x74;&#47;&#117;&#x70;l&#111;&#x61;&#x64;s&#47;&#x32;&#x30;2&#52;&#x2f;0&#50;&#x2f;&#x6b;m&#108;&#x2d;&#x73;a&#109;&#x6d;l&#117;&#110;&#x67;s&#112;&#x72;&#x6f;j&#101;&#x6b;&#x74;&#45;&#118;&#x69;d&#101;&#x6f;&#x2d;0&#51;&#x2d;&#x31;5&#48;&#x78;2&#50;&#x35;&#x40;2&#120;&#x2e;&#x6a;p&#103; 300w, https:\/\/www.kunstmuseumluzern.ch\/wp-content\/uploads\/2024\/02\/kml-sammlungsprojekt-video-03-150x225.jpg 150w, https:\/\/www.kunstmuseumluzern.ch\/wp-content\/uploads\/2024\/02\/kml-sammlungsprojekt-video-03-420x630.jpg 420w, https:&#x2f;\/&#x77;&#119;w&#x2e;&#107;&#x75;&#x6e;s&#x74;&#109;u&#x73;&#101;&#x75;&#109;l&#x75;&#122;e&#x72;&#110;&#x2e;&#99;h&#x2f;&#119;&#x70;&#x2d;c&#x6f;&#110;t&#x65;&#110;&#x74;&#x2f;u&#x70;&#108;o&#x61;&#100;&#x73;&#47;2&#x30;&#50;&#x34;&#x2f;0&#x32;&#47;k&#x6d;&#108;&#x2d;&#x73;a&#x6d;&#109;l&#x75;&#110;&#x67;&#115;p&#x72;&#111;j&#x65;&#107;&#x74;&#45;v&#x69;&#100;&#x65;&#x6f;-&#x30;&#51;-&#x33;&#48;&#x30;&#x78;4&#x35;&#48;&#64;&#x32;&#120;&#x2e;&#106;p&#x67; 600w, https:&#x2f;&#x2f;&#x77;&#x77;&#x77;&#x2e;&#x6b;&#117;&#110;&#115;&#116;&#109;useu&#x6d;&#x6c;&#x75;&#x7a;&#x65;&#x72;&#x6e;&#x2e;&#99;&#104;&#47;&#119;&#112;-con&#x74;&#x65;&#x6e;&#x74;&#x2f;&#x75;&#x70;&#108;&#111;&#97;&#100;&#115;\/202&#x34;&#x2f;&#x30;&#x32;&#x2f;&#x6b;&#x6d;&#x6c;&#45;&#115;&#97;&#109;&#109;lung&#x73;&#x70;&#x72;&#x6f;&#x6a;&#x65;&#x6b;&#x74;&#45;&#118;&#105;&#100;&#101;o-03&#x2d;&#x34;&#x32;&#x30;&#x78;&#x36;&#x33;&#48;&#64;&#50;&#120;&#46;jpg 840w\" sizes=\"(max-width: 933px) 100vw, 933px\" \/>        <\/div>        \n        \n              <\/div>\n                    <div class=\"swiper-slide\" data-index=\"1\">\n                <div data-caption=\"Silvie und Ch\u00e9rif Defraoui, La travers\u00e9e du si\u00e8cle II, 1988, 2-Kanal-Videoinstallation, Monitore und DVD-Player, 4-Kanal-Audioverst\u00e4rker und Lautsprecher, vier Metalltu\u0308rme, Flaschen, Papierschiffe, Blitzger\u00e4t, 313 \u00d7 70 \u00d7 70 cm, Kunstmuseum Luzern, Foto: Marc Latzel\">          <img decoding=\"async\" width=\"2100\" height=\"1400\" src=\"https:\/\/www.kunstmuseumluzern.ch\/wp-content\/uploads\/2024\/02\/kml-sammlungsprojekt-video-02.jpg\" class=\"attachment-gallery_image size-gallery_image\" alt=\"\" srcset=\"https:\/\/www.kunstmuseumluzern.ch\/wp-content\/uploads\/2024\/02\/kml-sammlungsprojekt-video-02.jpg 2100w, https:&#x2f;&#x2f;&#x77;&#x77;&#119;&#46;&#107;un&#x73;&#x74;&#x6d;&#x75;&#x73;&#101;&#117;&#109;lu&#x7a;&#x65;&#x72;&#x6e;&#x2e;&#99;&#104;&#47;wp&#x2d;&#x63;&#x6f;&#x6e;&#x74;&#101;&#110;&#116;\/u&#x70;&#x6c;&#x6f;&#x61;&#x64;&#115;&#47;&#50;02&#x34;&#x2f;&#x30;&#x32;&#x2f;&#107;&#109;&#108;-s&#x61;&#x6d;&#x6d;&#x6c;&#x75;&#110;&#103;&#115;pr&#x6f;&#x6a;&#x65;&#x6b;&#x74;&#45;&#118;&#105;de&#x6f;&#x2d;&#x30;&#x32;&#x2d;&#49;&#53;&#48;x1&#x30;&#x30;&#x40;&#x32;&#x78;&#46;&#106;&#112;g 300w, https:\/\/www.kunstmuseumluzern.ch\/wp-content\/uploads\/2024\/02\/kml-sammlungsprojekt-video-02-1024x683.jpg 1024w, https:\/\/www.kunstmuseumluzern.ch\/wp-content\/uploads\/2024\/02\/kml-sammlungsprojekt-video-02-150x100.jpg 150w, https:\/\/www.kunstmuseumluzern.ch\/wp-content\/uploads\/2024\/02\/kml-sammlungsprojekt-video-02-420x280.jpg 420w, https:&#x2f;\/&#x77;&#119;&#x77;&#46;k&#x75;&#110;&#x73;&#116;m&#x75;&#115;&#x65;&#117;m&#x6c;u&#x7a;&#101;&#x72;&#x6e;&#46;&#x63;&#104;&#x2f;&#119;p&#x2d;&#99;&#x6f;&#110;t&#x65;n&#x74;&#47;u&#x70;l&#x6f;&#97;&#x64;&#115;\/&#x32;&#48;&#x32;&#52;\/&#x30;&#50;&#x2f;&#107;m&#x6c;-&#x73;&#97;&#x6d;&#x6d;l&#x75;&#110;&#x67;&#115;p&#x72;&#111;&#x6a;&#101;k&#x74;&#45;&#x76;&#105;d&#x65;o&#x2d;&#48;&#x32;&#x2d;3&#x30;&#48;&#x78;&#50;0&#x30;&#64;&#x32;&#120;&#46;&#x6a;p&#x67; 600w, https:&#x2f;&#x2f;&#x77;&#x77;&#x77;&#x2e;&#x6b;&#x75;&#x6e;&#x73;&#x74;&#x6d;&#x75;&#x73;&#x65;&#x75;&#x6d;&#x6c;&#x75;&#x7a;&#x65;&#x72;&#x6e;&#x2e;&#x63;&#x68;&#x2f;&#x77;&#x70;&#x2d;&#x63;&#x6f;&#x6e;&#x74;&#x65;&#x6e;&#x74;&#x2f;&#x75;&#x70;&#x6c;&#x6f;&#x61;&#x64;&#x73;&#x2f;&#x32;&#x30;&#x32;&#x34;&#x2f;&#x30;&#x32;&#x2f;&#x6b;&#x6d;&#x6c;&#x2d;&#x73;&#x61;&#x6d;&#x6d;&#x6c;&#x75;&#x6e;&#x67;&#x73;&#x70;&#x72;&#x6f;&#x6a;&#x65;&#x6b;&#x74;&#x2d;&#x76;&#x69;&#x64;&#x65;&#x6f;&#x2d;&#x30;&#x32;&#x2d;&#x31;&#x30;&#x32;&#x34;&#x78;&#x36;&#x38;&#x33;&#x40;&#x32;&#x78;&#x2e;&#x6a;&#x70;&#x67; 2048w, https:&#47;&#x2f;&#119;&#x77;&#119;&#x2e;&#107;&#x75;&#110;&#x73;&#116;&#x6d;u&#x73;e&#x75;m&#x6c;u&#x7a;e&#x72;n&#46;&#x63;&#104;&#x2f;&#119;&#x70;&#45;&#x63;&#111;&#x6e;&#116;&#x65;&#110;&#x74;\/&#x75;p&#x6c;o&#x61;d&#x73;\/&#x32;0&#50;&#x34;&#47;&#x30;&#50;&#x2f;&#107;&#x6d;&#108;&#x2d;&#115;&#x61;&#109;&#x6d;l&#x75;n&#x67;s&#x70;r&#x6f;j&#x65;k&#116;&#x2d;&#118;&#x69;&#100;&#x65;&#111;&#x2d;&#48;&#x32;&#45;&#x34;&#50;&#x30;x&#x32;8&#x30;&#64;&#x32;x&#x2e;j&#x70;g 840w\" sizes=\"(max-width: 2100px) 100vw, 2100px\" \/>        <\/div>        \n        \n              <\/div>\n                    <div class=\"swiper-slide\" data-index=\"2\">\n                <div data-caption=\"Silvie und Ch\u00e9rif Defraoui, La travers\u00e9e du si\u00e8cle II (Detail), 1988, 2-Kanal-Videoinstallation, Monitore und DVD-Player, 4-Kanal-Audioverst\u00e4rker und Lautsprecher, vier Metalltu\u0308rme, Flaschen, Papierschiffe, Blitzger\u00e4t, 313 \u00d7 70 \u00d7 70 cm, Kunstmuseum Luzern, Foto: Marc Latzel\">          <img decoding=\"async\" width=\"1700\" height=\"1400\" src=\"https:\/\/www.kunstmuseumluzern.ch\/wp-content\/uploads\/2024\/02\/kml-sammlungsprojekt-video-04.jpg\" class=\"attachment-gallery_image size-gallery_image\" alt=\"\" srcset=\"https:\/\/www.kunstmuseumluzern.ch\/wp-content\/uploads\/2024\/02\/kml-sammlungsprojekt-video-04.jpg 1700w, https:&#47;&#x2f;w&#x77;&#x77;&#46;&#x6b;u&#110;&#x73;&#116;&#x6d;u&#115;&#x65;u&#x6d;l&#117;&#x7a;e&#x72;&#x6e;&#46;&#x63;h&#47;&#x77;&#112;&#x2d;c&#111;&#x6e;&#116;&#x65;n&#116;&#x2f;u&#x70;&#x6c;&#111;&#x61;d&#115;&#x2f;&#50;&#x30;2&#52;&#x2f;&#48;&#x32;\/&#107;&#x6d;l&#x2d;s&#97;&#x6d;m&#x6c;&#x75;&#110;&#x67;s&#112;&#x72;&#111;&#x6a;e&#107;&#x74;&#45;&#x76;i&#100;&#x65;o&#x2d;&#x30;&#52;&#x2d;1&#53;&#x30;&#120;&#x31;2&#52;&#x40;&#50;&#x78;&#46;&#106;&#x70;g 300w, https:\/\/www.kunstmuseumluzern.ch\/wp-content\/uploads\/2024\/02\/kml-sammlungsprojekt-video-04-1024x843.jpg 1024w, https:\/\/www.kunstmuseumluzern.ch\/wp-content\/uploads\/2024\/02\/kml-sammlungsprojekt-video-04-150x124.jpg 150w, https:\/\/www.kunstmuseumluzern.ch\/wp-content\/uploads\/2024\/02\/kml-sammlungsprojekt-video-04-420x346.jpg 420w, https:&#x2f;&#x2f;&#x77;&#x77;&#x77;&#x2e;&#x6b;&#x75;&#x6e;&#x73;&#x74;&#x6d;&#x75;&#x73;&#x65;&#x75;&#x6d;&#x6c;&#x75;&#x7a;&#x65;&#x72;&#x6e;&#x2e;&#x63;&#x68;&#x2f;&#x77;&#x70;&#x2d;&#x63;&#x6f;&#x6e;&#x74;&#x65;&#x6e;&#x74;&#x2f;&#x75;&#x70;&#x6c;&#x6f;&#x61;&#x64;&#x73;&#x2f;&#x32;&#x30;&#x32;&#x34;&#x2f;&#x30;&#x32;&#x2f;&#x6b;&#x6d;&#x6c;&#x2d;&#x73;&#x61;&#x6d;&#x6d;&#x6c;&#x75;&#x6e;&#x67;&#x73;&#x70;&#x72;&#x6f;&#x6a;&#x65;&#x6b;&#x74;&#x2d;&#x76;&#x69;&#x64;&#x65;&#x6f;&#x2d;&#x30;&#x34;&#x2d;&#x33;&#x30;&#x30;&#x78;&#x32;&#x34;&#x37;&#x40;&#x32;&#x78;&#x2e;&#x6a;&#x70;&#x67; 600w, https:\/&#47;&#x77;&#x77;w&#46;&#107;&#x75;&#x6e;s&#116;&#109;&#x75;&#x73;e&#117;&#x6d;&#x6c;&#x75;z&#101;&#x72;&#x6e;&#46;&#99;&#104;&#x2f;&#x77;p&#45;&#99;&#x6f;&#x6e;t&#101;&#x6e;&#x74;&#x2f;u&#112;&#x6c;&#x6f;ad&#115;&#x2f;&#x32;0&#50;&#52;&#x2f;&#x30;2&#47;&#107;&#x6d;&#x6c;-&#115;&#x61;&#x6d;ml&#117;&#x6e;&#x67;s&#112;&#114;&#x6f;&#x6a;e&#107;&#116;&#x2d;&#x76;i&#100;&#x65;&#x6f;-0&#52;&#x2d;&#x34;2&#48;&#120;&#x33;&#x34;6&#64;&#50;&#x78;&#x2e;j&#112;&#x67; 840w\" sizes=\"(max-width: 1700px) 100vw, 1700px\" \/>        <\/div>        \n        \n              <\/div>\n                    <div class=\"swiper-slide\" data-index=\"3\">\n                <div data-caption=\"Vito Acconci, Remote Control, 1971, Zwei-Kanal-Video, simultan, U-Matic Low Band, schwarzweiss, Ton, Kunstmuseum Luzern\">          <img decoding=\"async\" width=\"1750\" height=\"1400\" src=\"https:\/\/www.kunstmuseumluzern.ch\/wp-content\/uploads\/2024\/02\/kml-sammlungsprojekt-video-06.jpg\" class=\"attachment-gallery_image size-gallery_image\" alt=\"\" srcset=\"https:\/\/www.kunstmuseumluzern.ch\/wp-content\/uploads\/2024\/02\/kml-sammlungsprojekt-video-06.jpg 1750w, https:\/&#47;&#x77;&#x77;w&#46;&#107;&#x75;&#x6e;s&#116;&#109;&#x75;&#x73;e&#117;&#x6d;&#x6c;&#x75;z&#101;&#x72;&#x6e;&#46;&#99;&#104;&#x2f;&#x77;p&#45;&#99;&#x6f;&#x6e;t&#101;&#x6e;&#x74;&#x2f;u&#112;&#x6c;&#x6f;ad&#115;&#x2f;&#x32;0&#50;&#52;&#x2f;&#x30;2&#47;&#107;&#x6d;&#x6c;-&#115;&#x61;&#x6d;ml&#117;&#x6e;&#x67;s&#112;&#114;&#x6f;&#x6a;e&#107;&#116;&#x2d;&#x76;i&#100;&#x65;&#x6f;-0&#54;&#x2d;&#x31;5&#48;&#120;&#x31;&#x32;0&#64;&#50;&#x78;&#x2e;j&#112;&#x67; 300w, https:\/\/www.kunstmuseumluzern.ch\/wp-content\/uploads\/2024\/02\/kml-sammlungsprojekt-video-06-1024x819.jpg 1024w, https:\/\/www.kunstmuseumluzern.ch\/wp-content\/uploads\/2024\/02\/kml-sammlungsprojekt-video-06-150x120.jpg 150w, https:\/\/www.kunstmuseumluzern.ch\/wp-content\/uploads\/2024\/02\/kml-sammlungsprojekt-video-06-420x336.jpg 420w, https:&#x2f;\/&#x77;&#119;w&#x2e;&#107;&#x75;&#x6e;s&#x74;&#109;u&#x73;&#101;&#x75;&#109;l&#x75;&#122;e&#x72;&#110;&#x2e;&#99;h&#x2f;&#119;&#x70;&#x2d;c&#x6f;&#110;t&#x65;&#110;&#x74;&#x2f;u&#x70;&#108;o&#x61;&#100;&#x73;&#47;2&#x30;&#50;&#x34;&#x2f;0&#x32;&#47;k&#x6d;&#108;&#x2d;&#x73;a&#x6d;&#109;l&#x75;&#110;&#x67;&#115;p&#x72;&#111;j&#x65;&#107;&#x74;&#45;v&#x69;&#100;&#x65;&#x6f;-&#x30;&#54;-&#x33;&#48;&#x30;&#x78;2&#x34;&#48;&#64;&#x32;&#120;&#x2e;&#106;p&#x67; 600w, https:&#x2f;\/&#x77;&#119;&#x77;&#46;k&#x75;&#110;&#x73;&#116;m&#x75;&#115;&#x65;&#117;m&#x6c;u&#x7a;&#101;&#x72;&#x6e;&#46;&#x63;&#104;&#x2f;&#119;p&#x2d;&#99;&#x6f;&#110;t&#x65;n&#x74;&#47;u&#x70;l&#x6f;&#97;&#x64;&#115;\/&#x32;&#48;&#x32;&#52;\/&#x30;&#50;&#x2f;&#107;m&#x6c;-&#x73;&#97;&#x6d;&#x6d;l&#x75;&#110;&#x67;&#115;p&#x72;&#111;&#x6a;&#101;k&#x74;&#45;&#x76;&#105;d&#x65;o&#x2d;&#48;&#x36;&#x2d;4&#x32;&#48;&#x78;&#51;3&#x36;&#64;&#x32;&#120;&#46;&#x6a;p&#x67; 840w\" sizes=\"(max-width: 1750px) 100vw, 1750px\" \/>        <\/div>        \n        \n              <\/div>\n                    <div class=\"swiper-slide\" data-index=\"4\">\n                <div data-caption=\"Alex Silber, 1950, Das Lied der Heimat, 1977\/80, Video, U-Matic, schwarzweiss, Ton, Kunstmuseum Luzern\">          <img decoding=\"async\" width=\"1750\" height=\"1400\" src=\"https:\/\/www.kunstmuseumluzern.ch\/wp-content\/uploads\/2024\/02\/kml-sammlungsprojekt-video-05.jpg\" class=\"attachment-gallery_image size-gallery_image\" alt=\"\" srcset=\"https:\/\/www.kunstmuseumluzern.ch\/wp-content\/uploads\/2024\/02\/kml-sammlungsprojekt-video-05.jpg 1750w, https:&#47;&#x2f;w&#119;&#x77;&#46;&#x6b;&#x75;&#110;&#x73;t&#109;&#x75;s&#101;&#x75;&#109;&#x6c;u&#122;&#x65;r&#110;&#x2e;&#99;&#x68;&#x2f;&#119;&#x70;-&#99;&#x6f;n&#x74;&#x65;&#110;&#x74;\/&#117;&#x70;l&#111;&#x61;&#100;&#x73;\/&#50;&#x30;2&#52;&#x2f;0&#x32;&#x2f;&#107;&#x6d;l&#45;&#x73;a&#x6d;&#x6d;&#108;&#x75;n&#103;&#x73;p&#114;&#x6f;&#106;&#x65;k&#116;&#x2d;v&#105;&#x64;e&#x6f;&#x2d;&#48;&#x35;-&#49;&#x35;0&#x78;&#x31;&#50;&#x30;&#64;&#50;&#x78;&#46;&#106;&#x70;&#103; 300w, https:\/\/www.kunstmuseumluzern.ch\/wp-content\/uploads\/2024\/02\/kml-sammlungsprojekt-video-05-1024x819.jpg 1024w, https:\/\/www.kunstmuseumluzern.ch\/wp-content\/uploads\/2024\/02\/kml-sammlungsprojekt-video-05-150x120.jpg 150w, https:\/\/www.kunstmuseumluzern.ch\/wp-content\/uploads\/2024\/02\/kml-sammlungsprojekt-video-05-420x336.jpg 420w, https:\/\/w&#119;&#119;&#46;&#x6b;&#x75;&#x6e;&#x73;&#x74;&#x6d;use&#117;&#109;&#108;&#117;&#x7a;&#x65;&#x72;&#x6e;&#x2e;&#x63;h\/w&#112;&#45;&#99;&#x6f;&#x6e;&#x74;&#x65;&#x6e;&#x74;\/up&#108;&#111;&#97;&#100;&#x73;&#x2f;&#x32;&#x30;&#x32;&#x34;\/02&#47;&#107;&#109;&#x6c;&#x2d;&#x73;&#x61;&#x6d;&#x6d;lun&#103;&#115;&#112;&#114;&#x6f;&#x6a;&#x65;&#x6b;&#x74;&#x2d;vid&#101;&#111;&#45;&#x30;&#x35;&#x2d;&#x33;&#x30;&#x30;x24&#48;&#64;&#50;&#120;&#x2e;&#x6a;&#x70;&#x67; 600w, https:&#x2f;&#47;w&#x77;&#119;&#46;&#x6b;&#117;n&#x73;&#116;m&#x75;&#115;e&#x75;&#109;l&#x75;&#122;e&#x72;&#110;&#46;&#x63;&#104;\/&#x77;&#112;-&#x63;&#111;n&#x74;&#101;n&#x74;&#47;u&#x70;&#108;o&#x61;&#100;s&#x2f;&#50;0&#x32;&#52;\/&#x30;&#50;\/&#x6b;&#109;l&#x2d;&#115;a&#x6d;&#109;l&#x75;&#110;g&#x73;&#x70;r&#x6f;&#x6a;e&#x6b;&#x74;&#45;&#x76;&#x69;&#100;&#x65;&#x6f;&#45;&#x30;&#x35;&#45;&#x34;&#x32;&#48;&#x78;&#x33;&#51;&#x36;&#x40;&#50;&#x78;&#x2e;&#106;&#x70;&#x67; 840w\" sizes=\"(max-width: 1750px) 100vw, 1750px\" \/>        <\/div>        \n        \n              <\/div>\n              \n    <\/div>\n\n    <div class=\"swiper-button-prev\"><\/div>\n    <div class=\"swiper-button-next\"><\/div>\n    <div class=\"swiper-pagination\"><\/div>\n    <div class=\"swiper-caption\"><\/div>\n  <\/div>\n\n<\/div>\n","protected":false},"excerpt":{"rendered":"<p>Num\u00e9risation de la collection de vid\u00e9os En termes de conservation, les nouveaux m\u00e9dias posent d\u2019autres d\u00e9fis, auxquels les mus\u00e9es doivent apporter des solutions rapides, s\u00fbres et durables. Le Kunstmuseum Luzern collectionne des vid\u00e9os depuis l\u2019apparition de ce m\u00e9dia. Aujourd\u2019hui, ces \u0153uvres ne sont pratiquement plus lisibles, faute d\u2019appareils de lecture appropri\u00e9s ou parce que des [&hellip;]<\/p>\n","protected":false},"author":7,"featured_media":0,"parent":102824,"menu_order":1,"comment_status":"closed","ping_status":"closed","template":"","meta":{"_acf_changed":false,"_seopress_robots_primary_cat":"","_seopress_titles_title":"","_seopress_titles_desc":"","_seopress_robots_index":"","inline_featured_image":false,"ghostkit_customizer_options":"","ghostkit_custom_css":"","ghostkit_custom_js_head":"","ghostkit_custom_js_foot":"","ghostkit_typography":"","footnotes":""},"tags":[],"class_list":["post-102864","page","type-page","status-publish","hentry"],"acf":[],"_links":{"self":[{"href":"https:\/\/www.kunstmuseumluzern.ch\/fr\/wp-json\/wp\/v2\/pages\/102864","targetHints":{"allow":["GET"]}}],"collection":[{"href":"https:\/\/www.kunstmuseumluzern.ch\/fr\/wp-json\/wp\/v2\/pages"}],"about":[{"href":"https:\/\/www.kunstmuseumluzern.ch\/fr\/wp-json\/wp\/v2\/types\/page"}],"author":[{"embeddable":true,"href":"https:\/\/www.kunstmuseumluzern.ch\/fr\/wp-json\/wp\/v2\/users\/7"}],"replies":[{"embeddable":true,"href":"https:\/\/www.kunstmuseumluzern.ch\/fr\/wp-json\/wp\/v2\/comments?post=102864"}],"version-history":[{"count":7,"href":"https:\/\/www.kunstmuseumluzern.ch\/fr\/wp-json\/wp\/v2\/pages\/102864\/revisions"}],"predecessor-version":[{"id":102871,"href":"https:\/\/www.kunstmuseumluzern.ch\/fr\/wp-json\/wp\/v2\/pages\/102864\/revisions\/102871"}],"up":[{"embeddable":true,"href":"https:\/\/www.kunstmuseumluzern.ch\/fr\/wp-json\/wp\/v2\/pages\/102824"}],"wp:attachment":[{"href":"https:\/\/www.kunstmuseumluzern.ch\/fr\/wp-json\/wp\/v2\/media?parent=102864"}],"wp:term":[{"taxonomy":"post_tag","embeddable":true,"href":"https:\/\/www.kunstmuseumluzern.ch\/fr\/wp-json\/wp\/v2\/tags?post=102864"}],"curies":[{"name":"wp","href":"https:\/\/api.w.org\/{rel}","templated":true}]}}