{"id":111832,"date":"2023-11-09T10:30:27","date_gmt":"2023-11-09T09:30:27","guid":{"rendered":"https:\/\/www.kunstmuseumluzern.ch\/mediathek\/jahresprogramm\/"},"modified":"2025-12-12T09:17:32","modified_gmt":"2025-12-12T08:17:32","slug":"jahresprogramm","status":"publish","type":"page","link":"https:\/\/www.kunstmuseumluzern.ch\/fr\/mediathek\/jahresprogramm\/","title":{"rendered":"Programme annuel"},"content":{"rendered":"\n<div style=\"height:60px\" aria-hidden=\"true\" class=\"wp-block-spacer\"><\/div>\n\n\n\n<p>Notre programme annuel imprim\u00e9 est r\u00e9dig\u00e9 uniquement en allemand et en anglais. \u00c0 partir de 2024, toutes les expositions seront disponibles en fran\u00e7ais sous exposition <a href=\"https:\/\/www.kunstmuseumluzern.ch\/fr\/passees\/\">pass\u00e9e<\/a>, <a href=\"https:\/\/www.kunstmuseumluzern.ch\/fr\/\">actuel<\/a> et <a href=\"https:\/\/www.kunstmuseumluzern.ch\/fr\/a-venir\/\">\u00e0 venir<\/a>.<\/p>\n\n\n\n<div style=\"height:60px\" aria-hidden=\"true\" class=\"wp-block-spacer\"><\/div>\n\n\n\n<div class=\"wp-block-download-cards alignwide\">\n\n        <div class=\"wp-block-download-cards__card\">\n\n    <figure class=\"wp-block-download-cards__card-image \">\n      <img decoding=\"async\" width=\"470\" height=\"470\" src=\"https:\/\/www.kunstmuseumluzern.ch\/wp-content\/uploads\/2023\/04\/kml-2026-jahresprogramm-cover-470x470.jpg\" class=\"attachment-link-card size-link-card\" alt=\"\" srcset=\"https:\/\/www.kunstmuseumluzern.ch\/wp-content\/uploads\/2023\/04\/kml-2026-jahresprogramm-cover-470x470.jpg 470w, https:\/\/w&#119;&#119;&#46;&#107;&#x75;&#x6e;&#x73;&#x74;&#x6d;&#x75;&#x73;eum&#108;&#117;&#122;&#101;&#114;&#x6e;&#x2e;&#x63;&#x68;&#x2f;&#x77;p-co&#110;&#116;&#101;&#110;&#x74;&#x2f;&#x75;&#x70;&#x6c;&#x6f;ads\/&#50;&#48;&#50;&#51;&#x2f;&#x30;&#x34;&#x2f;&#x6b;&#x6d;&#x6c;-20&#50;&#54;&#45;&#106;&#97;&#x68;&#x72;&#x65;&#x73;&#x70;&#x72;ogr&#97;&#109;&#109;&#45;&#99;&#x6f;&#x76;&#x65;&#x72;&#x2d;&#x31;50x1&#53;&#48;&#64;&#50;&#x78;&#x2e;&#x6a;&#x70;&#x67; 300w, https:\/\/www.kunstmuseumluzern.ch\/wp-content\/uploads\/2023\/04\/kml-2026-jahresprogramm-cover-150x150.jpg 150w, https:\/\/www.kunstmuseumluzern.ch\/wp-content\/uploads\/2023\/04\/kml-2026-jahresprogramm-cover-784x784.jpg 784w, https:\/\/www.kunstmuseumluzern.ch\/wp-content\/uploads\/2023\/04\/kml-2026-jahresprogramm-cover-420x420.jpg 420w, https:\/\/www.kunstmuseumluzern.ch\/wp-content\/uploads\/2023\/04\/kml-2026-jahresprogramm-cover.jpg 1000w, https:&#47;\/&#119;w&#119;&#46;&#x6b;u&#x6e;s&#x74;m&#x75;s&#x65;u&#x6d;l&#x75;z&#x65;r&#x6e;&#46;&#x63;&#104;&#x2f;&#119;&#x70;&#45;&#x63;&#111;&#x6e;&#116;&#x65;&#110;&#x74;&#47;&#x75;&#112;&#x6c;&#111;&#x61;&#100;&#x73;&#47;&#x32;&#48;&#x32;&#51;\/&#48;4&#47;k&#x6d;l&#x2d;2&#x30;2&#x36;-&#x6a;a&#x68;r&#x65;s&#x70;r&#x6f;g&#x72;&#97;&#x6d;&#109;&#x2d;&#99;&#x6f;&#118;&#x65;&#114;&#x2d;&#52;&#x37;&#48;&#x78;&#52;&#x37;&#48;&#x40;&#50;&#x78;&#46;&#x6a;&#112;&#x67; 940w, https:\/&#47;&#119;&#x77;&#x77;&#x2e;k&#117;&#110;&#x73;&#x74;&#x6d;us&#101;&#x75;&#x6d;&#x6c;uz&#101;&#114;&#x6e;&#x2e;&#x63;h&#47;&#119;&#x70;&#x2d;&#x63;o&#110;&#116;&#x65;&#x6e;&#x74;\/u&#112;&#x6c;&#x6f;&#x61;ds&#47;&#50;&#x30;&#x32;&#x33;\/&#48;&#52;&#x2f;&#x6b;&#x6d;l&#45;&#50;&#x30;&#x32;&#x36;-j&#97;&#x68;&#x72;&#x65;sp&#114;&#111;&#x67;&#x72;&#x61;m&#109;&#45;&#x63;&#x6f;&#x76;e&#114;&#45;&#x33;&#x30;&#x30;x3&#48;&#x30;&#x40;&#x32;x&#46;&#106;&#112;&#x67; 600w, https:&#x2f;&#x2f;&#x77;&#119;&#119;&#46;k&#x75;&#x6e;&#x73;&#x74;&#109;&#117;se&#x75;&#x6d;&#x6c;&#117;&#122;&#101;rn&#x2e;&#x63;&#x68;&#47;&#119;p-&#x63;&#x6f;&#x6e;&#x74;&#101;&#110;t\/&#x75;&#x70;&#x6c;&#111;&#97;&#100;s\/&#x32;&#x30;&#x32;&#51;&#47;04&#x2f;&#x6b;&#x6d;&#x6c;&#45;&#50;02&#x36;&#x2d;&#x6a;&#97;&#104;&#114;es&#x70;&#x72;&#x6f;&#103;&#114;&#97;m&#x6d;&#x2d;&#x63;&#x6f;&#118;&#101;r-&#x34;&#x32;&#x30;&#x78;&#52;&#50;0&#64;&#x32;&#x78;&#x2e;&#106;&#112;&#103; 840w\" sizes=\"(max-width: 470px) 100vw, 470px\" \/>    <\/figure>\n\n    <div class=\"wp-block-download-cards__card-content\">\n      <div class=\"wp-block-download-cards__card-title\">\n        Programme annuel 2026 (Allemand\/Anglais)      <\/div>\n\n      <div class=\"wp-block-buttons\">\n        <div class=\"wp-block-button is-style-download\">\n          <a href=\"https:\/\/www.kunstmuseumluzern.ch\/wp-content\/uploads\/2025\/12\/kml-2026-jahrespgrogramm-a5-digi-rz.pdf\" class=\"wp-block-button__link has-text-align-center wp-element-button\">Download<\/a>\n        <\/div>\n      <\/div>\n    <\/div>\n\n  <\/div>\n            <div class=\"wp-block-download-cards__card\">\n\n    <figure class=\"wp-block-download-cards__card-image \">\n      <img decoding=\"async\" width=\"470\" height=\"470\" src=\"https:\/\/www.kunstmuseumluzern.ch\/wp-content\/uploads\/2024\/12\/kml-2025-jahresprogramm-cover-470x470.jpg\" class=\"attachment-link-card size-link-card\" alt=\"\" srcset=\"https:\/\/www.kunstmuseumluzern.ch\/wp-content\/uploads\/2024\/12\/kml-2025-jahresprogramm-cover-470x470.jpg 470w, https:&#x2f;\/&#x77;w&#x77;&#46;&#x6b;&#117;n&#x73;t&#x6d;&#117;&#x73;&#101;&#x75;&#109;l&#x75;z&#x65;&#114;&#x6e;&#46;&#x63;&#x68;\/&#x77;p&#x2d;&#99;&#x6f;&#110;t&#x65;n&#x74;&#47;&#x75;&#112;&#x6c;&#111;a&#x64;s&#x2f;&#50;&#x30;&#50;&#x34;&#x2f;1&#x32;\/&#x6b;&#109;&#x6c;&#45;2&#x30;2&#x35;&#45;&#x6a;&#97;&#x68;&#114;e&#x73;p&#x72;&#111;&#x67;&#114;&#x61;&#x6d;m&#x2d;c&#x6f;&#118;&#x65;&#114;-&#x31;5&#x30;&#120;&#x31;&#53;&#x30;&#64;2&#x78;&#46;&#x6a;&#112;&#x67; 300w, https:\/\/www.kunstmuseumluzern.ch\/wp-content\/uploads\/2024\/12\/kml-2025-jahresprogramm-cover-150x150.jpg 150w, https:\/\/www.kunstmuseumluzern.ch\/wp-content\/uploads\/2024\/12\/kml-2025-jahresprogramm-cover-784x784.jpg 784w, https:\/\/www.kunstmuseumluzern.ch\/wp-content\/uploads\/2024\/12\/kml-2025-jahresprogramm-cover-420x420.jpg 420w, https:\/\/www.kunstmuseumluzern.ch\/wp-content\/uploads\/2024\/12\/kml-2025-jahresprogramm-cover.jpg 1000w, https:\/&#47;&#119;&#x77;&#x77;&#46;k&#117;&#110;&#x73;&#x74;mu&#115;&#101;&#x75;&#x6d;lu&#122;&#x65;&#x72;&#x6e;&#46;&#99;&#104;&#x2f;&#x77;&#x70;-&#99;&#111;&#x6e;&#x74;&#x65;n&#116;&#47;&#x75;&#x70;&#x6c;o&#97;&#100;&#x73;&#x2f;&#x32;0&#50;&#52;&#x2f;&#x31;2\/&#107;&#109;&#x6c;&#x2d;20&#50;&#53;&#x2d;&#x6a;ah&#114;&#x65;&#x73;&#x70;ro&#103;&#x72;&#x61;&#x6d;m&#45;&#99;&#x6f;&#x76;&#x65;r&#45;&#52;&#x37;&#x30;&#x78;4&#55;&#48;&#x40;&#x32;&#x78;&#46;&#106;&#112;&#x67; 940w, https:&#x2f;&#47;&#x77;&#119;w&#x2e;&#107;u&#x6e;&#115;&#x74;&#x6d;u&#x73;&#101;u&#x6d;&#108;&#x75;&#x7a;e&#x72;&#110;&#46;&#x63;&#104;\/&#x77;&#112;&#x2d;&#99;o&#x6e;&#116;e&#x6e;&#116;&#x2f;&#x75;p&#x6c;&#111;a&#x64;&#115;&#x2f;&#x32;0&#x32;&#52;\/&#x31;&#50;\/&#x6b;&#109;&#x6c;&#45;2&#x30;&#50;5&#x2d;&#106;&#x61;&#x68;r&#x65;&#115;p&#x72;&#111;&#x67;&#x72;&#97;&#x6d;&#109;-&#x63;&#111;v&#x65;&#114;&#x2d;&#51;0&#x30;&#120;3&#x30;&#48;&#x40;&#x32;x&#x2e;&#106;p&#x67; 600w, https:&#x2f;&#x2f;&#x77;&#x77;&#x77;&#x2e;&#x6b;&#117;&#110;&#115;&#116;&#109;useu&#x6d;&#x6c;&#x75;&#x7a;&#x65;&#x72;&#x6e;&#x2e;&#99;&#104;&#47;&#119;&#112;-con&#x74;&#x65;&#x6e;&#x74;&#x2f;&#x75;&#x70;&#108;&#111;&#97;&#100;&#115;\/202&#x34;&#x2f;&#x31;&#x32;&#x2f;&#x6b;&#x6d;&#x6c;&#45;&#50;&#48;&#50;&#53;-jah&#x72;&#x65;&#x73;&#x70;&#x72;&#x6f;&#x67;&#x72;&#97;&#109;&#109;&#45;&#99;over&#x2d;&#x34;&#x32;&#x30;&#x78;&#x34;&#x32;&#48;&#64;&#50;&#120;&#46;jpg 840w\" sizes=\"(max-width: 470px) 100vw, 470px\" \/>    <\/figure>\n\n    <div class=\"wp-block-download-cards__card-content\">\n      <div class=\"wp-block-download-cards__card-title\">\n        Programme annuel 2025 (Allemand\/Anglais)      <\/div>\n\n      <div class=\"wp-block-buttons\">\n        <div class=\"wp-block-button is-style-download\">\n          <a href=\"https:\/\/www.kunstmuseumluzern.ch\/wp-content\/uploads\/2024\/12\/2025-jp-digi.pdf\" class=\"wp-block-button__link has-text-align-center wp-element-button\">Download<\/a>\n        <\/div>\n      <\/div>\n    <\/div>\n\n  <\/div>\n            <div class=\"wp-block-download-cards__card\">\n\n    <figure class=\"wp-block-download-cards__card-image \">\n      <img decoding=\"async\" width=\"470\" height=\"470\" src=\"https:\/\/www.kunstmuseumluzern.ch\/wp-content\/uploads\/2024\/02\/kml-2024-Jahresprogramm_webansicht-470x470.jpg\" class=\"attachment-link-card size-link-card\" alt=\"\" srcset=\"https:\/\/www.kunstmuseumluzern.ch\/wp-content\/uploads\/2024\/02\/kml-2024-Jahresprogramm_webansicht-470x470.jpg 470w, https:\/&#47;&#119;&#119;&#x77;&#x2e;&#x6b;un&#115;&#116;&#x6d;&#x75;&#x73;&#x65;um&#108;&#117;&#x7a;&#x65;&#x72;&#x6e;&#46;&#99;&#104;&#47;&#x77;&#x70;&#x2d;co&#110;&#116;&#101;&#x6e;&#x74;&#x2f;up&#108;&#111;&#x61;&#x64;&#x73;&#x2f;20&#50;&#52;&#x2f;&#x30;&#x32;\/k&#109;&#108;&#45;&#x32;&#x30;&#x32;4-&#74;&#97;&#x68;&#x72;&#x65;&#x73;pr&#111;&#103;&#x72;&#x61;&#x6d;m_&#119;&#101;&#98;&#x61;&#x6e;&#x73;ic&#104;&#116;&#x2d;&#x31;&#x35;&#x30;x1&#53;&#48;&#x40;&#x32;&#x78;&#x2e;j&#112;&#103; 300w, https:\/\/www.kunstmuseumluzern.ch\/wp-content\/uploads\/2024\/02\/kml-2024-Jahresprogramm_webansicht-150x150.jpg 150w, https:\/\/www.kunstmuseumluzern.ch\/wp-content\/uploads\/2024\/02\/kml-2024-Jahresprogramm_webansicht-784x784.jpg 784w, https:\/\/www.kunstmuseumluzern.ch\/wp-content\/uploads\/2024\/02\/kml-2024-Jahresprogramm_webansicht-420x420.jpg 420w, https:\/\/www.kunstmuseumluzern.ch\/wp-content\/uploads\/2024\/02\/kml-2024-Jahresprogramm_webansicht.jpg 1000w, https:\/\/&#119;&#119;&#119;&#46;&#x6b;&#x75;&#x6e;&#x73;&#x74;mu&#115;&#101;&#117;&#109;&#x6c;&#x75;&#x7a;&#x65;&#x72;n&#46;&#99;&#104;&#47;&#119;&#x70;&#x2d;&#x63;&#x6f;&#x6e;ten&#116;&#47;&#117;&#x70;&#x6c;&#x6f;&#x61;&#x64;s\/2&#48;&#50;&#52;&#x2f;&#x30;&#x32;&#x2f;&#x6b;ml-&#50;&#48;&#50;&#x34;&#x2d;&#x4a;&#x61;&#x68;res&#112;&#114;&#111;&#x67;&#x72;&#x61;&#x6d;&#x6d;_we&#98;&#97;&#110;&#x73;&#x69;&#x63;&#x68;&#x74;-47&#48;&#120;&#52;&#55;&#x30;&#x40;&#x32;&#x78;&#x2e;jp&#103; 940w, https:&#47;&#x2f;&#x77;w&#119;&#x2e;k&#117;&#x6e;s&#116;&#x6d;u&#115;&#x65;&#x75;&#109;&#x6c;&#x75;z&#101;&#x72;n&#46;&#x63;h&#47;&#x77;&#x70;&#45;&#x63;&#x6f;n&#116;&#x65;n&#116;&#x2f;u&#112;&#x6c;o&#97;&#x64;&#x73;&#47;&#x32;&#x30;2&#52;&#x2f;0&#50;&#x2f;k&#109;&#x6c;&#x2d;&#50;&#x30;&#x32;4&#45;&#x4a;a&#104;&#x72;e&#115;&#x70;r&#111;&#x67;&#x72;&#97;&#x6d;&#x6d;_&#119;&#x65;b&#97;&#x6e;s&#105;&#x63;&#x68;&#116;&#x2d;&#x33;0&#48;&#x78;3&#48;&#x30;&#64;&#50;&#x78;&#x2e;&#106;&#x70;&#x67; 600w, https:&#47;&#x2f;w&#119;&#x77;&#46;&#x6b;u&#110;&#x73;t&#x6d;&#x75;&#115;&#x65;u&#109;&#x6c;u&#x7a;&#x65;&#114;&#x6e;&#46;&#99;&#x68;&#47;&#x77;p&#45;&#x63;o&#110;&#x74;&#101;&#x6e;t&#47;&#x75;p&#x6c;&#x6f;&#97;&#x64;s&#47;&#x32;0&#x32;&#x34;&#47;&#x30;2&#47;&#x6b;&#109;&#x6c;-&#50;&#x30;2&#x34;&#x2d;&#74;&#x61;h&#114;&#x65;s&#x70;&#x72;&#111;&#x67;r&#97;&#x6d;&#109;&#x5f;w&#101;&#x62;a&#110;&#x73;&#105;&#x63;h&#116;&#x2d;4&#x32;&#x30;&#120;&#x34;2&#48;&#x40;2&#x78;&#x2e;&#106;&#x70;g 840w\" sizes=\"(max-width: 470px) 100vw, 470px\" \/>    <\/figure>\n\n    <div class=\"wp-block-download-cards__card-content\">\n      <div class=\"wp-block-download-cards__card-title\">\n        Programme annuel 2024 (Allemand\/Anglais)      <\/div>\n\n      <div class=\"wp-block-buttons\">\n        <div class=\"wp-block-button is-style-download\">\n          <a href=\"https:\/\/www.kunstmuseumluzern.ch\/wp-content\/uploads\/2024\/02\/kml-jahresprogramm-2024.pdf\" class=\"wp-block-button__link has-text-align-center wp-element-button\">Download<\/a>\n        <\/div>\n      <\/div>\n    <\/div>\n\n  <\/div>\n            <div class=\"wp-block-download-cards__card\">\n\n    <figure class=\"wp-block-download-cards__card-image \">\n      <img decoding=\"async\" width=\"470\" height=\"470\" src=\"https:\/\/www.kunstmuseumluzern.ch\/wp-content\/uploads\/2024\/02\/kml-2023-Jahresprogramm_webansicht-470x470.jpg\" class=\"attachment-link-card size-link-card\" alt=\"\" srcset=\"https:\/\/www.kunstmuseumluzern.ch\/wp-content\/uploads\/2024\/02\/kml-2023-Jahresprogramm_webansicht-470x470.jpg 470w, https:\/&#47;&#x77;&#x77;w&#46;&#107;&#x75;&#x6e;s&#116;&#x6d;&#x75;s&#101;&#117;&#x6d;&#x6c;u&#122;&#x65;&#x72;n&#46;&#99;&#x68;&#x2f;w&#112;&#x2d;&#x63;o&#110;&#116;&#x65;&#x6e;t&#47;&#x75;&#x70;lo&#97;&#x64;&#x73;\/&#50;&#x30;&#x32;&#x34;\/&#48;&#x32;&#x2f;k&#109;&#108;&#x2d;&#x32;0&#50;&#x33;&#x2d;J&#97;&#104;&#x72;&#x65;s&#112;&#x72;&#x6f;g&#114;&#97;&#x6d;&#x6d;_&#119;&#x65;&#x62;a&#110;&#115;&#x69;&#x63;h&#116;&#x2d;&#x31;50&#120;&#x31;&#x35;0&#64;&#x32;&#x78;&#x2e;j&#112;&#x67; 300w, https:\/\/www.kunstmuseumluzern.ch\/wp-content\/uploads\/2024\/02\/kml-2023-Jahresprogramm_webansicht-150x150.jpg 150w, https:\/\/www.kunstmuseumluzern.ch\/wp-content\/uploads\/2024\/02\/kml-2023-Jahresprogramm_webansicht-784x784.jpg 784w, https:\/\/www.kunstmuseumluzern.ch\/wp-content\/uploads\/2024\/02\/kml-2023-Jahresprogramm_webansicht-420x420.jpg 420w, https:\/\/www.kunstmuseumluzern.ch\/wp-content\/uploads\/2024\/02\/kml-2023-Jahresprogramm_webansicht.jpg 1000w, https:\/&#47;&#119;&#x77;&#x77;&#46;k&#117;&#110;&#x73;&#x74;mu&#115;&#101;&#x75;&#x6d;lu&#122;&#x65;&#x72;&#x6e;&#46;&#99;&#104;&#x2f;&#x77;&#x70;-&#99;&#111;&#x6e;&#x74;&#x65;n&#116;&#47;&#x75;&#x70;&#x6c;o&#97;&#100;&#x73;&#x2f;&#x32;0&#50;&#52;&#x2f;&#x30;2\/&#107;&#109;&#x6c;&#x2d;20&#50;&#51;&#x2d;&#x4a;ah&#114;&#x65;&#x73;&#x70;ro&#103;&#x72;&#x61;&#x6d;m&#95;&#119;&#x65;&#x62;&#x61;n&#115;&#105;&#x63;&#x68;&#x74;-&#52;&#55;&#x30;&#x78;&#x34;7&#48;&#64;&#x32;&#x78;&#x2e;j&#112;&#103; 940w, https:&#x2f;\/&#x77;w&#x77;&#46;&#x6b;&#117;n&#x73;t&#x6d;&#117;&#x73;&#101;&#x75;&#109;l&#x75;z&#x65;&#114;&#x6e;&#46;&#x63;&#x68;\/&#x77;p&#x2d;&#99;&#x6f;&#110;t&#x65;n&#x74;&#47;&#x75;&#112;&#x6c;&#111;a&#x64;s&#x2f;&#50;&#x30;&#50;&#x34;&#x2f;0&#x32;\/&#x6b;&#109;&#x6c;&#45;2&#x30;2&#x33;&#45;&#x4a;&#97;&#x68;&#114;e&#x73;p&#x72;&#111;&#x67;&#114;&#x61;&#x6d;m&#x5f;w&#x65;&#98;&#x61;&#110;s&#x69;c&#x68;&#116;&#x2d;&#51;&#x30;&#48;x&#x33;0&#x30;&#64;&#x32;&#120;&#x2e;&#x6a;p&#x67; 600w, https:&#47;&#x2f;&#119;&#x77;w&#x2e;k&#117;&#x6e;&#115;&#x74;&#109;&#x75;s&#x65;u&#109;&#x6c;&#117;&#x7a;e&#x72;n&#x2e;&#x63;&#104;&#x2f;&#119;&#x70;-&#x63;o&#110;&#x74;&#101;&#x6e;&#116;&#x2f;u&#x70;l&#111;&#x61;&#100;&#x73;\/&#x32;0&#x32;&#x34;&#47;&#x30;&#50;&#x2f;k&#x6d;l&#45;&#x32;&#48;&#x32;&#51;&#x2d;J&#x61;h&#114;&#x65;&#115;&#x70;r&#x6f;g&#x72;&#x61;&#109;&#x6d;&#95;&#x77;e&#x62;a&#110;&#x73;&#105;&#x63;&#104;&#x74;-&#x34;2&#48;&#x78;&#52;&#x32;0&#x40;2&#x78;&#x2e;&#106;&#x70;&#103; 840w\" sizes=\"(max-width: 470px) 100vw, 470px\" \/>    <\/figure>\n\n    <div class=\"wp-block-download-cards__card-content\">\n      <div class=\"wp-block-download-cards__card-title\">\n        Programme annuel 2023 (Allemand\/Anglais)      <\/div>\n\n      <div class=\"wp-block-buttons\">\n        <div class=\"wp-block-button is-style-download\">\n          <a href=\"https:\/\/www.kunstmuseumluzern.ch\/wp-content\/uploads\/2024\/02\/kml-jahresprogramm-2023.pdf\" class=\"wp-block-button__link has-text-align-center wp-element-button\">Download<\/a>\n        <\/div>\n      <\/div>\n    <\/div>\n\n  <\/div>\n            <div class=\"wp-block-download-cards__card\">\n\n    <figure class=\"wp-block-download-cards__card-image \">\n      <img decoding=\"async\" width=\"470\" height=\"470\" src=\"https:\/\/www.kunstmuseumluzern.ch\/wp-content\/uploads\/2024\/02\/kml-2022-Jahresprogramm_webansicht-470x470.jpg\" class=\"attachment-link-card size-link-card\" alt=\"\" srcset=\"https:\/\/www.kunstmuseumluzern.ch\/wp-content\/uploads\/2024\/02\/kml-2022-Jahresprogramm_webansicht-470x470.jpg 470w, https:&#x2f;&#x2f;&#x77;&#x77;&#119;&#46;&#107;un&#x73;&#x74;&#x6d;&#x75;&#x73;&#101;&#117;&#109;lu&#x7a;&#x65;&#x72;&#x6e;&#x2e;&#99;&#104;&#47;wp&#x2d;&#x63;&#x6f;&#x6e;&#x74;&#101;&#110;&#116;\/u&#x70;&#x6c;&#x6f;&#x61;&#x64;&#115;&#47;&#50;02&#x34;&#x2f;&#x30;&#x32;&#x2f;&#107;&#109;&#108;-2&#x30;&#x32;&#x32;&#x2d;&#x4a;&#97;&#104;&#114;es&#x70;&#x72;&#x6f;&#x67;&#x72;&#97;&#109;&#109;_w&#x65;&#x62;&#x61;&#x6e;&#x73;&#105;&#99;&#104;t-&#x31;&#x35;&#x30;&#x78;&#x31;&#53;&#48;&#64;2x&#x2e;&#x6a;&#x70;&#x67; 300w, https:\/\/www.kunstmuseumluzern.ch\/wp-content\/uploads\/2024\/02\/kml-2022-Jahresprogramm_webansicht-150x150.jpg 150w, https:\/\/www.kunstmuseumluzern.ch\/wp-content\/uploads\/2024\/02\/kml-2022-Jahresprogramm_webansicht-784x784.jpg 784w, https:\/\/www.kunstmuseumluzern.ch\/wp-content\/uploads\/2024\/02\/kml-2022-Jahresprogramm_webansicht-420x420.jpg 420w, https:\/\/www.kunstmuseumluzern.ch\/wp-content\/uploads\/2024\/02\/kml-2022-Jahresprogramm_webansicht.jpg 1000w, https:&#x2f;&#x2f;&#119;w&#x77;&#x2e;&#x6b;&#117;n&#x73;&#x74;&#x6d;&#117;s&#x65;&#x75;&#x6d;&#108;u&#x7a;&#x65;&#x72;&#110;&#46;&#x63;&#x68;&#x2f;&#119;p&#x2d;&#x63;&#x6f;&#110;t&#x65;&#x6e;&#x74;&#47;u&#x70;&#x6c;&#x6f;&#97;d&#x73;&#x2f;&#x32;&#48;2&#x34;&#x2f;&#x30;&#50;\/&#x6b;&#x6d;&#x6c;&#45;2&#x30;&#x32;&#x32;&#45;J&#x61;&#x68;&#x72;&#101;s&#x70;&#x72;&#x6f;&#103;r&#x61;&#x6d;&#x6d;&#95;w&#x65;&#x62;&#x61;&#110;s&#x69;&#x63;&#x68;&#116;-&#x34;&#x37;&#x30;&#120;4&#x37;&#x30;&#x40;&#50;x&#x2e;&#x6a;&#x70;&#103; 940w, https:\/&#47;&#119;&#x77;&#x77;&#x2e;k&#117;&#110;&#x73;&#x74;&#x6d;us&#101;&#x75;&#x6d;&#x6c;uz&#101;&#114;&#x6e;&#x2e;&#x63;h&#47;&#119;&#x70;&#x2d;&#x63;o&#110;&#116;&#x65;&#x6e;&#x74;\/u&#112;&#x6c;&#x6f;&#x61;ds&#47;&#50;&#x30;&#x32;&#x34;\/&#48;&#50;&#x2f;&#x6b;&#x6d;l&#45;&#50;&#x30;&#x32;&#x32;-J&#97;&#x68;&#x72;&#x65;sp&#114;&#111;&#x67;&#x72;&#x61;m&#109;&#95;&#x77;&#x65;&#x62;a&#110;&#115;&#x69;&#x63;&#x68;t-&#51;&#x30;&#x30;&#x78;30&#48;&#64;&#x32;&#x78;&#x2e;j&#112;&#103; 600w, https:\/\/w&#119;&#119;&#46;&#x6b;&#x75;&#x6e;&#x73;&#x74;&#x6d;use&#117;&#109;&#108;&#117;&#x7a;&#x65;&#x72;&#x6e;&#x2e;&#x63;h\/w&#112;&#45;&#99;&#x6f;&#x6e;&#x74;&#x65;&#x6e;&#x74;\/up&#108;&#111;&#97;&#100;&#x73;&#x2f;&#x32;&#x30;&#x32;&#x34;\/02&#47;&#107;&#109;&#x6c;&#x2d;&#x32;&#x30;&#x32;&#x32;-Ja&#104;&#114;&#101;&#115;&#x70;&#x72;&#x6f;&#x67;&#x72;&#x61;mm_&#119;&#101;&#98;&#x61;&#x6e;&#x73;&#x69;&#x63;&#x68;t-4&#50;&#48;&#120;&#52;&#x32;&#x30;&#x40;&#x32;&#x78;&#x2e;jpg 840w\" sizes=\"(max-width: 470px) 100vw, 470px\" \/>    <\/figure>\n\n    <div class=\"wp-block-download-cards__card-content\">\n      <div class=\"wp-block-download-cards__card-title\">\n        Programme annuel 2022 (Allemand\/Anglais)      <\/div>\n\n      <div class=\"wp-block-buttons\">\n        <div class=\"wp-block-button is-style-download\">\n          <a href=\"https:\/\/www.kunstmuseumluzern.ch\/wp-content\/uploads\/2024\/02\/kml-jahresprogramm-2022.pdf\" class=\"wp-block-button__link has-text-align-center wp-element-button\">Download<\/a>\n        <\/div>\n      <\/div>\n    <\/div>\n\n  <\/div>\n            <div class=\"wp-block-download-cards__card\">\n\n    <figure class=\"wp-block-download-cards__card-image \">\n      <img decoding=\"async\" width=\"470\" height=\"470\" src=\"https:\/\/www.kunstmuseumluzern.ch\/wp-content\/uploads\/2024\/02\/kml-2021-Jahresprogramm_webansicht-470x470.jpg\" class=\"attachment-link-card size-link-card\" alt=\"\" srcset=\"https:\/\/www.kunstmuseumluzern.ch\/wp-content\/uploads\/2024\/02\/kml-2021-Jahresprogramm_webansicht-470x470.jpg 470w, https:&#x2f;&#47;w&#x77;&#119;&#46;&#x6b;&#x75;&#110;&#x73;&#x74;&#109;u&#x73;&#101;u&#x6d;&#x6c;&#117;&#x7a;&#x65;&#114;n&#x2e;&#99;h&#x2f;&#x77;&#112;&#x2d;&#x63;&#111;n&#x74;&#101;n&#x74;&#x2f;&#117;&#x70;&#x6c;&#111;a&#x64;&#115;\/&#x32;&#x30;&#50;&#x34;&#x2f;&#48;2&#x2f;&#107;m&#x6c;&#x2d;&#50;&#x30;&#x32;&#49;-&#x4a;&#97;h&#x72;&#x65;&#115;&#x70;&#x72;&#111;g&#x72;&#97;m&#x6d;&#x5f;&#119;&#x65;&#x62;&#97;n&#x73;&#105;c&#x68;&#x74;&#45;&#x31;&#x35;&#48;x&#x31;&#53;0&#x40;&#x32;&#120;&#x2e;&#x6a;&#112;g 300w, https:\/\/www.kunstmuseumluzern.ch\/wp-content\/uploads\/2024\/02\/kml-2021-Jahresprogramm_webansicht-150x150.jpg 150w, https:\/\/www.kunstmuseumluzern.ch\/wp-content\/uploads\/2024\/02\/kml-2021-Jahresprogramm_webansicht-784x784.jpg 784w, https:\/\/www.kunstmuseumluzern.ch\/wp-content\/uploads\/2024\/02\/kml-2021-Jahresprogramm_webansicht-420x420.jpg 420w, https:\/\/www.kunstmuseumluzern.ch\/wp-content\/uploads\/2024\/02\/kml-2021-Jahresprogramm_webansicht.jpg 1000w, https:\/&#47;&#x77;&#x77;w&#46;&#x6b;&#x75;n&#115;&#116;&#x6d;&#x75;s&#101;&#x75;&#x6d;l&#117;&#x7a;&#x65;r&#110;&#46;&#x63;&#x68;\/&#119;&#x70;&#x2d;c&#111;&#x6e;&#x74;e&#110;&#116;&#x2f;&#x75;p&#108;&#x6f;&#x61;d&#115;&#x2f;&#x32;0&#50;&#52;&#x2f;&#x30;2&#47;&#x6b;&#x6d;l&#45;&#x32;&#x30;2&#49;&#45;&#x4a;&#x61;h&#114;&#x65;&#x73;p&#114;&#x6f;&#x67;r&#97;&#109;&#x6d;&#x5f;w&#101;&#x62;&#x61;n&#115;&#105;&#x63;ht&#45;&#x34;&#x37;0&#120;&#x34;&#x37;0&#64;&#50;&#x78;&#x2e;j&#112;&#x67; 940w, https:&#x2f;&#x2f;&#x77;&#119;&#119;&#46;ku&#x6e;&#x73;&#x74;&#x6d;&#117;&#115;eu&#x6d;&#x6c;&#x75;&#x7a;&#101;&#114;n&#46;&#x63;&#x68;&#x2f;&#x77;&#112;&#45;&#99;on&#x74;&#x65;&#x6e;&#x74;&#47;&#117;pl&#x6f;&#x61;&#x64;&#x73;&#47;&#50;02&#x34;&#x2f;&#x30;&#x32;&#47;&#107;&#109;l-&#x32;&#x30;&#x32;&#x31;&#45;&#74;ah&#x72;&#x65;&#x73;&#x70;&#114;&#111;gr&#x61;&#x6d;&#x6d;&#x5f;&#119;&#101;&#98;an&#x73;&#x69;&#x63;&#x68;&#116;&#45;30&#x30;&#x78;&#x33;&#x30;&#48;&#64;2x&#x2e;&#x6a;&#x70;&#x67; 600w, https:\/&#47;&#x77;&#x77;&#x77;&#46;&#107;&#117;&#x6e;&#x73;t&#109;&#117;&#x73;&#x65;um&#108;&#x75;&#x7a;&#x65;r&#110;&#x2e;&#x63;&#x68;\/&#119;&#112;&#x2d;&#x63;o&#110;&#116;&#x65;&#x6e;t\/&#117;&#x70;&#x6c;&#x6f;a&#100;&#115;&#x2f;&#x32;0&#50;&#52;&#x2f;&#x30;2&#47;&#107;&#x6d;&#x6c;-2&#48;&#x32;&#x31;&#x2d;J&#97;&#104;&#x72;&#x65;s&#112;&#114;&#x6f;&#x67;r&#97;&#109;&#x6d;&#x5f;we&#98;&#x61;&#x6e;&#x73;i&#99;&#104;&#x74;&#x2d;4&#50;&#48;&#x78;&#x34;20&#64;&#x32;&#x78;&#x2e;j&#112;&#x67; 840w\" sizes=\"(max-width: 470px) 100vw, 470px\" \/>    <\/figure>\n\n    <div class=\"wp-block-download-cards__card-content\">\n      <div class=\"wp-block-download-cards__card-title\">\n        Programme annuel 2021 (Allemand\/Anglais)      <\/div>\n\n      <div class=\"wp-block-buttons\">\n        <div class=\"wp-block-button is-style-download\">\n          <a href=\"https:\/\/www.kunstmuseumluzern.ch\/wp-content\/uploads\/2024\/02\/kml-jahresprogramm-2021.pdf\" class=\"wp-block-button__link has-text-align-center wp-element-button\">Download<\/a>\n        <\/div>\n      <\/div>\n    <\/div>\n\n  <\/div>\n            <div class=\"wp-block-download-cards__card\">\n\n    <figure class=\"wp-block-download-cards__card-image \">\n      <img decoding=\"async\" width=\"470\" height=\"470\" src=\"https:\/\/www.kunstmuseumluzern.ch\/wp-content\/uploads\/2024\/02\/kml-2020-Jahresprogramm_webansicht-470x470.jpg\" class=\"attachment-link-card size-link-card\" alt=\"\" srcset=\"https:\/\/www.kunstmuseumluzern.ch\/wp-content\/uploads\/2024\/02\/kml-2020-Jahresprogramm_webansicht-470x470.jpg 470w, https:&#x2f;&#47;&#x77;&#119;w&#x2e;&#107;u&#x6e;&#115;&#x74;&#x6d;u&#x73;&#101;u&#x6d;&#108;&#x75;&#x7a;e&#x72;&#110;&#46;&#x63;&#104;\/&#x77;&#112;&#x2d;&#99;o&#x6e;&#116;e&#x6e;&#116;&#x2f;&#x75;p&#x6c;&#111;a&#x64;&#115;&#x2f;&#x32;0&#x32;&#52;\/&#x30;&#50;\/&#x6b;&#109;&#x6c;&#45;2&#x30;&#50;0&#x2d;&#74;&#x61;&#x68;r&#x65;&#115;p&#x72;&#111;&#x67;&#x72;&#97;&#x6d;&#109;_&#x77;&#101;b&#x61;&#110;&#x73;&#105;c&#x68;&#116;-&#x31;&#53;&#x30;&#x78;1&#x35;&#48;&#64;&#x32;&#120;&#x2e;&#x6a;&#112;&#x67; 300w, https:\/\/www.kunstmuseumluzern.ch\/wp-content\/uploads\/2024\/02\/kml-2020-Jahresprogramm_webansicht-150x150.jpg 150w, https:\/\/www.kunstmuseumluzern.ch\/wp-content\/uploads\/2024\/02\/kml-2020-Jahresprogramm_webansicht-784x784.jpg 784w, https:\/\/www.kunstmuseumluzern.ch\/wp-content\/uploads\/2024\/02\/kml-2020-Jahresprogramm_webansicht-420x420.jpg 420w, https:\/\/www.kunstmuseumluzern.ch\/wp-content\/uploads\/2024\/02\/kml-2020-Jahresprogramm_webansicht.jpg 1000w, https:\/\/&#119;&#119;&#119;&#x2e;&#x6b;&#x75;&#x6e;&#x73;tm&#117;&#115;&#101;&#x75;&#x6d;&#x6c;&#x75;&#x7a;er&#110;&#46;&#99;&#x68;&#x2f;&#x77;&#x70;&#x2d;co&#110;&#116;&#101;&#x6e;&#x74;&#x2f;&#x75;&#x70;lo&#97;&#100;&#115;&#x2f;&#x32;&#x30;&#x32;&#x34;\/0&#50;&#47;&#107;&#x6d;&#x6c;&#x2d;&#x32;&#x30;20&#45;&#74;&#97;&#x68;&#x72;&#x65;&#x73;&#x70;ro&#103;&#114;&#97;&#x6d;&#x6d;&#x5f;&#x77;&#x65;ba&#110;&#115;&#105;&#x63;&#x68;&#x74;&#x2d;&#x34;70&#120;&#52;&#55;&#x30;&#x40;&#x32;&#x78;&#x2e;jp&#103; 940w, https:&#x2f;&#x2f;&#119;&#119;w&#x2e;&#x6b;&#x75;&#110;st&#x6d;&#x75;&#115;&#101;u&#x6d;&#x6c;&#x75;&#122;er&#x6e;&#x2e;&#99;&#104;\/&#x77;&#x70;&#x2d;&#99;on&#x74;&#x65;&#110;&#116;\/&#x75;&#x70;&#x6c;&#111;&#97;d&#x73;&#x2f;&#50;&#48;2&#x34;&#x2f;&#x30;&#50;&#47;k&#x6d;&#x6c;&#x2d;&#50;02&#x30;&#x2d;&#74;&#97;h&#x72;&#x65;&#x73;&#112;ro&#x67;&#x72;&#97;&#109;m&#x5f;&#x77;&#x65;&#98;an&#x73;&#x69;&#99;&#104;t&#x2d;&#x33;&#x30;&#48;&#120;3&#x30;&#x30;&#64;&#50;x&#x2e;&#x6a;&#x70;&#103; 600w, https:&#x2f;&#x2f;&#x77;&#119;&#119;&#46;k&#x75;&#x6e;&#x73;&#x74;&#109;&#117;se&#x75;&#x6d;&#x6c;&#117;&#122;&#101;rn&#x2e;&#x63;&#x68;&#47;&#119;p-&#x63;&#x6f;&#x6e;&#x74;&#101;&#110;t\/&#x75;&#x70;&#x6c;&#111;&#97;&#100;s\/&#x32;&#x30;&#x32;&#52;&#47;02&#x2f;&#x6b;&#x6d;&#x6c;&#45;&#50;02&#x30;&#x2d;&#x4a;&#97;&#104;&#114;es&#x70;&#x72;&#x6f;&#103;&#114;&#97;m&#x6d;&#x5f;&#x77;&#x65;&#98;&#97;ns&#x69;&#x63;&#x68;&#x74;&#45;&#52;20&#x78;&#x34;&#x32;&#48;&#64;&#50;x&#x2e;&#x6a;&#x70;&#x67; 840w\" sizes=\"(max-width: 470px) 100vw, 470px\" \/>    <\/figure>\n\n    <div class=\"wp-block-download-cards__card-content\">\n      <div class=\"wp-block-download-cards__card-title\">\n        Programme annuel 2020 (Allemand\/Anglais)      <\/div>\n\n      <div class=\"wp-block-buttons\">\n        <div class=\"wp-block-button is-style-download\">\n          <a href=\"https:\/\/www.kunstmuseumluzern.ch\/wp-content\/uploads\/2024\/02\/kml-jahresprogramm-2020.pdf\" class=\"wp-block-button__link has-text-align-center wp-element-button\">Download<\/a>\n        <\/div>\n      <\/div>\n    <\/div>\n\n  <\/div>\n            <div class=\"wp-block-download-cards__card\">\n\n    <figure class=\"wp-block-download-cards__card-image \">\n      <img decoding=\"async\" width=\"470\" height=\"470\" src=\"https:\/\/www.kunstmuseumluzern.ch\/wp-content\/uploads\/2024\/02\/kml-2019-Jahresprogramm_webansicht-470x470.jpg\" class=\"attachment-link-card size-link-card\" alt=\"\" srcset=\"https:\/\/www.kunstmuseumluzern.ch\/wp-content\/uploads\/2024\/02\/kml-2019-Jahresprogramm_webansicht-470x470.jpg 470w, https:\/&#47;&#119;&#119;&#x77;&#x2e;&#x6b;un&#115;&#116;&#x6d;&#x75;&#x73;&#x65;um&#108;&#117;&#x7a;&#x65;&#x72;&#x6e;&#46;&#99;&#104;&#47;&#x77;&#x70;&#x2d;co&#110;&#116;&#101;&#x6e;&#x74;&#x2f;up&#108;&#111;&#x61;&#x64;&#x73;&#x2f;20&#50;&#52;&#x2f;&#x30;&#x32;\/k&#109;&#108;&#45;&#x32;&#x30;&#x31;9-&#74;&#97;&#x68;&#x72;&#x65;&#x73;pr&#111;&#103;&#x72;&#x61;&#x6d;m_&#119;&#101;&#98;&#x61;&#x6e;&#x73;ic&#104;&#116;&#x2d;&#x31;&#x35;&#x30;x1&#53;&#48;&#x40;&#x32;&#x78;&#x2e;j&#112;&#103; 300w, https:\/\/www.kunstmuseumluzern.ch\/wp-content\/uploads\/2024\/02\/kml-2019-Jahresprogramm_webansicht-150x150.jpg 150w, https:\/\/www.kunstmuseumluzern.ch\/wp-content\/uploads\/2024\/02\/kml-2019-Jahresprogramm_webansicht-784x784.jpg 784w, https:\/\/www.kunstmuseumluzern.ch\/wp-content\/uploads\/2024\/02\/kml-2019-Jahresprogramm_webansicht-420x420.jpg 420w, https:\/\/www.kunstmuseumluzern.ch\/wp-content\/uploads\/2024\/02\/kml-2019-Jahresprogramm_webansicht.jpg 1000w, https:\/&#47;&#119;&#119;&#x77;&#x2e;&#x6b;un&#115;&#116;&#x6d;&#x75;&#x73;&#x65;um&#108;&#117;&#x7a;&#x65;&#x72;&#x6e;&#46;&#99;&#104;&#47;&#x77;&#x70;&#x2d;co&#110;&#116;&#101;&#x6e;&#x74;&#x2f;up&#108;&#111;&#x61;&#x64;&#x73;&#x2f;20&#50;&#52;&#x2f;&#x30;&#x32;\/k&#109;&#108;&#45;&#x32;&#x30;&#x31;9-&#74;&#97;&#x68;&#x72;&#x65;&#x73;pr&#111;&#103;&#x72;&#x61;&#x6d;m_&#119;&#101;&#98;&#x61;&#x6e;&#x73;ic&#104;&#116;&#x2d;&#x34;&#x37;&#x30;x4&#55;&#48;&#x40;&#x32;&#x78;&#x2e;j&#112;&#103; 940w, https:&#x2f;&#x2f;&#119;&#119;w&#x2e;&#x6b;&#x75;&#110;&#115;t&#x6d;&#x75;&#x73;&#101;&#117;m&#x6c;&#x75;&#x7a;&#101;&#114;n&#x2e;&#x63;&#x68;&#47;wp&#x2d;&#x63;&#x6f;&#110;te&#x6e;&#x74;&#47;&#117;pl&#x6f;&#x61;&#100;&#115;\/2&#x30;&#x32;&#52;&#47;0&#x32;&#x2f;&#x6b;&#109;&#108;-&#x32;&#x30;&#x31;&#57;&#45;J&#x61;&#x68;&#x72;&#101;&#115;p&#x72;&#x6f;&#x67;&#114;&#97;m&#x6d;&#x5f;&#x77;&#101;ba&#x6e;&#x73;&#105;&#99;ht&#x2d;&#x33;&#48;&#48;x3&#x30;&#x30;&#64;&#50;x&#x2e;&#x6a;&#x70;&#103; 600w, https:&#x2f;&#x2f;&#x77;&#x77;&#x77;&#x2e;&#x6b;&#x75;&#x6e;&#x73;&#x74;&#x6d;&#x75;&#x73;&#x65;&#x75;&#x6d;&#x6c;&#x75;&#x7a;&#x65;&#x72;&#110;&#46;&#99;&#104;&#47;&#119;&#112;&#45;&#99;&#111;&#110;&#116;&#101;&#110;&#116;\/uploads\/202&#x34;&#x2f;&#x30;&#x32;&#x2f;&#x6b;&#x6d;&#x6c;&#x2d;&#x32;&#x30;&#x31;&#x39;&#x2d;&#x4a;&#x61;&#x68;&#x72;&#x65;&#x73;&#x70;&#x72;&#x6f;&#103;&#114;&#97;&#109;&#109;&#95;&#119;&#101;&#98;&#97;&#110;&#115;&#105;&#99;&#104;t-420x420&#64;2x&#x2e;&#x6a;&#x70;&#x67; 840w\" sizes=\"(max-width: 470px) 100vw, 470px\" \/>    <\/figure>\n\n    <div class=\"wp-block-download-cards__card-content\">\n      <div class=\"wp-block-download-cards__card-title\">\n        Programme annuel 2019 (Allemand\/Anglais)      <\/div>\n\n      <div class=\"wp-block-buttons\">\n        <div class=\"wp-block-button is-style-download\">\n          <a href=\"https:\/\/www.kunstmuseumluzern.ch\/wp-content\/uploads\/2024\/02\/kml-jahresprogramm-2019.pdf\" class=\"wp-block-button__link has-text-align-center wp-element-button\">Download<\/a>\n        <\/div>\n      <\/div>\n    <\/div>\n\n  <\/div>\n      \n<\/div>\n\n\n\n<div style=\"height:120px\" aria-hidden=\"true\" class=\"wp-block-spacer\"><\/div>\n\n\n\n<div class=\"wp-block-nav-links alignwide\">\n\n    <div class=\"wp-block-nav-links__link-wrapper\">\n  \n        <a class=\"wp-block-nav-links__link\" href=\"https:\/\/www.kunstmuseumluzern.ch\/fr\/visiter\/agenda\/\" target=\"_self\">Agenda<\/a>\n    \n  \n        <a class=\"wp-block-nav-links__link\" href=\"https:\/\/www.kunstmuseumluzern.ch\/fr\/a-venir\/\" target=\"_self\">\u00c0 venir<\/a>\n    \n  \n        <a class=\"wp-block-nav-links__link\" href=\"https:\/\/www.kunstmuseumluzern.ch\/fr\/mediathek\/rapport-annuel-societe-des-beaux-arts-de-lucerne\/\" target=\"_self\">Rapport annuel Soci\u00e9t\u00e9 des beaux-arts de Lucerne<\/a>\n    \n    <\/div>\n  \n<\/div>","protected":false},"excerpt":{"rendered":"<p>Notre programme annuel imprim\u00e9 est r\u00e9dig\u00e9 uniquement en allemand et en anglais. \u00c0 partir de 2024, toutes les expositions seront disponibles en fran\u00e7ais sous exposition pass\u00e9e, actuel et \u00e0 venir.<\/p>\n","protected":false},"author":14,"featured_media":0,"parent":102789,"menu_order":1,"comment_status":"closed","ping_status":"closed","template":"","meta":{"_acf_changed":false,"_seopress_robots_primary_cat":"","_seopress_titles_title":"","_seopress_titles_desc":"","_seopress_robots_index":"","inline_featured_image":false,"ghostkit_customizer_options":"","ghostkit_custom_css":"","ghostkit_custom_js_head":"","ghostkit_custom_js_foot":"","ghostkit_typography":"","footnotes":""},"tags":[],"class_list":["post-111832","page","type-page","status-publish","hentry"],"acf":[],"_links":{"self":[{"href":"https:\/\/www.kunstmuseumluzern.ch\/fr\/wp-json\/wp\/v2\/pages\/111832","targetHints":{"allow":["GET"]}}],"collection":[{"href":"https:\/\/www.kunstmuseumluzern.ch\/fr\/wp-json\/wp\/v2\/pages"}],"about":[{"href":"https:\/\/www.kunstmuseumluzern.ch\/fr\/wp-json\/wp\/v2\/types\/page"}],"author":[{"embeddable":true,"href":"https:\/\/www.kunstmuseumluzern.ch\/fr\/wp-json\/wp\/v2\/users\/14"}],"replies":[{"embeddable":true,"href":"https:\/\/www.kunstmuseumluzern.ch\/fr\/wp-json\/wp\/v2\/comments?post=111832"}],"version-history":[{"count":12,"href":"https:\/\/www.kunstmuseumluzern.ch\/fr\/wp-json\/wp\/v2\/pages\/111832\/revisions"}],"predecessor-version":[{"id":181512,"href":"https:\/\/www.kunstmuseumluzern.ch\/fr\/wp-json\/wp\/v2\/pages\/111832\/revisions\/181512"}],"up":[{"embeddable":true,"href":"https:\/\/www.kunstmuseumluzern.ch\/fr\/wp-json\/wp\/v2\/pages\/102789"}],"wp:attachment":[{"href":"https:\/\/www.kunstmuseumluzern.ch\/fr\/wp-json\/wp\/v2\/media?parent=111832"}],"wp:term":[{"taxonomy":"post_tag","embeddable":true,"href":"https:\/\/www.kunstmuseumluzern.ch\/fr\/wp-json\/wp\/v2\/tags?post=111832"}],"curies":[{"name":"wp","href":"https:\/\/api.w.org\/{rel}","templated":true}]}}